{"id":3653,"date":"2025-04-17T09:49:04","date_gmt":"2025-04-17T13:49:04","guid":{"rendered":"https:\/\/infofestibiere.com\/sherbrooke\/?page_id=3653"},"modified":"2026-04-24T17:32:06","modified_gmt":"2026-04-24T21:32:06","slug":"spectacles","status":"publish","type":"page","link":"https:\/\/infofestibiere.com\/sherbrooke\/spectacles\/","title":{"rendered":"Spectacles"},"content":{"rendered":"<div class=\"wpb-content-wrapper\"><p>[vc_row][vc_column][vc_empty_space][vc_single_image image=\u00a0\u00bb4144&Prime; img_size=\u00a0\u00bbfull\u00a0\u00bb alignment=\u00a0\u00bbcenter\u00a0\u00bb css=\u00a0\u00bb\u00a0\u00bb][\/vc_column][\/vc_row][vc_row][vc_column][vc_empty_space][vc_empty_space height=\u00a0\u00bb25px\u00a0\u00bb][vc_custom_heading text=\u00a0\u00bb<b>3 JOURS DE SPECTACLES<\/b>\u00a0\u00bb font_container=\u00a0\u00bbtag:h1|font_size:29|text_align:center|color:%23ffffff\u00a0\u00bb use_theme_fonts=\u00a0\u00bbyes\u00a0\u00bb css=\u00a0\u00bb.vc_custom_1745259523936{padding-top: 10px !important;padding-right: 10px !important;padding-bottom: 10px !important;padding-left: 10px !important;background-color: #f7b900 !important;border-radius: 2px !important;}\u00a0\u00bb][vc_empty_space height=\u00a0\u00bb15px\u00a0\u00bb][vc_column_text css=\u00a0\u00bb\u00a0\u00bb]<\/p>\n<p style=\"text-align: center;\"><span style=\"font-weight: 400;\">Le Festibi\u00e8re de Sherbrooke monte le son \ud83c\udfb6 En 2026, on \u00e9l\u00e8ve l\u2019exp\u00e9rience musicale! Le Festibi\u00e8re de Sherbrooke continue de te faire d\u00e9couvrir de la musique live, mais avec une programmation musicale encore plus riche et enflamm\u00e9e.<\/span><\/p>\n<p>[\/vc_column_text][vc_empty_space height=\u00a0\u00bb10px\u00a0\u00bb][\/vc_column][\/vc_row][vc_row][vc_column width=\u00a0\u00bb1\/3&Prime; css=\u00a0\u00bb.vc_custom_1745279103899{padding-top: 15px !important;}\u00a0\u00bb][vc_tta_accordion style=\u00a0\u00bboutline\u00a0\u00bb shape=\u00a0\u00bbround\u00a0\u00bb color=\u00a0\u00bbgreen\u00a0\u00bb c_align=\u00a0\u00bbcenter\u00a0\u00bb c_icon=\u00a0\u00bb\u00a0\u00bb active_section=\u00a0\u00bb1&Prime; collapsible_all=\u00a0\u00bbtrue\u00a0\u00bb][vc_tta_section title=\u00a0\u00bb<b>JEUDI 21 MAI<\/b>\u00a0\u00bb tab_id=\u00a0\u00bb1745279213023-45c5bc7b-e389&Prime;][vc_custom_heading text=\u00a0\u00bb<b>Gab Bouchard<\/b>\u00a0\u00bb font_container=\u00a0\u00bbtag:h2|font_size:18|text_align:center\u00a0\u00bb use_theme_fonts=\u00a0\u00bbyes\u00a0\u00bb css=\u00a0\u00bb\u00a0\u00bb][vc_column_text css=\u00a0\u00bb\u00a0\u00bb]<\/p>\n<p style=\"text-align: center;\">20h00 | Sc\u00e8ne Carrefour de l&rsquo;Estrie<\/p>\n<p>[\/vc_column_text][vc_single_image image=\u00a0\u00bb4167&Prime; img_size=\u00a0\u00bb300&#215;200&Prime; alignment=\u00a0\u00bbcenter\u00a0\u00bb css=\u00a0\u00bb.vc_custom_1773773535636{border-radius: 10px !important;}\u00a0\u00bb][vc_column_text css=\u00a0\u00bb\u00a0\u00bb]<\/p>\n<p style=\"text-align: left;\">18h30 | <strong>\u00c9l\u00e9onore Dessureault<\/strong> | Sc\u00e8ne principale Carrefour de l&rsquo;Estrie<\/p>\n<p>21h30 | <strong>DJ VMPR<\/strong> | Zone Lounge Tanguay[\/vc_column_text][vc_empty_space height=\u00a0\u00bb20px\u00a0\u00bb][vc_btn title=\u00a0\u00bbEn savoir plus!\u00a0\u00bb color=\u00a0\u00bbgreen\u00a0\u00bb size=\u00a0\u00bbsm\u00a0\u00bb align=\u00a0\u00bbcenter\u00a0\u00bb css=\u00a0\u00bb\u00a0\u00bb link=\u00a0\u00bburl:%23gabbouchard\u00a0\u00bb][\/vc_tta_section][\/vc_tta_accordion][\/vc_column][vc_column width=\u00a0\u00bb1\/3&Prime; css=\u00a0\u00bb.vc_custom_1745279204366{padding-top: 15px !important;}\u00a0\u00bb][vc_tta_accordion style=\u00a0\u00bboutline\u00a0\u00bb shape=\u00a0\u00bbround\u00a0\u00bb color=\u00a0\u00bbgreen\u00a0\u00bb c_align=\u00a0\u00bbcenter\u00a0\u00bb c_icon=\u00a0\u00bb\u00a0\u00bb active_section=\u00a0\u00bb1&Prime; collapsible_all=\u00a0\u00bbtrue\u00a0\u00bb][vc_tta_section title=\u00a0\u00bb<b>VENDREDI 22 MAI<\/b>\u00a0\u00bb tab_id=\u00a0\u00bb1745279215350-d2b54de9-d3ae\u00a0\u00bb][vc_custom_heading text=\u00a0\u00bb<b>Qualit\u00e9 Motel<\/b>\u00a0\u00bb font_container=\u00a0\u00bbtag:h2|font_size:18|text_align:center\u00a0\u00bb use_theme_fonts=\u00a0\u00bbyes\u00a0\u00bb css=\u00a0\u00bb\u00a0\u00bb][vc_column_text css=\u00a0\u00bb\u00a0\u00bb]<\/p>\n<p style=\"text-align: center;\">20h00 | Sc\u00e8ne Carrefour de l&rsquo;Estrie<\/p>\n<p>[\/vc_column_text][vc_single_image image=\u00a0\u00bb4163&Prime; img_size=\u00a0\u00bb300&#215;200&Prime; alignment=\u00a0\u00bbcenter\u00a0\u00bb css=\u00a0\u00bb.vc_custom_1773772796580{border-radius: 10px !important;}\u00a0\u00bb][vc_column_text css=\u00a0\u00bb\u00a0\u00bb]<\/p>\n<p style=\"text-align: left;\">18h30 | <strong>Les Dueling pianos de La Broche \u00e0 foin\u00a0<\/strong>| Sc\u00e8ne principale Carrefour de l&rsquo;Estrie<\/p>\n<p>21h30 | <strong>DJ Clouts<\/strong> | Zone Lounge Tanguay[\/vc_column_text][vc_empty_space height=\u00a0\u00bb20px\u00a0\u00bb][vc_btn title=\u00a0\u00bbEn savoir plus!\u00a0\u00bb color=\u00a0\u00bbgreen\u00a0\u00bb size=\u00a0\u00bbsm\u00a0\u00bb align=\u00a0\u00bbcenter\u00a0\u00bb css=\u00a0\u00bb\u00a0\u00bb link=\u00a0\u00bburl:%23qualitemotel\u00a0\u00bb][\/vc_tta_section][\/vc_tta_accordion][\/vc_column][vc_column width=\u00a0\u00bb1\/3&Prime; css=\u00a0\u00bb.vc_custom_1745279211763{padding-top: 15px !important;}\u00a0\u00bb][vc_tta_accordion style=\u00a0\u00bboutline\u00a0\u00bb shape=\u00a0\u00bbround\u00a0\u00bb color=\u00a0\u00bbgreen\u00a0\u00bb c_align=\u00a0\u00bbcenter\u00a0\u00bb c_icon=\u00a0\u00bb\u00a0\u00bb active_section=\u00a0\u00bb1&Prime; collapsible_all=\u00a0\u00bbtrue\u00a0\u00bb][vc_tta_section title=\u00a0\u00bb<b>SAMEDI 23 MAI<\/b>\u00a0\u00bb tab_id=\u00a0\u00bb1745278881212-b6ce86e4-e7fb\u00a0\u00bb][vc_custom_heading text=\u00a0\u00bb<b>Jay Sc\u00f8tt<\/b>\u00a0\u00bb font_container=\u00a0\u00bbtag:h2|font_size:18|text_align:center\u00a0\u00bb use_theme_fonts=\u00a0\u00bbyes\u00a0\u00bb css=\u00a0\u00bb\u00a0\u00bb][vc_column_text css=\u00a0\u00bb\u00a0\u00bb]<\/p>\n<p style=\"text-align: center;\">20h00 | Sc\u00e8ne Carrefour de l&rsquo;Estrie<\/p>\n<p>[\/vc_column_text][vc_single_image image=\u00a0\u00bb4354&Prime; img_size=\u00a0\u00bb300&#215;200&Prime; alignment=\u00a0\u00bbcenter\u00a0\u00bb css=\u00a0\u00bb.vc_custom_1776817612425{border-radius: 10px !important;}\u00a0\u00bb][vc_column_text css=\u00a0\u00bb\u00a0\u00bb]<\/p>\n<p style=\"text-align: left;\">18h30 | <strong>Greenwoodz<\/strong> | Sc\u00e8ne principale Carrefour de l&rsquo;Estrie<\/p>\n<p>21h30 | <strong>DJ VMPR<\/strong> | Zone Lounge Tanguay[\/vc_column_text][vc_empty_space height=\u00a0\u00bb35px\u00a0\u00bb][vc_btn title=\u00a0\u00bbEn savoir plus!\u00a0\u00bb color=\u00a0\u00bbgreen\u00a0\u00bb size=\u00a0\u00bbsm\u00a0\u00bb align=\u00a0\u00bbcenter\u00a0\u00bb css=\u00a0\u00bb\u00a0\u00bb link=\u00a0\u00bburl:%23artisteavenir\u00a0\u00bb][\/vc_tta_section][\/vc_tta_accordion][\/vc_column][\/vc_row][vc_row][vc_column][vc_empty_space][\/vc_column][\/vc_row][vc_row][vc_column][vc_column_text css=\u00a0\u00bb\u00a0\u00bb]<span style=\"color: #ffffff;\"><a id=\"gabbouchard\" style=\"color: #ffffff;\"><\/a>.<\/span>[\/vc_column_text][vc_custom_heading text=\u00a0\u00bb<b>JEUDI 21 MAI<\/b>\u00a0\u00bb font_container=\u00a0\u00bbtag:h3|font_size:23|text_align:center|color:%23ffffff\u00a0\u00bb use_theme_fonts=\u00a0\u00bbyes\u00a0\u00bb css=\u00a0\u00bb.vc_custom_1773773808647{padding-top: 10px !important;padding-right: 10px !important;padding-bottom: 10px !important;padding-left: 10px !important;background-color: #f7b900 !important;border-radius: 2px !important;}\u00a0\u00bb][vc_custom_heading text=\u00a0\u00bb<b>GAB BOUCHARD<\/b>\u00a0\u00bb font_container=\u00a0\u00bbtag:h2|font_size:26|text_align:center|color:%230a0000&Prime; google_fonts=\u00a0\u00bbfont_family:Roboto%20Condensed%3A300%2C300italic%2Cregular%2Citalic%2C700%2C700italic|font_style:700%20bold%20regular%3A700%3Anormal\u00a0\u00bb css=\u00a0\u00bb.vc_custom_1773773950339{padding-top: 10px !important;}\u00a0\u00bb][vc_custom_heading text=\u00a0\u00bb<b>20h00 | Sc\u00e8ne Carrefour de l&rsquo;Estrie<\/b>\u00a0\u00bb font_container=\u00a0\u00bbtag:h3|font_size:18|text_align:center|color:%230a0000&Prime; google_fonts=\u00a0\u00bbfont_family:Roboto%20Condensed%3A300%2C300italic%2Cregular%2Citalic%2C700%2C700italic|font_style:700%20bold%20regular%3A700%3Anormal\u00a0\u00bb css=\u00a0\u00bb\u00a0\u00bb][vc_empty_space height=\u00a0\u00bb10px\u00a0\u00bb][\/vc_column][\/vc_row][vc_row][vc_column width=\u00a0\u00bb1\/2&Prime; css=\u00a0\u00bb.vc_custom_1739403126659{padding-top: 10px !important;}\u00a0\u00bb][vc_empty_space height=\u00a0\u00bb10px\u00a0\u00bb][vc_column_text css=\u00a0\u00bb\u00a0\u00bb]<\/p>\n<p dir=\"ltr\">Commencer et finir sur un gros <em>high<\/em>\u00a0et se laisser de la man\u0153uvre pour des pi\u00e8ces plus douces tout au long, sans jamais n\u00e9gliger les sentiments : Gab Bouchard sait comment \u00e7a marche, un bon show.<\/p>\n<p dir=\"ltr\">Fort du succ\u00e8s de la tourn\u00e9e panqu\u00e9b\u00e9coise de Grafignes, Gab Bouchard revient avec un spectacle \u00e9labor\u00e9 autour de son troisi\u00e8me album, un disque un peu plus lumineux que son pr\u00e9d\u00e9cesseur. On y retrouve la confluence de <strong>country-folk, pop-rock et soul<\/strong> qui fait sa marque distinctive \u2013 on y d\u00e9couvre aussi des arrangements plus rentre-dedans que sur les enregistrements.<\/p>\n<p>[\/vc_column_text][vc_raw_html css=\u00a0\u00bb\u00a0\u00bb]JTNDaWZyYW1lJTIwZGF0YS10ZXN0aWQlM0QlMjJlbWJlZC1pZnJhbWUlMjIlMjBzdHlsZSUzRCUyMmJvcmRlci1yYWRpdXMlM0ExMnB4JTIyJTIwc3JjJTNEJTIyaHR0cHMlM0ElMkYlMkZvcGVuLnNwb3RpZnkuY29tJTJGZW1iZWQlMkZhcnRpc3QlMkYwSjBuSXVCYThxTWxEbmxTNVFya2lQJTNGdXRtX3NvdXJjZSUzRGdlbmVyYXRvciUyNnRoZW1lJTNEMCUyMiUyMHdpZHRoJTNEJTIyMTAwJTI1JTIyJTIwaGVpZ2h0JTNEJTIyMTUyJTIyJTIwZnJhbWVCb3JkZXIlM0QlMjIwJTIyJTIwYWxsb3dmdWxsc2NyZWVuJTNEJTIyJTIyJTIwYWxsb3clM0QlMjJhdXRvcGxheSUzQiUyMGNsaXBib2FyZC13cml0ZSUzQiUyMGVuY3J5cHRlZC1tZWRpYSUzQiUyMGZ1bGxzY3JlZW4lM0IlMjBwaWN0dXJlLWluLXBpY3R1cmUlMjIlMjBsb2FkaW5nJTNEJTIybGF6eSUyMiUzRSUzQyUyRmlmcmFtZSUzRQ==[\/vc_raw_html][\/vc_column][vc_column width=\u00a0\u00bb1\/2&Prime; css=\u00a0\u00bb.vc_custom_1739403132294{padding-top: 10px !important;}\u00a0\u00bb][vc_single_image image=\u00a0\u00bb4167&Prime; img_size=\u00a0\u00bbfull\u00a0\u00bb alignment=\u00a0\u00bbcenter\u00a0\u00bb style=\u00a0\u00bbvc_box_shadow_3d\u00a0\u00bb css=\u00a0\u00bb.vc_custom_1773773940096{border-radius: 10px !important;}\u00a0\u00bb][\/vc_column][\/vc_row][vc_row][vc_column][vc_empty_space height=\u00a0\u00bb15px\u00a0\u00bb][vc_separator color=\u00a0\u00bbgreen\u00a0\u00bb][vc_empty_space height=\u00a0\u00bb10px\u00a0\u00bb][\/vc_column][\/vc_row][vc_row][vc_column width=\u00a0\u00bb1\/2&Prime; css=\u00a0\u00bb.vc_custom_1739403132294{padding-top: 10px !important;}\u00a0\u00bb][vc_custom_heading text=\u00a0\u00bb<b>\u00c9L\u00c9ONORE DESSUREAULT<\/b>\u00a0\u00bb font_container=\u00a0\u00bbtag:h2|font_size:22|text_align:center|color:%230a0000&Prime; google_fonts=\u00a0\u00bbfont_family:Roboto%20Condensed%3A300%2C300italic%2Cregular%2Citalic%2C700%2C700italic|font_style:700%20bold%20regular%3A700%3Anormal\u00a0\u00bb css=\u00a0\u00bb.vc_custom_1776869814106{padding-top: 10px !important;}\u00a0\u00bb][vc_custom_heading text=\u00a0\u00bb<b>18h30 | Sc\u00e8ne Carrefour de l&rsquo;Estrie<\/b>\u00a0\u00bb font_container=\u00a0\u00bbtag:h3|font_size:18|text_align:center|color:%230a0000&Prime; google_fonts=\u00a0\u00bbfont_family:Roboto%20Condensed%3A300%2C300italic%2Cregular%2Citalic%2C700%2C700italic|font_style:700%20bold%20regular%3A700%3Anormal\u00a0\u00bb css=\u00a0\u00bb\u00a0\u00bb][vc_single_image image=\u00a0\u00bb4391&Prime; img_size=\u00a0\u00bb800 X 500&Prime; alignment=\u00a0\u00bbcenter\u00a0\u00bb style=\u00a0\u00bbvc_box_shadow_3d\u00a0\u00bb css=\u00a0\u00bb.vc_custom_1776872319368{border-radius: 10px !important;}\u00a0\u00bb][vc_empty_space height=\u00a0\u00bb10px\u00a0\u00bb][vc_tta_accordion color=\u00a0\u00bbgreen\u00a0\u00bb active_section=\u00a0\u00bb\u00a0\u00bb collapsible_all=\u00a0\u00bbtrue\u00a0\u00bb][vc_tta_section title=\u00a0\u00bbBiographie\u00a0\u00bb tab_id=\u00a0\u00bb1776869877884-8370d60b-6aaf\u00a0\u00bb][vc_column_text css=\u00a0\u00bb\u00a0\u00bb]\u00c9l\u00e9onore Dessureault est une autrice-compositrice-interpr\u00e8te \u00e9mergente qui regorge d\u2019ambition et de cr\u00e9ativit\u00e9. Sa musique aux influences pop et jazz envoute comme mystifie son auditoire. Son jeu de piano coupl\u00e9 \u00e0 ses textes, tant\u00f4t abstraits, tant\u00f4t d\u2019une clairvoyance magn\u00e9tique, vous transportent dans un univers excentrique o\u00f9 tout est couleur, tout est sensation, tout est musique.[\/vc_column_text][\/vc_tta_section][\/vc_tta_accordion][\/vc_column][vc_column width=\u00a0\u00bb1\/2&Prime; css=\u00a0\u00bb.vc_custom_1739403126659{padding-top: 10px !important;}\u00a0\u00bb][vc_custom_heading text=\u00a0\u00bb<b>DJ VMPR<\/b>\u00a0\u00bb font_container=\u00a0\u00bbtag:h2|font_size:22|text_align:center|color:%230a0000&Prime; google_fonts=\u00a0\u00bbfont_family:Roboto%20Condensed%3A300%2C300italic%2Cregular%2Citalic%2C700%2C700italic|font_style:700%20bold%20regular%3A700%3Anormal\u00a0\u00bb css=\u00a0\u00bb.vc_custom_1776816638907{padding-top: 10px !important;}\u00a0\u00bb][vc_custom_heading text=\u00a0\u00bb<b>21h30 | Zone Lounge Tanguay<\/b>\u00a0\u00bb font_container=\u00a0\u00bbtag:h3|font_size:18|text_align:center|color:%230a0000&Prime; google_fonts=\u00a0\u00bbfont_family:Roboto%20Condensed%3A300%2C300italic%2Cregular%2Citalic%2C700%2C700italic|font_style:700%20bold%20regular%3A700%3Anormal\u00a0\u00bb css=\u00a0\u00bb\u00a0\u00bb][vc_empty_space height=\u00a0\u00bb10px\u00a0\u00bb][vc_single_image image=\u00a0\u00bb4294&Prime; img_size=\u00a0\u00bb800&#215;500&Prime; alignment=\u00a0\u00bbcenter\u00a0\u00bb style=\u00a0\u00bbvc_box_shadow_3d\u00a0\u00bb css=\u00a0\u00bb.vc_custom_1776872329860{border-radius: 10px !important;}\u00a0\u00bb][vc_empty_space height=\u00a0\u00bb10px\u00a0\u00bb][\/vc_column][\/vc_row][vc_row][vc_column][vc_empty_space height=\u00a0\u00bb20px\u00a0\u00bb][\/vc_column][\/vc_row][vc_row][vc_column][vc_empty_space height=\u00a0\u00bb15px\u00a0\u00bb][vc_column_text css=\u00a0\u00bb.vc_custom_1776871456823{border-top-width: 1px !important;border-right-width: 1px !important;border-bottom-width: 1px !important;border-left-width: 1px !important;padding-top: 10px !important;padding-right: 10px !important;padding-bottom: 10px !important;padding-left: 10px !important;background-color: #C2E2A9A3 !important;border-left-style: solid !important;border-right-style: solid !important;border-top-style: solid !important;border-bottom-style: solid !important;border-radius: 4px !important;border-color: #5E9900 !important;}\u00a0\u00bb]<strong>Quatre fa\u00e7ons de profiter de l\u2019\u00e9v\u00e9nement :<\/strong><\/p>\n<ol>\n<li><span style=\"color: #5e9900;\"><strong>Passeport 3 jours <\/strong><\/span>&#8211; <strong>31,99$+tx<\/strong> (40% de rabais): \u00a0Acc\u00e8s aux trois journ\u00e9es compl\u00e8tes.<\/li>\n<li><span style=\"color: #5e9900;\"><strong>Passeport enfant 3 jours<\/strong><\/span> (12 ans et moins) &#8211;<strong data-start=\"704\" data-end=\"754\"> 0$ &#8211; <\/strong>billet gratuit obligatoire<\/li>\n<li><span style=\"color: #5e9900;\"><strong>Billet journalier Jeudi <\/strong><span style=\"color: #000000;\"><span style=\"color: #333333;\">&#8211;<\/span><\/span><\/span> <strong>21,74$+tx<\/strong>: Acc\u00e8s pour le jeudi seulement. Avec tarification adapt\u00e9e \u00e0 la programmation musicale de chaque jour.<\/li>\n<li><strong><span style=\"color: #5e9900;\">Salon Privil\u00e8ge Jeudi<\/span> <\/strong>&#8211; <strong>99,99$+tx\u00a0<\/strong><span data-teams=\"true\">(Valeur de 230$): Consommations incluses, commodit\u00e9s VIP &amp; vue sur les spectacles de la sc\u00e8ne Carrefour de l&rsquo;Estrie.<\/span><span data-teams=\"true\">\u00a0<span style=\"text-decoration: underline;\"><a href=\"https:\/\/infofestibiere.com\/salon-privilege\/\">En savoir plus!\u00a0<\/a><\/span><\/span><\/li>\n<\/ol>\n<p>[\/vc_column_text][vc_btn title=\u00a0\u00bbJ&rsquo;ach\u00e8te mes billets!\u00a0\u00bb color=\u00a0\u00bbgreen\u00a0\u00bb size=\u00a0\u00bbsm\u00a0\u00bb align=\u00a0\u00bbcenter\u00a0\u00bb css=\u00a0\u00bb\u00a0\u00bb link=\u00a0\u00bburl:https%3A%2F%2Finfofestibiere.com%2Fbilletterie%2F|title:Billetterie|target:_blank\u00a0\u00bb][\/vc_column][\/vc_row][vc_row][vc_column][vc_column_text css=\u00a0\u00bb\u00a0\u00bb]<span style=\"color: #ffffff;\"><a id=\"qualitemotel\" style=\"color: #ffffff;\"><\/a>.<\/span>[\/vc_column_text][vc_custom_heading text=\u00a0\u00bb<b>VENDREDI 22 MAI<\/b>\u00a0\u00bb font_container=\u00a0\u00bbtag:h3|font_size:23|text_align:center|color:%23ffffff\u00a0\u00bb use_theme_fonts=\u00a0\u00bbyes\u00a0\u00bb css=\u00a0\u00bb.vc_custom_1773773898037{padding-top: 10px !important;padding-right: 10px !important;padding-bottom: 10px !important;padding-left: 10px !important;background-color: #f7b900 !important;border-radius: 2px !important;}\u00a0\u00bb][vc_custom_heading text=\u00a0\u00bb<b>QUALIT\u00c9 MOTEL<\/b>\u00a0\u00bb font_container=\u00a0\u00bbtag:h2|font_size:26|text_align:center|color:%230a0000&Prime; google_fonts=\u00a0\u00bbfont_family:Roboto%20Condensed%3A300%2C300italic%2Cregular%2Citalic%2C700%2C700italic|font_style:700%20bold%20regular%3A700%3Anormal\u00a0\u00bb css=\u00a0\u00bb.vc_custom_1773773889073{padding-top: 10px !important;}\u00a0\u00bb][vc_custom_heading text=\u00a0\u00bb<b>20h00 | Sc\u00e8ne Carrefour de l&rsquo;Estrie<\/b>\u00a0\u00bb font_container=\u00a0\u00bbtag:h3|font_size:18|text_align:center|color:%230a0000&Prime; google_fonts=\u00a0\u00bbfont_family:Roboto%20Condensed%3A300%2C300italic%2Cregular%2Citalic%2C700%2C700italic|font_style:700%20bold%20regular%3A700%3Anormal\u00a0\u00bb css=\u00a0\u00bb\u00a0\u00bb][vc_empty_space height=\u00a0\u00bb10px\u00a0\u00bb][\/vc_column][\/vc_row][vc_row][vc_column width=\u00a0\u00bb1\/2&Prime; css=\u00a0\u00bb.vc_custom_1739403126659{padding-top: 10px !important;}\u00a0\u00bb][vc_empty_space height=\u00a0\u00bb10px\u00a0\u00bb][vc_column_text css=\u00a0\u00bb\u00a0\u00bb]Qualit\u00e9 Motel, c\u2019est une machine \u00e0 party op\u00e9r\u00e9e par les gars de Valaire \u2013 un v\u00e9hicule musical et r\u00e9cr\u00e9atif qui oscille entre DJ sets, remixes et mash-ups de Top 40 et compositions originales, le tout \u00e9tant aussi enflamm\u00e9 qu\u2019une chemise de dragon. En show, \u00e7a d\u00e9savoue la notion de plaisir coupable \u2013 parce que le fun, c\u2019est le fun tout le temps.<\/p>\n<p>\u00c7a va brasser! <strong>Sherbrooke, \u00eates-vous pr\u00eat? \ud83d\ude0e<\/strong>[\/vc_column_text][vc_raw_html css=\u00a0\u00bb\u00a0\u00bb]JTNDaWZyYW1lJTIwZGF0YS10ZXN0aWQlM0QlMjJlbWJlZC1pZnJhbWUlMjIlMjBzdHlsZSUzRCUyMmJvcmRlci1yYWRpdXMlM0ExMnB4JTIyJTIwc3JjJTNEJTIyaHR0cHMlM0ElMkYlMkZvcGVuLnNwb3RpZnkuY29tJTJGZW1iZWQlMkZhcnRpc3QlMkY2R1pUYmJ6ZlYxZFAyaENnVWNEeW5DJTNGdXRtX3NvdXJjZSUzRGdlbmVyYXRvciUyMiUyMHdpZHRoJTNEJTIyMTAwJTI1JTIyJTIwaGVpZ2h0JTNEJTIyMTUyJTIyJTIwZnJhbWVCb3JkZXIlM0QlMjIwJTIyJTIwYWxsb3dmdWxsc2NyZWVuJTNEJTIyJTIyJTIwYWxsb3clM0QlMjJhdXRvcGxheSUzQiUyMGNsaXBib2FyZC13cml0ZSUzQiUyMGVuY3J5cHRlZC1tZWRpYSUzQiUyMGZ1bGxzY3JlZW4lM0IlMjBwaWN0dXJlLWluLXBpY3R1cmUlMjIlMjBsb2FkaW5nJTNEJTIybGF6eSUyMiUzRSUzQyUyRmlmcmFtZSUzRQ==[\/vc_raw_html][\/vc_column][vc_column width=\u00a0\u00bb1\/2&Prime; css=\u00a0\u00bb.vc_custom_1739403132294{padding-top: 10px !important;}\u00a0\u00bb][vc_single_image image=\u00a0\u00bb4163&Prime; img_size=\u00a0\u00bbfull\u00a0\u00bb alignment=\u00a0\u00bbcenter\u00a0\u00bb style=\u00a0\u00bbvc_box_shadow_3d\u00a0\u00bb css=\u00a0\u00bb.vc_custom_1773775997383{border-radius: 10px !important;}\u00a0\u00bb][\/vc_column][\/vc_row][vc_row][vc_column][vc_empty_space height=\u00a0\u00bb15px\u00a0\u00bb][vc_separator color=\u00a0\u00bbgreen\u00a0\u00bb][vc_empty_space height=\u00a0\u00bb10px\u00a0\u00bb][\/vc_column][\/vc_row][vc_row][vc_column width=\u00a0\u00bb1\/2&Prime; css=\u00a0\u00bb.vc_custom_1739403132294{padding-top: 10px !important;}\u00a0\u00bb][vc_custom_heading text=\u00a0\u00bb<b>LES DUELLING PIANOS DE LA BROCHE \u00c0 FOIN<\/b>\u00a0\u00bb font_container=\u00a0\u00bbtag:h2|font_size:22|text_align:center|color:%230a0000&Prime; google_fonts=\u00a0\u00bbfont_family:Roboto%20Condensed%3A300%2C300italic%2Cregular%2Citalic%2C700%2C700italic|font_style:700%20bold%20regular%3A700%3Anormal\u00a0\u00bb css=\u00a0\u00bb.vc_custom_1776816111630{padding-top: 10px !important;}\u00a0\u00bb][vc_custom_heading text=\u00a0\u00bb<b>18h30 | Sc\u00e8ne Carrefour de l&rsquo;Estrie<\/b>\u00a0\u00bb font_container=\u00a0\u00bbtag:h3|font_size:18|text_align:center|color:%230a0000&Prime; google_fonts=\u00a0\u00bbfont_family:Roboto%20Condensed%3A300%2C300italic%2Cregular%2Citalic%2C700%2C700italic|font_style:700%20bold%20regular%3A700%3Anormal\u00a0\u00bb css=\u00a0\u00bb\u00a0\u00bb][vc_empty_space height=\u00a0\u00bb10px\u00a0\u00bb][vc_single_image image=\u00a0\u00bb4165&Prime; img_size=\u00a0\u00bbfull\u00a0\u00bb alignment=\u00a0\u00bbcenter\u00a0\u00bb style=\u00a0\u00bbvc_box_shadow_3d\u00a0\u00bb css=\u00a0\u00bb.vc_custom_1773776202818{border-radius: 10px !important;}\u00a0\u00bb][vc_empty_space height=\u00a0\u00bb10px\u00a0\u00bb][vc_tta_accordion color=\u00a0\u00bbgreen\u00a0\u00bb active_section=\u00a0\u00bb\u00a0\u00bb collapsible_all=\u00a0\u00bbtrue\u00a0\u00bb][vc_tta_section title=\u00a0\u00bbBiographie\u00a0\u00bb tab_id=\u00a0\u00bb1776815857922-f941c62d-65e0&Prime;][vc_column_text css=\u00a0\u00bb\u00a0\u00bb]Les Dueling pianos de La Broche \u00e0 foin c&rsquo;est des spectacles o\u00f9 de la musique <em>live<\/em> prend place, perform\u00e9e par <strong>des pianistes<\/strong> et artistes de sc\u00e8ne incroyables qui font <strong>VOS demandes sp\u00e9ciales,<\/strong> toute la soir\u00e9e! D\u00e9couverts en 2014 nos pianistes font ce que vous voulez entendre depuis maintenant 10 ans \u00e0 raison de 95 shows par ann\u00e9e sold out \u00e0 200 personnes par soir.<\/p>\n<p>\u00ab\u00a0Des bars de dueling pianos, \u00e7a existe beaucoup ailleurs, mais au Canada, pratiquement pas, et au Qu\u00e9bec, pas du tout. Fait que nous, tant qu\u2019\u00e0 \u00eatre les premiers, on s\u2019est dit qu\u2019on devait \u00eatre les meilleurs.\u00a0\u00bb &#8211; La Broche \u00e0 foin<\/p>\n<p>Ce concept de bar dueling pianos se transposera pour un soir seulement sur la Sc\u00e8ne du Festibi\u00e8re de Sherbrooke! Meilleur show, meilleure ambiance, meilleure veill\u00e9e garantie.[\/vc_column_text][\/vc_tta_section][\/vc_tta_accordion][\/vc_column][vc_column width=\u00a0\u00bb1\/2&Prime; css=\u00a0\u00bb.vc_custom_1739403126659{padding-top: 10px !important;}\u00a0\u00bb][vc_custom_heading text=\u00a0\u00bb<b>DJ CLOUTS<\/b>\u00a0\u00bb font_container=\u00a0\u00bbtag:h2|font_size:22|text_align:center|color:%230a0000&Prime; google_fonts=\u00a0\u00bbfont_family:Roboto%20Condensed%3A300%2C300italic%2Cregular%2Citalic%2C700%2C700italic|font_style:700%20bold%20regular%3A700%3Anormal\u00a0\u00bb css=\u00a0\u00bb.vc_custom_1776816287216{padding-top: 10px !important;}\u00a0\u00bb][vc_custom_heading text=\u00a0\u00bb<b>21h30 | Zone Lounge Tanguay<\/b>\u00a0\u00bb font_container=\u00a0\u00bbtag:h3|font_size:18|text_align:center|color:%230a0000&Prime; google_fonts=\u00a0\u00bbfont_family:Roboto%20Condensed%3A300%2C300italic%2Cregular%2Citalic%2C700%2C700italic|font_style:700%20bold%20regular%3A700%3Anormal\u00a0\u00bb css=\u00a0\u00bb\u00a0\u00bb][vc_empty_space height=\u00a0\u00bb10px\u00a0\u00bb][vc_single_image image=\u00a0\u00bb4394&Prime; img_size=\u00a0\u00bb800&#215;500&Prime; alignment=\u00a0\u00bbcenter\u00a0\u00bb style=\u00a0\u00bbvc_box_shadow_3d\u00a0\u00bb css=\u00a0\u00bb.vc_custom_1776872257883{border-radius: 10px !important;}\u00a0\u00bb][vc_empty_space height=\u00a0\u00bb10px\u00a0\u00bb][\/vc_column][\/vc_row][vc_row][vc_column][vc_empty_space height=\u00a0\u00bb20px\u00a0\u00bb][\/vc_column][\/vc_row][vc_row][vc_column][vc_empty_space][vc_column_text css=\u00a0\u00bb.vc_custom_1776871471732{border-top-width: 1px !important;border-right-width: 1px !important;border-bottom-width: 1px !important;border-left-width: 1px !important;padding-top: 10px !important;padding-right: 10px !important;padding-bottom: 10px !important;padding-left: 10px !important;background-color: #C2E2A9A3 !important;border-left-style: solid !important;border-right-style: solid !important;border-top-style: solid !important;border-bottom-style: solid !important;border-radius: 4px !important;border-color: #5E9900 !important;}\u00a0\u00bb]<strong>Quatre fa\u00e7ons de profiter de l\u2019\u00e9v\u00e9nement :<\/strong><\/p>\n<ol>\n<li><span style=\"color: #5e9900;\"><strong>Passeport 3 jours <\/strong><\/span>&#8211; <strong>31,99$+tx<\/strong> (40% de rabais): \u00a0Acc\u00e8s aux trois journ\u00e9es compl\u00e8tes.<\/li>\n<li><span style=\"color: #5e9900;\"><strong>Passeport enfant 3 jours<\/strong><\/span> (12 ans et moins) &#8211;<strong data-start=\"704\" data-end=\"754\"> 0$ &#8211; <\/strong>billet gratuit obligatoire<\/li>\n<li><span style=\"color: #5e9900;\"><strong>Billet journalier Vendredi <\/strong><span style=\"color: #000000;\"><span style=\"color: #333333;\">&#8211;<\/span><\/span><\/span> <strong>25,99$+tx <\/strong>(rabais de 15% jusqu&rsquo;au 17 mai): Acc\u00e8s pour le vendredi seulement. Avec tarification adapt\u00e9e \u00e0 la programmation musicale de chaque jour.<\/li>\n<li><strong><span style=\"color: #5e9900;\">Salon Privil\u00e8ge Vendredi<\/span>\u00a0<\/strong>&#8211; <strong>99,99$+tx\u00a0<\/strong><span data-teams=\"true\">(Valeur de 230$): Consommations incluses, commodit\u00e9s VIP &amp; vue sur les spectacles de la sc\u00e8ne Carrefour de l&rsquo;Estrie.<\/span><span data-teams=\"true\">\u00a0<span style=\"text-decoration: underline;\"><a href=\"https:\/\/infofestibiere.com\/salon-privilege\/\">En savoir plus!\u00a0<\/a><\/span><\/span><\/li>\n<\/ol>\n<p>[\/vc_column_text][vc_btn title=\u00a0\u00bbJ&rsquo;ach\u00e8te mes billets!\u00a0\u00bb color=\u00a0\u00bbgreen\u00a0\u00bb size=\u00a0\u00bbsm\u00a0\u00bb align=\u00a0\u00bbcenter\u00a0\u00bb css=\u00a0\u00bb\u00a0\u00bb link=\u00a0\u00bburl:https%3A%2F%2Finfofestibiere.com%2Fbilletterie%2F|title:Billetterie|target:_blank\u00a0\u00bb][vc_empty_space height=\u00a0\u00bb15px\u00a0\u00bb][\/vc_column][\/vc_row][vc_row][vc_column][vc_column_text css=\u00a0\u00bb\u00a0\u00bb]<span style=\"color: #ffffff;\"><a id=\"artisteavenir\" style=\"color: #ffffff;\"><\/a>.<\/span>[\/vc_column_text][vc_custom_heading text=\u00a0\u00bb<b>SAMEDI 23 MAI<\/b>\u00a0\u00bb font_container=\u00a0\u00bbtag:h3|font_size:23|text_align:center|color:%23ffffff\u00a0\u00bb use_theme_fonts=\u00a0\u00bbyes\u00a0\u00bb css=\u00a0\u00bb.vc_custom_1773775865333{padding-top: 10px !important;padding-right: 10px !important;padding-bottom: 10px !important;padding-left: 10px !important;background-color: #f7b900 !important;border-radius: 2px !important;}\u00a0\u00bb][vc_custom_heading text=\u00a0\u00bb<b>JAY SC\u00d8TT<\/b>\u00a0\u00bb font_container=\u00a0\u00bbtag:h2|font_size:26|text_align:center|color:%230a0000&Prime; google_fonts=\u00a0\u00bbfont_family:Roboto%20Condensed%3A300%2C300italic%2Cregular%2Citalic%2C700%2C700italic|font_style:700%20bold%20regular%3A700%3Anormal\u00a0\u00bb css=\u00a0\u00bb.vc_custom_1776817142203{padding-top: 10px !important;}\u00a0\u00bb][vc_custom_heading text=\u00a0\u00bb<b>20h00 | Sc\u00e8ne Carrefour de l&rsquo;Estrie<\/b>\u00a0\u00bb font_container=\u00a0\u00bbtag:h3|font_size:18|text_align:center|color:%230a0000&Prime; google_fonts=\u00a0\u00bbfont_family:Roboto%20Condensed%3A300%2C300italic%2Cregular%2Citalic%2C700%2C700italic|font_style:700%20bold%20regular%3A700%3Anormal\u00a0\u00bb css=\u00a0\u00bb\u00a0\u00bb][vc_empty_space height=\u00a0\u00bb10px\u00a0\u00bb][\/vc_column][\/vc_row][vc_row][vc_column width=\u00a0\u00bb1\/2&Prime; css=\u00a0\u00bb.vc_custom_1739403126659{padding-top: 10px !important;}\u00a0\u00bb][vc_empty_space height=\u00a0\u00bb10px\u00a0\u00bb][vc_column_text css=\u00a0\u00bb\u00a0\u00bb]Jay Sc\u00f8tt, auteur-compositeur-interpr\u00e8te originaire de Terrebonne, est un artiste polyvalent qui allie rap, chant et multi-instrumentation. Actif depuis plus de 10 ans (anciennement PL3), il propose une pop \u00e9clectique aux influences rap et folk. Ses chansons, \u00e0 la fois touchantes et accrocheuses, racontent le quotidien du Qu\u00e9b\u00e9cois avec authenticit\u00e9, entre hauts et bas.[\/vc_column_text][vc_raw_html css=\u00a0\u00bb\u00a0\u00bb]JTNDaWZyYW1lJTIwZGF0YS10ZXN0aWQlM0QlMjJlbWJlZC1pZnJhbWUlMjIlMjBzdHlsZSUzRCUyMmJvcmRlci1yYWRpdXMlM0ExMnB4JTIyJTIwc3JjJTNEJTIyaHR0cHMlM0ElMkYlMkZvcGVuLnNwb3RpZnkuY29tJTJGZW1iZWQlMkZhcnRpc3QlMkYzRzlYVFdZMDllZ0hxSGxiUmNQNWN4JTNGdXRtX3NvdXJjZSUzRGdlbmVyYXRvciUyNnRoZW1lJTNEMCUyMiUyMHdpZHRoJTNEJTIyMTAwJTI1JTIyJTIwaGVpZ2h0JTNEJTIyMTUyJTIyJTIwZnJhbWVCb3JkZXIlM0QlMjIwJTIyJTIwYWxsb3dmdWxsc2NyZWVuJTNEJTIyJTIyJTIwYWxsb3clM0QlMjJhdXRvcGxheSUzQiUyMGNsaXBib2FyZC13cml0ZSUzQiUyMGVuY3J5cHRlZC1tZWRpYSUzQiUyMGZ1bGxzY3JlZW4lM0IlMjBwaWN0dXJlLWluLXBpY3R1cmUlMjIlMjBsb2FkaW5nJTNEJTIybGF6eSUyMiUzRSUzQyUyRmlmcmFtZSUzRQ==[\/vc_raw_html][\/vc_column][vc_column width=\u00a0\u00bb1\/2&Prime; css=\u00a0\u00bb.vc_custom_1739403132294{padding-top: 10px !important;}\u00a0\u00bb][vc_single_image image=\u00a0\u00bb4354&Prime; img_size=\u00a0\u00bbfull\u00a0\u00bb alignment=\u00a0\u00bbcenter\u00a0\u00bb style=\u00a0\u00bbvc_box_shadow_3d\u00a0\u00bb css=\u00a0\u00bb.vc_custom_1776815286417{border-radius: 10px !important;}\u00a0\u00bb][\/vc_column][\/vc_row][vc_row][vc_column][vc_empty_space height=\u00a0\u00bb15px\u00a0\u00bb][vc_separator color=\u00a0\u00bbgreen\u00a0\u00bb][vc_empty_space height=\u00a0\u00bb10px\u00a0\u00bb][\/vc_column][\/vc_row][vc_row][vc_column width=\u00a0\u00bb1\/2&Prime; css=\u00a0\u00bb.vc_custom_1739403132294{padding-top: 10px !important;}\u00a0\u00bb][vc_custom_heading text=\u00a0\u00bb<b>GREENWOODZ<\/b>\u00a0\u00bb font_container=\u00a0\u00bbtag:h2|font_size:22|text_align:center|color:%230a0000&Prime; google_fonts=\u00a0\u00bbfont_family:Roboto%20Condensed%3A300%2C300italic%2Cregular%2Citalic%2C700%2C700italic|font_style:700%20bold%20regular%3A700%3Anormal\u00a0\u00bb css=\u00a0\u00bb.vc_custom_1776816939352{padding-top: 10px !important;}\u00a0\u00bb][vc_custom_heading text=\u00a0\u00bb<b>18h30 | Sc\u00e8ne Carrefour de l&rsquo;Estrie<\/b>\u00a0\u00bb font_container=\u00a0\u00bbtag:h3|font_size:18|text_align:center|color:%230a0000&Prime; google_fonts=\u00a0\u00bbfont_family:Roboto%20Condensed%3A300%2C300italic%2Cregular%2Citalic%2C700%2C700italic|font_style:700%20bold%20regular%3A700%3Anormal\u00a0\u00bb css=\u00a0\u00bb\u00a0\u00bb][vc_empty_space height=\u00a0\u00bb10px\u00a0\u00bb][vc_single_image image=\u00a0\u00bb4396&Prime; img_size=\u00a0\u00bb800&#215;500&Prime; alignment=\u00a0\u00bbcenter\u00a0\u00bb style=\u00a0\u00bbvc_box_shadow_3d\u00a0\u00bb css=\u00a0\u00bb.vc_custom_1776872348498{border-radius: 10px !important;}\u00a0\u00bb][vc_empty_space height=\u00a0\u00bb10px\u00a0\u00bb][vc_tta_accordion color=\u00a0\u00bbgreen\u00a0\u00bb active_section=\u00a0\u00bb0&Prime; collapsible_all=\u00a0\u00bbtrue\u00a0\u00bb][vc_tta_section title=\u00a0\u00bbBiographie\u00a0\u00bb tab_id=\u00a0\u00bb1776871782053-71788879-e073&Prime;][vc_column_text css=\u00a0\u00bb\u00a0\u00bb]Figure montante de la sc\u00e8ne qu\u00e9b\u00e9coise, GreenWoodz fusionne folk, rap et rock dans un univers audacieux et authentique. Sign\u00e9 chez Disques 7i\u00e8me Ciel, il s\u2019impose d\u2019abord avec \u00ab TPL \u00bb (2023), puis confirme sa place avec Malgr\u00e9 la temp\u00eate (2025), un album acclam\u00e9 par<br \/>\nle public.<\/p>\n<p>Sur sc\u00e8ne, il s\u2019est d\u00e9j\u00e0 produit dans les plus grands festivals de la province, dont le Festival d\u2019\u00e9t\u00e9 de Qu\u00e9bec, les Francos de Montr\u00e9al, le Festif! de Baie-Saint-Paul et le FME, affirmant sa place parmi les artistes incontournables de sa g\u00e9n\u00e9ration.<\/p>\n<p>Port\u00e9 par une pr\u00e9sence sc\u00e9nique magn\u00e9tique et un lien direct avec ses fans, il est sur une lanc\u00e9e fulgurante et s\u2019impose comme la prochaine figure embl\u00e9matique de la chanson qu\u00e9b\u00e9coise. Plus inspir\u00e9 que jamais, GreenWoodz poursuit sa qu\u00eate artistique, repoussant sans cesse les fronti\u00e8res de son art et de son \u00e9poque.[\/vc_column_text][\/vc_tta_section][\/vc_tta_accordion][\/vc_column][vc_column width=\u00a0\u00bb1\/2&Prime; css=\u00a0\u00bb.vc_custom_1739403126659{padding-top: 10px !important;}\u00a0\u00bb][vc_custom_heading text=\u00a0\u00bb<b>DJ VMPR<\/b>\u00a0\u00bb font_container=\u00a0\u00bbtag:h2|font_size:26|text_align:center|color:%230a0000&Prime; google_fonts=\u00a0\u00bbfont_family:Roboto%20Condensed%3A300%2C300italic%2Cregular%2Citalic%2C700%2C700italic|font_style:700%20bold%20regular%3A700%3Anormal\u00a0\u00bb css=\u00a0\u00bb.vc_custom_1777066318065{padding-top: 10px !important;}\u00a0\u00bb][vc_custom_heading text=\u00a0\u00bb<b>16h | Zone Lounge Tanguay<\/b>\u00a0\u00bb font_container=\u00a0\u00bbtag:h3|font_size:18|text_align:center|color:%230a0000&Prime; google_fonts=\u00a0\u00bbfont_family:Roboto%20Condensed%3A300%2C300italic%2Cregular%2Citalic%2C700%2C700italic|font_style:700%20bold%20regular%3A700%3Anormal\u00a0\u00bb css=\u00a0\u00bb\u00a0\u00bb][vc_empty_space height=\u00a0\u00bb10px\u00a0\u00bb][vc_single_image image=\u00a0\u00bb4398&Prime; img_size=\u00a0\u00bb800&#215;500&Prime; alignment=\u00a0\u00bbcenter\u00a0\u00bb style=\u00a0\u00bbvc_box_shadow_3d\u00a0\u00bb css=\u00a0\u00bb.vc_custom_1776872700122{border-radius: 10px !important;}\u00a0\u00bb][vc_empty_space height=\u00a0\u00bb5px\u00a0\u00bb][vc_custom_heading text=\u00a0\u00bb<b>DJ VMPR<\/b>\u00a0\u00bb font_container=\u00a0\u00bbtag:h2|font_size:26|text_align:center|color:%230a0000&Prime; google_fonts=\u00a0\u00bbfont_family:Roboto%20Condensed%3A300%2C300italic%2Cregular%2Citalic%2C700%2C700italic|font_style:700%20bold%20regular%3A700%3Anormal\u00a0\u00bb css=\u00a0\u00bb.vc_custom_1776816996686{padding-top: 10px !important;}\u00a0\u00bb][vc_custom_heading text=\u00a0\u00bb<b>21h30 | Zone Lounge Tanguay<\/b>\u00a0\u00bb font_container=\u00a0\u00bbtag:h3|font_size:18|text_align:center|color:%230a0000&Prime; google_fonts=\u00a0\u00bbfont_family:Roboto%20Condensed%3A300%2C300italic%2Cregular%2Citalic%2C700%2C700italic|font_style:700%20bold%20regular%3A700%3Anormal\u00a0\u00bb css=\u00a0\u00bb\u00a0\u00bb][vc_empty_space height=\u00a0\u00bb10px\u00a0\u00bb][vc_single_image image=\u00a0\u00bb4294&Prime; img_size=\u00a0\u00bb800&#215;500&Prime; alignment=\u00a0\u00bbcenter\u00a0\u00bb style=\u00a0\u00bbvc_box_shadow_3d\u00a0\u00bb css=\u00a0\u00bb.vc_custom_1776872613365{border-radius: 10px !important;}\u00a0\u00bb][vc_empty_space height=\u00a0\u00bb10px\u00a0\u00bb][\/vc_column][\/vc_row][vc_row][vc_column][vc_column_text css=\u00a0\u00bb.vc_custom_1776871486237{border-top-width: 1px !important;border-right-width: 1px !important;border-bottom-width: 1px !important;border-left-width: 1px !important;padding-top: 10px !important;padding-right: 10px !important;padding-bottom: 10px !important;padding-left: 10px !important;background-color: #C2E2A9A3 !important;border-left-style: solid !important;border-right-style: solid !important;border-top-style: solid !important;border-bottom-style: solid !important;border-radius: 4px !important;border-color: #5E9900 !important;}\u00a0\u00bb]<strong>Quatre fa\u00e7ons de profiter de l\u2019\u00e9v\u00e9nement :<\/strong><\/p>\n<ol>\n<li><span style=\"color: #5e9900;\"><strong>Passeport 3 jours <\/strong><\/span>&#8211; <strong>31,99$+tx<\/strong> (40% de rabais): \u00a0Acc\u00e8s aux trois journ\u00e9es compl\u00e8tes.<\/li>\n<li><span style=\"color: #5e9900;\"><strong>Passeport enfant 3 jours<\/strong><\/span> (12 ans et moins) &#8211;<strong data-start=\"704\" data-end=\"754\"> 0$ &#8211; <\/strong>billet gratuit obligatoire<\/li>\n<li><span style=\"color: #5e9900;\"><strong>Billet journalier Samedi <\/strong><span style=\"color: #000000;\"><span style=\"color: #333333;\">&#8211;<\/span><\/span><\/span> <strong>27,99$$+tx <\/strong>(rabais de 20% jusqu&rsquo;au 17 mai): Acc\u00e8s pour le samedi seulement. Avec tarification adapt\u00e9e \u00e0 la programmation musicale de chaque jour.<\/li>\n<li><strong><span style=\"color: #5e9900;\">Salon Privil\u00e8ge Samedi<\/span>\u00a0<\/strong>&#8211; <strong>99,99$+tx\u00a0<\/strong><span data-teams=\"true\">(Valeur de 230$): Consommations incluses, commodit\u00e9s VIP &amp; vue sur les spectacles de la sc\u00e8ne Carrefour de l&rsquo;Estrie.<\/span><span data-teams=\"true\">\u00a0<span style=\"text-decoration: underline;\"><a href=\"https:\/\/infofestibiere.com\/salon-privilege\/\">En savoir plus!\u00a0<\/a><\/span><\/span><\/li>\n<\/ol>\n<p>[\/vc_column_text][vc_btn title=\u00a0\u00bbJ&rsquo;ach\u00e8te mes billets!\u00a0\u00bb color=\u00a0\u00bbgreen\u00a0\u00bb size=\u00a0\u00bbsm\u00a0\u00bb align=\u00a0\u00bbcenter\u00a0\u00bb css=\u00a0\u00bb\u00a0\u00bb link=\u00a0\u00bburl:https%3A%2F%2Finfofestibiere.com%2Fbilletterie%2F|title:Billetterie|target:_blank\u00a0\u00bb][vc_empty_space height=\u00a0\u00bb15px\u00a0\u00bb][vc_separator color=\u00a0\u00bbgreen\u00a0\u00bb][vc_empty_space height=\u00a0\u00bb15px\u00a0\u00bb][\/vc_column][\/vc_row][vc_row][vc_column][vc_empty_space][vc_empty_space height=\u00a0\u00bb15px\u00a0\u00bb][\/vc_column][\/vc_row][vc_row][vc_column][vc_empty_space][vc_single_image image=\u00a0\u00bb3535&Prime; img_size=\u00a0\u00bblarge\u00a0\u00bb alignment=\u00a0\u00bbcenter\u00a0\u00bb][vc_row_inner][vc_column_inner width=\u00a0\u00bb1\/3&Prime; css=\u00a0\u00bb.vc_custom_1739226622638{padding-top: 10px !important;}\u00a0\u00bb][vc_custom_heading text=\u00a0\u00bb<b> + DE DIVERSIT\u00c9<\/b>\u00a0\u00bb font_container=\u00a0\u00bbtag:h3|font_size:22|text_align:center|color:%230a0a0a\u00a0\u00bb use_theme_fonts=\u00a0\u00bbyes\u00a0\u00bb][vc_column_text]<\/p>\n<p style=\"text-align: center;\"><span data-teams=\"true\">C\u2019est <strong>+ <\/strong>de <strong>diversit\u00e9 de produits<\/strong> : cocktails, spiritueux, cidres, vins, sans alcool, mais encore de la bi\u00e8re, bien s\u00fbr \ud83c\udf79\u00a0<\/span><\/p>\n<p>[\/vc_column_text][vc_single_image image=\u00a0\u00bb4071&Prime; img_size=\u00a0\u00bbfull\u00a0\u00bb alignment=\u00a0\u00bbcenter\u00a0\u00bb style=\u00a0\u00bbvc_box_shadow_3d\u00a0\u00bb css=\u00a0\u00bb\u00a0\u00bb][\/vc_column_inner][vc_column_inner width=\u00a0\u00bb1\/3&Prime; css=\u00a0\u00bb.vc_custom_1739226627277{padding-top: 10px !important;}\u00a0\u00bb][vc_custom_heading text=\u00a0\u00bb<b> + DE SAVEURS<\/b>\u00a0\u00bb font_container=\u00a0\u00bbtag:h3|font_size:22|text_align:center|color:%230a0a0a\u00a0\u00bb use_theme_fonts=\u00a0\u00bbyes\u00a0\u00bb][vc_column_text]<\/p>\n<p style=\"text-align: center;\"><span data-teams=\"true\">C\u2019est <strong>+<\/strong> de saveurs dans ton assiette : options <strong>sucr\u00e9es, sal\u00e9es, sant\u00e9<\/strong>,<strong> v\u00e9g\u00e9<\/strong>, mais surtout bonnes \u00e0 manger \ud83c\udf54\ud83c\udf66\u00a0<\/span><\/p>\n<p>[\/vc_column_text][vc_single_image image=\u00a0\u00bb3541&Prime; img_size=\u00a0\u00bbfull\u00a0\u00bb alignment=\u00a0\u00bbcenter\u00a0\u00bb style=\u00a0\u00bbvc_box_shadow_3d\u00a0\u00bb][\/vc_column_inner][vc_column_inner width=\u00a0\u00bb1\/3&Prime; css=\u00a0\u00bb.vc_custom_1739226632030{padding-top: 10px !important;}\u00a0\u00bb][vc_custom_heading text=\u00a0\u00bb<b> + DE <i>FUN<\/i><\/b>\u00a0\u00bb font_container=\u00a0\u00bbtag:h3|font_size:22|text_align:center|color:%230a0a0a\u00a0\u00bb use_theme_fonts=\u00a0\u00bbyes\u00a0\u00bb][vc_column_text]<\/p>\n<p style=\"text-align: center;\"><span data-teams=\"true\">C\u2019est encore <strong>+<\/strong> de \u00a0<strong>programmation<\/strong>: artistes coup de coeur, nouveaux bars th\u00e9matiques, ateliers, bar cach\u00e9 \ud83c\udfb2 \ud83c\udfb5<\/span><\/p>\n<p>[\/vc_column_text][vc_single_image image=\u00a0\u00bb3701&Prime; img_size=\u00a0\u00bbfull\u00a0\u00bb alignment=\u00a0\u00bbcenter\u00a0\u00bb style=\u00a0\u00bbvc_box_shadow_3d\u00a0\u00bb][\/vc_column_inner][\/vc_row_inner][vc_empty_space height=\u00a0\u00bb20px\u00a0\u00bb][\/vc_column][\/vc_row][vc_row][vc_column][vc_empty_space][vc_empty_space height=\u00a0\u00bb20px\u00a0\u00bb][\/vc_column][\/vc_row][vc_row][vc_column][vc_custom_heading text=\u00a0\u00bb<b>LE FESTIBI\u00c8RE +, C&rsquo;EST \u00c7A!<\/b>\u00a0\u00bb font_container=\u00a0\u00bbtag:h3|font_size:25|text_align:left|color:%23f7c531&Prime; google_fonts=\u00a0\u00bbfont_family:Raleway%3A100%2C200%2C300%2Cregular%2C500%2C600%2C700%2C800%2C900|font_style:300%20light%20regular%3A300%3Anormal\u00a0\u00bb][vc_empty_space height=\u00a0\u00bb10px\u00a0\u00bb][vc_video link=\u00a0\u00bbhttps:\/\/youtu.be\/I0RdUPrxtsY\u00a0\u00bb][vc_empty_space][\/vc_column][\/vc_row][vc_row][vc_column][vc_empty_space][vc_custom_heading text=\u00a0\u00bb<b>TES RENDEZ-VOUS 2026<\/b>\u00a0\u00bb font_container=\u00a0\u00bbtag:h2|font_size:25|text_align:center|color:%23000000&Prime; google_fonts=\u00a0\u00bbfont_family:Raleway%3A100%2C200%2C300%2Cregular%2C500%2C600%2C700%2C800%2C900|font_style:300%20light%20regular%3A300%3Anormal\u00a0\u00bb css=\u00a0\u00bb\u00a0\u00bb][vc_text_separator title=\u00a0\u00bbPour des d\u00e9couvertes locales en bi\u00e8res, vins, spiritueux &amp; sans alcool\u00a0\u00bb color=\u00a0\u00bborange\u00a0\u00bb][vc_empty_space height=\u00a0\u00bb15px\u00a0\u00bb][vc_row_inner][vc_column_inner width=\u00a0\u00bb1\/5&Prime; css=\u00a0\u00bb.vc_custom_1773776901630{padding-top: 20px !important;}\u00a0\u00bb][vc_custom_heading text=\u00a0\u00bb<b>D\u00c9GIVR\u00c9<\/b>\u00a0\u00bb font_container=\u00a0\u00bbtag:h2|font_size:22|text_align:center|color:%23F56584&Prime; google_fonts=\u00a0\u00bbfont_family:Raleway%3A100%2C200%2C300%2Cregular%2C500%2C600%2C700%2C800%2C900|font_style:300%20light%20regular%3A300%3Anormal\u00a0\u00bb css=\u00a0\u00bb\u00a0\u00bb][vc_custom_heading text=\u00a0\u00bb4 avril\u00a0\u00bb font_container=\u00a0\u00bbtag:h3|font_size:20|text_align:center|color:%23000000&Prime; google_fonts=\u00a0\u00bbfont_family:Raleway%3A100%2C200%2C300%2Cregular%2C500%2C600%2C700%2C800%2C900|font_style:300%20light%20regular%3A300%3Anormal\u00a0\u00bb css=\u00a0\u00bb\u00a0\u00bb][vc_empty_space height=\u00a0\u00bb10px\u00a0\u00bb][vc_single_image image=\u00a0\u00bb4066&Prime; img_size=\u00a0\u00bb400&#215;400&Prime; style=\u00a0\u00bbvc_box_shadow_3d\u00a0\u00bb onclick=\u00a0\u00bbcustom_link\u00a0\u00bb css=\u00a0\u00bb\u00a0\u00bb link=\u00a0\u00bbhttps:\/\/infofestibiere.com\/festibiere-degivre\/\u00a0\u00bb][\/vc_column_inner][vc_column_inner width=\u00a0\u00bb1\/5&Prime; css=\u00a0\u00bb.vc_custom_1699382046462{padding-top: 20px !important;}\u00a0\u00bb][vc_custom_heading text=\u00a0\u00bb<b>SHERBROOKE<\/b>\u00a0\u00bb font_container=\u00a0\u00bbtag:h2|font_size:22|text_align:center|color:%235e9900&Prime; google_fonts=\u00a0\u00bbfont_family:Raleway%3A100%2C200%2C300%2Cregular%2C500%2C600%2C700%2C800%2C900|font_style:300%20light%20regular%3A300%3Anormal\u00a0\u00bb css=\u00a0\u00bb\u00a0\u00bb][vc_custom_heading text=\u00a0\u00bb21 au 23 mai\u00a0\u00bb font_container=\u00a0\u00bbtag:h3|font_size:20|text_align:center|color:%23000000&Prime; google_fonts=\u00a0\u00bbfont_family:Raleway%3A100%2C200%2C300%2Cregular%2C500%2C600%2C700%2C800%2C900|font_style:300%20light%20regular%3A300%3Anormal\u00a0\u00bb css=\u00a0\u00bb\u00a0\u00bb][vc_empty_space height=\u00a0\u00bb10px\u00a0\u00bb][vc_single_image image=\u00a0\u00bb3192&Prime; img_size=\u00a0\u00bb400&#215;400&Prime; style=\u00a0\u00bbvc_box_shadow_3d\u00a0\u00bb onclick=\u00a0\u00bbcustom_link\u00a0\u00bb link=\u00a0\u00bbhttps:\/\/infofestibiere.com\/sherbrooke\/\u00a0\u00bb][\/vc_column_inner][vc_column_inner width=\u00a0\u00bb1\/5&Prime; css=\u00a0\u00bb.vc_custom_1699382052010{padding-top: 20px !important;}\u00a0\u00bb][vc_custom_heading text=\u00a0\u00bb<b>L\u00c9VIS<\/b>\u00a0\u00bb font_container=\u00a0\u00bbtag:h2|font_size:22|text_align:center|color:%2334a7cf\u00a0\u00bb google_fonts=\u00a0\u00bbfont_family:Raleway%3A100%2C200%2C300%2Cregular%2C500%2C600%2C700%2C800%2C900|font_style:300%20light%20regular%3A300%3Anormal\u00a0\u00bb css=\u00a0\u00bb\u00a0\u00bb][vc_custom_heading text=\u00a0\u00bb25 au 28 juin\u00a0\u00bb font_container=\u00a0\u00bbtag:h3|font_size:20|text_align:center|color:%23000000&Prime; google_fonts=\u00a0\u00bbfont_family:Raleway%3A100%2C200%2C300%2Cregular%2C500%2C600%2C700%2C800%2C900|font_style:300%20light%20regular%3A300%3Anormal\u00a0\u00bb css=\u00a0\u00bb\u00a0\u00bb][vc_empty_space height=\u00a0\u00bb10px\u00a0\u00bb][vc_single_image image=\u00a0\u00bb3550&Prime; img_size=\u00a0\u00bb400&#215;400&Prime; style=\u00a0\u00bbvc_box_shadow_3d\u00a0\u00bb onclick=\u00a0\u00bbcustom_link\u00a0\u00bb link=\u00a0\u00bbhttps:\/\/infofestibiere.com\/levis\/\u00a0\u00bb][\/vc_column_inner][vc_column_inner width=\u00a0\u00bb1\/5&Prime; css=\u00a0\u00bb.vc_custom_1699382056857{padding-top: 20px !important;}\u00a0\u00bb][vc_custom_heading text=\u00a0\u00bb<b>QU\u00c9BEC<\/b>\u00a0\u00bb font_container=\u00a0\u00bbtag:h2|font_size:22|text_align:center|color:%23fc5032&Prime; google_fonts=\u00a0\u00bbfont_family:Raleway%3A100%2C200%2C300%2Cregular%2C500%2C600%2C700%2C800%2C900|font_style:300%20light%20regular%3A300%3Anormal\u00a0\u00bb css=\u00a0\u00bb\u00a0\u00bb][vc_custom_heading text=\u00a0\u00bb13 au 16 ao\u00fbt\u00a0\u00bb font_container=\u00a0\u00bbtag:h3|font_size:20|text_align:center|color:%23000000&Prime; google_fonts=\u00a0\u00bbfont_family:Raleway%3A100%2C200%2C300%2Cregular%2C500%2C600%2C700%2C800%2C900|font_style:300%20light%20regular%3A300%3Anormal\u00a0\u00bb css=\u00a0\u00bb\u00a0\u00bb][vc_empty_space height=\u00a0\u00bb10px\u00a0\u00bb][vc_single_image image=\u00a0\u00bb3554&Prime; img_size=\u00a0\u00bb400&#215;400&Prime; style=\u00a0\u00bbvc_box_shadow_3d\u00a0\u00bb onclick=\u00a0\u00bbcustom_link\u00a0\u00bb link=\u00a0\u00bbhttps:\/\/infofestibiere.com\/quebec\/\u00a0\u00bb][\/vc_column_inner][vc_column_inner width=\u00a0\u00bb1\/5&Prime; css=\u00a0\u00bb.vc_custom_1773776907480{padding-top: 20px !important;}\u00a0\u00bb][vc_custom_heading text=\u00a0\u00bb<b>GIVR\u00c9<\/b>\u00a0\u00bb font_container=\u00a0\u00bbtag:h2|font_size:22|text_align:center|color:%23B10000&Prime; google_fonts=\u00a0\u00bbfont_family:Raleway%3A100%2C200%2C300%2Cregular%2C500%2C600%2C700%2C800%2C900|font_style:300%20light%20regular%3A300%3Anormal\u00a0\u00bb css=\u00a0\u00bb\u00a0\u00bb][vc_custom_heading text=\u00a0\u00bb\u00c0 l&rsquo;an prochain!\u00a0\u00bb font_container=\u00a0\u00bbtag:h3|font_size:20|text_align:center|color:%23000000&Prime; google_fonts=\u00a0\u00bbfont_family:Raleway%3A100%2C200%2C300%2Cregular%2C500%2C600%2C700%2C800%2C900|font_style:300%20light%20regular%3A300%3Anormal\u00a0\u00bb css=\u00a0\u00bb\u00a0\u00bb][vc_empty_space height=\u00a0\u00bb10px\u00a0\u00bb][vc_single_image image=\u00a0\u00bb4064&Prime; img_size=\u00a0\u00bb400&#215;400&Prime; style=\u00a0\u00bbvc_box_shadow_3d\u00a0\u00bb onclick=\u00a0\u00bbcustom_link\u00a0\u00bb css=\u00a0\u00bb\u00a0\u00bb link=\u00a0\u00bbhttps:\/\/infofestibiere.com\/un-festibiere-givre\/\u00a0\u00bb][\/vc_column_inner][\/vc_row_inner][vc_empty_space][vc_empty_space][\/vc_column][\/vc_row][vc_row][vc_column][vc_empty_space][vc_row_inner][vc_column_inner width=\u00a0\u00bb1\/3&Prime; css=\u00a0\u00bb.vc_custom_1678971631180{padding-top: 10px !important;}\u00a0\u00bb][vc_btn title=\u00a0\u00bbDevenir exposants\u00a0\u00bb color=\u00a0\u00bborange\u00a0\u00bb align=\u00a0\u00bbcenter\u00a0\u00bb link=\u00a0\u00bburl:https%3A%2F%2Finfofestibiere.com%2Fdevenir-exposants%2F|||\u00a0\u00bb][\/vc_column_inner][vc_column_inner width=\u00a0\u00bb1\/3&Prime; css=\u00a0\u00bb.vc_custom_1678971636815{padding-top: 10px !important;}\u00a0\u00bb][vc_btn title=\u00a0\u00bbDevenir b\u00e9n\u00e9voles\u00a0\u00bb color=\u00a0\u00bborange\u00a0\u00bb align=\u00a0\u00bbcenter\u00a0\u00bb link=\u00a0\u00bburl:https%3A%2F%2Finfofestibiere.com%2Fla-team%2F|title:La%20team||\u00a0\u00bb][\/vc_column_inner][vc_column_inner width=\u00a0\u00bb1\/3&Prime; css=\u00a0\u00bb.vc_custom_1678971643235{padding-top: 10px !important;}\u00a0\u00bb][vc_btn title=\u00a0\u00bbDevenir partenaires\u00a0\u00bb color=\u00a0\u00bborange\u00a0\u00bb align=\u00a0\u00bbcenter\u00a0\u00bb css=\u00a0\u00bb\u00a0\u00bb link=\u00a0\u00bburl:mailto%3Apartenariats%40gestev.com|target:_blank|rel:nofollow\u00a0\u00bb][\/vc_column_inner][\/vc_row_inner][vc_empty_space][vc_empty_space][\/vc_column][\/vc_row][vc_row][vc_column][vc_empty_space][\/vc_column][\/vc_row][vc_column][\/vc_column][vc_column width=\u00a0\u00bb1\/2&Prime; css=\u00a0\u00bb.vc_custom_1682619386759{padding-top: 20px !important;}\u00a0\u00bb][\/vc_column][vc_column][\/vc_column]<\/p>\n<\/div>","protected":false},"excerpt":{"rendered":"<p>[vc_row][vc_column][vc_empty_space][vc_single_image image=\u00a0\u00bb4144&Prime; img_size=\u00a0\u00bbfull\u00a0\u00bb alignment=\u00a0\u00bbcenter\u00a0\u00bb css=\u00a0\u00bb\u00a0\u00bb][\/vc_column][\/vc_row][vc_row][vc_column][vc_empty_space][vc_empty_space height=\u00a0\u00bb25px\u00a0\u00bb][vc_custom_heading text=\u00a0\u00bb3 JOURS DE SPECTACLES\u00a0\u00bb font_container=\u00a0\u00bbtag:h1|font_size:29|text_align:center|color:%23ffffff\u00a0\u00bb use_theme_fonts=\u00a0\u00bbyes\u00a0\u00bb css=\u00a0\u00bb.vc_custom_1745259523936{padding-top: 10px !important;padding-right: 10px !important;padding-bottom: 10px !important;padding-left: 10px !important;background-color: #f7b900 !important;border-radius: 2px !important;}\u00a0\u00bb][vc_empty_space height=\u00a0\u00bb15px\u00a0\u00bb][vc_column_text css=\u00a0\u00bb\u00a0\u00bb] Le Festibi\u00e8re de Sherbrooke monte le son \ud83c\udfb6 En 2026, on \u00e9l\u00e8ve l\u2019exp\u00e9rience musicale! Le Festibi\u00e8re de Sherbrooke continue de te faire d\u00e9couvrir de la musique live, mais [&hellip;]<\/p>\n","protected":false},"author":2,"featured_media":3546,"parent":0,"menu_order":0,"comment_status":"closed","ping_status":"closed","template":"","meta":{"footnotes":""},"class_list":["post-3653","page","type-page","status-publish","has-post-thumbnail","hentry"],"yoast_head":"<!-- This site is optimized with the Yoast SEO plugin v27.2 - https:\/\/yoast.com\/product\/yoast-seo-wordpress\/ -->\n<title>Spectacles - de Sherbrooke<\/title>\n<meta name=\"description\" content=\"Le Festibi\u00e8re de Sherbrooke continue de te faire d\u00e9couvrir de la musique live, mais avec une programmation musicale encore plus enflamm\u00e9e.\" \/>\n<meta name=\"robots\" content=\"index, follow, max-snippet:-1, max-image-preview:large, max-video-preview:-1\" \/>\n<link rel=\"canonical\" href=\"https:\/\/infofestibiere.com\/sherbrooke\/spectacles\/\" \/>\n<meta property=\"og:locale\" content=\"fr_FR\" \/>\n<meta property=\"og:type\" content=\"article\" \/>\n<meta property=\"og:title\" content=\"Spectacles - de Sherbrooke\" \/>\n<meta property=\"og:description\" content=\"Le Festibi\u00e8re de Sherbrooke continue de te faire d\u00e9couvrir de la musique live, mais avec une programmation musicale encore plus enflamm\u00e9e.\" \/>\n<meta property=\"og:url\" content=\"https:\/\/infofestibiere.com\/sherbrooke\/spectacles\/\" \/>\n<meta property=\"og:site_name\" content=\"de Sherbrooke\" \/>\n<meta property=\"article:modified_time\" content=\"2026-04-24T21:32:06+00:00\" \/>\n<meta property=\"og:image\" content=\"https:\/\/infofestibiere.com\/sherbrooke\/wp-content\/uploads\/sites\/6\/2025\/02\/4-1.png\" \/>\n\t<meta property=\"og:image:width\" content=\"800\" \/>\n\t<meta property=\"og:image:height\" content=\"480\" \/>\n\t<meta property=\"og:image:type\" content=\"image\/png\" \/>\n<meta name=\"twitter:card\" content=\"summary_large_image\" \/>\n<meta name=\"twitter:label1\" content=\"Dur\u00e9e de lecture estim\u00e9e\" \/>\n\t<meta name=\"twitter:data1\" content=\"15 minutes\" \/>\n<script type=\"application\/ld+json\" class=\"yoast-schema-graph\">{\"@context\":\"https:\/\/schema.org\",\"@graph\":[{\"@type\":\"WebPage\",\"@id\":\"https:\/\/infofestibiere.com\/sherbrooke\/spectacles\/\",\"url\":\"https:\/\/infofestibiere.com\/sherbrooke\/spectacles\/\",\"name\":\"Spectacles - de Sherbrooke\",\"isPartOf\":{\"@id\":\"https:\/\/infofestibiere.com\/sherbrooke\/#website\"},\"primaryImageOfPage\":{\"@id\":\"https:\/\/infofestibiere.com\/sherbrooke\/spectacles\/#primaryimage\"},\"image\":{\"@id\":\"https:\/\/infofestibiere.com\/sherbrooke\/spectacles\/#primaryimage\"},\"thumbnailUrl\":\"https:\/\/infofestibiere.com\/sherbrooke\/wp-content\/uploads\/sites\/6\/2025\/02\/4-1.png\",\"datePublished\":\"2025-04-17T13:49:04+00:00\",\"dateModified\":\"2026-04-24T21:32:06+00:00\",\"description\":\"Le Festibi\u00e8re de Sherbrooke continue de te faire d\u00e9couvrir de la musique live, mais avec une programmation musicale encore plus enflamm\u00e9e.\",\"breadcrumb\":{\"@id\":\"https:\/\/infofestibiere.com\/sherbrooke\/spectacles\/#breadcrumb\"},\"inLanguage\":\"fr-FR\",\"potentialAction\":[{\"@type\":\"ReadAction\",\"target\":[\"https:\/\/infofestibiere.com\/sherbrooke\/spectacles\/\"]}]},{\"@type\":\"ImageObject\",\"inLanguage\":\"fr-FR\",\"@id\":\"https:\/\/infofestibiere.com\/sherbrooke\/spectacles\/#primaryimage\",\"url\":\"https:\/\/infofestibiere.com\/sherbrooke\/wp-content\/uploads\/sites\/6\/2025\/02\/4-1.png\",\"contentUrl\":\"https:\/\/infofestibiere.com\/sherbrooke\/wp-content\/uploads\/sites\/6\/2025\/02\/4-1.png\",\"width\":800,\"height\":480},{\"@type\":\"BreadcrumbList\",\"@id\":\"https:\/\/infofestibiere.com\/sherbrooke\/spectacles\/#breadcrumb\",\"itemListElement\":[{\"@type\":\"ListItem\",\"position\":1,\"name\":\"Accueil\",\"item\":\"https:\/\/infofestibiere.com\/sherbrooke\/\"},{\"@type\":\"ListItem\",\"position\":2,\"name\":\"Spectacles\"}]},{\"@type\":\"WebSite\",\"@id\":\"https:\/\/infofestibiere.com\/sherbrooke\/#website\",\"url\":\"https:\/\/infofestibiere.com\/sherbrooke\/\",\"name\":\"de Sherbrooke\",\"description\":\"Soif de nature!\",\"potentialAction\":[{\"@type\":\"SearchAction\",\"target\":{\"@type\":\"EntryPoint\",\"urlTemplate\":\"https:\/\/infofestibiere.com\/sherbrooke\/?s={search_term_string}\"},\"query-input\":{\"@type\":\"PropertyValueSpecification\",\"valueRequired\":true,\"valueName\":\"search_term_string\"}}],\"inLanguage\":\"fr-FR\"}]}<\/script>\n<!-- \/ Yoast SEO plugin. -->","yoast_head_json":{"title":"Spectacles - de Sherbrooke","description":"Le Festibi\u00e8re de Sherbrooke continue de te faire d\u00e9couvrir de la musique live, mais avec une programmation musicale encore plus enflamm\u00e9e.","robots":{"index":"index","follow":"follow","max-snippet":"max-snippet:-1","max-image-preview":"max-image-preview:large","max-video-preview":"max-video-preview:-1"},"canonical":"https:\/\/infofestibiere.com\/sherbrooke\/spectacles\/","og_locale":"fr_FR","og_type":"article","og_title":"Spectacles - de Sherbrooke","og_description":"Le Festibi\u00e8re de Sherbrooke continue de te faire d\u00e9couvrir de la musique live, mais avec une programmation musicale encore plus enflamm\u00e9e.","og_url":"https:\/\/infofestibiere.com\/sherbrooke\/spectacles\/","og_site_name":"de Sherbrooke","article_modified_time":"2026-04-24T21:32:06+00:00","og_image":[{"width":800,"height":480,"url":"https:\/\/infofestibiere.com\/sherbrooke\/wp-content\/uploads\/sites\/6\/2025\/02\/4-1.png","type":"image\/png"}],"twitter_card":"summary_large_image","twitter_misc":{"Dur\u00e9e de lecture estim\u00e9e":"15 minutes"},"schema":{"@context":"https:\/\/schema.org","@graph":[{"@type":"WebPage","@id":"https:\/\/infofestibiere.com\/sherbrooke\/spectacles\/","url":"https:\/\/infofestibiere.com\/sherbrooke\/spectacles\/","name":"Spectacles - de Sherbrooke","isPartOf":{"@id":"https:\/\/infofestibiere.com\/sherbrooke\/#website"},"primaryImageOfPage":{"@id":"https:\/\/infofestibiere.com\/sherbrooke\/spectacles\/#primaryimage"},"image":{"@id":"https:\/\/infofestibiere.com\/sherbrooke\/spectacles\/#primaryimage"},"thumbnailUrl":"https:\/\/infofestibiere.com\/sherbrooke\/wp-content\/uploads\/sites\/6\/2025\/02\/4-1.png","datePublished":"2025-04-17T13:49:04+00:00","dateModified":"2026-04-24T21:32:06+00:00","description":"Le Festibi\u00e8re de Sherbrooke continue de te faire d\u00e9couvrir de la musique live, mais avec une programmation musicale encore plus enflamm\u00e9e.","breadcrumb":{"@id":"https:\/\/infofestibiere.com\/sherbrooke\/spectacles\/#breadcrumb"},"inLanguage":"fr-FR","potentialAction":[{"@type":"ReadAction","target":["https:\/\/infofestibiere.com\/sherbrooke\/spectacles\/"]}]},{"@type":"ImageObject","inLanguage":"fr-FR","@id":"https:\/\/infofestibiere.com\/sherbrooke\/spectacles\/#primaryimage","url":"https:\/\/infofestibiere.com\/sherbrooke\/wp-content\/uploads\/sites\/6\/2025\/02\/4-1.png","contentUrl":"https:\/\/infofestibiere.com\/sherbrooke\/wp-content\/uploads\/sites\/6\/2025\/02\/4-1.png","width":800,"height":480},{"@type":"BreadcrumbList","@id":"https:\/\/infofestibiere.com\/sherbrooke\/spectacles\/#breadcrumb","itemListElement":[{"@type":"ListItem","position":1,"name":"Accueil","item":"https:\/\/infofestibiere.com\/sherbrooke\/"},{"@type":"ListItem","position":2,"name":"Spectacles"}]},{"@type":"WebSite","@id":"https:\/\/infofestibiere.com\/sherbrooke\/#website","url":"https:\/\/infofestibiere.com\/sherbrooke\/","name":"de Sherbrooke","description":"Soif de nature!","potentialAction":[{"@type":"SearchAction","target":{"@type":"EntryPoint","urlTemplate":"https:\/\/infofestibiere.com\/sherbrooke\/?s={search_term_string}"},"query-input":{"@type":"PropertyValueSpecification","valueRequired":true,"valueName":"search_term_string"}}],"inLanguage":"fr-FR"}]}},"_links":{"self":[{"href":"https:\/\/infofestibiere.com\/sherbrooke\/wp-json\/wp\/v2\/pages\/3653","targetHints":{"allow":["GET"]}}],"collection":[{"href":"https:\/\/infofestibiere.com\/sherbrooke\/wp-json\/wp\/v2\/pages"}],"about":[{"href":"https:\/\/infofestibiere.com\/sherbrooke\/wp-json\/wp\/v2\/types\/page"}],"author":[{"embeddable":true,"href":"https:\/\/infofestibiere.com\/sherbrooke\/wp-json\/wp\/v2\/users\/2"}],"replies":[{"embeddable":true,"href":"https:\/\/infofestibiere.com\/sherbrooke\/wp-json\/wp\/v2\/comments?post=3653"}],"version-history":[{"count":31,"href":"https:\/\/infofestibiere.com\/sherbrooke\/wp-json\/wp\/v2\/pages\/3653\/revisions"}],"predecessor-version":[{"id":4459,"href":"https:\/\/infofestibiere.com\/sherbrooke\/wp-json\/wp\/v2\/pages\/3653\/revisions\/4459"}],"wp:featuredmedia":[{"embeddable":true,"href":"https:\/\/infofestibiere.com\/sherbrooke\/wp-json\/wp\/v2\/media\/3546"}],"wp:attachment":[{"href":"https:\/\/infofestibiere.com\/sherbrooke\/wp-json\/wp\/v2\/media?parent=3653"}],"curies":[{"name":"wp","href":"https:\/\/api.w.org\/{rel}","templated":true}]}}