{"id":3093,"date":"2023-05-23T22:04:08","date_gmt":"2023-05-23T20:04:08","guid":{"rendered":"https:\/\/infofestibiere.com\/sherbrooke\/?page_id=3093"},"modified":"2025-05-12T10:17:01","modified_gmt":"2025-05-12T14:17:01","slug":"gouvernement-du-quebec","status":"publish","type":"page","link":"https:\/\/infofestibiere.com\/sherbrooke\/gouvernement-du-quebec\/","title":{"rendered":"Gouvernement du Qu\u00e9bec"},"content":{"rendered":"<div class=\"wpb-content-wrapper\"><p>[vc_row css=\u00a0\u00bb.vc_custom_1560955135436{padding-top: 32px !important;padding-bottom: 15px !important;}\u00a0\u00bb][vc_column width=\u00a0\u00bb1\/2&Prime;][vc_single_image image=\u00a0\u00bb3094&Prime; img_size=\u00a0\u00bbmedium\u00a0\u00bb alignment=\u00a0\u00bbcenter\u00a0\u00bb onclick=\u00a0\u00bbcustom_link\u00a0\u00bb img_link_target=\u00a0\u00bb_blank\u00a0\u00bb link=\u00a0\u00bbhttp:\/\/www.tourisme.gouv.qc.ca\/\u00a0\u00bb][\/vc_column][vc_column width=\u00a0\u00bb1\/2&Prime;][vc_empty_space height=\u00a0\u00bb62px\u00a0\u00bb][vc_empty_space height=\u00a0\u00bb62px\u00a0\u00bb][vc_custom_heading text=\u00a0\u00bb<b>Festibi\u00e8re de Sherbrooke<\/b>\u00a0\u00bb use_theme_fonts=\u00a0\u00bbyes\u00a0\u00bb][vc_custom_heading text=\u00a0\u00bbMot du gouvernement du Qu\u00e9bec\u00a0\u00bb use_theme_fonts=\u00a0\u00bbyes\u00a0\u00bb][\/vc_column][\/vc_row][vc_row][vc_column][vc_empty_space height=\u00a0\u00bb20px\u00a0\u00bb][vc_custom_heading text=\u00a0\u00bb<b>D\u00e9guster et c\u00e9l\u00e9brer<\/b>\u00a0\u00bb font_container=\u00a0\u00bbtag:h2|text_align:left|color:%2360bd64&Prime; use_theme_fonts=\u00a0\u00bbyes\u00a0\u00bb][vc_column_text]Le gouvernement du Qu\u00e9bec est heureux de soutenir le Festibi\u00e8re de Sherbrooke, un rendez-vous qui promet de faire vivre une exp\u00e9rience m\u00e9morable \u00e0 toutes les personnes participantes. Quelle vitrine exceptionnelle pour le talent de nos industries agroalimentaire, culturelle et \u00e9v\u00e9nementielle!<\/p>\n<p>Nos festivals et \u00e9v\u00e9nements estivaux enrichissent notre offre touristique tout en faisant rayonner le Qu\u00e9bec comme destination par excellence. Au cours de leur s\u00e9jour, les visiteurs sont invit\u00e9s \u00e0 parcourir les multiples attraits et activit\u00e9s qui dynamisent la r\u00e9gion des Cantons-de-l\u2019Est en cette p\u00e9riode de l\u2019ann\u00e9e.<\/p>\n<p>Je f\u00e9licite chaleureusement tous les membres de l\u2019\u00e9quipe organisatrice pour la r\u00e9alisation de ce bel \u00e9v\u00e9nement. J\u2019encourage les touristes ainsi que la population \u00e0 profiter de l\u2019occasion pour se divertir et d\u00e9couvrir la r\u00e9gion.<\/p>\n<p>Bon festival![\/vc_column_text][vc_custom_heading text=\u00a0\u00bbLa ministre du Tourisme et ministre responsable de la r\u00e9gion de Lanaudi\u00e8re,\u00a0\u00bb font_container=\u00a0\u00bbtag:h2|font_size:17|text_align:left\u00a0\u00bb use_theme_fonts=\u00a0\u00bbyes\u00a0\u00bb][vc_custom_heading text=\u00a0\u00bb<b>Caroline Proulx\u00a0\u00bb font_container=\u00a0\u00bbtag:h2|font_size:20px|text_align:left\u00a0\u00bb use_theme_fonts=\u00a0\u00bbyes\u00a0\u00bb][vc_single_image image=\u00a0\u00bb3097&Prime; img_size=\u00a0\u00bbmedium\u00a0\u00bb onclick=\u00a0\u00bbcustom_link\u00a0\u00bb img_link_target=\u00a0\u00bb_blank\u00a0\u00bb link=\u00a0\u00bbhttp:\/\/www.tourisme.gouv.qc.ca\/\u00a0\u00bb][vc_row_inner css=\u00a0\u00bb.vc_custom_1560955226706{padding-bottom: 32px !important;}\u00a0\u00bb][vc_column_inner width=\u00a0\u00bb1\/2&Prime; css=\u00a0\u00bb.vc_custom_1560956188672{padding-top: 20px !important;padding-bottom: 10px !important;}\u00a0\u00bb][vc_single_image image=\u00a0\u00bb3099&Prime; img_size=\u00a0\u00bbmedium\u00a0\u00bb onclick=\u00a0\u00bbcustom_link\u00a0\u00bb img_link_target=\u00a0\u00bb_blank\u00a0\u00bb link=\u00a0\u00bbhttps:\/\/www.quebec.ca\/tourisme-et-loisirs\/\u00a0\u00bb][\/vc_column_inner][vc_column_inner width=\u00a0\u00bb1\/2&Prime; css=\u00a0\u00bb.vc_custom_1560956165383{padding-top: 32px !important;padding-bottom: 10px !important;}\u00a0\u00bb][vc_single_image image=\u00a0\u00bb3101&Prime; img_size=\u00a0\u00bbmedium\u00a0\u00bb onclick=\u00a0\u00bbcustom_link\u00a0\u00bb img_link_target=\u00a0\u00bb_blank\u00a0\u00bb link=\u00a0\u00bbhttp:\/\/www.tourisme.gouv.qc.ca\/\u00a0\u00bb][\/vc_column_inner][\/vc_row_inner][\/vc_column][\/vc_row][vc_row][vc_column][vc_column_text]<\/b>[\/vc_column_text][\/vc_column][\/vc_row]<\/p>\n<\/div>","protected":false},"excerpt":{"rendered":"<p>[vc_row css=\u00a0\u00bb.vc_custom_1560955135436{padding-top: 32px !important;padding-bottom: 15px !important;}\u00a0\u00bb][vc_column width=\u00a0\u00bb1\/2&Prime;][vc_single_image image=\u00a0\u00bb3094&Prime; img_size=\u00a0\u00bbmedium\u00a0\u00bb alignment=\u00a0\u00bbcenter\u00a0\u00bb onclick=\u00a0\u00bbcustom_link\u00a0\u00bb img_link_target=\u00a0\u00bb_blank\u00a0\u00bb link=\u00a0\u00bbhttp:\/\/www.tourisme.gouv.qc.ca\/\u00a0\u00bb][\/vc_column][vc_column width=\u00a0\u00bb1\/2&Prime;][vc_empty_space height=\u00a0\u00bb62px\u00a0\u00bb][vc_empty_space height=\u00a0\u00bb62px\u00a0\u00bb][vc_custom_heading text=\u00a0\u00bbFestibi\u00e8re de Sherbrooke\u00a0\u00bb use_theme_fonts=\u00a0\u00bbyes\u00a0\u00bb][vc_custom_heading text=\u00a0\u00bbMot du gouvernement du Qu\u00e9bec\u00a0\u00bb use_theme_fonts=\u00a0\u00bbyes\u00a0\u00bb][\/vc_column][\/vc_row][vc_row][vc_column][vc_empty_space height=\u00a0\u00bb20px\u00a0\u00bb][vc_custom_heading text=\u00a0\u00bbD\u00e9guster et c\u00e9l\u00e9brer\u00a0\u00bb font_container=\u00a0\u00bbtag:h2|text_align:left|color:%2360bd64&Prime; use_theme_fonts=\u00a0\u00bbyes\u00a0\u00bb][vc_column_text]Le gouvernement du Qu\u00e9bec est heureux de soutenir le Festibi\u00e8re de Sherbrooke, un rendez-vous qui promet de faire vivre une exp\u00e9rience m\u00e9morable \u00e0 toutes [&hellip;]<\/p>\n","protected":false},"author":2,"featured_media":0,"parent":0,"menu_order":0,"comment_status":"closed","ping_status":"closed","template":"","meta":{"footnotes":""},"class_list":["post-3093","page","type-page","status-publish","hentry"],"yoast_head":"<!-- This site is optimized with the Yoast SEO plugin v27.2 - https:\/\/yoast.com\/product\/yoast-seo-wordpress\/ -->\n<title>Gouvernement du Qu\u00e9bec - de Sherbrooke<\/title>\n<meta name=\"robots\" content=\"index, follow, max-snippet:-1, max-image-preview:large, max-video-preview:-1\" \/>\n<link rel=\"canonical\" href=\"https:\/\/infofestibiere.com\/sherbrooke\/gouvernement-du-quebec\/\" \/>\n<meta property=\"og:locale\" content=\"fr_FR\" \/>\n<meta property=\"og:type\" content=\"article\" \/>\n<meta property=\"og:title\" content=\"Gouvernement du Qu\u00e9bec - de Sherbrooke\" \/>\n<meta property=\"og:description\" content=\"[vc_row css=\u00a0\u00bb.vc_custom_1560955135436{padding-top: 32px !important;padding-bottom: 15px !important;}\u00a0\u00bb][vc_column width=\u00a0\u00bb1\/2&Prime;][vc_single_image image=\u00a0\u00bb3094&Prime; img_size=\u00a0\u00bbmedium\u00a0\u00bb alignment=\u00a0\u00bbcenter\u00a0\u00bb onclick=\u00a0\u00bbcustom_link\u00a0\u00bb img_link_target=\u00a0\u00bb_blank\u00a0\u00bb link=\u00a0\u00bbhttp:\/\/www.tourisme.gouv.qc.ca\/\u00a0\u00bb][\/vc_column][vc_column width=\u00a0\u00bb1\/2&Prime;][vc_empty_space height=\u00a0\u00bb62px\u00a0\u00bb][vc_empty_space height=\u00a0\u00bb62px\u00a0\u00bb][vc_custom_heading text=\u00a0\u00bbFestibi\u00e8re de Sherbrooke\u00a0\u00bb use_theme_fonts=\u00a0\u00bbyes\u00a0\u00bb][vc_custom_heading text=\u00a0\u00bbMot du gouvernement du Qu\u00e9bec\u00a0\u00bb use_theme_fonts=\u00a0\u00bbyes\u00a0\u00bb][\/vc_column][\/vc_row][vc_row][vc_column][vc_empty_space height=\u00a0\u00bb20px\u00a0\u00bb][vc_custom_heading text=\u00a0\u00bbD\u00e9guster et c\u00e9l\u00e9brer\u00a0\u00bb font_container=\u00a0\u00bbtag:h2|text_align:left|color:%2360bd64&Prime; use_theme_fonts=\u00a0\u00bbyes\u00a0\u00bb][vc_column_text]Le gouvernement du Qu\u00e9bec est heureux de soutenir le Festibi\u00e8re de Sherbrooke, un rendez-vous qui promet de faire vivre une exp\u00e9rience m\u00e9morable \u00e0 toutes [&hellip;]\" \/>\n<meta property=\"og:url\" content=\"https:\/\/infofestibiere.com\/sherbrooke\/gouvernement-du-quebec\/\" \/>\n<meta property=\"og:site_name\" content=\"de Sherbrooke\" \/>\n<meta property=\"article:modified_time\" content=\"2025-05-12T14:17:01+00:00\" \/>\n<meta name=\"twitter:card\" content=\"summary_large_image\" \/>\n<meta name=\"twitter:label1\" content=\"Dur\u00e9e de lecture estim\u00e9e\" \/>\n\t<meta name=\"twitter:data1\" content=\"2 minutes\" \/>\n<script type=\"application\/ld+json\" class=\"yoast-schema-graph\">{\"@context\":\"https:\/\/schema.org\",\"@graph\":[{\"@type\":\"WebPage\",\"@id\":\"https:\/\/infofestibiere.com\/sherbrooke\/gouvernement-du-quebec\/\",\"url\":\"https:\/\/infofestibiere.com\/sherbrooke\/gouvernement-du-quebec\/\",\"name\":\"Gouvernement du Qu\u00e9bec - de Sherbrooke\",\"isPartOf\":{\"@id\":\"https:\/\/infofestibiere.com\/sherbrooke\/#website\"},\"datePublished\":\"2023-05-23T20:04:08+00:00\",\"dateModified\":\"2025-05-12T14:17:01+00:00\",\"breadcrumb\":{\"@id\":\"https:\/\/infofestibiere.com\/sherbrooke\/gouvernement-du-quebec\/#breadcrumb\"},\"inLanguage\":\"fr-FR\",\"potentialAction\":[{\"@type\":\"ReadAction\",\"target\":[\"https:\/\/infofestibiere.com\/sherbrooke\/gouvernement-du-quebec\/\"]}]},{\"@type\":\"BreadcrumbList\",\"@id\":\"https:\/\/infofestibiere.com\/sherbrooke\/gouvernement-du-quebec\/#breadcrumb\",\"itemListElement\":[{\"@type\":\"ListItem\",\"position\":1,\"name\":\"Accueil\",\"item\":\"https:\/\/infofestibiere.com\/sherbrooke\/\"},{\"@type\":\"ListItem\",\"position\":2,\"name\":\"Gouvernement du Qu\u00e9bec\"}]},{\"@type\":\"WebSite\",\"@id\":\"https:\/\/infofestibiere.com\/sherbrooke\/#website\",\"url\":\"https:\/\/infofestibiere.com\/sherbrooke\/\",\"name\":\"de Sherbrooke\",\"description\":\"Soif de nature!\",\"potentialAction\":[{\"@type\":\"SearchAction\",\"target\":{\"@type\":\"EntryPoint\",\"urlTemplate\":\"https:\/\/infofestibiere.com\/sherbrooke\/?s={search_term_string}\"},\"query-input\":{\"@type\":\"PropertyValueSpecification\",\"valueRequired\":true,\"valueName\":\"search_term_string\"}}],\"inLanguage\":\"fr-FR\"}]}<\/script>\n<!-- \/ Yoast SEO plugin. -->","yoast_head_json":{"title":"Gouvernement du Qu\u00e9bec - de Sherbrooke","robots":{"index":"index","follow":"follow","max-snippet":"max-snippet:-1","max-image-preview":"max-image-preview:large","max-video-preview":"max-video-preview:-1"},"canonical":"https:\/\/infofestibiere.com\/sherbrooke\/gouvernement-du-quebec\/","og_locale":"fr_FR","og_type":"article","og_title":"Gouvernement du Qu\u00e9bec - de Sherbrooke","og_description":"[vc_row css=\u00a0\u00bb.vc_custom_1560955135436{padding-top: 32px !important;padding-bottom: 15px !important;}\u00a0\u00bb][vc_column width=\u00a0\u00bb1\/2&Prime;][vc_single_image image=\u00a0\u00bb3094&Prime; img_size=\u00a0\u00bbmedium\u00a0\u00bb alignment=\u00a0\u00bbcenter\u00a0\u00bb onclick=\u00a0\u00bbcustom_link\u00a0\u00bb img_link_target=\u00a0\u00bb_blank\u00a0\u00bb link=\u00a0\u00bbhttp:\/\/www.tourisme.gouv.qc.ca\/\u00a0\u00bb][\/vc_column][vc_column width=\u00a0\u00bb1\/2&Prime;][vc_empty_space height=\u00a0\u00bb62px\u00a0\u00bb][vc_empty_space height=\u00a0\u00bb62px\u00a0\u00bb][vc_custom_heading text=\u00a0\u00bbFestibi\u00e8re de Sherbrooke\u00a0\u00bb use_theme_fonts=\u00a0\u00bbyes\u00a0\u00bb][vc_custom_heading text=\u00a0\u00bbMot du gouvernement du Qu\u00e9bec\u00a0\u00bb use_theme_fonts=\u00a0\u00bbyes\u00a0\u00bb][\/vc_column][\/vc_row][vc_row][vc_column][vc_empty_space height=\u00a0\u00bb20px\u00a0\u00bb][vc_custom_heading text=\u00a0\u00bbD\u00e9guster et c\u00e9l\u00e9brer\u00a0\u00bb font_container=\u00a0\u00bbtag:h2|text_align:left|color:%2360bd64&Prime; use_theme_fonts=\u00a0\u00bbyes\u00a0\u00bb][vc_column_text]Le gouvernement du Qu\u00e9bec est heureux de soutenir le Festibi\u00e8re de Sherbrooke, un rendez-vous qui promet de faire vivre une exp\u00e9rience m\u00e9morable \u00e0 toutes [&hellip;]","og_url":"https:\/\/infofestibiere.com\/sherbrooke\/gouvernement-du-quebec\/","og_site_name":"de Sherbrooke","article_modified_time":"2025-05-12T14:17:01+00:00","twitter_card":"summary_large_image","twitter_misc":{"Dur\u00e9e de lecture estim\u00e9e":"2 minutes"},"schema":{"@context":"https:\/\/schema.org","@graph":[{"@type":"WebPage","@id":"https:\/\/infofestibiere.com\/sherbrooke\/gouvernement-du-quebec\/","url":"https:\/\/infofestibiere.com\/sherbrooke\/gouvernement-du-quebec\/","name":"Gouvernement du Qu\u00e9bec - de Sherbrooke","isPartOf":{"@id":"https:\/\/infofestibiere.com\/sherbrooke\/#website"},"datePublished":"2023-05-23T20:04:08+00:00","dateModified":"2025-05-12T14:17:01+00:00","breadcrumb":{"@id":"https:\/\/infofestibiere.com\/sherbrooke\/gouvernement-du-quebec\/#breadcrumb"},"inLanguage":"fr-FR","potentialAction":[{"@type":"ReadAction","target":["https:\/\/infofestibiere.com\/sherbrooke\/gouvernement-du-quebec\/"]}]},{"@type":"BreadcrumbList","@id":"https:\/\/infofestibiere.com\/sherbrooke\/gouvernement-du-quebec\/#breadcrumb","itemListElement":[{"@type":"ListItem","position":1,"name":"Accueil","item":"https:\/\/infofestibiere.com\/sherbrooke\/"},{"@type":"ListItem","position":2,"name":"Gouvernement du Qu\u00e9bec"}]},{"@type":"WebSite","@id":"https:\/\/infofestibiere.com\/sherbrooke\/#website","url":"https:\/\/infofestibiere.com\/sherbrooke\/","name":"de Sherbrooke","description":"Soif de nature!","potentialAction":[{"@type":"SearchAction","target":{"@type":"EntryPoint","urlTemplate":"https:\/\/infofestibiere.com\/sherbrooke\/?s={search_term_string}"},"query-input":{"@type":"PropertyValueSpecification","valueRequired":true,"valueName":"search_term_string"}}],"inLanguage":"fr-FR"}]}},"_links":{"self":[{"href":"https:\/\/infofestibiere.com\/sherbrooke\/wp-json\/wp\/v2\/pages\/3093","targetHints":{"allow":["GET"]}}],"collection":[{"href":"https:\/\/infofestibiere.com\/sherbrooke\/wp-json\/wp\/v2\/pages"}],"about":[{"href":"https:\/\/infofestibiere.com\/sherbrooke\/wp-json\/wp\/v2\/types\/page"}],"author":[{"embeddable":true,"href":"https:\/\/infofestibiere.com\/sherbrooke\/wp-json\/wp\/v2\/users\/2"}],"replies":[{"embeddable":true,"href":"https:\/\/infofestibiere.com\/sherbrooke\/wp-json\/wp\/v2\/comments?post=3093"}],"version-history":[{"count":6,"href":"https:\/\/infofestibiere.com\/sherbrooke\/wp-json\/wp\/v2\/pages\/3093\/revisions"}],"predecessor-version":[{"id":3881,"href":"https:\/\/infofestibiere.com\/sherbrooke\/wp-json\/wp\/v2\/pages\/3093\/revisions\/3881"}],"wp:attachment":[{"href":"https:\/\/infofestibiere.com\/sherbrooke\/wp-json\/wp\/v2\/media?parent=3093"}],"curies":[{"name":"wp","href":"https:\/\/api.w.org\/{rel}","templated":true}]}}