{"id":12,"date":"2018-03-08T17:09:28","date_gmt":"2018-03-08T16:09:28","guid":{"rendered":"http:\/\/infofestibiere.com\/sherbrooke\/?page_id=12"},"modified":"2026-04-23T17:24:14","modified_gmt":"2026-04-23T21:24:14","slug":"festival-de-biere-sherbrooke","status":"publish","type":"page","link":"https:\/\/infofestibiere.com\/sherbrooke\/","title":{"rendered":"Accueil"},"content":{"rendered":"<div class=\"wpb-content-wrapper\"><p>[vc_row][vc_column][vc_empty_space][vc_message message_box_color=\u00a0\u00bbgreen\u00a0\u00bb icon_fontawesome=\u00a0\u00bbfa fa-solid fa-bullhorn\u00a0\u00bb css=\u00a0\u00bb\u00a0\u00bb]<strong>\u00c0 quoi t&rsquo;attendre cette ann\u00e9e \ud83d\udca5\ud83c\udf7a<\/strong><b data-olk-copy-source=\"MessageBody\">\ud83c\udf1e <\/b>C&rsquo;est le retour du <strong>verre de collection en verre<\/strong>, c&rsquo;est encore <strong>trois soirs de musique<\/strong> enflamm\u00e9e &amp; c&rsquo;est <strong>un acc\u00e8s au site revu<\/strong> et am\u00e9lior\u00e9 avec prix variables selon la programmation musicale.<\/p>\n<p><a href=\"https:\/\/infofestibiere.com\/sherbrooke\/information\/\"><span style=\"text-decoration: underline;\">En savoir plus!<\/span><\/a>[\/vc_message][vc_empty_space][\/vc_column][\/vc_row][vc_row][vc_column width=\u00a0\u00bb1\/3&Prime; css=\u00a0\u00bb.vc_custom_1651090515309{padding-top: 10px !important;}\u00a0\u00bb][vc_single_image image=\u00a0\u00bb4094&Prime; img_size=\u00a0\u00bb450&#215;450&Prime; alignment=\u00a0\u00bbcenter\u00a0\u00bb css=\u00a0\u00bb\u00a0\u00bb][\/vc_column][vc_column width=\u00a0\u00bb2\/3&Prime; css=\u00a0\u00bb.vc_custom_1678290963390{padding-top: 10px !important;}\u00a0\u00bb][vc_custom_heading text=\u00a0\u00bb<b>LE FESTIBI\u00c8RE DE SHERBROOKE<\/b>\u00a0\u00bb font_container=\u00a0\u00bbtag:h1|font_size:25|text_align:left|color:%2360bd64&Prime; google_fonts=\u00a0\u00bbfont_family:Raleway%3A100%2C200%2C300%2Cregular%2C500%2C600%2C700%2C800%2C900|font_style:300%20light%20regular%3A300%3Anormal\u00a0\u00bb][vc_custom_heading text=\u00a0\u00bb<b>21 AU 23 MAI 2026 | PARC VICTORIA<\/b>\u00a0\u00bb font_container=\u00a0\u00bbtag:h2|font_size:22|text_align:left|color:%230a0303&Prime; google_fonts=\u00a0\u00bbfont_family:Raleway%3A100%2C200%2C300%2Cregular%2C500%2C600%2C700%2C800%2C900|font_style:300%20light%20regular%3A300%3Anormal\u00a0\u00bb css=\u00a0\u00bb\u00a0\u00bb][vc_column_text css=\u00a0\u00bb\u00a0\u00bb]<span style=\"font-weight: 400;\">Le Festibi\u00e8re de Sherbrooke revient du 21 au 23 mai au Parc Victoria dans son concept Festibi\u00e8re +, pour + de fun, + de saveurs et + de diversit\u00e9 dans une ambiance de camping festif. Cette ann\u00e9e, le verre officiel en verre fait son grand retour pour d\u00e9guster les produits sur place, accompagn\u00e9 de trois jours de musique enflamm\u00e9e et d&rsquo;une trentaine d&rsquo;exposants \u00e0 d\u00e9couvrir.<\/span>[\/vc_column_text][vc_row_inner][vc_column_inner width=\u00a0\u00bb1\/2&Prime; css=\u00a0\u00bb.vc_custom_1742428263568{padding-top: 10px !important;}\u00a0\u00bb][thememove_icon icon_fontawesome=\u00a0\u00bbfa fa-calendar\u00a0\u00bb align=\u00a0\u00bbcenter\u00a0\u00bb size=\u00a0\u00bb40px\u00a0\u00bb custom_color=\u00a0\u00bb#60bd64&Prime; css=\u00a0\u00bb.vc_custom_1742428248241{margin-right: 10px !important;padding-bottom: 60px !important;}\u00a0\u00bb el_class=\u00a0\u00bbfloat-left\u00a0\u00bb][vc_custom_heading text=\u00a0\u00bb<b>21 AU 23 MAI 2026<\/b>\u00a0\u00bb font_container=\u00a0\u00bbtag:h2|font_size:18|text_align:left\u00a0\u00bb google_fonts=\u00a0\u00bbfont_family:Raleway%3A100%2C200%2C300%2Cregular%2C500%2C600%2C700%2C800%2C900|font_style:300%20light%20regular%3A300%3Anormal\u00a0\u00bb css=\u00a0\u00bb.vc_custom_1769795320642{padding-bottom: 7px !important;}\u00a0\u00bb][vc_column_text css=\u00a0\u00bb.vc_custom_1769701050477{padding-left: 10px !important;}\u00a0\u00bb]<\/p>\n<div class=\"wpb_text_column wpb_content_element vc_custom_1653934277104\">\n<div class=\"wpb_wrapper\">\n<p style=\"text-align: left;\"><b>Du jeudi au vendredi\u00a0<\/b><\/p>\n<p style=\"text-align: left;\">Jeudi | 16h \u00e0 23h<br \/>\nVendredi | 16h \u00e0 23h<br \/>\nSamedi | 12h \u00e0 23h<\/p>\n<\/div>\n<\/div>\n<p>[\/vc_column_text][\/vc_column_inner][vc_column_inner width=\u00a0\u00bb1\/2&Prime; css=\u00a0\u00bb.vc_custom_1742428267777{padding-top: 10px !important;}\u00a0\u00bb][thememove_icon icon_fontawesome=\u00a0\u00bbfa fa-map-marker\u00a0\u00bb align=\u00a0\u00bbcenter\u00a0\u00bb size=\u00a0\u00bb40px\u00a0\u00bb custom_color=\u00a0\u00bb#60bd64&Prime; css=\u00a0\u00bb.vc_custom_1739284938898{margin-right: 10px !important;padding-bottom: 40px !important;}\u00a0\u00bb el_class=\u00a0\u00bbfloat-left\u00a0\u00bb][vc_custom_heading text=\u00a0\u00bb<b>PARC VICTORIA<\/b>\u00a0\u00bb font_container=\u00a0\u00bbtag:h2|font_size:18|text_align:left\u00a0\u00bb google_fonts=\u00a0\u00bbfont_family:Raleway%3A100%2C200%2C300%2Cregular%2C500%2C600%2C700%2C800%2C900|font_style:300%20light%20regular%3A300%3Anormal\u00a0\u00bb css=\u00a0\u00bb.vc_custom_1739284943902{padding-bottom: 7px !important;}\u00a0\u00bb][vc_column_text css=\u00a0\u00bb.vc_custom_1776955712377{margin-bottom: 70px !important;padding-left: 10px !important;}\u00a0\u00bb]<\/p>\n<p style=\"text-align: left;\"><span style=\"font-weight: 400;\"><a href=\"https:\/\/goo.gl\/maps\/CQTvMyJ1PeDaXq3e8\" target=\"_blank\" rel=\"noopener\"><span style=\"text-decoration: underline;\">750 Rue du C\u00e9gep, Sherbrooke, QC J1E 3T6<\/span><\/a><\/span><\/p>\n<p>[\/vc_column_text][\/vc_column_inner][\/vc_row_inner][\/vc_column][\/vc_row][vc_row][vc_column][vc_empty_space][vc_single_image image=\u00a0\u00bb3535&Prime; img_size=\u00a0\u00bblarge\u00a0\u00bb alignment=\u00a0\u00bbcenter\u00a0\u00bb][vc_single_image image=\u00a0\u00bb4455&Prime; img_size=\u00a0\u00bbfull\u00a0\u00bb alignment=\u00a0\u00bbcenter\u00a0\u00bb onclick=\u00a0\u00bbcustom_link\u00a0\u00bb css=\u00a0\u00bb\u00a0\u00bb link=\u00a0\u00bbhttps:\/\/infofestibiere.com\/sherbrooke\/spectacles\/\u00a0\u00bb][vc_row_inner][vc_column_inner width=\u00a0\u00bb1\/3&Prime; css=\u00a0\u00bb.vc_custom_1770058630628{padding-top: 0px !important;}\u00a0\u00bb][vc_custom_heading text=\u00a0\u00bb<b> + DE <i>FUN<\/i><\/b>\u00a0\u00bb font_container=\u00a0\u00bbtag:h3|font_size:22|text_align:center|color:%230a0a0a\u00a0\u00bb use_theme_fonts=\u00a0\u00bbyes\u00a0\u00bb][vc_column_text css=\u00a0\u00bb\u00a0\u00bb]<\/p>\n<p style=\"text-align: center;\"><span data-teams=\"true\">C\u2019est encore <strong>+<\/strong> de musique avec <strong>Gab Bouchard, Qualit\u00e9 Motel, les Duelings pianos de La Broche \u00e0 foin<\/strong> &amp; plus encore \ud83c\udfb5<\/span><\/p>\n<p>[\/vc_column_text][vc_btn title=\u00a0\u00bbD\u00e9tails des spectacles!\u00a0\u00bb color=\u00a0\u00bbsuccess\u00a0\u00bb size=\u00a0\u00bbsm\u00a0\u00bb align=\u00a0\u00bbcenter\u00a0\u00bb css=\u00a0\u00bb\u00a0\u00bb link=\u00a0\u00bburl:https%3A%2F%2Finfofestibiere.com%2Fsherbrooke%2Fspectacles%2F|title:Spectacles\u00a0\u00bb][vc_single_image image=\u00a0\u00bb3546&Prime; img_size=\u00a0\u00bbfull\u00a0\u00bb alignment=\u00a0\u00bbcenter\u00a0\u00bb style=\u00a0\u00bbvc_box_shadow_3d\u00a0\u00bb css=\u00a0\u00bb.vc_custom_1770058654210{margin-bottom: 0px !important;padding-top: 0px !important;}\u00a0\u00bb][\/vc_column_inner][vc_column_inner width=\u00a0\u00bb1\/3&Prime; css=\u00a0\u00bb.vc_custom_1770058644768{padding-top: 0px !important;}\u00a0\u00bb][vc_custom_heading text=\u00a0\u00bb<b> + D&rsquo;\u00c9V\u00c9NEMENTS<\/b>\u00a0\u00bb font_container=\u00a0\u00bbtag:h3|font_size:22|text_align:center|color:%230a0a0a\u00a0\u00bb use_theme_fonts=\u00a0\u00bbyes\u00a0\u00bb css=\u00a0\u00bb\u00a0\u00bb][vc_column_text css=\u00a0\u00bb\u00a0\u00bb]<\/p>\n<p style=\"text-align: center;\"><span data-teams=\"true\"><strong>Nouveau rendez-vous \u00e0 Sherbrooke:<\/strong> Un Festibi\u00e8re D\u00e9givr\u00e9\u00a0 le 4 avril au March\u00e9 de la Gare pour combler ta soif de printemps!\u00a0<\/span><\/p>\n<p>[\/vc_column_text][vc_btn title=\u00a0\u00bbEn savoir plus!\u00a0\u00bb color=\u00a0\u00bbsuccess\u00a0\u00bb size=\u00a0\u00bbsm\u00a0\u00bb align=\u00a0\u00bbcenter\u00a0\u00bb css=\u00a0\u00bb\u00a0\u00bb link=\u00a0\u00bburl:https%3A%2F%2Finfofestibiere.com%2Ffestibiere-degivre%2F|title:Festibi%C3%A8re%20D%C3%A9givr%C3%A9&Prime;][vc_single_image image=\u00a0\u00bb4040&Prime; img_size=\u00a0\u00bbfull\u00a0\u00bb alignment=\u00a0\u00bbcenter\u00a0\u00bb style=\u00a0\u00bbvc_box_shadow_3d\u00a0\u00bb onclick=\u00a0\u00bbcustom_link\u00a0\u00bb css=\u00a0\u00bb.vc_custom_1773699404029{margin-bottom: 0px !important;}\u00a0\u00bb link=\u00a0\u00bbhttps:\/\/infofestibiere.com\/festibiere-degivre\/\u00a0\u00bb][\/vc_column_inner][vc_column_inner width=\u00a0\u00bb1\/3&Prime; css=\u00a0\u00bb.vc_custom_1770058637342{padding-top: 0px !important;}\u00a0\u00bb][vc_custom_heading text=\u00a0\u00bb<b> + DE DIVERSIT\u00c9<\/b>\u00a0\u00bb font_container=\u00a0\u00bbtag:h3|font_size:22|text_align:center|color:%230a0a0a\u00a0\u00bb use_theme_fonts=\u00a0\u00bbyes\u00a0\u00bb][vc_column_text]<\/p>\n<p style=\"text-align: center;\"><span data-teams=\"true\">C\u2019est <strong>+ <\/strong>de <strong>diversit\u00e9 de produits<\/strong> : cocktails, spiritueux, cidres, vins, sans alcool, mais encore de la bi\u00e8re, bien s\u00fbr \ud83c\udf79\u00a0<\/span><\/p>\n<p>[\/vc_column_text][vc_empty_space][vc_empty_space][vc_single_image image=\u00a0\u00bb4071&Prime; img_size=\u00a0\u00bbfull\u00a0\u00bb alignment=\u00a0\u00bbcenter\u00a0\u00bb style=\u00a0\u00bbvc_box_shadow_3d\u00a0\u00bb css=\u00a0\u00bb.vc_custom_1773699429311{margin-bottom: 0px !important;}\u00a0\u00bb][\/vc_column_inner][\/vc_row_inner][\/vc_column][\/vc_row][vc_row css=\u00a0\u00bb.vc_custom_1773754973718{padding-top: 10px !important;padding-right: 10px !important;padding-bottom: 10px !important;padding-left: 10px !important;border-radius: 4px !important;border-color: #5E9900 !important;}\u00a0\u00bb][vc_column][vc_empty_space][vc_custom_heading text=\u00a0\u00bb<b>BILLETS \ud83c\udfab R\u00c9SERVE TA PLACE<\/b>\u00a0\u00bb font_container=\u00a0\u00bbtag:h2|font_size:25|text_align:center\u00a0\u00bb use_theme_fonts=\u00a0\u00bbyes\u00a0\u00bb css=\u00a0\u00bb\u00a0\u00bb][vc_column_text css=\u00a0\u00bb\u00a0\u00bb]<\/p>\n<p style=\"text-align: center;\">Le billet d\u2019acc\u00e8s est d\u00e9sormais n\u00e9cessaire pour entrer sur le site de l\u2019\u00e9v\u00e9nement.\u00a0Celui-ci\u00a0inclut l\u2019acc\u00e8s au site, les spectacles &amp; 1 verre souvenir de d\u00e9gustation en verre pour 1 ou 3 journ\u00e9es. Achat des d\u00e9gustations en sus.<\/p>\n<p>[\/vc_column_text][vc_btn title=\u00a0\u00bbJ&rsquo;ach\u00e8te mes billets!\u00a0\u00bb color=\u00a0\u00bbsuccess\u00a0\u00bb size=\u00a0\u00bbsm\u00a0\u00bb align=\u00a0\u00bbcenter\u00a0\u00bb css=\u00a0\u00bb\u00a0\u00bb link=\u00a0\u00bburl:https%3A%2F%2Finfofestibiere.com%2Fbilletterie%2F|title:Billetterie%20|target:_blank\u00a0\u00bb][vc_empty_space height=\u00a0\u00bb10px\u00a0\u00bb][vc_row_inner][vc_column_inner width=\u00a0\u00bb1\/2&Prime; css=\u00a0\u00bb.vc_custom_1742425647560{padding-top: 10px !important;}\u00a0\u00bb][vc_column_text css=\u00a0\u00bb\u00a0\u00bb]<strong>PASSEPORTS 3 JOURS<\/strong><\/p>\n<ul>\n<li><span style=\"color: #008000;\"><strong>Passeport adulte 3 jours \u2013 31,99$+tx (40% de rabais)<\/strong><\/span>: Donne acc\u00e8s au site, aux exposants et aux spectacles pendant 3 jours en plus d&rsquo;un verre de collection en verre.<\/li>\n<li><span style=\"color: #000000;\"><strong>Passeport 3 jours<\/strong> (12 ans et moins) \u2013 Billet \u00e0 0$ obligatoire:<\/span> Donne acc\u00e8s au site et aux spectacles gratuitement. (verre non inclus)<\/li>\n<\/ul>\n<p><strong>EXP\u00c9RIENCE V.I.P.<\/strong><\/p>\n<ul>\n<li><strong><span style=\"color: #000000;\">Salon Privil\u00e8ge Journalier<\/span> <\/strong>(18 ans et plus)\u00a0<span style=\"color: #000000;\">\u2013 99,99$+tx <span data-teams=\"true\">(Valeur de 230$): Donne acc\u00e8s \u00e0 une zone r\u00e9serv\u00e9e, \u00e0 la vue sur les spectacles, aux consommations incluses &amp; \u00e0 des commodit\u00e9s V.I.P. <a href=\"https:\/\/infofestibiere.com\/salon-privilege\/\"><span style=\"text-decoration: underline;\">En savoir plus!<\/span>\u00a0<\/a><\/span><\/span><\/li>\n<\/ul>\n<p>[\/vc_column_text][\/vc_column_inner][vc_column_inner width=\u00a0\u00bb1\/2&Prime; css=\u00a0\u00bb.vc_custom_1773754885283{padding-top: 10px !important;}\u00a0\u00bb][vc_column_text css=\u00a0\u00bb\u00a0\u00bb]<\/p>\n<p style=\"text-align: left;\"><strong>BILLETS JOURNALIERS:<\/strong><\/p>\n<ul>\n<li><span style=\"color: #008000;\"><strong>21,74$+tx (r\u00e9gulier)<\/strong><\/span> | jeudi 21 mai | Gab Bouchard &amp; premi\u00e8re partie \u00e0 venir<\/li>\n<li><span style=\"color: #008000;\"><strong>25,99$+tx<\/strong><strong> (15% de rabais)<\/strong><\/span>| vendredi 22 mai | Qualit\u00e9 Motel, Les Dueling pianos de la Broche \u00e0 foin<\/li>\n<li><span style=\"color: #008000;\"><strong>27,99$+tx (20% de rabais)<\/strong><\/span> | samedi 23 mai | Artistes \u00e0 venir<\/li>\n<\/ul>\n<p>Prix variables selon la programmation musicale.[\/vc_column_text][vc_message message_box_color=\u00a0\u00bbgreen\u00a0\u00bb icon_fontawesome=\u00a0\u00bbfa fa-solid fa-thumbtack\u00a0\u00bb css=\u00a0\u00bb\u00a0\u00bb]Point de vente physique : Il est possible d&rsquo;acheter tes billets et de r\u00e9cup\u00e9rer ton verre achet\u00e9 en pr\u00e9vente au Service \u00e0 la client\u00e8le du Carrefour de l&rsquo;Estrie.[\/vc_message][\/vc_column_inner][\/vc_row_inner][vc_empty_space height=\u00a0\u00bb20px\u00a0\u00bb][\/vc_column][\/vc_row][vc_row][vc_column][vc_empty_space][vc_separator color=\u00a0\u00bborange\u00a0\u00bb css=\u00a0\u00bb\u00a0\u00bb][vc_empty_space height=\u00a0\u00bb10px\u00a0\u00bb][\/vc_column][\/vc_row][vc_row][vc_column][vc_tta_tabs][vc_tta_section title=\u00a0\u00bb<b>Fonctionnement<\/b>\u00a0\u00bb tab_id=\u00a0\u00bb1733763123602-28acdda5-807c\u00a0\u00bb][vc_column_text css=\u00a0\u00bb\u00a0\u00bb]<strong><a style=\"color: #ffffff; background-color: #60bd64; padding: 2px 10px;\">Fonctionnement:<\/a><\/strong><\/p>\n<ul>\n<li>Le billet d&rsquo;acc\u00e8s est n\u00e9cessaire pour entrer sur le site de l&rsquo;\u00e9v\u00e9nement. Billet gratuit pour les 12 ans et moins (pr\u00e9sentation d\u2019un billet OBLIGATOIRE pour entrer sur le site. Assure-toi de mettre ton billet \u00e0 0$ dans ton panier!)<\/li>\n<li>Lors de l&rsquo;\u00e9v\u00e9nement, pr\u00e9sente-toi sur le site du festival avec une <strong>copie papier ou \u00e9lectronique du billet<\/strong>. Ton billet sera scann\u00e9 pour v\u00e9rification et te donnera acc\u00e8s au site de l&rsquo;\u00e9v\u00e9nement. Le verre sera r\u00e9cup\u00e9rable sur pr\u00e9sentation du m\u00eame billet, \u00e0 la billetterie.<\/li>\n<li><strong>Mode de paiement<\/strong> en argent comptant ou par carte. (Prix et mode de paiement \u00e0 la discr\u00e9tion des exposants) \/\/ Moyenne de 4$ \u00e0 9$ pour une d\u00e9gustation de 4oz. Le pourboire n\u2019est pas inclus.<\/li>\n<li>Le billet journalier est <strong>valable uniquement pour la journ\u00e9e s\u00e9lectionn\u00e9e<\/strong> et ne peut \u00eatre transf\u00e9r\u00e9.<\/li>\n<li><strong>Les produits du Festibi\u00e8re ne sont pas remboursables ni \u00e9changeables. <\/strong><a href=\"https:\/\/infofestibiere.com\/conditions-de-ventes-festibiere\/\"><span style=\"text-decoration: underline;\">Conditions de ventes<\/span><\/a><\/li>\n<\/ul>\n<p>[\/vc_column_text][vc_row_inner][vc_column_inner width=\u00a0\u00bb1\/4&Prime; css=\u00a0\u00bb.vc_custom_1742425786646{padding-top: 10px !important;}\u00a0\u00bb][vc_btn title=\u00a0\u00bbInfos pratiques\u00a0\u00bb style=\u00a0\u00bboutline\u00a0\u00bb color=\u00a0\u00bbgreen\u00a0\u00bb size=\u00a0\u00bbsm\u00a0\u00bb align=\u00a0\u00bbcenter\u00a0\u00bb link=\u00a0\u00bburl:https%3A%2F%2Finfofestibiere.com%2Fsherbrooke%2Finformation%2F|title:INFORMATION|target:%20_blank|\u00a0\u00bb][\/vc_column_inner][vc_column_inner width=\u00a0\u00bb1\/4&Prime; css=\u00a0\u00bb.vc_custom_1742425790832{padding-top: 10px !important;}\u00a0\u00bb][vc_btn title=\u00a0\u00bbFoire aux questions\u00a0\u00bb style=\u00a0\u00bboutline\u00a0\u00bb color=\u00a0\u00bbgreen\u00a0\u00bb size=\u00a0\u00bbsm\u00a0\u00bb align=\u00a0\u00bbcenter\u00a0\u00bb link=\u00a0\u00bburl:https%3A%2F%2Finfofestibiere.com%2Ffaq%2F||target:%20_blank|\u00a0\u00bb][\/vc_column_inner][\/vc_row_inner][\/vc_tta_section][vc_tta_section title=\u00a0\u00bb<b>Infos utiles<\/b>\u00a0\u00bb tab_id=\u00a0\u00bb1733763123617-e1c06b31-1940&Prime;][vc_column_text css=\u00a0\u00bb\u00a0\u00bb]<\/p>\n<ul>\n<li><strong>Quand?<\/strong> 21 au 23 mai 2026<\/li>\n<li><strong>O\u00f9?<\/strong> Au Parc Victoria, <a href=\"https:\/\/goo.gl\/maps\/CQTvMyJ1PeDaXq3e8\" target=\"_blank\" rel=\"noopener\">750 Rue du C\u00e9gep, Sherbrooke, QC J1E 3T6<\/a><\/li>\n<li><strong>Quoi?<\/strong> Un \u00e9v\u00e9nement estival gourmand et festif o\u00f9 bi\u00e8res, vins, spiritueux, cocktails et options sans alcool se d\u00e9gustent dans un verre de collection en verre, sp\u00e9cialement con\u00e7u pour l\u2019\u00e9v\u00e9nement<\/li>\n<li><strong>Qui?<\/strong> Plusieurs kiosques offrant bi\u00e8res, cocktails, spiritueux, vins, cidres, sans alcool, en plus de repas sucr\u00e9s, sal\u00e9, sant\u00e9s et bon \u00e0 manger!<\/li>\n<li><strong>Pourquoi?<\/strong> Pour vivre <strong data-start=\"778\" data-end=\"814\">trois jours d\u2019ambiance survolt\u00e9e<\/strong>, profiter d\u2019une <strong data-start=\"831\" data-end=\"864\">programmation musicale de feu<\/strong>\u00a0et surtout parce qu&rsquo;on a soif de nature&#8230; et soif tout court! \ud83c\udf33<\/li>\n<\/ul>\n<p>Pour plus d&rsquo;informations, consulte l&rsquo;<strong>onglet <a href=\"https:\/\/infofestibiere.com\/sherbrooke\/information\/\"><span style=\"text-decoration: underline;\">Informations<\/span><\/a> <\/strong>du Festibi\u00e8re de Sherbrooke.[\/vc_column_text][\/vc_tta_section][vc_tta_section title=\u00a0\u00bb<b>Promotions<\/b>\u00a0\u00bb tab_id=\u00a0\u00bb1733763151195-f3c9098d-5a0f\u00a0\u00bb][vc_row_inner][vc_column_inner width=\u00a0\u00bb1\/2&Prime;][vc_column_text css=\u00a0\u00bb\u00a0\u00bb]<\/p>\n<div data-olk-copy-source=\"MessageBody\">\n<div data-olk-copy-source=\"MessageBody\">\n<div class=\"wpb_text_column wpb_content_element\">\n<div class=\"wpb_wrapper\">\n<p><strong>PR\u00c9VENTE \u2013 40% DE RABAIS\u00a0<\/strong>\/\/ Jusqu\u2019au 17 mai, minuit<\/p>\n<ul>\n<li>Passeport 3 jours (13 ans &amp; plus) \u00e0\u00a0<strong>31,99$+tx\u00a0<\/strong><\/li>\n<li>Passeport enfant (12 ans et moins)<strong data-start=\"704\" data-end=\"754\">\u00a0gratuit \u2013\u00a0<\/strong>billet \u00e0 0$ obligatoire<\/li>\n<\/ul>\n<\/div>\n<\/div>\n<div class=\"wpb_text_column wpb_content_element\">\n<div class=\"wpb_wrapper\">\n<p><strong>BILLETS JOURNALIERS\u00a0<\/strong>\/\/ Jusqu\u2019au 17 mai, minuit<\/p>\n<ul>\n<li>Journalier (jeudi) \u00e0<strong>\u00a021,74$+tx\u00a0<\/strong>\u2013 prix r\u00e9gulier<\/li>\n<li>Journalier (vendredi) \u00e0<strong>\u00a025,99$+tx<\/strong><strong>\u00a0\u2013 15% de rabais<\/strong><\/li>\n<li>Journalier (samedi) \u00e0<strong>\u00a027,99$+tx \u2013 20% de rabais<\/strong><\/li>\n<\/ul>\n<p>Prix variables selon la programmation musicale. <a href=\"https:\/\/infofestibiere.com\/sherbrooke\/spectacles\/\"><span style=\"text-decoration: underline;\">Consulter l&rsquo;horaire des spectacles!<\/span><\/a><\/p>\n<\/div>\n<\/div>\n<\/div>\n<\/div>\n<div><\/div>\n<p>[\/vc_column_text][\/vc_column_inner][vc_column_inner width=\u00a0\u00bb1\/2&Prime;][vc_column_text css=\u00a0\u00bb\u00a0\u00bb]<\/p>\n<div data-olk-copy-source=\"MessageBody\">\n<div data-olk-copy-source=\"MessageBody\">\n<div class=\"wpb_text_column wpb_content_element\">\n<div class=\"wpb_wrapper\">\n<p><strong>EXP\u00c9RIENCE V.I.P. \u2013 SALON PRIVIL\u00c8GE <\/strong>\/\/ Jusqu\u2019au 17 mai, minuit<\/p>\n<ul>\n<li>Salon Privil\u00e8ge Journalier\u00a0(18 ans et plus)\u00a0\u2013 99,99$+tx\u00a0<span data-teams=\"true\">(Valeur de 230$) <span style=\"text-decoration: underline;\"><a href=\"https:\/\/infofestibiere.com\/salon-privilege\/\">En savoir plus!\u00a0<\/a><\/span><\/span><\/li>\n<\/ul>\n<\/div>\n<\/div>\n<div class=\"wpb_text_column wpb_content_element\">\n<div class=\"wpb_wrapper\">\n<p><strong>PRIX R\u00c9GULIER<\/strong>\u00a0\/\/ \u00c0 partir du 18 mai<\/p>\n<\/div>\n<\/div>\n<ul>\n<li>Passeport 3 jours (13 ans et +) \u00e0\u00a0<strong>52,19$+tx<\/strong><\/li>\n<li>Salon Privil\u00e8ge Journalier (18 ans et +) \u00e0 <strong>130,46$+tx<\/strong><\/li>\n<li>Journalier (jeudi) \u00e0<strong>\u00a021,74$+tx<\/strong><\/li>\n<li>Journalier (vendredi) \u00e0<strong>\u00a030,44$+tx<\/strong><\/li>\n<li>Journalier (samedi) \u00e0<strong>\u00a034,79$+tx<\/strong><\/li>\n<\/ul>\n<\/div>\n<\/div>\n<div><\/div>\n<p>[\/vc_column_text][\/vc_column_inner][\/vc_row_inner][vc_empty_space height=\u00a0\u00bb15px\u00a0\u00bb][vc_btn title=\u00a0\u00bbJ&rsquo;ach\u00e8te mes billets!\u00a0\u00bb color=\u00a0\u00bbsuccess\u00a0\u00bb align=\u00a0\u00bbleft\u00a0\u00bb i_icon_fontawesome=\u00a0\u00bbfa fa-ticket\u00a0\u00bb add_icon=\u00a0\u00bbtrue\u00a0\u00bb link=\u00a0\u00bburl:https%3A%2F%2Finfofestibiere.com%2Fbilletterie%2F||target:%20_blank|\u00a0\u00bb][\/vc_tta_section][\/vc_tta_tabs][\/vc_column][\/vc_row][vc_row][vc_column css=\u00a0\u00bb.vc_custom_1651090515309{padding-top: 10px !important;}\u00a0\u00bb][vc_empty_space height=\u00a0\u00bb20px\u00a0\u00bb][vc_row_inner][vc_column_inner width=\u00a0\u00bb1\/3&Prime; css=\u00a0\u00bb.vc_custom_1651090427836{padding-top: 10px !important;}\u00a0\u00bb][vc_btn title=\u00a0\u00bbNOUS JOINDRE\u00a0\u00bb color=\u00a0\u00bbsuccess\u00a0\u00bb align=\u00a0\u00bbcenter\u00a0\u00bb i_icon_fontawesome=\u00a0\u00bbfa fa-phone\u00a0\u00bb add_icon=\u00a0\u00bbtrue\u00a0\u00bb link=\u00a0\u00bburl:https%3A%2F%2Finfofestibiere.com%2Fnousjoindre%2F|||\u00a0\u00bb][\/vc_column_inner][vc_column_inner width=\u00a0\u00bb1\/3&Prime; css=\u00a0\u00bb.vc_custom_1651090411591{padding-top: 10px !important;}\u00a0\u00bb][vc_btn title=\u00a0\u00bbINFOLETTRE\u00a0\u00bb color=\u00a0\u00bbsuccess\u00a0\u00bb align=\u00a0\u00bbcenter\u00a0\u00bb i_icon_fontawesome=\u00a0\u00bbfa fa-envelope\u00a0\u00bb add_icon=\u00a0\u00bbtrue\u00a0\u00bb link=\u00a0\u00bburl:http%3A%2F%2Feepurl.com%2FgrW2sD||target:%20_blank|\u00a0\u00bb][\/vc_column_inner][vc_column_inner width=\u00a0\u00bb1\/3&Prime; css=\u00a0\u00bb.vc_custom_1651090420479{padding-top: 10px !important;}\u00a0\u00bb][vc_btn title=\u00a0\u00bbSPECTACLES\u00a0\u00bb color=\u00a0\u00bbsuccess\u00a0\u00bb align=\u00a0\u00bbcenter\u00a0\u00bb i_icon_fontawesome=\u00a0\u00bbfa fa-solid fa-microphone\u00a0\u00bb css=\u00a0\u00bb\u00a0\u00bb add_icon=\u00a0\u00bbtrue\u00a0\u00bb link=\u00a0\u00bburl:https%3A%2F%2Finfofestibiere.com%2Fsherbrooke%2Fspectacles%2F|title:PROGRAMMATION|target:_blank\u00a0\u00bb][\/vc_column_inner][\/vc_row_inner][vc_empty_space height=\u00a0\u00bb20px\u00a0\u00bb][\/vc_column][\/vc_row][vc_row][vc_column][vc_empty_space][vc_empty_space height=\u00a0\u00bb20px\u00a0\u00bb][\/vc_column][\/vc_row][vc_row][vc_column][vc_custom_heading text=\u00a0\u00bb<b>LE FESTIBI\u00c8RE +, C&rsquo;EST \u00c7A!<\/b>\u00a0\u00bb font_container=\u00a0\u00bbtag:h3|font_size:25|text_align:left|color:%2360bd64&Prime; google_fonts=\u00a0\u00bbfont_family:Raleway%3A100%2C200%2C300%2Cregular%2C500%2C600%2C700%2C800%2C900|font_style:300%20light%20regular%3A300%3Anormal\u00a0\u00bb][vc_empty_space height=\u00a0\u00bb10px\u00a0\u00bb][vc_video link=\u00a0\u00bbhttps:\/\/www.youtube.com\/watch?v=oQQghoNlbOY\u00a0\u00bb css=\u00a0\u00bb\u00a0\u00bb][vc_empty_space][\/vc_column][\/vc_row][vc_row][vc_column][vc_empty_space][vc_custom_heading text=\u00a0\u00bb<b>TES RENDEZ-VOUS 2026<\/b>\u00a0\u00bb font_container=\u00a0\u00bbtag:h2|font_size:25|text_align:center|color:%23000000&Prime; google_fonts=\u00a0\u00bbfont_family:Raleway%3A100%2C200%2C300%2Cregular%2C500%2C600%2C700%2C800%2C900|font_style:300%20light%20regular%3A300%3Anormal\u00a0\u00bb css=\u00a0\u00bb\u00a0\u00bb][vc_text_separator title=\u00a0\u00bbPour des d\u00e9couvertes locales en bi\u00e8res, vins, spiritueux &amp; sans alcool\u00a0\u00bb color=\u00a0\u00bborange\u00a0\u00bb][vc_empty_space height=\u00a0\u00bb15px\u00a0\u00bb][vc_row_inner][vc_column_inner width=\u00a0\u00bb1\/5&Prime; css=\u00a0\u00bb.vc_custom_1769794766514{padding-top: 20px !important;}\u00a0\u00bb][vc_custom_heading text=\u00a0\u00bb<b>D\u00c9GIVR\u00c9<\/b>\ud83c\udf38\u00a0\u00bb font_container=\u00a0\u00bbtag:h2|font_size:20|text_align:center|color:%23F56584&Prime; google_fonts=\u00a0\u00bbfont_family:Raleway%3A100%2C200%2C300%2Cregular%2C500%2C600%2C700%2C800%2C900|font_style:300%20light%20regular%3A300%3Anormal\u00a0\u00bb css=\u00a0\u00bb\u00a0\u00bb][vc_custom_heading text=\u00a0\u00bb4 avril\u00a0\u00bb font_container=\u00a0\u00bbtag:h3|font_size:20|text_align:center|color:%23000000&Prime; google_fonts=\u00a0\u00bbfont_family:Raleway%3A100%2C200%2C300%2Cregular%2C500%2C600%2C700%2C800%2C900|font_style:300%20light%20regular%3A300%3Anormal\u00a0\u00bb css=\u00a0\u00bb\u00a0\u00bb][vc_empty_space height=\u00a0\u00bb10px\u00a0\u00bb][vc_single_image image=\u00a0\u00bb3807&Prime; img_size=\u00a0\u00bb400&#215;400&Prime; style=\u00a0\u00bbvc_box_shadow_3d\u00a0\u00bb onclick=\u00a0\u00bbcustom_link\u00a0\u00bb css=\u00a0\u00bb\u00a0\u00bb link=\u00a0\u00bbhttps:\/\/infofestibiere.com\/festibiere-degivre\/\u00a0\u00bb][\/vc_column_inner][vc_column_inner width=\u00a0\u00bb1\/5&Prime; css=\u00a0\u00bb.vc_custom_1699382046462{padding-top: 20px !important;}\u00a0\u00bb][vc_custom_heading text=\u00a0\u00bb<b>SHERBROOKE<\/b> \ud83c\udf33\u00a0\u00bb font_container=\u00a0\u00bbtag:h2|font_size:20|text_align:center|color:%235e9900&Prime; google_fonts=\u00a0\u00bbfont_family:Raleway%3A100%2C200%2C300%2Cregular%2C500%2C600%2C700%2C800%2C900|font_style:300%20light%20regular%3A300%3Anormal\u00a0\u00bb css=\u00a0\u00bb\u00a0\u00bb][vc_custom_heading text=\u00a0\u00bb21 au 23 mai\u00a0\u00bb font_container=\u00a0\u00bbtag:h3|font_size:20|text_align:center|color:%23000000&Prime; google_fonts=\u00a0\u00bbfont_family:Raleway%3A100%2C200%2C300%2Cregular%2C500%2C600%2C700%2C800%2C900|font_style:300%20light%20regular%3A300%3Anormal\u00a0\u00bb css=\u00a0\u00bb\u00a0\u00bb][vc_empty_space height=\u00a0\u00bb10px\u00a0\u00bb][vc_single_image image=\u00a0\u00bb3192&Prime; img_size=\u00a0\u00bb400&#215;400&Prime; style=\u00a0\u00bbvc_box_shadow_3d\u00a0\u00bb onclick=\u00a0\u00bbcustom_link\u00a0\u00bb link=\u00a0\u00bbhttps:\/\/infofestibiere.com\/sherbrooke\/\u00a0\u00bb][\/vc_column_inner][vc_column_inner width=\u00a0\u00bb1\/5&Prime; css=\u00a0\u00bb.vc_custom_1699382052010{padding-top: 20px !important;}\u00a0\u00bb][vc_custom_heading text=\u00a0\u00bb<b>L\u00c9VIS<\/b> \ud83c\udf0a\u00a0\u00bb font_container=\u00a0\u00bbtag:h2|font_size:20|text_align:center|color:%2334a7cf\u00a0\u00bb google_fonts=\u00a0\u00bbfont_family:Raleway%3A100%2C200%2C300%2Cregular%2C500%2C600%2C700%2C800%2C900|font_style:300%20light%20regular%3A300%3Anormal\u00a0\u00bb css=\u00a0\u00bb\u00a0\u00bb][vc_custom_heading text=\u00a0\u00bb25 au 28 juin\u00a0\u00bb font_container=\u00a0\u00bbtag:h3|font_size:20|text_align:center|color:%23000000&Prime; google_fonts=\u00a0\u00bbfont_family:Raleway%3A100%2C200%2C300%2Cregular%2C500%2C600%2C700%2C800%2C900|font_style:300%20light%20regular%3A300%3Anormal\u00a0\u00bb css=\u00a0\u00bb\u00a0\u00bb][vc_empty_space height=\u00a0\u00bb10px\u00a0\u00bb][vc_single_image image=\u00a0\u00bb3550&Prime; img_size=\u00a0\u00bb400&#215;400&Prime; style=\u00a0\u00bbvc_box_shadow_3d\u00a0\u00bb onclick=\u00a0\u00bbcustom_link\u00a0\u00bb link=\u00a0\u00bbhttps:\/\/infofestibiere.com\/levis\/\u00a0\u00bb][\/vc_column_inner][vc_column_inner width=\u00a0\u00bb1\/5&Prime; css=\u00a0\u00bb.vc_custom_1699382056857{padding-top: 20px !important;}\u00a0\u00bb][vc_custom_heading text=\u00a0\u00bb<b>QU\u00c9BEC<\/b> \ud83c\udf1e\u00a0\u00bb font_container=\u00a0\u00bbtag:h2|font_size:20|text_align:center|color:%23fc5032&Prime; google_fonts=\u00a0\u00bbfont_family:Raleway%3A100%2C200%2C300%2Cregular%2C500%2C600%2C700%2C800%2C900|font_style:300%20light%20regular%3A300%3Anormal\u00a0\u00bb css=\u00a0\u00bb\u00a0\u00bb][vc_custom_heading text=\u00a0\u00bb13 au 16 ao\u00fbt\u00a0\u00bb font_container=\u00a0\u00bbtag:h3|font_size:20|text_align:center|color:%23000000&Prime; google_fonts=\u00a0\u00bbfont_family:Raleway%3A100%2C200%2C300%2Cregular%2C500%2C600%2C700%2C800%2C900|font_style:300%20light%20regular%3A300%3Anormal\u00a0\u00bb css=\u00a0\u00bb\u00a0\u00bb][vc_empty_space height=\u00a0\u00bb10px\u00a0\u00bb][vc_single_image image=\u00a0\u00bb3554&Prime; img_size=\u00a0\u00bb400&#215;400&Prime; style=\u00a0\u00bbvc_box_shadow_3d\u00a0\u00bb onclick=\u00a0\u00bbcustom_link\u00a0\u00bb link=\u00a0\u00bbhttps:\/\/infofestibiere.com\/quebec\/\u00a0\u00bb][\/vc_column_inner][vc_column_inner width=\u00a0\u00bb1\/5&Prime; css=\u00a0\u00bb.vc_custom_1733195523752{padding-top: 20px !important;}\u00a0\u00bb][vc_custom_heading text=\u00a0\u00bb<b>GIVR\u00c9<\/b>\ud83d\udd25\u00a0\u00bb font_container=\u00a0\u00bbtag:h2|font_size:20|text_align:center|color:%23b10000&Prime; google_fonts=\u00a0\u00bbfont_family:Raleway%3A100%2C200%2C300%2Cregular%2C500%2C600%2C700%2C800%2C900|font_style:300%20light%20regular%3A300%3Anormal\u00a0\u00bb css=\u00a0\u00bb\u00a0\u00bb][vc_custom_heading text=\u00a0\u00bb\u00c0 l&rsquo;an prochain!\u00a0\u00bb font_container=\u00a0\u00bbtag:h3|font_size:20|text_align:center|color:%23000000&Prime; google_fonts=\u00a0\u00bbfont_family:Raleway%3A100%2C200%2C300%2Cregular%2C500%2C600%2C700%2C800%2C900|font_style:300%20light%20regular%3A300%3Anormal\u00a0\u00bb css=\u00a0\u00bb\u00a0\u00bb][vc_empty_space height=\u00a0\u00bb10px\u00a0\u00bb][vc_single_image image=\u00a0\u00bb3552&Prime; img_size=\u00a0\u00bb400&#215;400&Prime; style=\u00a0\u00bbvc_box_shadow_3d\u00a0\u00bb onclick=\u00a0\u00bbcustom_link\u00a0\u00bb link=\u00a0\u00bbhttps:\/\/infofestibiere.com\/winter-warmer\/\u00a0\u00bb][\/vc_column_inner][\/vc_row_inner][vc_empty_space][vc_empty_space][\/vc_column][\/vc_row][vc_row][vc_column][vc_empty_space][vc_row_inner][vc_column_inner width=\u00a0\u00bb1\/3&Prime; css=\u00a0\u00bb.vc_custom_1678971631180{padding-top: 10px !important;}\u00a0\u00bb][vc_btn title=\u00a0\u00bbDevenir exposants\u00a0\u00bb color=\u00a0\u00bborange\u00a0\u00bb align=\u00a0\u00bbcenter\u00a0\u00bb link=\u00a0\u00bburl:https%3A%2F%2Finfofestibiere.com%2Fdevenir-exposants%2F|||\u00a0\u00bb][\/vc_column_inner][vc_column_inner width=\u00a0\u00bb1\/3&Prime; css=\u00a0\u00bb.vc_custom_1678971636815{padding-top: 10px !important;}\u00a0\u00bb][vc_btn title=\u00a0\u00bbDevenir b\u00e9n\u00e9voles\u00a0\u00bb color=\u00a0\u00bborange\u00a0\u00bb align=\u00a0\u00bbcenter\u00a0\u00bb link=\u00a0\u00bburl:https%3A%2F%2Finfofestibiere.com%2Fla-team%2F|title:La%20team||\u00a0\u00bb][\/vc_column_inner][vc_column_inner width=\u00a0\u00bb1\/3&Prime; css=\u00a0\u00bb.vc_custom_1678971643235{padding-top: 10px !important;}\u00a0\u00bb][vc_btn title=\u00a0\u00bbDevenir partenaires\u00a0\u00bb color=\u00a0\u00bborange\u00a0\u00bb align=\u00a0\u00bbcenter\u00a0\u00bb link=\u00a0\u00bburl:mailto%3Amcouture%40gestev.com||target:%20_blank|\u00a0\u00bb][\/vc_column_inner][\/vc_row_inner][vc_empty_space][vc_empty_space][\/vc_column][\/vc_row][vc_row][vc_column][vc_empty_space][\/vc_column][\/vc_row][vc_column][\/vc_column][vc_column width=\u00a0\u00bb1\/2&Prime; css=\u00a0\u00bb.vc_custom_1682619386759{padding-top: 20px !important;}\u00a0\u00bb][\/vc_column][vc_column][\/vc_column][vc_column width=\u00a0\u00bb1\/2&Prime; css=\u00a0\u00bb.vc_custom_1682619386759{padding-top: 20px !important;}\u00a0\u00bb][\/vc_column][vc_column][\/vc_column]<\/p>\n<\/div>","protected":false},"excerpt":{"rendered":"<p>[vc_row][vc_column][vc_empty_space][vc_message message_box_color=\u00a0\u00bbgreen\u00a0\u00bb icon_fontawesome=\u00a0\u00bbfa fa-solid fa-bullhorn\u00a0\u00bb css=\u00a0\u00bb\u00a0\u00bb]\u00c0 quoi t&rsquo;attendre cette ann\u00e9e \ud83d\udca5\ud83c\udf7a\ud83c\udf1e C&rsquo;est le retour du verre de collection en verre, c&rsquo;est encore trois soirs de musique enflamm\u00e9e &amp; c&rsquo;est un acc\u00e8s au site revu et am\u00e9lior\u00e9 avec prix variables selon la programmation musicale. En savoir plus![\/vc_message][vc_empty_space][\/vc_column][\/vc_row][vc_row][vc_column width=\u00a0\u00bb1\/3&Prime; css=\u00a0\u00bb.vc_custom_1651090515309{padding-top: 10px !important;}\u00a0\u00bb][vc_single_image image=\u00a0\u00bb4094&Prime; img_size=\u00a0\u00bb450&#215;450&Prime; alignment=\u00a0\u00bbcenter\u00a0\u00bb css=\u00a0\u00bb\u00a0\u00bb][\/vc_column][vc_column width=\u00a0\u00bb2\/3&Prime; [&hellip;]<\/p>\n","protected":false},"author":2,"featured_media":4094,"parent":0,"menu_order":0,"comment_status":"closed","ping_status":"closed","template":"","meta":{"footnotes":""},"class_list":["post-12","page","type-page","status-publish","has-post-thumbnail","hentry"],"yoast_head":"<!-- This site is optimized with the Yoast SEO plugin v27.2 - https:\/\/yoast.com\/product\/yoast-seo-wordpress\/ -->\n<title>Festibi\u00e8re de Sherbrooke - Parc Victoria<\/title>\n<meta name=\"description\" content=\"C&#039;est le retour du Festibi\u00e8re de Sherbrooke pour te donner soif de nature du 21 au 23 mai 2026 au Parc Victoria.\" \/>\n<meta name=\"robots\" content=\"index, follow, max-snippet:-1, max-image-preview:large, max-video-preview:-1\" \/>\n<link rel=\"canonical\" href=\"https:\/\/infofestibiere.com\/sherbrooke\/\" \/>\n<meta property=\"og:locale\" content=\"fr_FR\" \/>\n<meta property=\"og:type\" content=\"article\" \/>\n<meta property=\"og:title\" content=\"Festibi\u00e8re de Sherbrooke - Parc Victoria\" \/>\n<meta property=\"og:description\" content=\"C&#039;est le retour du Festibi\u00e8re de Sherbrooke pour te donner soif de nature du 21 au 23 mai 2026 au Parc Victoria.\" \/>\n<meta property=\"og:url\" content=\"https:\/\/infofestibiere.com\/sherbrooke\/\" \/>\n<meta property=\"og:site_name\" content=\"de Sherbrooke\" \/>\n<meta property=\"article:modified_time\" content=\"2026-04-23T21:24:14+00:00\" \/>\n<meta property=\"og:image\" content=\"https:\/\/infofestibiere.com\/sherbrooke\/wp-content\/uploads\/sites\/6\/2026\/02\/FBS26_visuels_carre-scaled.jpg\" \/>\n\t<meta property=\"og:image:width\" content=\"2560\" \/>\n\t<meta property=\"og:image:height\" content=\"2560\" \/>\n\t<meta property=\"og:image:type\" content=\"image\/jpeg\" \/>\n<meta name=\"twitter:card\" content=\"summary_large_image\" \/>\n<meta name=\"twitter:label1\" content=\"Dur\u00e9e de lecture estim\u00e9e\" \/>\n\t<meta name=\"twitter:data1\" content=\"9 minutes\" \/>\n<script type=\"application\/ld+json\" class=\"yoast-schema-graph\">{\"@context\":\"https:\/\/schema.org\",\"@graph\":[{\"@type\":\"WebPage\",\"@id\":\"https:\/\/infofestibiere.com\/sherbrooke\/\",\"url\":\"https:\/\/infofestibiere.com\/sherbrooke\/\",\"name\":\"Festibi\u00e8re de Sherbrooke - Parc Victoria\",\"isPartOf\":{\"@id\":\"https:\/\/infofestibiere.com\/sherbrooke\/#website\"},\"primaryImageOfPage\":{\"@id\":\"https:\/\/infofestibiere.com\/sherbrooke\/#primaryimage\"},\"image\":{\"@id\":\"https:\/\/infofestibiere.com\/sherbrooke\/#primaryimage\"},\"thumbnailUrl\":\"https:\/\/infofestibiere.com\/sherbrooke\/wp-content\/uploads\/sites\/6\/2026\/02\/FBS26_visuels_carre-scaled.jpg\",\"datePublished\":\"2018-03-08T16:09:28+00:00\",\"dateModified\":\"2026-04-23T21:24:14+00:00\",\"description\":\"C'est le retour du Festibi\u00e8re de Sherbrooke pour te donner soif de nature du 21 au 23 mai 2026 au Parc Victoria.\",\"breadcrumb\":{\"@id\":\"https:\/\/infofestibiere.com\/sherbrooke\/#breadcrumb\"},\"inLanguage\":\"fr-FR\",\"potentialAction\":[{\"@type\":\"ReadAction\",\"target\":[\"https:\/\/infofestibiere.com\/sherbrooke\/\"]}]},{\"@type\":\"ImageObject\",\"inLanguage\":\"fr-FR\",\"@id\":\"https:\/\/infofestibiere.com\/sherbrooke\/#primaryimage\",\"url\":\"https:\/\/infofestibiere.com\/sherbrooke\/wp-content\/uploads\/sites\/6\/2026\/02\/FBS26_visuels_carre-scaled.jpg\",\"contentUrl\":\"https:\/\/infofestibiere.com\/sherbrooke\/wp-content\/uploads\/sites\/6\/2026\/02\/FBS26_visuels_carre-scaled.jpg\",\"width\":2560,\"height\":2560},{\"@type\":\"BreadcrumbList\",\"@id\":\"https:\/\/infofestibiere.com\/sherbrooke\/#breadcrumb\",\"itemListElement\":[{\"@type\":\"ListItem\",\"position\":1,\"name\":\"Accueil\",\"item\":\"https:\/\/infofestibiere.com\/sherbrooke\/\"},{\"@type\":\"ListItem\",\"position\":2,\"name\":\"Accueil\"}]},{\"@type\":\"WebSite\",\"@id\":\"https:\/\/infofestibiere.com\/sherbrooke\/#website\",\"url\":\"https:\/\/infofestibiere.com\/sherbrooke\/\",\"name\":\"de Sherbrooke\",\"description\":\"Soif de nature!\",\"potentialAction\":[{\"@type\":\"SearchAction\",\"target\":{\"@type\":\"EntryPoint\",\"urlTemplate\":\"https:\/\/infofestibiere.com\/sherbrooke\/?s={search_term_string}\"},\"query-input\":{\"@type\":\"PropertyValueSpecification\",\"valueRequired\":true,\"valueName\":\"search_term_string\"}}],\"inLanguage\":\"fr-FR\"}]}<\/script>\n<!-- \/ Yoast SEO plugin. -->","yoast_head_json":{"title":"Festibi\u00e8re de Sherbrooke - Parc Victoria","description":"C'est le retour du Festibi\u00e8re de Sherbrooke pour te donner soif de nature du 21 au 23 mai 2026 au Parc Victoria.","robots":{"index":"index","follow":"follow","max-snippet":"max-snippet:-1","max-image-preview":"max-image-preview:large","max-video-preview":"max-video-preview:-1"},"canonical":"https:\/\/infofestibiere.com\/sherbrooke\/","og_locale":"fr_FR","og_type":"article","og_title":"Festibi\u00e8re de Sherbrooke - Parc Victoria","og_description":"C'est le retour du Festibi\u00e8re de Sherbrooke pour te donner soif de nature du 21 au 23 mai 2026 au Parc Victoria.","og_url":"https:\/\/infofestibiere.com\/sherbrooke\/","og_site_name":"de Sherbrooke","article_modified_time":"2026-04-23T21:24:14+00:00","og_image":[{"width":2560,"height":2560,"url":"https:\/\/infofestibiere.com\/sherbrooke\/wp-content\/uploads\/sites\/6\/2026\/02\/FBS26_visuels_carre-scaled.jpg","type":"image\/jpeg"}],"twitter_card":"summary_large_image","twitter_misc":{"Dur\u00e9e de lecture estim\u00e9e":"9 minutes"},"schema":{"@context":"https:\/\/schema.org","@graph":[{"@type":"WebPage","@id":"https:\/\/infofestibiere.com\/sherbrooke\/","url":"https:\/\/infofestibiere.com\/sherbrooke\/","name":"Festibi\u00e8re de Sherbrooke - Parc Victoria","isPartOf":{"@id":"https:\/\/infofestibiere.com\/sherbrooke\/#website"},"primaryImageOfPage":{"@id":"https:\/\/infofestibiere.com\/sherbrooke\/#primaryimage"},"image":{"@id":"https:\/\/infofestibiere.com\/sherbrooke\/#primaryimage"},"thumbnailUrl":"https:\/\/infofestibiere.com\/sherbrooke\/wp-content\/uploads\/sites\/6\/2026\/02\/FBS26_visuels_carre-scaled.jpg","datePublished":"2018-03-08T16:09:28+00:00","dateModified":"2026-04-23T21:24:14+00:00","description":"C'est le retour du Festibi\u00e8re de Sherbrooke pour te donner soif de nature du 21 au 23 mai 2026 au Parc Victoria.","breadcrumb":{"@id":"https:\/\/infofestibiere.com\/sherbrooke\/#breadcrumb"},"inLanguage":"fr-FR","potentialAction":[{"@type":"ReadAction","target":["https:\/\/infofestibiere.com\/sherbrooke\/"]}]},{"@type":"ImageObject","inLanguage":"fr-FR","@id":"https:\/\/infofestibiere.com\/sherbrooke\/#primaryimage","url":"https:\/\/infofestibiere.com\/sherbrooke\/wp-content\/uploads\/sites\/6\/2026\/02\/FBS26_visuels_carre-scaled.jpg","contentUrl":"https:\/\/infofestibiere.com\/sherbrooke\/wp-content\/uploads\/sites\/6\/2026\/02\/FBS26_visuels_carre-scaled.jpg","width":2560,"height":2560},{"@type":"BreadcrumbList","@id":"https:\/\/infofestibiere.com\/sherbrooke\/#breadcrumb","itemListElement":[{"@type":"ListItem","position":1,"name":"Accueil","item":"https:\/\/infofestibiere.com\/sherbrooke\/"},{"@type":"ListItem","position":2,"name":"Accueil"}]},{"@type":"WebSite","@id":"https:\/\/infofestibiere.com\/sherbrooke\/#website","url":"https:\/\/infofestibiere.com\/sherbrooke\/","name":"de Sherbrooke","description":"Soif de nature!","potentialAction":[{"@type":"SearchAction","target":{"@type":"EntryPoint","urlTemplate":"https:\/\/infofestibiere.com\/sherbrooke\/?s={search_term_string}"},"query-input":{"@type":"PropertyValueSpecification","valueRequired":true,"valueName":"search_term_string"}}],"inLanguage":"fr-FR"}]}},"_links":{"self":[{"href":"https:\/\/infofestibiere.com\/sherbrooke\/wp-json\/wp\/v2\/pages\/12","targetHints":{"allow":["GET"]}}],"collection":[{"href":"https:\/\/infofestibiere.com\/sherbrooke\/wp-json\/wp\/v2\/pages"}],"about":[{"href":"https:\/\/infofestibiere.com\/sherbrooke\/wp-json\/wp\/v2\/types\/page"}],"author":[{"embeddable":true,"href":"https:\/\/infofestibiere.com\/sherbrooke\/wp-json\/wp\/v2\/users\/2"}],"replies":[{"embeddable":true,"href":"https:\/\/infofestibiere.com\/sherbrooke\/wp-json\/wp\/v2\/comments?post=12"}],"version-history":[{"count":156,"href":"https:\/\/infofestibiere.com\/sherbrooke\/wp-json\/wp\/v2\/pages\/12\/revisions"}],"predecessor-version":[{"id":4457,"href":"https:\/\/infofestibiere.com\/sherbrooke\/wp-json\/wp\/v2\/pages\/12\/revisions\/4457"}],"wp:featuredmedia":[{"embeddable":true,"href":"https:\/\/infofestibiere.com\/sherbrooke\/wp-json\/wp\/v2\/media\/4094"}],"wp:attachment":[{"href":"https:\/\/infofestibiere.com\/sherbrooke\/wp-json\/wp\/v2\/media?parent=12"}],"curies":[{"name":"wp","href":"https:\/\/api.w.org\/{rel}","templated":true}]}}