{"id":1126,"date":"2019-04-30T15:14:35","date_gmt":"2019-04-30T13:14:35","guid":{"rendered":"https:\/\/infofestibiere.com\/sherbrooke\/?page_id=1126"},"modified":"2026-04-23T16:14:44","modified_gmt":"2026-04-23T20:14:44","slug":"exposants","status":"publish","type":"page","link":"https:\/\/infofestibiere.com\/sherbrooke\/exposants\/","title":{"rendered":"EXPOSANTS"},"content":{"rendered":"<div class=\"wpb-content-wrapper\"><p>[vc_row css=\u00a0\u00bb.vc_custom_1650502387049{padding-top: 20px !important;}\u00a0\u00bb][vc_column][vc_empty_space height=\u00a0\u00bb20px\u00a0\u00bb][vc_single_image image=\u00a0\u00bb4333&Prime; img_size=\u00a0\u00bbfull\u00a0\u00bb css=\u00a0\u00bb\u00a0\u00bb][\/vc_column][\/vc_row][vc_row][vc_column][vc_empty_space][vc_empty_space][vc_custom_heading text=\u00a0\u00bbD\u00c9COUVRE LES EXPOSANTS DE SHERBROOKE\u00a0\u00bb font_container=\u00a0\u00bbtag:h1|font_size:25|text_align:center|color:%230a0000&Prime; use_theme_fonts=\u00a0\u00bbyes\u00a0\u00bb][vc_custom_heading text=\u00a0\u00bb<b>ON SE VOIT DU 21 AU 23 MAI 2026<\/b>\u00a0\u00bb font_container=\u00a0\u00bbtag:h2|font_size:22|text_align:center|color:%230a0000&Prime; use_theme_fonts=\u00a0\u00bbyes\u00a0\u00bb css=\u00a0\u00bb\u00a0\u00bb][vc_column_text]<\/p>\n<p style=\"text-align: center;\">Cet \u00e9t\u00e9, Le Festibi\u00e8re de Sherbrooke revient en force avec son tout nouveau concept: Le Festibi\u00e8re +. \u00c7a veut dire <strong><span class=\"NormalTextRun SCXW62427465 BCX0\">+ de saveurs <\/span><\/strong><span class=\"NormalTextRun SCXW62427465 BCX0\">dans ton assiette<\/span><span class=\"NormalTextRun SCXW62427465 BCX0\">, mais aussi <\/span><strong><span class=\"NormalTextRun SCXW62427465 BCX0\">\u00a0+<\/span><span class=\"NormalTextRun SCXW62427465 BCX0\">\u00a0de\u00a0<\/span><\/strong><span class=\"NormalTextRun SCXW62427465 BCX0\"><strong>diversit\u00e9<\/strong><\/span> dans ton verre \ud83c\udf1e<\/p>\n<p>[\/vc_column_text][\/vc_column][\/vc_row][vc_row][vc_column][vc_empty_space][vc_row_inner][vc_column_inner width=\u00a0\u00bb1\/2&Prime; css=\u00a0\u00bb.vc_custom_1683120656072{padding-top: 20px !important;}\u00a0\u00bb][vc_custom_heading text=\u00a0\u00bb<b>MICROBRASSERIES<\/b>\u00a0\u00bb font_container=\u00a0\u00bbtag:h2|font_size:20|text_align:center|color:%2360bd64&Prime; google_fonts=\u00a0\u00bbfont_family:Raleway%3A100%2C200%2C300%2Cregular%2C500%2C600%2C700%2C800%2C900|font_style:300%20light%20regular%3A300%3Anormal\u00a0\u00bb link=\u00a0\u00bb|||\u00a0\u00bb][vc_column_text]<\/p>\n<p style=\"text-align: center;\"><span data-teams=\"true\">Le Festibi\u00e8re + c&rsquo;est plus de diversit\u00e9, mais sans jamais oublier ses premiers amours&#8230; La <strong>bi\u00e8re de microbrasserie<\/strong> \ud83c\udf7a<\/span><\/p>\n<p>[\/vc_column_text][vc_empty_space height=\u00a0\u00bb10px\u00a0\u00bb][vc_single_image image=\u00a0\u00bb3544&Prime; img_size=\u00a0\u00bblarge\u00a0\u00bb alignment=\u00a0\u00bbcenter\u00a0\u00bb style=\u00a0\u00bbvc_box_shadow_3d\u00a0\u00bb onclick=\u00a0\u00bbcustom_link\u00a0\u00bb link=\u00a0\u00bbhttps:\/\/infofestibiere.com\/sherbrooke\/microbrasseries\/\u00a0\u00bb][vc_btn title=\u00a0\u00bbKiosques de bi\u00e8res\u00a0\u00bb color=\u00a0\u00bbsuccess\u00a0\u00bb align=\u00a0\u00bbcenter\u00a0\u00bb link=\u00a0\u00bburl:https%3A%2F%2Finfofestibiere.com%2Fsherbrooke%2Fmicrobrasseries%2F|title:Microbrasseries||\u00a0\u00bb][\/vc_column_inner][vc_column_inner width=\u00a0\u00bb1\/2&Prime; css=\u00a0\u00bb.vc_custom_1683120662634{padding-top: 20px !important;}\u00a0\u00bb][vc_custom_heading text=\u00a0\u00bb<b>+ DE BREUVAGES<\/b>\u00a0\u00bb font_container=\u00a0\u00bbtag:h2|font_size:20|text_align:center|color:%2360bd64&Prime; google_fonts=\u00a0\u00bbfont_family:Raleway%3A100%2C200%2C300%2Cregular%2C500%2C600%2C700%2C800%2C900|font_style:300%20light%20regular%3A300%3Anormal\u00a0\u00bb link=\u00a0\u00bb|||\u00a0\u00bb][vc_column_text]<\/p>\n<p style=\"text-align: center;\">Une belle s\u00e9lection de boisson alternative: \ud83c\udf79 <strong>cocktails, spiritueux, hydromels, vins<\/strong>, <strong>sans alcool<\/strong> &amp; plus encore!<\/p>\n<p>[\/vc_column_text][vc_empty_space height=\u00a0\u00bb10px\u00a0\u00bb][vc_single_image image=\u00a0\u00bb3809&Prime; img_size=\u00a0\u00bblarge\u00a0\u00bb alignment=\u00a0\u00bbcenter\u00a0\u00bb style=\u00a0\u00bbvc_box_shadow_3d\u00a0\u00bb onclick=\u00a0\u00bbcustom_link\u00a0\u00bb link=\u00a0\u00bbhttps:\/\/infofestibiere.com\/sherbrooke\/boissons-alternatives\/\u00a0\u00bb][vc_btn title=\u00a0\u00bbBoissons alternatives\u00a0\u00bb color=\u00a0\u00bbsuccess\u00a0\u00bb align=\u00a0\u00bbcenter\u00a0\u00bb link=\u00a0\u00bburl:https%3A%2F%2Finfofestibiere.com%2Fsherbrooke%2Fboissons-alternatives%2F|title:Boissons%20alternatives||\u00a0\u00bb][\/vc_column_inner][\/vc_row_inner][vc_empty_space][vc_row_inner][vc_column_inner width=\u00a0\u00bb1\/2&Prime; css=\u00a0\u00bb.vc_custom_1683120650123{padding-top: 20px !important;}\u00a0\u00bb][vc_custom_heading text=\u00a0\u00bb<b>+ DE SAVEURS<\/b>\u00a0\u00bb font_container=\u00a0\u00bbtag:h2|font_size:20|text_align:center|color:%2360bd64&Prime; google_fonts=\u00a0\u00bbfont_family:Raleway%3A100%2C200%2C300%2Cregular%2C500%2C600%2C700%2C800%2C900|font_style:300%20light%20regular%3A300%3Anormal\u00a0\u00bb link=\u00a0\u00bb|||\u00a0\u00bb][vc_column_text]<\/p>\n<p style=\"text-align: center;\">Foodtrucks &amp; restaurateurs en tous genres \ud83c\udf2e options\u00a0<strong>sucr\u00e9es, sal\u00e9es, sant\u00e9<\/strong>,<strong>\u00a0v\u00e9g\u00e9<\/strong>, mais surtout bonnes \u00e0 manger!<\/p>\n<p>[\/vc_column_text][vc_empty_space height=\u00a0\u00bb10px\u00a0\u00bb][vc_single_image image=\u00a0\u00bb3548&Prime; img_size=\u00a0\u00bblarge\u00a0\u00bb alignment=\u00a0\u00bbcenter\u00a0\u00bb style=\u00a0\u00bbvc_box_shadow_3d\u00a0\u00bb onclick=\u00a0\u00bbcustom_link\u00a0\u00bb link=\u00a0\u00bbhttps:\/\/infofestibiere.com\/sherbrooke\/cuisine-de-rue\/\u00a0\u00bb][vc_btn title=\u00a0\u00bbCuisine de rue\u00a0\u00bb color=\u00a0\u00bbsuccess\u00a0\u00bb align=\u00a0\u00bbcenter\u00a0\u00bb link=\u00a0\u00bburl:https%3A%2F%2Finfofestibiere.com%2Fsherbrooke%2Fcuisine-de-rue%2F|title:Cuisine%20de%20rue||\u00a0\u00bb][\/vc_column_inner][\/vc_row_inner][vc_empty_space][vc_row_inner][vc_column_inner width=\u00a0\u00bb3\/4&Prime; css=\u00a0\u00bb.vc_custom_1739207474667{padding-top: 10px !important;}\u00a0\u00bb][vc_message message_box_color=\u00a0\u00bborange\u00a0\u00bb icon_fontawesome=\u00a0\u00bb\u00a0\u00bb css=\u00a0\u00bb\u00a0\u00bb]<strong>DEVENIR EXPOSANT AU FESTIBI\u00c8RE+<\/strong><\/p>\n<p>Tu produis des<strong>\u00a0bi\u00e8res, spiritueux, vins, sans alcool, boissons alternatives <\/strong>ou<strong> de bons repas gourmands<\/strong>, inscris-toi d\u00e8s maintenant en tant qu\u2019exposant boisson ou restaurateur au Festibi\u00e8re 2026![\/vc_message][\/vc_column_inner][vc_column_inner width=\u00a0\u00bb1\/4&Prime; css=\u00a0\u00bb.vc_custom_1739207481937{padding-top: 10px !important;}\u00a0\u00bb][vc_empty_space height=\u00a0\u00bb15&Prime;][vc_btn title=\u00a0\u00bbEn savoir plus!\u00a0\u00bb color=\u00a0\u00bborange\u00a0\u00bb align=\u00a0\u00bbcenter\u00a0\u00bb css=\u00a0\u00bb.vc_custom_1776866930733{padding-top: 20px !important;padding-bottom: 15px !important;}\u00a0\u00bb link=\u00a0\u00bburl:https%3A%2F%2Finfofestibiere.com%2Fdevenir-exposants%2F|||\u00a0\u00bb][\/vc_column_inner][\/vc_row_inner][vc_empty_space][\/vc_column][\/vc_row][vc_row][vc_column][vc_empty_space][vc_single_image image=\u00a0\u00bb3535&Prime; img_size=\u00a0\u00bblarge\u00a0\u00bb alignment=\u00a0\u00bbcenter\u00a0\u00bb][vc_row_inner][vc_column_inner width=\u00a0\u00bb1\/3&Prime; css=\u00a0\u00bb.vc_custom_1739226632030{padding-top: 10px !important;}\u00a0\u00bb][vc_custom_heading text=\u00a0\u00bb<b> + DE <i>FUN<\/i><\/b>\u00a0\u00bb font_container=\u00a0\u00bbtag:h3|font_size:22|text_align:center|color:%230a0a0a\u00a0\u00bb use_theme_fonts=\u00a0\u00bbyes\u00a0\u00bb][vc_column_text]<\/p>\n<p style=\"text-align: center;\"><span data-teams=\"true\">C\u2019est encore <strong>+<\/strong> de <strong>musique<\/strong> et de <strong>programmation<\/strong>: artistes coup de coeur<em>,<\/em> bar cach\u00e9, tatouage ou ateliers \ud83c\udfb2 \ud83c\udfb5<\/span><\/p>\n<p>[\/vc_column_text][vc_single_image image=\u00a0\u00bb3539&Prime; img_size=\u00a0\u00bbfull\u00a0\u00bb alignment=\u00a0\u00bbcenter\u00a0\u00bb style=\u00a0\u00bbvc_box_shadow_3d\u00a0\u00bb][vc_btn title=\u00a0\u00bb\u00c0 FAIRE\u00a0\u00bb color=\u00a0\u00bbsuccess\u00a0\u00bb align=\u00a0\u00bbcenter\u00a0\u00bb link=\u00a0\u00bburl:https%3A%2F%2Finfofestibiere.com%2Fsherbrooke%2Fprogrammation%2F|title:PROGRAMMATION||\u00a0\u00bb][\/vc_column_inner][vc_column_inner width=\u00a0\u00bb1\/3&Prime; css=\u00a0\u00bb.vc_custom_1739226622638{padding-top: 10px !important;}\u00a0\u00bb][vc_custom_heading text=\u00a0\u00bb<b> + DE DIVERSIT\u00c9<\/b>\u00a0\u00bb font_container=\u00a0\u00bbtag:h3|font_size:22|text_align:center|color:%230a0a0a\u00a0\u00bb use_theme_fonts=\u00a0\u00bbyes\u00a0\u00bb][vc_column_text]<\/p>\n<p style=\"text-align: center;\"><span data-teams=\"true\">C\u2019est <strong>+ <\/strong>de <strong>diversit\u00e9 de produits<\/strong> : cocktails, spiritueux, vins, sans alcool, mais encore de la bi\u00e8re, bien s\u00fbr \ud83c\udf79\u00a0<\/span><\/p>\n<p>[\/vc_column_text][vc_single_image image=\u00a0\u00bb3544&Prime; img_size=\u00a0\u00bbfull\u00a0\u00bb alignment=\u00a0\u00bbcenter\u00a0\u00bb style=\u00a0\u00bbvc_box_shadow_3d\u00a0\u00bb][vc_btn title=\u00a0\u00bb\u00c0 BOIRE\u00a0\u00bb color=\u00a0\u00bbsuccess\u00a0\u00bb align=\u00a0\u00bbcenter\u00a0\u00bb link=\u00a0\u00bburl:https%3A%2F%2Finfofestibiere.com%2Fsherbrooke%2Fexposants%2F|title:EXPOSANTS||\u00a0\u00bb][\/vc_column_inner][vc_column_inner width=\u00a0\u00bb1\/3&Prime; css=\u00a0\u00bb.vc_custom_1739226627277{padding-top: 10px !important;}\u00a0\u00bb][vc_custom_heading text=\u00a0\u00bb<b> + DE SAVEURS<\/b>\u00a0\u00bb font_container=\u00a0\u00bbtag:h3|font_size:22|text_align:center|color:%230a0a0a\u00a0\u00bb use_theme_fonts=\u00a0\u00bbyes\u00a0\u00bb][vc_column_text]<\/p>\n<p style=\"text-align: center;\"><span data-teams=\"true\">C\u2019est <strong>+<\/strong> de saveurs dans ton assiette : options <strong>sucr\u00e9es, sal\u00e9es, sant\u00e9<\/strong>,<strong> v\u00e9g\u00e9<\/strong>, mais surtout bonnes \u00e0 manger \ud83c\udf54\ud83c\udf66\u00a0<\/span><\/p>\n<p>[\/vc_column_text][vc_single_image image=\u00a0\u00bb3541&Prime; img_size=\u00a0\u00bbfull\u00a0\u00bb alignment=\u00a0\u00bbcenter\u00a0\u00bb style=\u00a0\u00bbvc_box_shadow_3d\u00a0\u00bb][vc_btn title=\u00a0\u00bb\u00c0 MANGER\u00a0\u00bb color=\u00a0\u00bbsuccess\u00a0\u00bb align=\u00a0\u00bbcenter\u00a0\u00bb link=\u00a0\u00bburl:https%3A%2F%2Finfofestibiere.com%2Fsherbrooke%2Fcuisine-de-rue%2F|title:Cuisine%20de%20rue||\u00a0\u00bb][\/vc_column_inner][\/vc_row_inner][\/vc_column][\/vc_row][vc_row][vc_column][vc_empty_space][vc_empty_space height=\u00a0\u00bb25px\u00a0\u00bb][\/vc_column][\/vc_row][vc_row css=\u00a0\u00bb.vc_custom_1650502387049{padding-top: 20px !important;}\u00a0\u00bb][vc_column][vc_empty_space height=\u00a0\u00bb20px\u00a0\u00bb][\/vc_column][\/vc_row][vc_column][\/vc_column][vc_column width=\u00a0\u00bb1\/2&Prime; css=\u00a0\u00bb.vc_custom_1682619386759{padding-top: 20px !important;}\u00a0\u00bb][\/vc_column][vc_column][\/vc_column][vc_column width=\u00a0\u00bb1\/2&Prime; css=\u00a0\u00bb.vc_custom_1682619386759{padding-top: 20px !important;}\u00a0\u00bb][\/vc_column][vc_column][\/vc_column]<\/p>\n<\/div>","protected":false},"excerpt":{"rendered":"<p>[vc_row css=\u00a0\u00bb.vc_custom_1650502387049{padding-top: 20px !important;}\u00a0\u00bb][vc_column][vc_empty_space height=\u00a0\u00bb20px\u00a0\u00bb][vc_single_image image=\u00a0\u00bb4333&Prime; img_size=\u00a0\u00bbfull\u00a0\u00bb css=\u00a0\u00bb\u00a0\u00bb][\/vc_column][\/vc_row][vc_row][vc_column][vc_empty_space][vc_empty_space][vc_custom_heading text=\u00a0\u00bbD\u00c9COUVRE LES EXPOSANTS DE SHERBROOKE\u00a0\u00bb font_container=\u00a0\u00bbtag:h1|font_size:25|text_align:center|color:%230a0000&Prime; use_theme_fonts=\u00a0\u00bbyes\u00a0\u00bb][vc_custom_heading text=\u00a0\u00bbON SE VOIT DU 21 AU 23 MAI 2026\u00a0\u00bb font_container=\u00a0\u00bbtag:h2|font_size:22|text_align:center|color:%230a0000&Prime; use_theme_fonts=\u00a0\u00bbyes\u00a0\u00bb css=\u00a0\u00bb\u00a0\u00bb][vc_column_text] Cet \u00e9t\u00e9, Le Festibi\u00e8re de Sherbrooke revient en force avec son tout nouveau concept: Le Festibi\u00e8re +. \u00c7a veut dire + de saveurs dans ton assiette, mais aussi [&hellip;]<\/p>\n","protected":false},"author":2,"featured_media":3677,"parent":0,"menu_order":0,"comment_status":"closed","ping_status":"closed","template":"","meta":{"footnotes":""},"class_list":["post-1126","page","type-page","status-publish","has-post-thumbnail","hentry"],"yoast_head":"<!-- This site is optimized with the Yoast SEO plugin v27.2 - https:\/\/yoast.com\/product\/yoast-seo-wordpress\/ -->\n<title>Exposants - Le Festibi\u00e8re de Sherbrooke<\/title>\n<meta name=\"description\" content=\"D\u00e9couvre les exposants du Festibi\u00e8re de Sherbrooke : microbrasseries, boissons alternatives, cuisine de rue et plus encore!\" \/>\n<meta name=\"robots\" content=\"index, follow, max-snippet:-1, max-image-preview:large, max-video-preview:-1\" \/>\n<link rel=\"canonical\" href=\"https:\/\/infofestibiere.com\/sherbrooke\/exposants\/\" \/>\n<meta property=\"og:locale\" content=\"fr_FR\" \/>\n<meta property=\"og:type\" content=\"article\" \/>\n<meta property=\"og:title\" content=\"Exposants - Le Festibi\u00e8re de Sherbrooke\" \/>\n<meta property=\"og:description\" content=\"D\u00e9couvre les exposants du Festibi\u00e8re de Sherbrooke : microbrasseries, boissons alternatives, cuisine de rue et plus encore!\" \/>\n<meta property=\"og:url\" content=\"https:\/\/infofestibiere.com\/sherbrooke\/exposants\/\" \/>\n<meta property=\"og:site_name\" content=\"de Sherbrooke\" \/>\n<meta property=\"article:modified_time\" content=\"2026-04-23T20:14:44+00:00\" \/>\n<meta property=\"og:image\" content=\"https:\/\/infofestibiere.com\/sherbrooke\/wp-content\/uploads\/sites\/6\/2025\/04\/MattSmilenot-48-1.jpg\" \/>\n\t<meta property=\"og:image:width\" content=\"1000\" \/>\n\t<meta property=\"og:image:height\" content=\"1500\" \/>\n\t<meta property=\"og:image:type\" content=\"image\/jpeg\" \/>\n<meta name=\"twitter:card\" content=\"summary_large_image\" \/>\n<meta name=\"twitter:label1\" content=\"Dur\u00e9e de lecture estim\u00e9e\" \/>\n\t<meta name=\"twitter:data1\" content=\"4 minutes\" \/>\n<script type=\"application\/ld+json\" class=\"yoast-schema-graph\">{\"@context\":\"https:\/\/schema.org\",\"@graph\":[{\"@type\":\"WebPage\",\"@id\":\"https:\/\/infofestibiere.com\/sherbrooke\/exposants\/\",\"url\":\"https:\/\/infofestibiere.com\/sherbrooke\/exposants\/\",\"name\":\"Exposants - Le Festibi\u00e8re de Sherbrooke\",\"isPartOf\":{\"@id\":\"https:\/\/infofestibiere.com\/sherbrooke\/#website\"},\"primaryImageOfPage\":{\"@id\":\"https:\/\/infofestibiere.com\/sherbrooke\/exposants\/#primaryimage\"},\"image\":{\"@id\":\"https:\/\/infofestibiere.com\/sherbrooke\/exposants\/#primaryimage\"},\"thumbnailUrl\":\"https:\/\/infofestibiere.com\/sherbrooke\/wp-content\/uploads\/sites\/6\/2025\/04\/MattSmilenot-48-1.jpg\",\"datePublished\":\"2019-04-30T13:14:35+00:00\",\"dateModified\":\"2026-04-23T20:14:44+00:00\",\"description\":\"D\u00e9couvre les exposants du Festibi\u00e8re de Sherbrooke : microbrasseries, boissons alternatives, cuisine de rue et plus encore!\",\"breadcrumb\":{\"@id\":\"https:\/\/infofestibiere.com\/sherbrooke\/exposants\/#breadcrumb\"},\"inLanguage\":\"fr-FR\",\"potentialAction\":[{\"@type\":\"ReadAction\",\"target\":[\"https:\/\/infofestibiere.com\/sherbrooke\/exposants\/\"]}]},{\"@type\":\"ImageObject\",\"inLanguage\":\"fr-FR\",\"@id\":\"https:\/\/infofestibiere.com\/sherbrooke\/exposants\/#primaryimage\",\"url\":\"https:\/\/infofestibiere.com\/sherbrooke\/wp-content\/uploads\/sites\/6\/2025\/04\/MattSmilenot-48-1.jpg\",\"contentUrl\":\"https:\/\/infofestibiere.com\/sherbrooke\/wp-content\/uploads\/sites\/6\/2025\/04\/MattSmilenot-48-1.jpg\",\"width\":1000,\"height\":1500},{\"@type\":\"BreadcrumbList\",\"@id\":\"https:\/\/infofestibiere.com\/sherbrooke\/exposants\/#breadcrumb\",\"itemListElement\":[{\"@type\":\"ListItem\",\"position\":1,\"name\":\"Accueil\",\"item\":\"https:\/\/infofestibiere.com\/sherbrooke\/\"},{\"@type\":\"ListItem\",\"position\":2,\"name\":\"EXPOSANTS\"}]},{\"@type\":\"WebSite\",\"@id\":\"https:\/\/infofestibiere.com\/sherbrooke\/#website\",\"url\":\"https:\/\/infofestibiere.com\/sherbrooke\/\",\"name\":\"de Sherbrooke\",\"description\":\"Soif de nature!\",\"potentialAction\":[{\"@type\":\"SearchAction\",\"target\":{\"@type\":\"EntryPoint\",\"urlTemplate\":\"https:\/\/infofestibiere.com\/sherbrooke\/?s={search_term_string}\"},\"query-input\":{\"@type\":\"PropertyValueSpecification\",\"valueRequired\":true,\"valueName\":\"search_term_string\"}}],\"inLanguage\":\"fr-FR\"}]}<\/script>\n<!-- \/ Yoast SEO plugin. -->","yoast_head_json":{"title":"Exposants - Le Festibi\u00e8re de Sherbrooke","description":"D\u00e9couvre les exposants du Festibi\u00e8re de Sherbrooke : microbrasseries, boissons alternatives, cuisine de rue et plus encore!","robots":{"index":"index","follow":"follow","max-snippet":"max-snippet:-1","max-image-preview":"max-image-preview:large","max-video-preview":"max-video-preview:-1"},"canonical":"https:\/\/infofestibiere.com\/sherbrooke\/exposants\/","og_locale":"fr_FR","og_type":"article","og_title":"Exposants - Le Festibi\u00e8re de Sherbrooke","og_description":"D\u00e9couvre les exposants du Festibi\u00e8re de Sherbrooke : microbrasseries, boissons alternatives, cuisine de rue et plus encore!","og_url":"https:\/\/infofestibiere.com\/sherbrooke\/exposants\/","og_site_name":"de Sherbrooke","article_modified_time":"2026-04-23T20:14:44+00:00","og_image":[{"width":1000,"height":1500,"url":"https:\/\/infofestibiere.com\/sherbrooke\/wp-content\/uploads\/sites\/6\/2025\/04\/MattSmilenot-48-1.jpg","type":"image\/jpeg"}],"twitter_card":"summary_large_image","twitter_misc":{"Dur\u00e9e de lecture estim\u00e9e":"4 minutes"},"schema":{"@context":"https:\/\/schema.org","@graph":[{"@type":"WebPage","@id":"https:\/\/infofestibiere.com\/sherbrooke\/exposants\/","url":"https:\/\/infofestibiere.com\/sherbrooke\/exposants\/","name":"Exposants - Le Festibi\u00e8re de Sherbrooke","isPartOf":{"@id":"https:\/\/infofestibiere.com\/sherbrooke\/#website"},"primaryImageOfPage":{"@id":"https:\/\/infofestibiere.com\/sherbrooke\/exposants\/#primaryimage"},"image":{"@id":"https:\/\/infofestibiere.com\/sherbrooke\/exposants\/#primaryimage"},"thumbnailUrl":"https:\/\/infofestibiere.com\/sherbrooke\/wp-content\/uploads\/sites\/6\/2025\/04\/MattSmilenot-48-1.jpg","datePublished":"2019-04-30T13:14:35+00:00","dateModified":"2026-04-23T20:14:44+00:00","description":"D\u00e9couvre les exposants du Festibi\u00e8re de Sherbrooke : microbrasseries, boissons alternatives, cuisine de rue et plus encore!","breadcrumb":{"@id":"https:\/\/infofestibiere.com\/sherbrooke\/exposants\/#breadcrumb"},"inLanguage":"fr-FR","potentialAction":[{"@type":"ReadAction","target":["https:\/\/infofestibiere.com\/sherbrooke\/exposants\/"]}]},{"@type":"ImageObject","inLanguage":"fr-FR","@id":"https:\/\/infofestibiere.com\/sherbrooke\/exposants\/#primaryimage","url":"https:\/\/infofestibiere.com\/sherbrooke\/wp-content\/uploads\/sites\/6\/2025\/04\/MattSmilenot-48-1.jpg","contentUrl":"https:\/\/infofestibiere.com\/sherbrooke\/wp-content\/uploads\/sites\/6\/2025\/04\/MattSmilenot-48-1.jpg","width":1000,"height":1500},{"@type":"BreadcrumbList","@id":"https:\/\/infofestibiere.com\/sherbrooke\/exposants\/#breadcrumb","itemListElement":[{"@type":"ListItem","position":1,"name":"Accueil","item":"https:\/\/infofestibiere.com\/sherbrooke\/"},{"@type":"ListItem","position":2,"name":"EXPOSANTS"}]},{"@type":"WebSite","@id":"https:\/\/infofestibiere.com\/sherbrooke\/#website","url":"https:\/\/infofestibiere.com\/sherbrooke\/","name":"de Sherbrooke","description":"Soif de nature!","potentialAction":[{"@type":"SearchAction","target":{"@type":"EntryPoint","urlTemplate":"https:\/\/infofestibiere.com\/sherbrooke\/?s={search_term_string}"},"query-input":{"@type":"PropertyValueSpecification","valueRequired":true,"valueName":"search_term_string"}}],"inLanguage":"fr-FR"}]}},"_links":{"self":[{"href":"https:\/\/infofestibiere.com\/sherbrooke\/wp-json\/wp\/v2\/pages\/1126","targetHints":{"allow":["GET"]}}],"collection":[{"href":"https:\/\/infofestibiere.com\/sherbrooke\/wp-json\/wp\/v2\/pages"}],"about":[{"href":"https:\/\/infofestibiere.com\/sherbrooke\/wp-json\/wp\/v2\/types\/page"}],"author":[{"embeddable":true,"href":"https:\/\/infofestibiere.com\/sherbrooke\/wp-json\/wp\/v2\/users\/2"}],"replies":[{"embeddable":true,"href":"https:\/\/infofestibiere.com\/sherbrooke\/wp-json\/wp\/v2\/comments?post=1126"}],"version-history":[{"count":65,"href":"https:\/\/infofestibiere.com\/sherbrooke\/wp-json\/wp\/v2\/pages\/1126\/revisions"}],"predecessor-version":[{"id":4390,"href":"https:\/\/infofestibiere.com\/sherbrooke\/wp-json\/wp\/v2\/pages\/1126\/revisions\/4390"}],"wp:featuredmedia":[{"embeddable":true,"href":"https:\/\/infofestibiere.com\/sherbrooke\/wp-json\/wp\/v2\/media\/3677"}],"wp:attachment":[{"href":"https:\/\/infofestibiere.com\/sherbrooke\/wp-json\/wp\/v2\/media?parent=1126"}],"curies":[{"name":"wp","href":"https:\/\/api.w.org\/{rel}","templated":true}]}}