{"id":5351,"date":"2025-07-15T19:24:03","date_gmt":"2025-07-15T17:24:03","guid":{"rendered":"https:\/\/infofestibiere.com\/quebec\/?page_id=5351"},"modified":"2025-08-19T19:45:49","modified_gmt":"2025-08-19T17:45:49","slug":"spectacles","status":"publish","type":"page","link":"https:\/\/infofestibiere.com\/quebec\/spectacles\/","title":{"rendered":"Spectacles"},"content":{"rendered":"<div class=\"wpb-content-wrapper\"><p>[vc_row][vc_column][vc_empty_space][vc_single_image image=\u00a0\u00bb5536&Prime; img_size=\u00a0\u00bbfull\u00a0\u00bb alignment=\u00a0\u00bbcenter\u00a0\u00bb][vc_message message_box_color=\u00a0\u00bbdanger\u00a0\u00bb icon_fontawesome=\u00a0\u00bbfa fa-heart\u00a0\u00bb]<span style=\"font-weight: 400;\"><strong>\u00c0 L\u2019AN PROCHAIN QU\u00c9BEC <\/strong>\ud83c\udf7a\ud83c\udf78\ud83c\udfb6 \ud83c\udf1e \u2013 Merci pour la fin de semaine de feu! Le Festibi\u00e8re de Qu\u00e9bec est maintenant termin\u00e9, mais s\u00e8che tes larmes\u2026 on se revoit en 2026 pour encore + de fun, + de saveurs &amp; + de festivit\u00e9s. Cheers!<\/span>.[\/vc_message][\/vc_column][\/vc_row][vc_row][vc_column][vc_empty_space height=\u00a0\u00bb25px\u00a0\u00bb][vc_custom_heading text=\u00a0\u00bb<b>ENCORE + DE MUSIQUE \u00c0 QU\u00c9BEC<\/b>\u00a0\u00bb font_container=\u00a0\u00bbtag:h1|font_size:29|text_align:center|color:%23ffffff\u00a0\u00bb use_theme_fonts=\u00a0\u00bbyes\u00a0\u00bb css=\u00a0\u00bb.vc_custom_1752541755087{padding-top: 10px !important;padding-right: 10px !important;padding-bottom: 10px !important;padding-left: 10px !important;background-color: #f7b900 !important;border-radius: 2px !important;}\u00a0\u00bb][vc_empty_space height=\u00a0\u00bb15px\u00a0\u00bb][vc_column_text]<\/p>\n<p style=\"text-align: center;\">Cette ann\u00e9e, Le Festibi\u00e8re c\u2019est\u00a0<strong>+ de\u00a0<\/strong><em><strong>fun\u00a0<\/strong><\/em>et\u00a0<strong>+ de musique<\/strong>\u2026 En voici la preuve!\u00a0 Pr\u00e9pare-toi \u00e0 danser, sauter &amp; chanter \u00e0 tue-t\u00eate avec <strong>Clay and Friends<\/strong><b>,<\/b>\u00a0<strong>Gab Paquet,<\/strong>\u00a0<strong>DJ Champion, Caravane<\/strong> &amp; bien plus, propuls\u00e9s par WKND 91,9, sur la Sc\u00e8ne Microbrasserie Charlevoix.<\/p>\n<p>[\/vc_column_text][vc_empty_space height=\u00a0\u00bb10px\u00a0\u00bb][vc_btn title=\u00a0\u00bbO\u00f9 trouver la sc\u00e8ne? \u00a0\u00bb align=\u00a0\u00bbcenter\u00a0\u00bb i_icon_fontawesome=\u00a0\u00bbfa fa-map-marker\u00a0\u00bb add_icon=\u00a0\u00bbtrue\u00a0\u00bb link=\u00a0\u00bburl:https%3A%2F%2Finfofestibiere.com%2Fquebec%2Fwp-content%2Fuploads%2Fsites%2F2%2F2025%2F08%2FFBQ25_plan-site.pdf||target:%20_blank|\u00a0\u00bb][vc_empty_space height=\u00a0\u00bb10px\u00a0\u00bb][\/vc_column][\/vc_row][vc_row][vc_column width=\u00a0\u00bb1\/3&Prime; css=\u00a0\u00bb.vc_custom_1745279103899{padding-top: 15px !important;}\u00a0\u00bb][vc_tta_accordion style=\u00a0\u00bboutline\u00a0\u00bb shape=\u00a0\u00bbround\u00a0\u00bb color=\u00a0\u00bbjuicy-pink\u00a0\u00bb c_align=\u00a0\u00bbcenter\u00a0\u00bb c_icon=\u00a0\u00bb\u00a0\u00bb active_section=\u00a0\u00bb1&Prime; collapsible_all=\u00a0\u00bbtrue\u00a0\u00bb][vc_tta_section title=\u00a0\u00bb<b>JEUDI 14 AO\u00dbT<\/b>\u00a0\u00bb tab_id=\u00a0\u00bb1745279213023-45c5bc7b-e389&Prime;][vc_custom_heading text=\u00a0\u00bb<b>Clay and Friends<\/b>\u00a0\u00bb font_container=\u00a0\u00bbtag:h2|font_size:18|text_align:center\u00a0\u00bb use_theme_fonts=\u00a0\u00bbyes\u00a0\u00bb][vc_column_text]<\/p>\n<p style=\"text-align: center;\">20h00 | Sc\u00e8ne Microbrasserie Charlevoix<\/p>\n<p>[\/vc_column_text][vc_single_image image=\u00a0\u00bb5155&Prime; img_size=\u00a0\u00bb300&#215;200&Prime; alignment=\u00a0\u00bbcenter\u00a0\u00bb css=\u00a0\u00bb.vc_custom_1752542021888{border-radius: 10px !important;}\u00a0\u00bb][vc_column_text]<strong><a style=\"color: #ffffff; background-color: #fc5032; padding: 2px 10px;\">Sc\u00e8ne Microbrasserie Charlevoix<\/a><\/strong><\/p>\n<p style=\"text-align: left;\">16h30 \u00e0 18h15 | <strong>DJ Mika<\/strong> | DJ set<br \/>\n18h30 | <strong>Luvleelou<\/strong><b>\u00a0<\/b><\/p>\n<p>[\/vc_column_text][vc_column_text]<strong><a style=\"color: #ffffff; background-color: #fc5032; padding: 2px 10px;\">Le Gazebo<\/a><\/strong><\/p>\n<p style=\"text-align: left;\">16h30 \u00e0 18h30 | <b>F\u00e9lix Poulin-Roy<\/b><br \/>\n21h30 | <strong>DJ Mika<\/strong> | DJ set<\/p>\n<p>[\/vc_column_text][vc_empty_space height=\u00a0\u00bb20px\u00a0\u00bb][vc_btn title=\u00a0\u00bbEn savoir plus!\u00a0\u00bb color=\u00a0\u00bbjuicy-pink\u00a0\u00bb size=\u00a0\u00bbsm\u00a0\u00bb align=\u00a0\u00bbcenter\u00a0\u00bb link=\u00a0\u00bburl:%23clayandfriends|||\u00a0\u00bb][\/vc_tta_section][\/vc_tta_accordion][\/vc_column][vc_column width=\u00a0\u00bb1\/3&Prime; css=\u00a0\u00bb.vc_custom_1745279204366{padding-top: 15px !important;}\u00a0\u00bb][vc_tta_accordion style=\u00a0\u00bboutline\u00a0\u00bb shape=\u00a0\u00bbround\u00a0\u00bb color=\u00a0\u00bbjuicy-pink\u00a0\u00bb c_align=\u00a0\u00bbcenter\u00a0\u00bb c_icon=\u00a0\u00bb\u00a0\u00bb active_section=\u00a0\u00bb1&Prime; collapsible_all=\u00a0\u00bbtrue\u00a0\u00bb][vc_tta_section title=\u00a0\u00bb<b>VENDREDI 15 AO\u00dbT<\/b>\u00a0\u00bb tab_id=\u00a0\u00bb1745279215350-d2b54de9-d3ae\u00a0\u00bb][vc_custom_heading text=\u00a0\u00bb<b>Gab Paquet<\/b>\u00a0\u00bb font_container=\u00a0\u00bbtag:h2|font_size:18|text_align:center\u00a0\u00bb use_theme_fonts=\u00a0\u00bbyes\u00a0\u00bb][vc_column_text]<\/p>\n<p style=\"text-align: center;\">20h00 | Sc\u00e8ne Microbrasserie Charlevoix<\/p>\n<p>[\/vc_column_text][vc_single_image image=\u00a0\u00bb5447&Prime; img_size=\u00a0\u00bb300&#215;200&Prime; alignment=\u00a0\u00bbcenter\u00a0\u00bb css=\u00a0\u00bb.vc_custom_1752677477282{border-radius: 10px !important;}\u00a0\u00bb][vc_column_text]<strong><a style=\"color: #ffffff; background-color: #fc5032; padding: 2px 10px;\">Sc\u00e8ne Microbrasserie Charlevoix<\/a><\/strong><\/p>\n<p style=\"text-align: left;\">16h30 \u00e0 18h15 | <strong>Cece The Red <\/strong>| DJ set<br \/>\n18h30 | <b>Caravane<\/b><\/p>\n<p>[\/vc_column_text][vc_column_text]<strong><a style=\"color: #ffffff; background-color: #fc5032; padding: 2px 10px;\">Le Gazebo<\/a><\/strong><\/p>\n<p style=\"text-align: left;\">13h30 \u00e0 15h30 | <b>Sam Jacques<\/b><br \/>\n16h30 \u00e0 18h30 | <strong>Sam\u00fcel Jean<\/strong><br \/>\n21h30 | <strong>Lou Fre$h<\/strong> | DJ set<\/p>\n<p>[\/vc_column_text][vc_btn title=\u00a0\u00bbEn savoir plus!\u00a0\u00bb color=\u00a0\u00bbjuicy-pink\u00a0\u00bb size=\u00a0\u00bbsm\u00a0\u00bb align=\u00a0\u00bbcenter\u00a0\u00bb link=\u00a0\u00bburl:%23gabpaquet|||\u00a0\u00bb][\/vc_tta_section][\/vc_tta_accordion][\/vc_column][vc_column width=\u00a0\u00bb1\/3&Prime; css=\u00a0\u00bb.vc_custom_1745279211763{padding-top: 15px !important;}\u00a0\u00bb][vc_tta_accordion style=\u00a0\u00bboutline\u00a0\u00bb shape=\u00a0\u00bbround\u00a0\u00bb color=\u00a0\u00bbjuicy-pink\u00a0\u00bb c_align=\u00a0\u00bbcenter\u00a0\u00bb c_icon=\u00a0\u00bb\u00a0\u00bb active_section=\u00a0\u00bb1&Prime; collapsible_all=\u00a0\u00bbtrue\u00a0\u00bb][vc_tta_section title=\u00a0\u00bb<b>SAMEDI 16 AO\u00dbT<\/b>\u00a0\u00bb tab_id=\u00a0\u00bb1752541783403-20e67a57-1ed9&Prime;][vc_custom_heading text=\u00a0\u00bb<b>DJ Champion<\/b>\u00a0\u00bb font_container=\u00a0\u00bbtag:h2|font_size:18|text_align:center\u00a0\u00bb use_theme_fonts=\u00a0\u00bbyes\u00a0\u00bb][vc_column_text]<\/p>\n<p style=\"text-align: center;\">20h00 | Sc\u00e8ne Microbrasserie Charlevoix<\/p>\n<p>[\/vc_column_text][vc_single_image image=\u00a0\u00bb5172&Prime; img_size=\u00a0\u00bb300&#215;200&Prime; alignment=\u00a0\u00bbcenter\u00a0\u00bb css=\u00a0\u00bb.vc_custom_1752542030983{border-radius: 10px !important;}\u00a0\u00bb][vc_column_text]<strong><a style=\"color: #ffffff; background-color: #fc5032; padding: 2px 10px;\">Sc\u00e8ne Microbrasserie Charlevoix<\/a><\/strong><\/p>\n<p style=\"text-align: left;\">16h30 \u00e0 18h15 | <strong>L\u00f8xen <\/strong>| DJ set<br \/>\n18h30 | <strong>Cece The Red <\/strong>| DJ set<\/p>\n<p>[\/vc_column_text][vc_column_text]<strong><a style=\"color: #ffffff; background-color: #fc5032; padding: 2px 10px;\">Le Gazebo<\/a><\/strong><\/p>\n<p style=\"text-align: left;\">13h30 \u00e0 15h30 | <b>Samuel Labb\u00e9<\/b><br \/>\n16h30 \u00e0 18h30 | <strong>P<\/strong><b>ascale Labb\u00e9<\/b><br \/>\n21h30 | <strong>L\u00f8xen<\/strong>\u00a0| DJ set<\/p>\n<p>[\/vc_column_text][vc_btn title=\u00a0\u00bbEn savoir plus!\u00a0\u00bb color=\u00a0\u00bbjuicy-pink\u00a0\u00bb size=\u00a0\u00bbsm\u00a0\u00bb align=\u00a0\u00bbcenter\u00a0\u00bb link=\u00a0\u00bburl:%23djchampion|||\u00a0\u00bb][\/vc_tta_section][\/vc_tta_accordion][\/vc_column][\/vc_row][vc_row][vc_column][vc_empty_space][vc_tta_accordion style=\u00a0\u00bboutline\u00a0\u00bb shape=\u00a0\u00bbround\u00a0\u00bb color=\u00a0\u00bbjuicy-pink\u00a0\u00bb c_align=\u00a0\u00bbcenter\u00a0\u00bb c_icon=\u00a0\u00bb\u00a0\u00bb active_section=\u00a0\u00bb1&Prime; collapsible_all=\u00a0\u00bbtrue\u00a0\u00bb][vc_tta_section title=\u00a0\u00bb<b>DIMANCHE 17 AO\u00dbT<\/b>\u00a0\u00bb tab_id=\u00a0\u00bb1752598577270-bc997d32-6cce\u00a0\u00bb][vc_row_inner][vc_column_inner width=\u00a0\u00bb1\/3&Prime;][vc_column_text]<strong><a style=\"color: #ffffff; background-color: #fc5032; padding: 2px 10px;\">Sc\u00e8ne Microbrasserie Charlevoix<\/a><\/strong><\/p>\n<p style=\"text-align: left;\">15h00 \u00e0 17h00 | <strong>F\u00e9lix Poulin-Roy &#8211; En duo<\/strong><\/p>\n<p>[\/vc_column_text][\/vc_column_inner][vc_column_inner width=\u00a0\u00bb1\/3&Prime;][vc_column_text]<strong><a style=\"color: #ffffff; background-color: #fc5032; padding: 2px 10px;\">Le Gazebo<\/a><\/strong><\/p>\n<p style=\"text-align: left;\">13h30 \u00e0 15h30 | <b>Maude Carrier<\/b><br \/>\n16h00 \u00e0 18h00 | <b>En Cavale DJ Set<\/b><\/p>\n<p>[\/vc_column_text][\/vc_column_inner][vc_column_inner width=\u00a0\u00bb1\/3&Prime;][vc_empty_space height=\u00a0\u00bb15px\u00a0\u00bb][vc_btn title=\u00a0\u00bbEn savoir plus!\u00a0\u00bb color=\u00a0\u00bbjuicy-pink\u00a0\u00bb size=\u00a0\u00bbsm\u00a0\u00bb align=\u00a0\u00bbcenter\u00a0\u00bb link=\u00a0\u00bburl:%23dimanche|||\u00a0\u00bb][\/vc_column_inner][\/vc_row_inner][\/vc_tta_section][\/vc_tta_accordion][\/vc_column][\/vc_row][vc_row][vc_column][vc_empty_space][\/vc_column][\/vc_row][vc_row][vc_column][vc_column_text]<span style=\"color: #ffffff;\"><a id=\"clayandfriends\" style=\"color: #ffffff;\"><\/a>.<\/span>[\/vc_column_text][vc_custom_heading text=\u00a0\u00bb<b>JEUDI 14 AO\u00dbT<\/b>\u00a0\u00bb font_container=\u00a0\u00bbtag:h3|font_size:23|text_align:center|color:%23ffffff\u00a0\u00bb use_theme_fonts=\u00a0\u00bbyes\u00a0\u00bb css=\u00a0\u00bb.vc_custom_1752543428099{padding-top: 10px !important;padding-right: 10px !important;padding-bottom: 10px !important;padding-left: 10px !important;background-color: #f7b900 !important;border-radius: 2px !important;}\u00a0\u00bb][vc_custom_heading text=\u00a0\u00bb<b>CLAY AND FRIENDS<\/b>\u00a0\u00bb font_container=\u00a0\u00bbtag:h2|font_size:26|text_align:center|color:%230a0000&Prime; google_fonts=\u00a0\u00bbfont_family:Roboto%20Condensed%3A300%2C300italic%2Cregular%2Citalic%2C700%2C700italic|font_style:700%20bold%20regular%3A700%3Anormal\u00a0\u00bb css=\u00a0\u00bb.vc_custom_1752543437288{padding-top: 10px !important;}\u00a0\u00bb][vc_custom_heading text=\u00a0\u00bb<b>20h00 | Funk hip-hop| Sc\u00e8ne Microbrasserie Charlevoix <\/b>\u00a0\u00bb font_container=\u00a0\u00bbtag:h3|font_size:18|text_align:center|color:%230a0000&Prime; google_fonts=\u00a0\u00bbfont_family:Roboto%20Condensed%3A300%2C300italic%2Cregular%2Citalic%2C700%2C700italic|font_style:700%20bold%20regular%3A700%3Anormal\u00a0\u00bb][vc_empty_space height=\u00a0\u00bb10px\u00a0\u00bb][\/vc_column][\/vc_row][vc_row][vc_column width=\u00a0\u00bb1\/2&Prime; css=\u00a0\u00bb.vc_custom_1739403126659{padding-top: 10px !important;}\u00a0\u00bb][vc_empty_space height=\u00a0\u00bb10px\u00a0\u00bb][vc_column_text]Clay and Friends offre un m\u00e9lange percutant de<strong> soul, de funk et de hip-hop<\/strong> soutenu d\u2019une prose \u00e0 l&rsquo;image de leur quotidien montr\u00e9alais, de ce que l\u2019on surnomme d\u00e9sormais : La Musica Popular De Verdun. R\u00e9put\u00e9 pour ses <strong>concerts survolt\u00e9s<\/strong>, Clay and Friends a fait vibrer, depuis 2014, plus de 1900 foules canadiennes et europ\u00e9ennes sous l\u2019\u00e9gide du #KeEpItMoViN\u2019&#8230;. <strong>Et la foule du Festibi\u00e8re ne fera pas exception \ud83d\ude0e<\/strong><\/p>\n<p>Biographie compl\u00e8te <a href=\"https:\/\/infofestibiere.com\/sherbrooke\/wp-content\/uploads\/sites\/6\/2025\/02\/BIO-CLAY-AND-FRIENDS-2024.pdf\" target=\"_blank\" rel=\"noopener\"><span style=\"text-decoration: underline;\">ICI<\/span><\/a>![\/vc_column_text][vc_raw_html]JTNDaWZyYW1lJTIwc3R5bGUlM0QlMjJib3JkZXItcmFkaXVzJTNBMTJweCUyMiUyMHNyYyUzRCUyMmh0dHBzJTNBJTJGJTJGb3Blbi5zcG90aWZ5LmNvbSUyRmVtYmVkJTJGYXJ0aXN0JTJGMGxGMXZDT0tCanMyMUh0eGtHbVdJbSUzRnV0bV9zb3VyY2UlM0RnZW5lcmF0b3IlMjZ0aGVtZSUzRDAlMjIlMjB3aWR0aCUzRCUyMjEwMCUyNSUyMiUyMGhlaWdodCUzRCUyMjE1MiUyMiUyMGZyYW1lQm9yZGVyJTNEJTIyMCUyMiUyMGFsbG93ZnVsbHNjcmVlbiUzRCUyMiUyMiUyMGFsbG93JTNEJTIyYXV0b3BsYXklM0IlMjBjbGlwYm9hcmQtd3JpdGUlM0IlMjBlbmNyeXB0ZWQtbWVkaWElM0IlMjBmdWxsc2NyZWVuJTNCJTIwcGljdHVyZS1pbi1waWN0dXJlJTIyJTIwbG9hZGluZyUzRCUyMmxhenklMjIlM0UlM0MlMkZpZnJhbWUlM0U=[\/vc_raw_html][\/vc_column][vc_column width=\u00a0\u00bb1\/2&Prime; css=\u00a0\u00bb.vc_custom_1739403132294{padding-top: 10px !important;}\u00a0\u00bb][vc_single_image image=\u00a0\u00bb5155&Prime; img_size=\u00a0\u00bbfull\u00a0\u00bb alignment=\u00a0\u00bbcenter\u00a0\u00bb style=\u00a0\u00bbvc_box_shadow_3d\u00a0\u00bb css=\u00a0\u00bb.vc_custom_1752543761801{border-radius: 10px !important;}\u00a0\u00bb][\/vc_column][\/vc_row][vc_row][vc_column][vc_empty_space height=\u00a0\u00bb15px\u00a0\u00bb][vc_separator color=\u00a0\u00bbcustom\u00a0\u00bb accent_color=\u00a0\u00bb#fc5032&Prime;][\/vc_column][\/vc_row][vc_row][vc_column width=\u00a0\u00bb1\/2&Prime; css=\u00a0\u00bb.vc_custom_1752543896990{margin-top: 10px !important;padding-top: 10px !important;}\u00a0\u00bb][vc_custom_heading text=\u00a0\u00bb<b>SC\u00c8NE MICROBRASSERIE CHARLEVOIX<\/b>\u00a0\u00bb font_container=\u00a0\u00bbtag:h4|font_size:22|text_align:center|color:%23ffffff\u00a0\u00bb use_theme_fonts=\u00a0\u00bbyes\u00a0\u00bb css=\u00a0\u00bb.vc_custom_1752544032707{padding-top: 10px !important;padding-right: 10px !important;padding-bottom: 10px !important;padding-left: 10px !important;background-color: #fc5032 !important;border-radius: 2px !important;}\u00a0\u00bb][vc_custom_heading text=\u00a0\u00bb<b>DJ MIKA<\/b>\u00a0\u00bb font_container=\u00a0\u00bbtag:h3|font_size:25|text_align:center|color:%23fc5032&Prime; google_fonts=\u00a0\u00bbfont_family:Roboto%20Condensed%3A300%2C300italic%2Cregular%2Citalic%2C700%2C700italic|font_style:700%20bold%20regular%3A700%3Anormal\u00a0\u00bb css=\u00a0\u00bb.vc_custom_1752544126457{padding-top: 10px !important;}\u00a0\u00bb][vc_custom_heading text=\u00a0\u00bb<b>16h30 \u00e0 18h15 | DJ set<\/b>\u00a0\u00bb font_container=\u00a0\u00bbtag:h3|font_size:18|text_align:center|color:%230a0000&Prime; use_theme_fonts=\u00a0\u00bbyes\u00a0\u00bb][vc_empty_space height=\u00a0\u00bb10px\u00a0\u00bb][vc_single_image image=\u00a0\u00bb5459&Prime; img_size=\u00a0\u00bb300&#215;200&Prime; alignment=\u00a0\u00bbcenter\u00a0\u00bb css=\u00a0\u00bb.vc_custom_1752682670666{border-radius: 10px !important;}\u00a0\u00bb][vc_tta_accordion style=\u00a0\u00bboutline\u00a0\u00bb shape=\u00a0\u00bbround\u00a0\u00bb color=\u00a0\u00bbjuicy-pink\u00a0\u00bb c_icon=\u00a0\u00bb\u00a0\u00bb active_section=\u00a0\u00bb11&Prime; collapsible_all=\u00a0\u00bbtrue\u00a0\u00bb][vc_tta_section title=\u00a0\u00bb<b>Biographie<\/b>\u00a0\u00bb tab_id=\u00a0\u00bb1750182795485-528559d3-4125&Prime;][vc_column_text]DJ de la rel\u00e8ve, <strong>Mika<\/strong> est une jeune artiste de la ville de Qu\u00e9bec qui m\u00e9lange les styles et les d\u00e9cennies musicales. Elle combine le pop, disco, hip-hop, rnb, afrobeats, ainsi que le house avec brio. Mika se d\u00e9marque particuli\u00e8rement par sa s\u00e9lection musicale dont ses fameux clins d&rsquo;oeil aux ann\u00e9es 90&prime; et 00&prime; remix\u00e9s au go\u00fbt du jour et sa connaissance technique tr\u00e8s avanc\u00e9e.[\/vc_column_text][\/vc_tta_section][\/vc_tta_accordion][vc_empty_space height=\u00a0\u00bb15px\u00a0\u00bb][vc_custom_heading text=\u00a0\u00bb<b>LUVLEELOU<\/b>\u00a0\u00bb font_container=\u00a0\u00bbtag:h3|font_size:25|text_align:center|color:%23fc5032&Prime; google_fonts=\u00a0\u00bbfont_family:Roboto%20Condensed%3A300%2C300italic%2Cregular%2Citalic%2C700%2C700italic|font_style:700%20bold%20regular%3A700%3Anormal\u00a0\u00bb css=\u00a0\u00bb.vc_custom_1752544377998{padding-top: 10px !important;}\u00a0\u00bb][vc_custom_heading text=\u00a0\u00bb<b>18h30 | Indie<\/b>\u00a0\u00bb font_container=\u00a0\u00bbtag:h3|font_size:18|text_align:center|color:%230a0000&Prime; use_theme_fonts=\u00a0\u00bbyes\u00a0\u00bb][vc_empty_space height=\u00a0\u00bb10px\u00a0\u00bb][vc_single_image image=\u00a0\u00bb5376&Prime; img_size=\u00a0\u00bb300&#215;200&Prime; alignment=\u00a0\u00bbcenter\u00a0\u00bb css=\u00a0\u00bb.vc_custom_1752597888970{border-radius: 10px !important;}\u00a0\u00bb][vc_tta_accordion style=\u00a0\u00bboutline\u00a0\u00bb shape=\u00a0\u00bbround\u00a0\u00bb color=\u00a0\u00bbjuicy-pink\u00a0\u00bb c_icon=\u00a0\u00bb\u00a0\u00bb active_section=\u00a0\u00bb11&Prime; collapsible_all=\u00a0\u00bbtrue\u00a0\u00bb][vc_tta_section title=\u00a0\u00bb<b>Biographie<\/b>\u00a0\u00bb tab_id=\u00a0\u00bb1752544455269-ee3b37c0-8e00&Prime;][vc_column_text]<strong>Luvleelou<\/strong> est le projet de J\u00e9r\u00e9my Cornellier et Veronika Levesque d\u00e9marr\u00e9 fin 2023.<\/p>\n<p>Apr\u00e8s avoir pass\u00e9 plusieurs mois \u00e0 \u00e9laborer l&rsquo;identit\u00e9 sonore et la marque de ce projet, ils ont commenc\u00e9 \u00e0 sortir un single par mois.<\/p>\n<p>Avec l&rsquo;exp\u00e9rience de plus de 500 concerts avec les projets pr\u00e9c\u00e9dents et l&rsquo;exp\u00e9rience de Jeremy en tant que producteur de musique et musicien de tourn\u00e9e, ils ont rapidement eu une vision claire de ce qu&rsquo;ils voulaient r\u00e9aliser.<\/p>\n<p>Encore au d\u00e9but de leur vingtaine, ils ont fait ce que tout artiste de la g\u00e9n\u00e9ration Z devrait faire : ils se sont attaqu\u00e9s aux m\u00e9dias sociaux. Au cours de leurs 16 premiers mois d&rsquo;existence, ils ont rassembl\u00e9 plus de 64 000 followers sur Instagram et 1,5 million de streams sur Spotify sans aucune \u00e9quipe.<\/p>\n<p>Apr\u00e8s une tourn\u00e9e en Allemagne avec le groupe Mael et Jonas, ils partent en tourn\u00e9e aux \u00c9tats-Unis et au Canada.[\/vc_column_text][\/vc_tta_section][\/vc_tta_accordion][vc_empty_space height=\u00a0\u00bb10px\u00a0\u00bb][\/vc_column][vc_column width=\u00a0\u00bb1\/2&Prime; css=\u00a0\u00bb.vc_custom_1752543903193{margin-top: 10px !important;padding-top: 10px !important;}\u00a0\u00bb][vc_custom_heading text=\u00a0\u00bb<b>LE GAZEBO<\/b>\u00a0\u00bb font_container=\u00a0\u00bbtag:h4|font_size:22|text_align:center|color:%23ffffff\u00a0\u00bb use_theme_fonts=\u00a0\u00bbyes\u00a0\u00bb css=\u00a0\u00bb.vc_custom_1752543914273{padding-top: 10px !important;padding-right: 10px !important;padding-bottom: 10px !important;padding-left: 10px !important;background-color: #fc5032 !important;border-radius: 2px !important;}\u00a0\u00bb][vc_custom_heading text=\u00a0\u00bb<b>F\u00c9LIX POULIN-ROY<\/b>\u00a0\u00bb font_container=\u00a0\u00bbtag:h3|font_size:25|text_align:center|color:%23fc5032&Prime; google_fonts=\u00a0\u00bbfont_family:Roboto%20Condensed%3A300%2C300italic%2Cregular%2Citalic%2C700%2C700italic|font_style:700%20bold%20regular%3A700%3Anormal\u00a0\u00bb css=\u00a0\u00bb.vc_custom_1754503790283{padding-top: 10px !important;}\u00a0\u00bb][vc_custom_heading text=\u00a0\u00bb<b>16h30 \u00e0 18h30 | Chansonnier<\/b>\u00a0\u00bb font_container=\u00a0\u00bbtag:h3|font_size:18|text_align:center|color:%230a0000&Prime; use_theme_fonts=\u00a0\u00bbyes\u00a0\u00bb][vc_empty_space height=\u00a0\u00bb10px\u00a0\u00bb][vc_single_image image=\u00a0\u00bb5599&Prime; img_size=\u00a0\u00bb300&#215;200&Prime; alignment=\u00a0\u00bbcenter\u00a0\u00bb css=\u00a0\u00bb.vc_custom_1754504184018{border-radius: 10px !important;}\u00a0\u00bb][vc_tta_accordion style=\u00a0\u00bboutline\u00a0\u00bb shape=\u00a0\u00bbround\u00a0\u00bb color=\u00a0\u00bbjuicy-pink\u00a0\u00bb c_icon=\u00a0\u00bb\u00a0\u00bb active_section=\u00a0\u00bb11&Prime; collapsible_all=\u00a0\u00bbtrue\u00a0\u00bb][vc_tta_section title=\u00a0\u00bb<b>Biographie<\/b>\u00a0\u00bb tab_id=\u00a0\u00bb1750182562107-d6a937fa-f1bb\u00a0\u00bb][vc_column_text]<strong data-start=\"73\" data-end=\"93\">F\u00e9lix Roy-Poulin<\/strong> est un chansonnier qu\u00e9b\u00e9cois originaire de L\u00e9vis, reconnu pour sa voix chaleureuse et sa pr\u00e9sence authentique sur sc\u00e8ne. Que ce soit en solo ou accompagn\u00e9 de sa guitare, F\u00e9lix s\u00e9duit le public par sa proximit\u00e9, son humour discret et son amour des mots[\/vc_column_text][\/vc_tta_section][\/vc_tta_accordion][vc_empty_space height=\u00a0\u00bb15px\u00a0\u00bb][vc_custom_heading text=\u00a0\u00bb<b>DJ MIKA<\/b>\u00a0\u00bb font_container=\u00a0\u00bbtag:h3|font_size:25|text_align:center|color:%23fc5032&Prime; google_fonts=\u00a0\u00bbfont_family:Roboto%20Condensed%3A300%2C300italic%2Cregular%2Citalic%2C700%2C700italic|font_style:700%20bold%20regular%3A700%3Anormal\u00a0\u00bb css=\u00a0\u00bb.vc_custom_1752544503766{padding-top: 10px !important;}\u00a0\u00bb][vc_custom_heading text=\u00a0\u00bb<b> 21h30 | DJ set<\/b>\u00a0\u00bb font_container=\u00a0\u00bbtag:h3|font_size:18|text_align:center|color:%230a0000&Prime; use_theme_fonts=\u00a0\u00bbyes\u00a0\u00bb][vc_empty_space height=\u00a0\u00bb10px\u00a0\u00bb][vc_single_image image=\u00a0\u00bb5459&Prime; img_size=\u00a0\u00bb300&#215;200&Prime; alignment=\u00a0\u00bbcenter\u00a0\u00bb css=\u00a0\u00bb.vc_custom_1752682680560{border-radius: 10px !important;}\u00a0\u00bb][vc_tta_accordion style=\u00a0\u00bboutline\u00a0\u00bb shape=\u00a0\u00bbround\u00a0\u00bb color=\u00a0\u00bbjuicy-pink\u00a0\u00bb c_icon=\u00a0\u00bb\u00a0\u00bb active_section=\u00a0\u00bb11&Prime; collapsible_all=\u00a0\u00bbtrue\u00a0\u00bb][vc_tta_section title=\u00a0\u00bb<b>Biographie<\/b>\u00a0\u00bb tab_id=\u00a0\u00bb1752544358510-345ca2b9-961f\u00a0\u00bb][vc_column_text]DJ de la rel\u00e8ve, <strong>Mika<\/strong> est une jeune artiste de la ville de Qu\u00e9bec qui m\u00e9lange les styles et les d\u00e9cennies musicales. Elle combine le pop, disco, hip-hop, rnb, afrobeats, ainsi que le house avec brio. Mika se d\u00e9marque particuli\u00e8rement par sa s\u00e9lection musicale dont ses fameux clins d&rsquo;oeil aux ann\u00e9es 90&prime; et 00&prime; remix\u00e9s au go\u00fbt du jour et sa connaissance technique tr\u00e8s avanc\u00e9e.[\/vc_column_text][\/vc_tta_section][\/vc_tta_accordion][vc_empty_space height=\u00a0\u00bb10px\u00a0\u00bb][\/vc_column][\/vc_row][vc_row][vc_column][vc_column_text]<span style=\"color: #ffffff;\"><a id=\"gabpaquet\" style=\"color: #ffffff;\"><\/a>.<\/span>[\/vc_column_text][vc_custom_heading text=\u00a0\u00bb<b>VENDREDI 15 AO\u00dbT<\/b>\u00a0\u00bb font_container=\u00a0\u00bbtag:h3|font_size:23|text_align:center|color:%23ffffff\u00a0\u00bb use_theme_fonts=\u00a0\u00bbyes\u00a0\u00bb css=\u00a0\u00bb.vc_custom_1752544801291{padding-top: 10px !important;padding-right: 10px !important;padding-bottom: 10px !important;padding-left: 10px !important;background-color: #f7b900 !important;border-radius: 2px !important;}\u00a0\u00bb][vc_custom_heading text=\u00a0\u00bb<b>GAB PAQUET<\/b>\u00a0\u00bb font_container=\u00a0\u00bbtag:h2|font_size:26|text_align:center|color:%230a0000&Prime; google_fonts=\u00a0\u00bbfont_family:Roboto%20Condensed%3A300%2C300italic%2Cregular%2Citalic%2C700%2C700italic|font_style:700%20bold%20regular%3A700%3Anormal\u00a0\u00bb css=\u00a0\u00bb.vc_custom_1752544789926{padding-top: 10px !important;}\u00a0\u00bb][vc_custom_heading text=\u00a0\u00bb<b>20h00 | Pop-r\u00e9tro | Sc\u00e8ne Microbrasserie Charlevoix <\/b>\u00a0\u00bb font_container=\u00a0\u00bbtag:h3|font_size:18|text_align:center|color:%230a0000&Prime; google_fonts=\u00a0\u00bbfont_family:Roboto%20Condensed%3A300%2C300italic%2Cregular%2Citalic%2C700%2C700italic|font_style:700%20bold%20regular%3A700%3Anormal\u00a0\u00bb][vc_empty_space height=\u00a0\u00bb10px\u00a0\u00bb][\/vc_column][\/vc_row][vc_row][vc_column width=\u00a0\u00bb1\/2&Prime; css=\u00a0\u00bb.vc_custom_1739403126659{padding-top: 10px !important;}\u00a0\u00bb][vc_empty_space height=\u00a0\u00bb10px\u00a0\u00bb][vc_column_text]<span data-teams=\"true\">Attache ta capine parce que le charismatique <strong>Gab Paquet<\/strong> sera de la partie le 15 ao\u00fbt prochain! Accompagn\u00e9 de sa chemise \u00e9chancr\u00e9e, sa coupe de cheveux typique des ann\u00e9es 80 et sa <strong>voix charmeuse<\/strong>,\u00a0 il offrira une performance \u00e0 la fois <strong>nostalgique et entra\u00eenante<\/strong>, plongeant la foule du Festibi\u00e8re dans son univers <strong>pop aux accents r\u00e9tro<\/strong>.<\/span><\/p>\n<p>Biographie compl\u00e8te <a href=\"https:\/\/infofestibiere.com\/quebec\/wp-content\/uploads\/sites\/2\/2025\/07\/Bio_GabPaquet.pdf\" target=\"_blank\" rel=\"noopener\"><span style=\"text-decoration: underline;\">ICI<\/span><\/a>![\/vc_column_text][vc_raw_html]JTNDaWZyYW1lJTIwZGF0YS10ZXN0aWQlM0QlMjJlbWJlZC1pZnJhbWUlMjIlMjBzdHlsZSUzRCUyMmJvcmRlci1yYWRpdXMlM0ExMnB4JTIyJTIwc3JjJTNEJTIyaHR0cHMlM0ElMkYlMkZvcGVuLnNwb3RpZnkuY29tJTJGZW1iZWQlMkZhcnRpc3QlMkY2UlFGZkFtZU5xckVhVGFGV2l0cE9wJTNGdXRtX3NvdXJjZSUzRGdlbmVyYXRvciUyNnRoZW1lJTNEMCUyMiUyMHdpZHRoJTNEJTIyMTAwJTI1JTIyJTIwaGVpZ2h0JTNEJTIyMTUyJTIyJTIwZnJhbWVCb3JkZXIlM0QlMjIwJTIyJTIwYWxsb3dmdWxsc2NyZWVuJTNEJTIyJTIyJTIwYWxsb3clM0QlMjJhdXRvcGxheSUzQiUyMGNsaXBib2FyZC13cml0ZSUzQiUyMGVuY3J5cHRlZC1tZWRpYSUzQiUyMGZ1bGxzY3JlZW4lM0IlMjBwaWN0dXJlLWluLXBpY3R1cmUlMjIlMjBsb2FkaW5nJTNEJTIybGF6eSUyMiUzRSUzQyUyRmlmcmFtZSUzRQ==[\/vc_raw_html][\/vc_column][vc_column width=\u00a0\u00bb1\/2&Prime; css=\u00a0\u00bb.vc_custom_1739403132294{padding-top: 10px !important;}\u00a0\u00bb][vc_single_image image=\u00a0\u00bb5447&Prime; img_size=\u00a0\u00bbfull\u00a0\u00bb alignment=\u00a0\u00bbcenter\u00a0\u00bb style=\u00a0\u00bbvc_box_shadow_3d\u00a0\u00bb css=\u00a0\u00bb.vc_custom_1752677464268{border-radius: 10px !important;}\u00a0\u00bb][\/vc_column][\/vc_row][vc_row][vc_column][vc_empty_space height=\u00a0\u00bb15px\u00a0\u00bb][vc_separator color=\u00a0\u00bbcustom\u00a0\u00bb accent_color=\u00a0\u00bb#fc5032&Prime;][\/vc_column][\/vc_row][vc_row][vc_column width=\u00a0\u00bb1\/2&Prime; css=\u00a0\u00bb.vc_custom_1752543896990{margin-top: 10px !important;padding-top: 10px !important;}\u00a0\u00bb][vc_custom_heading text=\u00a0\u00bb<b>SC\u00c8NE MICROBRASSERIE CHARLEVOIX<\/b>\u00a0\u00bb font_container=\u00a0\u00bbtag:h4|font_size:22|text_align:center|color:%23ffffff\u00a0\u00bb use_theme_fonts=\u00a0\u00bbyes\u00a0\u00bb css=\u00a0\u00bb.vc_custom_1752544032707{padding-top: 10px !important;padding-right: 10px !important;padding-bottom: 10px !important;padding-left: 10px !important;background-color: #fc5032 !important;border-radius: 2px !important;}\u00a0\u00bb][vc_custom_heading text=\u00a0\u00bb<b>CECE THE RED<\/b>\u00a0\u00bb font_container=\u00a0\u00bbtag:h3|font_size:25|text_align:center|color:%23fc5032&Prime; google_fonts=\u00a0\u00bbfont_family:Roboto%20Condensed%3A300%2C300italic%2Cregular%2Citalic%2C700%2C700italic|font_style:700%20bold%20regular%3A700%3Anormal\u00a0\u00bb css=\u00a0\u00bb.vc_custom_1752545072861{padding-top: 10px !important;}\u00a0\u00bb][vc_custom_heading text=\u00a0\u00bb<b>16h30 \u00e0 18h15 | DJ set<\/b>\u00a0\u00bb font_container=\u00a0\u00bbtag:h3|font_size:18|text_align:center|color:%230a0000&Prime; use_theme_fonts=\u00a0\u00bbyes\u00a0\u00bb][vc_empty_space height=\u00a0\u00bb10px\u00a0\u00bb][vc_single_image image=\u00a0\u00bb5368&Prime; img_size=\u00a0\u00bb300&#215;200&Prime; alignment=\u00a0\u00bbcenter\u00a0\u00bb css=\u00a0\u00bb.vc_custom_1752545199168{border-radius: 10px !important;}\u00a0\u00bb][vc_tta_accordion style=\u00a0\u00bboutline\u00a0\u00bb shape=\u00a0\u00bbround\u00a0\u00bb color=\u00a0\u00bbjuicy-pink\u00a0\u00bb c_icon=\u00a0\u00bb\u00a0\u00bb active_section=\u00a0\u00bb11&Prime; collapsible_all=\u00a0\u00bbtrue\u00a0\u00bb][vc_tta_section title=\u00a0\u00bb<b>Biographie<\/b>\u00a0\u00bb tab_id=\u00a0\u00bb1752544974360-1ff17e48-7983&Prime;][vc_column_text]<span class=\"TextRun SCXW102743837 BCX0\" lang=\"FR-CA\" xml:lang=\"FR-CA\" data-contrast=\"auto\"><strong><span class=\"NormalTextRun SCXW102743837 BCX0\">Cece<\/span><\/strong><span class=\"NormalTextRun SCXW102743837 BCX0\"><strong> The Red<\/strong> est une DJ \u00e9nergique dont l&rsquo;amour pour la vie et la musique <\/span><span class=\"NormalTextRun SCXW102743837 BCX0\">groovy<\/span><span class=\"NormalTextRun SCXW102743837 BCX0\"> se refl\u00e8tent dans chacune de ses performances. Arborant fi\u00e8rement la couleur rouge, elle combine habilement la nostalgie des ann\u00e9es 80 \u00e0 des sons contemporains, faisant danser les gens qui sont tout <\/span><span class=\"NormalTextRun SCXW102743837 BCX0\">ouie<\/span><span class=\"NormalTextRun SCXW102743837 BCX0\"> \u00e0 la musique qu&rsquo;elle s\u00e9lectionne judicieusement.<\/span><\/span><span class=\"EOP SCXW102743837 BCX0\" data-ccp-props=\"{}\">\u00a0<\/span>[\/vc_column_text][\/vc_tta_section][\/vc_tta_accordion][vc_empty_space height=\u00a0\u00bb15px\u00a0\u00bb][vc_custom_heading text=\u00a0\u00bb<b>CARAVANE<\/b>\u00a0\u00bb font_container=\u00a0\u00bbtag:h3|font_size:25|text_align:center|color:%23fc5032&Prime; google_fonts=\u00a0\u00bbfont_family:Roboto%20Condensed%3A300%2C300italic%2Cregular%2Citalic%2C700%2C700italic|font_style:700%20bold%20regular%3A700%3Anormal\u00a0\u00bb css=\u00a0\u00bb.vc_custom_1752595475615{padding-top: 10px !important;}\u00a0\u00bb][vc_custom_heading text=\u00a0\u00bb<b>18h30 | Rock francophone<\/b>\u00a0\u00bb font_container=\u00a0\u00bbtag:h3|font_size:18|text_align:center|color:%230a0000&Prime; use_theme_fonts=\u00a0\u00bbyes\u00a0\u00bb][vc_empty_space height=\u00a0\u00bb10px\u00a0\u00bb][vc_single_image image=\u00a0\u00bb5373&Prime; img_size=\u00a0\u00bb300&#215;200&Prime; alignment=\u00a0\u00bbcenter\u00a0\u00bb css=\u00a0\u00bb.vc_custom_1752595487433{border-radius: 10px !important;}\u00a0\u00bb][vc_tta_accordion style=\u00a0\u00bboutline\u00a0\u00bb shape=\u00a0\u00bbround\u00a0\u00bb color=\u00a0\u00bbjuicy-pink\u00a0\u00bb c_icon=\u00a0\u00bb\u00a0\u00bb active_section=\u00a0\u00bb11&Prime; collapsible_all=\u00a0\u00bbtrue\u00a0\u00bb][vc_tta_section title=\u00a0\u00bb<b>Biographie<\/b>\u00a0\u00bb tab_id=\u00a0\u00bb1752544974476-cbdfebd1-ffb5&Prime;][vc_column_text]<\/p>\n<p data-ccp-border-between=\"0px none #000000\" data-ccp-padding-between=\"0px\"><span data-contrast=\"auto\"><strong>Caravane<\/strong> est l\u2019un des groupes phares du rock francophone au Qu\u00e9bec. Depuis ses d\u00e9buts, il se distingue par son style brut et audacieux. Au fil des ans, la formation originaire de la Ville de Qu\u00e9bec s\u2019est fray\u00e9 un parcours \u00e9tincelant \u00e0 travers trois albums, <\/span><i><span data-contrast=\"auto\">Chien Noir<\/span><\/i><span data-contrast=\"auto\"> (2014), <\/span><i><span data-contrast=\"none\">Fuego<\/span><\/i> <span data-contrast=\"auto\">(2016) et <\/span><i><span data-contrast=\"none\">Supernova<\/span><\/i> <span data-contrast=\"auto\">(2018), tous nomm\u00e9s dans la cat\u00e9gorie \u00ab Album rock de l\u2019ann\u00e9e \u00bb au Gala de l\u2019ADISQ.<\/span><span data-ccp-props=\"{&quot;201341983&quot;:0,&quot;335551550&quot;:6,&quot;335551620&quot;:6,&quot;335559739&quot;:240,&quot;335559740&quot;:240,&quot;335572071&quot;:0,&quot;335572072&quot;:0,&quot;335572073&quot;:0,&quot;335572075&quot;:0,&quot;335572076&quot;:0,&quot;335572077&quot;:0,&quot;335572079&quot;:0,&quot;335572080&quot;:0,&quot;335572081&quot;:0,&quot;335572083&quot;:0,&quot;335572084&quot;:0,&quot;335572085&quot;:0,&quot;335572087&quot;:0,&quot;335572088&quot;:0,&quot;335572089&quot;:0,&quot;469789798&quot;:&quot;nil&quot;,&quot;469789802&quot;:&quot;nil&quot;,&quot;469789806&quot;:&quot;nil&quot;,&quot;469789810&quot;:&quot;nil&quot;,&quot;469789814&quot;:&quot;nil&quot;}\">\u00a0<\/span><\/p>\n<p><span data-contrast=\"auto\">Caravane a sillonn\u00e9 les routes des deux h\u00e9misph\u00e8res, accumulant plus de 500 spectacles sur trois continents. Le groupe a \u00e9lectris\u00e9 les sc\u00e8nes de nombreux festivals d\u2019envergure, en plus d\u2019assurer la premi\u00e8re partie de l\u00e9gendes internationales telles que Deep Purple, Cage the Elephant, Milky Chance, The Strumbellas et Our Lady Peace.<\/span><span data-ccp-props=\"{&quot;201341983&quot;:0,&quot;335551550&quot;:6,&quot;335551620&quot;:6,&quot;335557856&quot;:16777215,&quot;335559739&quot;:240,&quot;335559740&quot;:240}\">\u00a0<\/span><\/p>\n<p><span data-contrast=\"auto\">Musicalement, Caravane ne cesse de se r\u00e9inventer, passant du blues-rock de <\/span><i><span data-contrast=\"auto\">Chien Noir<\/span><\/i><span data-contrast=\"auto\"> au pop-rock m\u00e9lancolique de <\/span><i><span data-contrast=\"auto\">Fuego<\/span><\/i><span data-contrast=\"auto\">, jusqu&rsquo;aux exp\u00e9rimentations plus sophistiqu\u00e9es et po\u00e9tiques de Supernova. Avec son quatri\u00e8me album, <\/span><i><span data-contrast=\"auto\">IV<\/span><\/i><span data-contrast=\"auto\">, le groupe promet de se r\u00e9approprier ses racines rock, tout en pr\u00e9servant l\u2019intelligence critique et la sensibilit\u00e9 lyrique acquise \u00e0 travers son cheminement.<\/span><span data-ccp-props=\"{&quot;201341983&quot;:0,&quot;335551550&quot;:6,&quot;335551620&quot;:6,&quot;335557856&quot;:16777215,&quot;335559739&quot;:240,&quot;335559740&quot;:240}\">\u00a0<\/span><\/p>\n<p><span data-contrast=\"auto\">Caravane cherche \u00e0 explorer, \u00e0 travers une palette de sons incisifs et une production sans compromis, les relations complexes entre l\u2019art, l\u2019artiste, le public et l\u2019industrie. Ce nouvel album est une invitation \u00e0 red\u00e9couvrir le rock dans toute sa splendeur d\u00e9brid\u00e9e, o\u00f9 humour et spontan\u00e9it\u00e9 rencontrent po\u00e9sie et profondeur.<\/span><span data-ccp-props=\"{&quot;201341983&quot;:0,&quot;335551550&quot;:6,&quot;335551620&quot;:6,&quot;335557856&quot;:16777215,&quot;335559739&quot;:240,&quot;335559740&quot;:240}\">\u00a0<\/span>[\/vc_column_text][\/vc_tta_section][\/vc_tta_accordion][vc_empty_space height=\u00a0\u00bb10px\u00a0\u00bb][\/vc_column][vc_column width=\u00a0\u00bb1\/2&Prime; css=\u00a0\u00bb.vc_custom_1752543903193{margin-top: 10px !important;padding-top: 10px !important;}\u00a0\u00bb][vc_custom_heading text=\u00a0\u00bb<b>LE GAZEBO<\/b>\u00a0\u00bb font_container=\u00a0\u00bbtag:h4|font_size:22|text_align:center|color:%23ffffff\u00a0\u00bb use_theme_fonts=\u00a0\u00bbyes\u00a0\u00bb css=\u00a0\u00bb.vc_custom_1752543914273{padding-top: 10px !important;padding-right: 10px !important;padding-bottom: 10px !important;padding-left: 10px !important;background-color: #fc5032 !important;border-radius: 2px !important;}\u00a0\u00bb][vc_custom_heading text=\u00a0\u00bb<b>SAM JACQUES<\/b>\u00a0\u00bb font_container=\u00a0\u00bbtag:h3|font_size:25|text_align:center|color:%23fc5032&Prime; google_fonts=\u00a0\u00bbfont_family:Roboto%20Condensed%3A300%2C300italic%2Cregular%2Citalic%2C700%2C700italic|font_style:700%20bold%20regular%3A700%3Anormal\u00a0\u00bb css=\u00a0\u00bb.vc_custom_1752545306365{padding-top: 10px !important;}\u00a0\u00bb][vc_custom_heading text=\u00a0\u00bb<b>13h30 \u00e0 15h30 | Chansonnier<\/b>\u00a0\u00bb font_container=\u00a0\u00bbtag:h3|font_size:18|text_align:center|color:%230a0000&Prime; use_theme_fonts=\u00a0\u00bbyes\u00a0\u00bb][vc_single_image image=\u00a0\u00bb5463&Prime; img_size=\u00a0\u00bb300&#215;200&Prime; alignment=\u00a0\u00bbcenter\u00a0\u00bb css=\u00a0\u00bb.vc_custom_1752683852689{border-radius: 10px !important;}\u00a0\u00bb][vc_empty_space height=\u00a0\u00bb10px\u00a0\u00bb][vc_tta_accordion style=\u00a0\u00bboutline\u00a0\u00bb shape=\u00a0\u00bbround\u00a0\u00bb color=\u00a0\u00bbjuicy-pink\u00a0\u00bb c_icon=\u00a0\u00bb\u00a0\u00bb active_section=\u00a0\u00bb11&Prime; collapsible_all=\u00a0\u00bbtrue\u00a0\u00bb][vc_tta_section title=\u00a0\u00bb<b>Biographie<\/b>\u00a0\u00bb tab_id=\u00a0\u00bb1752544974638-7069a315-e1a9&Prime;][vc_column_text]<strong data-start=\"150\" data-end=\"165\">Sam Jacques<\/strong> est un chansonnier habitu\u00e9 des sc\u00e8nes du <strong data-start=\"386\" data-end=\"403\">Winter Warmer<\/strong> et des \u00e9v\u00e8nement <strong data-start=\"411\" data-end=\"425\">Festibi\u00e8re. <\/strong>Avec sa guitare, sa voix rassembleuse et son r\u00e9pertoire festif, il sait cr\u00e9er une ambiance chaleureuse o\u00f9 que ce soit.[\/vc_column_text][\/vc_tta_section][\/vc_tta_accordion][vc_empty_space height=\u00a0\u00bb15px\u00a0\u00bb][vc_custom_heading text=\u00a0\u00bb<b>SAM\u00dcEL JEAN<\/b>\u00a0\u00bb font_container=\u00a0\u00bbtag:h3|font_size:25|text_align:center|color:%23fc5032&Prime; google_fonts=\u00a0\u00bbfont_family:Roboto%20Condensed%3A300%2C300italic%2Cregular%2Citalic%2C700%2C700italic|font_style:700%20bold%20regular%3A700%3Anormal\u00a0\u00bb css=\u00a0\u00bb.vc_custom_1752545268376{padding-top: 10px !important;}\u00a0\u00bb][vc_custom_heading text=\u00a0\u00bb<b>16h30 \u00e0 18h30 | Chansonnier<\/b>\u00a0\u00bb font_container=\u00a0\u00bbtag:h3|font_size:18|text_align:center|color:%230a0000&Prime; use_theme_fonts=\u00a0\u00bbyes\u00a0\u00bb][vc_empty_space height=\u00a0\u00bb10px\u00a0\u00bb][vc_single_image image=\u00a0\u00bb5461&Prime; img_size=\u00a0\u00bb300&#215;200&Prime; alignment=\u00a0\u00bbcenter\u00a0\u00bb css=\u00a0\u00bb.vc_custom_1752683282779{border-radius: 10px !important;}\u00a0\u00bb][vc_tta_accordion style=\u00a0\u00bboutline\u00a0\u00bb shape=\u00a0\u00bbround\u00a0\u00bb color=\u00a0\u00bbjuicy-pink\u00a0\u00bb c_icon=\u00a0\u00bb\u00a0\u00bb active_section=\u00a0\u00bb11&Prime; collapsible_all=\u00a0\u00bbtrue\u00a0\u00bb][vc_tta_section title=\u00a0\u00bb<b>Biographie<\/b>\u00a0\u00bb tab_id=\u00a0\u00bb1752545284992-cdd52620-2be5&Prime;][vc_column_text]<\/p>\n<p class=\"p1\"><strong>Samu\u00ebl Jean<\/strong>, n\u00e9 le 28 juin 1989, est natif de de la ville de Qu\u00e9bec. D\u00e9couvrant la musique peu \u00e0 peu \u00e0 l\u2019enfance, ce n\u2019est v\u00e9ritablement qu\u2019en 2013 qu\u2019il fait davantage place \u00e0 sa passion. Il fait alors la connaissance de trois musiciens lors d\u2019un \u00ab jam \u00bb organis\u00e9 \u00e0 l\u2019\u00eele d\u2019Orl\u00e9ans avec qui il formera le groupe <b><i>Les Charmants Salauds.<\/i><\/b> Avec ce projet, Il encha\u00eenera une multitude de spectacles et de concours. Apr\u00e8s quelques ann\u00e9es d\u2019activit\u00e9s et la participation entre autres \u00e0 l\u2019\u00e9mission <b><i>Faites Comme Chez Vous<\/i><\/b>, sur les ondes de TVA, le groupe prend une pause. D\u00e9sirant poursuivre ses activit\u00e9s d\u2019artiste, Samu\u00ebl continue de produire des spectacles sous le pseudonyme de <b><i>Sam Jones<\/i><\/b>. En 2018, il participe \u00e0 la 6<span class=\"s1\">e<\/span> \u00e9ditions de l\u2019\u00e9mission renomm\u00e9 <b><i>La Voix<\/i><\/b>. En 2021, il d\u00e9voile 6 chansons de son cru qu\u2019il fait para\u00eetre sur l\u2019album intitul\u00e9 <b><i>Funambule. <\/i><\/b>Depuis, il s\u2019investie \u00e0 la cr\u00e9ation de nouvelles chansons qui para\u00eetront peu \u00e0 peu. Ses plus grandes influences proviennent de Daniel B\u00e9langer, John Mayer et Jack Johnson, pour ne nommer qu\u2019eux. On peut sentir qu\u2019une grande partie de son univers prend vie particuli\u00e8rement en spectacle. Accompagner de musiciens extraordinaires, il n\u2019est pas rare que les chansons s\u2019interpr\u00e8tent de plusieurs fa\u00e7ons et donne naissance \u00e0 de nouvelles compositions. La contemplation, la douceur et l\u2019intensit\u00e9 se m\u00e9lange en cet artiste pour vous offrir de la musique \u00e0 la fois nouvelle et apaisante.<\/p>\n<p>[\/vc_column_text][\/vc_tta_section][\/vc_tta_accordion][vc_empty_space height=\u00a0\u00bb15px\u00a0\u00bb][vc_custom_heading text=\u00a0\u00bb<b>LOU FRE$H<\/b>\u00a0\u00bb font_container=\u00a0\u00bbtag:h3|font_size:25|text_align:center|color:%23fc5032&Prime; google_fonts=\u00a0\u00bbfont_family:Roboto%20Condensed%3A300%2C300italic%2Cregular%2Citalic%2C700%2C700italic|font_style:700%20bold%20regular%3A700%3Anormal\u00a0\u00bb css=\u00a0\u00bb.vc_custom_1752545342987{padding-top: 10px !important;}\u00a0\u00bb][vc_custom_heading text=\u00a0\u00bb<b> 21h30 | DJ set<\/b>\u00a0\u00bb font_container=\u00a0\u00bbtag:h3|font_size:18|text_align:center|color:%230a0000&Prime; use_theme_fonts=\u00a0\u00bbyes\u00a0\u00bb][vc_empty_space height=\u00a0\u00bb10px\u00a0\u00bb][vc_single_image image=\u00a0\u00bb5370&Prime; img_size=\u00a0\u00bb300&#215;200&Prime; alignment=\u00a0\u00bbcenter\u00a0\u00bb css=\u00a0\u00bb.vc_custom_1752545441912{border-radius: 10px !important;}\u00a0\u00bb][vc_tta_accordion style=\u00a0\u00bboutline\u00a0\u00bb shape=\u00a0\u00bbround\u00a0\u00bb color=\u00a0\u00bbjuicy-pink\u00a0\u00bb c_icon=\u00a0\u00bb\u00a0\u00bb active_section=\u00a0\u00bb11&Prime; collapsible_all=\u00a0\u00bbtrue\u00a0\u00bb][vc_tta_section title=\u00a0\u00bb<b>Biographie<\/b>\u00a0\u00bb tab_id=\u00a0\u00bb1752544974774-32f5a598-066d\u00a0\u00bb][vc_column_text]<span class=\"TextRun SCXW127359904 BCX0\" lang=\"FR-CA\" xml:lang=\"FR-CA\" data-contrast=\"auto\"><span class=\"NormalTextRun SCXW127359904 BCX0\"><strong>LOU FRE$H<\/strong> (Loup <\/span><span class=\"NormalTextRun SpellingErrorV2Themed SCXW127359904 BCX0\">Ferschke<\/span><span class=\"NormalTextRun SCXW127359904 BCX0\">) est un <\/span><span class=\"NormalTextRun SpellingErrorV2Themed SCXW127359904 BCX0\">beatmaker<\/span><span class=\"NormalTextRun SCXW127359904 BCX0\"> et DJ de Qu\u00e9bec. Il \u00e9volue sur la sc\u00e8ne hip-hop underground depuis plus d\u2019une d\u00e9cennie. En 2021, il collabore avec plusieurs rappeurs de renom sur FRE$H FOREVER, album dont il signe la conception rythmique et la production. En 2023, il r\u00e9oriente son talent vers la musique \u00e9lectronique, et \u00e0 l\u2019automne 2024, apr\u00e8s une tourn\u00e9e a\u0300 Tokyo \u2013 o\u00f9 il cr\u00e9e et performe r\u00e9guli\u00e8rement depuis 2018 \u2013, il lance le EP OVERTIME. Il s\u2019envole ensuite pour Namur (Belgique), o\u00f9 il se produit en tant que DJ lors du festival KIKK, et o\u00f9 il effectue une r\u00e9sidence de cr\u00e9ation avec l\u2019artiste <\/span><span class=\"NormalTextRun SpellingErrorV2Themed SCXW127359904 BCX0\">Aemone<\/span><span class=\"NormalTextRun SCXW127359904 BCX0\">. De cette collaboration fructueuse na\u00eetront bient\u00f4t quatre nouveaux morceaux.<\/span><\/span><span class=\"EOP SCXW127359904 BCX0\" data-ccp-props=\"{}\">\u00a0<\/span>[\/vc_column_text][\/vc_tta_section][\/vc_tta_accordion][vc_empty_space height=\u00a0\u00bb10px\u00a0\u00bb][\/vc_column][\/vc_row][vc_row][vc_column][vc_column_text]<span style=\"color: #ffffff;\"><a id=\"djchampion\" style=\"color: #ffffff;\"><\/a>.<\/span>[\/vc_column_text][vc_custom_heading text=\u00a0\u00bb<b>SAMEDI 16 AO\u00dbT<\/b>\u00a0\u00bb font_container=\u00a0\u00bbtag:h3|font_size:23|text_align:center|color:%23ffffff\u00a0\u00bb use_theme_fonts=\u00a0\u00bbyes\u00a0\u00bb css=\u00a0\u00bb.vc_custom_1752599019227{padding-top: 10px !important;padding-right: 10px !important;padding-bottom: 10px !important;padding-left: 10px !important;background-color: #f7b900 !important;border-radius: 2px !important;}\u00a0\u00bb][vc_custom_heading text=\u00a0\u00bb<b>DJ CHAMPION<\/b>\u00a0\u00bb font_container=\u00a0\u00bbtag:h2|font_size:26|text_align:center|color:%230a0000&Prime; google_fonts=\u00a0\u00bbfont_family:Roboto%20Condensed%3A300%2C300italic%2Cregular%2Citalic%2C700%2C700italic|font_style:700%20bold%20regular%3A700%3Anormal\u00a0\u00bb css=\u00a0\u00bb.vc_custom_1752599031357{padding-top: 10px !important;}\u00a0\u00bb][vc_custom_heading text=\u00a0\u00bb<b>20h00 | Musique \u00e9lectronique | Sc\u00e8ne Microbrasserie Charlevoix <\/b>\u00a0\u00bb font_container=\u00a0\u00bbtag:h3|font_size:18|text_align:center|color:%230a0000&Prime; google_fonts=\u00a0\u00bbfont_family:Roboto%20Condensed%3A300%2C300italic%2Cregular%2Citalic%2C700%2C700italic|font_style:700%20bold%20regular%3A700%3Anormal\u00a0\u00bb][vc_empty_space height=\u00a0\u00bb10px\u00a0\u00bb][\/vc_column][\/vc_row][vc_row][vc_column width=\u00a0\u00bb1\/2&Prime; css=\u00a0\u00bb.vc_custom_1739403126659{padding-top: 10px !important;}\u00a0\u00bb][vc_empty_space height=\u00a0\u00bb10px\u00a0\u00bb][vc_column_text]<span class=\"TextRun SCXW230700647 BCX0\" lang=\"FR-FR\" xml:lang=\"FR-FR\" data-contrast=\"auto\"><span class=\"NormalTextRun SCXW230700647 BCX0\">Le multi-instrumentaliste Maxime Morin, mieux connu sous le nom de DJ Champion, ne cesse de faire danser les gens depuis la sortie de son premier album,\u00a0<\/span><\/span><span class=\"TextRun SCXW230700647 BCX0\" lang=\"FR-FR\" xml:lang=\"FR-FR\" data-contrast=\"auto\"><span class=\"NormalTextRun SpellingErrorV2Themed SCXW230700647 BCX0\">Chill<\/span><span class=\"NormalTextRun SCXW230700647 BCX0\">\u00a0\u2018<\/span><span class=\"NormalTextRun SpellingErrorV2Themed SCXW230700647 BCX0\">Em<\/span><span class=\"NormalTextRun SCXW230700647 BCX0\">\u00a0All<\/span><\/span><span class=\"TextRun SCXW230700647 BCX0\" lang=\"FR-FR\" xml:lang=\"FR-FR\" data-contrast=\"auto\"><span class=\"NormalTextRun SCXW230700647 BCX0\">, en 2004. M\u00e9lange de\u00a0<strong>rythmes \u00e9lectroniques<\/strong>\u00a0et de\u00a0<strong>guitares \u00e9lectriques<\/strong>, son identit\u00e9 musicale rencontre des succ\u00e8s partout dans le monde depuis maintenant deux d\u00e9cennies<\/span><\/span><span class=\"NormalTextRun ContextualSpellingAndGrammarErrorV2Themed GrammarErrorHighlight SCXW53303492 BCX0\" data-ccp-parastyle=\"heading 5\">\u2026\u00a0<strong>Et sa visite \u00e0 Qu\u00e9bec ne passera pas inaper\u00e7ue \ud83d\udd25<\/strong><\/span><\/p>\n<p>Biographie compl\u00e8te\u00a0<a href=\"https:\/\/infofestibiere.com\/quebec\/wp-content\/uploads\/sites\/2\/2025\/03\/BIO-DJ-Champion.pdf\" target=\"_blank\" rel=\"noopener\">ICI<\/a>![\/vc_column_text][vc_raw_html]JTNDaWZyYW1lJTIwZGF0YS10ZXN0aWQlM0QlMjJlbWJlZC1pZnJhbWUlMjIlMjBzdHlsZSUzRCUyMmJvcmRlci1yYWRpdXMlM0ExMnB4JTIyJTIwc3JjJTNEJTIyaHR0cHMlM0ElMkYlMkZvcGVuLnNwb3RpZnkuY29tJTJGZW1iZWQlMkZhcnRpc3QlMkYwZ2xSNDk0c0xJSmZneU8wM3ZIZ253JTNGdXRtX3NvdXJjZSUzRGdlbmVyYXRvciUyNnRoZW1lJTNEMCUyMiUyMHdpZHRoJTNEJTIyMTAwJTI1JTIyJTIwaGVpZ2h0JTNEJTIyMTUyJTIyJTIwZnJhbWVCb3JkZXIlM0QlMjIwJTIyJTIwYWxsb3dmdWxsc2NyZWVuJTNEJTIyJTIyJTIwYWxsb3clM0QlMjJhdXRvcGxheSUzQiUyMGNsaXBib2FyZC13cml0ZSUzQiUyMGVuY3J5cHRlZC1tZWRpYSUzQiUyMGZ1bGxzY3JlZW4lM0IlMjBwaWN0dXJlLWluLXBpY3R1cmUlMjIlMjBsb2FkaW5nJTNEJTIybGF6eSUyMiUzRSUzQyUyRmlmcmFtZSUzRQ==[\/vc_raw_html][\/vc_column][vc_column width=\u00a0\u00bb1\/2&Prime; css=\u00a0\u00bb.vc_custom_1739403132294{padding-top: 10px !important;}\u00a0\u00bb][vc_single_image image=\u00a0\u00bb5172&Prime; img_size=\u00a0\u00bbfull\u00a0\u00bb alignment=\u00a0\u00bbcenter\u00a0\u00bb style=\u00a0\u00bbvc_box_shadow_3d\u00a0\u00bb css=\u00a0\u00bb.vc_custom_1752599142092{border-radius: 10px !important;}\u00a0\u00bb][\/vc_column][\/vc_row][vc_row][vc_column][vc_empty_space height=\u00a0\u00bb15px\u00a0\u00bb][vc_separator color=\u00a0\u00bbcustom\u00a0\u00bb accent_color=\u00a0\u00bb#fc5032&Prime;][\/vc_column][\/vc_row][vc_row][vc_column width=\u00a0\u00bb1\/2&Prime; css=\u00a0\u00bb.vc_custom_1752543896990{margin-top: 10px !important;padding-top: 10px !important;}\u00a0\u00bb][vc_custom_heading text=\u00a0\u00bb<b>SC\u00c8NE MICROBRASSERIE CHARLEVOIX<\/b>\u00a0\u00bb font_container=\u00a0\u00bbtag:h4|font_size:22|text_align:center|color:%23ffffff\u00a0\u00bb use_theme_fonts=\u00a0\u00bbyes\u00a0\u00bb css=\u00a0\u00bb.vc_custom_1752544032707{padding-top: 10px !important;padding-right: 10px !important;padding-bottom: 10px !important;padding-left: 10px !important;background-color: #fc5032 !important;border-radius: 2px !important;}\u00a0\u00bb][vc_custom_heading text=\u00a0\u00bb<b>L\u00d8XEN<\/b>\u00a0\u00bb font_container=\u00a0\u00bbtag:h3|font_size:25|text_align:center|color:%23fc5032&Prime; google_fonts=\u00a0\u00bbfont_family:Roboto%20Condensed%3A300%2C300italic%2Cregular%2Citalic%2C700%2C700italic|font_style:700%20bold%20regular%3A700%3Anormal\u00a0\u00bb css=\u00a0\u00bb.vc_custom_1752599322519{padding-top: 10px !important;}\u00a0\u00bb][vc_custom_heading text=\u00a0\u00bb<b>16h30 \u00e0 18h15 | DJ set<\/b>\u00a0\u00bb font_container=\u00a0\u00bbtag:h3|font_size:18|text_align:center|color:%230a0000&Prime; use_theme_fonts=\u00a0\u00bbyes\u00a0\u00bb][vc_empty_space height=\u00a0\u00bb10px\u00a0\u00bb][vc_single_image image=\u00a0\u00bb5381&Prime; img_size=\u00a0\u00bb300&#215;200&Prime; alignment=\u00a0\u00bbcenter\u00a0\u00bb css=\u00a0\u00bb.vc_custom_1752599305701{border-radius: 10px !important;}\u00a0\u00bb][vc_tta_accordion style=\u00a0\u00bboutline\u00a0\u00bb shape=\u00a0\u00bbround\u00a0\u00bb color=\u00a0\u00bbjuicy-pink\u00a0\u00bb c_icon=\u00a0\u00bb\u00a0\u00bb active_section=\u00a0\u00bb11&Prime; collapsible_all=\u00a0\u00bbtrue\u00a0\u00bb][vc_tta_section title=\u00a0\u00bb<b>Biographie<\/b>\u00a0\u00bb tab_id=\u00a0\u00bb1752599201663-ad195c7d-6c15&Prime;][vc_column_text]<span class=\"TextRun SCXW134383215 BCX0\" lang=\"FR-CA\" xml:lang=\"FR-CA\" data-contrast=\"auto\"><strong><span class=\"NormalTextRun SCXW134383215 BCX0\">L\u00f8xen<\/span><\/strong><span class=\"NormalTextRun SCXW134383215 BCX0\">\u202fest passionn\u00e9 de musique \u00e9lectronique qui fait danser le public avec des mix entra\u00eenants et rythm\u00e9s. Il se sp\u00e9cialise en tech house, afro house et house, et aime cr\u00e9er une ambiance chaleureuse, festive et estivale. \u00c0 travers ses prestations, il cherche \u00e0 faire vivre un bon moment, rassembler les gens et faire vibrer les pistes de danse, que ce soit en club, en festival ou lors d\u2019\u00e9v\u00e9nements priv\u00e9s.<\/span><\/span><span class=\"EOP SCXW134383215 BCX0\" data-ccp-props=\"{}\">\u00a0<\/span>[\/vc_column_text][\/vc_tta_section][\/vc_tta_accordion][vc_empty_space height=\u00a0\u00bb15px\u00a0\u00bb][vc_custom_heading text=\u00a0\u00bb<b>CECE THE RED<\/b>\u00a0\u00bb font_container=\u00a0\u00bbtag:h3|font_size:25|text_align:center|color:%23fc5032&Prime; google_fonts=\u00a0\u00bbfont_family:Roboto%20Condensed%3A300%2C300italic%2Cregular%2Citalic%2C700%2C700italic|font_style:700%20bold%20regular%3A700%3Anormal\u00a0\u00bb css=\u00a0\u00bb.vc_custom_1752545072861{padding-top: 10px !important;}\u00a0\u00bb][vc_custom_heading text=\u00a0\u00bb<b>18h30 | DJ Set<\/b>\u00a0\u00bb font_container=\u00a0\u00bbtag:h3|font_size:18|text_align:center|color:%230a0000&Prime; use_theme_fonts=\u00a0\u00bbyes\u00a0\u00bb][vc_empty_space height=\u00a0\u00bb10px\u00a0\u00bb][vc_single_image image=\u00a0\u00bb5368&Prime; img_size=\u00a0\u00bb300&#215;200&Prime; alignment=\u00a0\u00bbcenter\u00a0\u00bb css=\u00a0\u00bb.vc_custom_1752545199168{border-radius: 10px !important;}\u00a0\u00bb][vc_tta_accordion style=\u00a0\u00bboutline\u00a0\u00bb shape=\u00a0\u00bbround\u00a0\u00bb color=\u00a0\u00bbjuicy-pink\u00a0\u00bb c_icon=\u00a0\u00bb\u00a0\u00bb active_section=\u00a0\u00bb11&Prime; collapsible_all=\u00a0\u00bbtrue\u00a0\u00bb][vc_tta_section title=\u00a0\u00bb<b>Biographie<\/b>\u00a0\u00bb tab_id=\u00a0\u00bb1752598995629-7af6ae61-0e11&Prime;][vc_column_text]<span class=\"TextRun SCXW102743837 BCX0\" lang=\"FR-CA\" xml:lang=\"FR-CA\" data-contrast=\"auto\"><strong><span class=\"NormalTextRun SCXW102743837 BCX0\">Cece<\/span><\/strong><span class=\"NormalTextRun SCXW102743837 BCX0\"><strong> The Red<\/strong> est une DJ \u00e9nergique dont l&rsquo;amour pour la vie et la musique <\/span><span class=\"NormalTextRun SCXW102743837 BCX0\">groovy<\/span><span class=\"NormalTextRun SCXW102743837 BCX0\"> se refl\u00e8tent dans chacune de ses performances. Arborant fi\u00e8rement la couleur rouge, elle combine habilement la nostalgie des ann\u00e9es 80 \u00e0 des sons contemporains, faisant danser les gens qui sont tout <\/span><span class=\"NormalTextRun SCXW102743837 BCX0\">ouie<\/span><span class=\"NormalTextRun SCXW102743837 BCX0\"> \u00e0 la musique qu&rsquo;elle s\u00e9lectionne judicieusement.<\/span><\/span><span class=\"EOP SCXW102743837 BCX0\" data-ccp-props=\"{}\">\u00a0<\/span>[\/vc_column_text][\/vc_tta_section][\/vc_tta_accordion][vc_empty_space height=\u00a0\u00bb10px\u00a0\u00bb][\/vc_column][vc_column width=\u00a0\u00bb1\/2&Prime; css=\u00a0\u00bb.vc_custom_1752543903193{margin-top: 10px !important;padding-top: 10px !important;}\u00a0\u00bb][vc_custom_heading text=\u00a0\u00bb<b>LE GAZEBO<\/b>\u00a0\u00bb font_container=\u00a0\u00bbtag:h4|font_size:22|text_align:center|color:%23ffffff\u00a0\u00bb use_theme_fonts=\u00a0\u00bbyes\u00a0\u00bb css=\u00a0\u00bb.vc_custom_1752543914273{padding-top: 10px !important;padding-right: 10px !important;padding-bottom: 10px !important;padding-left: 10px !important;background-color: #fc5032 !important;border-radius: 2px !important;}\u00a0\u00bb][vc_custom_heading text=\u00a0\u00bb<b>SAMUEL LABB\u00c9<\/b>\u00a0\u00bb font_container=\u00a0\u00bbtag:h3|font_size:25|text_align:center|color:%23fc5032&Prime; google_fonts=\u00a0\u00bbfont_family:Roboto%20Condensed%3A300%2C300italic%2Cregular%2Citalic%2C700%2C700italic|font_style:700%20bold%20regular%3A700%3Anormal\u00a0\u00bb css=\u00a0\u00bb.vc_custom_1752599336947{padding-top: 10px !important;}\u00a0\u00bb][vc_custom_heading text=\u00a0\u00bb<b>13h30 \u00e0 15h30 | Chansonnier<\/b>\u00a0\u00bb font_container=\u00a0\u00bbtag:h3|font_size:18|text_align:center|color:%230a0000&Prime; use_theme_fonts=\u00a0\u00bbyes\u00a0\u00bb][vc_single_image image=\u00a0\u00bb5601&Prime; img_size=\u00a0\u00bb300&#215;200&Prime; alignment=\u00a0\u00bbcenter\u00a0\u00bb css=\u00a0\u00bb.vc_custom_1754504477583{border-radius: 10px !important;}\u00a0\u00bb][vc_empty_space height=\u00a0\u00bb10px\u00a0\u00bb][vc_tta_accordion style=\u00a0\u00bboutline\u00a0\u00bb shape=\u00a0\u00bbround\u00a0\u00bb color=\u00a0\u00bbjuicy-pink\u00a0\u00bb c_icon=\u00a0\u00bb\u00a0\u00bb active_section=\u00a0\u00bb11&Prime; collapsible_all=\u00a0\u00bbtrue\u00a0\u00bb][vc_tta_section title=\u00a0\u00bb<b>Biographie<\/b>\u00a0\u00bb tab_id=\u00a0\u00bb1752598996131-eabe8aa4-5aa3&Prime;][vc_column_text]<span class=\"TextRun SCXW103316585 BCX0\" lang=\"FR-CA\" xml:lang=\"FR-CA\" data-contrast=\"auto\"><strong><span class=\"NormalTextRun SCXW103316585 BCX0\">Samuel <\/span><span class=\"NormalTextRun SCXW103316585 BCX0\">Labb\u00e9<\/span><\/strong><span class=\"NormalTextRun SCXW103316585 BCX0\"> se d\u00e9marque sur les sc\u00e8nes gr\u00e2ce \u00e0 ses animations jeunes et dynamiques. Tr\u00e8s versatile, il est chansonnier pour plusieurs \u00e9v\u00e9nements et \u00e9tablissements de la ville de Qu\u00e9bec et ses environs. Vous pouvez \u00e9galement le retrouver \u00e0 l&rsquo;animation d&rsquo;\u00e9v\u00e9nements d\u2019envergure tels que Les Grands Feux Loto-Qu\u00e9bec ou encore Le Grand D\u00e9fi Pierre Lavoie.\u202fPr\u00e9parez \u00e0 chanter et danser avec un spectacle rempli d\u2019\u00e9nergie!<\/span><\/span><span class=\"EOP SCXW103316585 BCX0\" data-ccp-props=\"{}\">\u00a0<\/span>[\/vc_column_text][\/vc_tta_section][\/vc_tta_accordion][vc_empty_space height=\u00a0\u00bb15px\u00a0\u00bb][vc_custom_heading text=\u00a0\u00bb<b>PASCALE LABB\u00c9<\/b>\u00a0\u00bb font_container=\u00a0\u00bbtag:h3|font_size:25|text_align:center|color:%23fc5032&Prime; google_fonts=\u00a0\u00bbfont_family:Roboto%20Condensed%3A300%2C300italic%2Cregular%2Citalic%2C700%2C700italic|font_style:700%20bold%20regular%3A700%3Anormal\u00a0\u00bb css=\u00a0\u00bb.vc_custom_1754504493554{padding-top: 10px !important;}\u00a0\u00bb][vc_custom_heading text=\u00a0\u00bb<b>16h30 \u00e0 18h30 | Chansonnier<\/b>\u00a0\u00bb font_container=\u00a0\u00bbtag:h3|font_size:18|text_align:center|color:%230a0000&Prime; use_theme_fonts=\u00a0\u00bbyes\u00a0\u00bb][vc_empty_space height=\u00a0\u00bb10px\u00a0\u00bb][vc_single_image image=\u00a0\u00bb5603&Prime; img_size=\u00a0\u00bb300&#215;200&Prime; alignment=\u00a0\u00bbcenter\u00a0\u00bb css=\u00a0\u00bb.vc_custom_1754504748401{border-radius: 10px !important;}\u00a0\u00bb][vc_tta_accordion style=\u00a0\u00bboutline\u00a0\u00bb shape=\u00a0\u00bbround\u00a0\u00bb color=\u00a0\u00bbjuicy-pink\u00a0\u00bb c_icon=\u00a0\u00bb\u00a0\u00bb active_section=\u00a0\u00bb11&Prime; collapsible_all=\u00a0\u00bbtrue\u00a0\u00bb][vc_tta_section title=\u00a0\u00bb<b>Biographie<\/b>\u00a0\u00bb tab_id=\u00a0\u00bb1752598996389-d046187f-6aaf\u00a0\u00bb][vc_column_text]<span class=\"TextRun SCXW10813770 BCX0\" lang=\"FR-CA\" xml:lang=\"FR-CA\" data-contrast=\"auto\"><span class=\"NormalTextRun SCXW10813770 BCX0\"><strong>Pascale Labb\u00e9<\/strong> est une interpr\u00e8te d\u2019une \u00e9nergie contagieuse qui sait mettre sa couleur unique \u00e0 son r\u00e9pertoire vari\u00e9 et audacieux. Elle est capable \u00e0 elle-seule de vous faire vivre la m\u00eame exp\u00e9rience qu\u2019un groupe complet et saura vous faire passer un\u202fexcellent moment.\u202f<\/span><\/span><span class=\"EOP SCXW10813770 BCX0\" data-ccp-props=\"{}\">\u00a0<\/span>[\/vc_column_text][\/vc_tta_section][\/vc_tta_accordion][vc_empty_space height=\u00a0\u00bb15px\u00a0\u00bb][vc_custom_heading text=\u00a0\u00bb<b>L\u00d8XEN<\/b>\u00a0\u00bb font_container=\u00a0\u00bbtag:h3|font_size:25|text_align:center|color:%23fc5032&Prime; google_fonts=\u00a0\u00bbfont_family:Roboto%20Condensed%3A300%2C300italic%2Cregular%2Citalic%2C700%2C700italic|font_style:700%20bold%20regular%3A700%3Anormal\u00a0\u00bb css=\u00a0\u00bb.vc_custom_1752599368973{padding-top: 10px !important;}\u00a0\u00bb][vc_custom_heading text=\u00a0\u00bb<b> 21h30 | DJ set<\/b>\u00a0\u00bb font_container=\u00a0\u00bbtag:h3|font_size:18|text_align:center|color:%230a0000&Prime; use_theme_fonts=\u00a0\u00bbyes\u00a0\u00bb][vc_empty_space height=\u00a0\u00bb10px\u00a0\u00bb][vc_single_image image=\u00a0\u00bb5381&Prime; img_size=\u00a0\u00bb300&#215;200&Prime; alignment=\u00a0\u00bbcenter\u00a0\u00bb css=\u00a0\u00bb.vc_custom_1752599379935{border-radius: 10px !important;}\u00a0\u00bb][vc_tta_accordion style=\u00a0\u00bboutline\u00a0\u00bb shape=\u00a0\u00bbround\u00a0\u00bb color=\u00a0\u00bbjuicy-pink\u00a0\u00bb c_icon=\u00a0\u00bb\u00a0\u00bb active_section=\u00a0\u00bb11&Prime; collapsible_all=\u00a0\u00bbtrue\u00a0\u00bb][vc_tta_section title=\u00a0\u00bb<b>Biographie<\/b>\u00a0\u00bb tab_id=\u00a0\u00bb1752598996627-6c645edd-e81c\u00a0\u00bb][vc_column_text]<span class=\"TextRun SCXW134383215 BCX0\" lang=\"FR-CA\" xml:lang=\"FR-CA\" data-contrast=\"auto\"><strong><span class=\"NormalTextRun SCXW134383215 BCX0\">L\u00f8xen<\/span><\/strong><span class=\"NormalTextRun SCXW134383215 BCX0\">\u202fest passionn\u00e9 de musique \u00e9lectronique qui fait danser le public avec des mix entra\u00eenants et rythm\u00e9s. Il se sp\u00e9cialise en tech house, afro house et house, et aime cr\u00e9er une ambiance chaleureuse, festive et estivale. \u00c0 travers ses prestations, il cherche \u00e0 faire vivre un bon moment, rassembler les gens et faire vibrer les pistes de danse, que ce soit en club, en festival ou lors d\u2019\u00e9v\u00e9nements priv\u00e9s.<\/span><\/span><span class=\"EOP SCXW134383215 BCX0\" data-ccp-props=\"{}\">\u00a0<\/span>[\/vc_column_text][\/vc_tta_section][\/vc_tta_accordion][vc_empty_space height=\u00a0\u00bb10px\u00a0\u00bb][\/vc_column][\/vc_row][vc_row][vc_column][vc_column_text]<span style=\"color: #ffffff;\"><a id=\"dimanche\" style=\"color: #ffffff;\"><\/a>.<\/span>[\/vc_column_text][vc_custom_heading text=\u00a0\u00bb<b>DIMANCHE 17 AO\u00dbT<\/b>\u00a0\u00bb font_container=\u00a0\u00bbtag:h3|font_size:23|text_align:center|color:%23ffffff\u00a0\u00bb use_theme_fonts=\u00a0\u00bbyes\u00a0\u00bb css=\u00a0\u00bb.vc_custom_1752543578914{padding-top: 10px !important;padding-right: 10px !important;padding-bottom: 10px !important;padding-left: 10px !important;background-color: #f7b900 !important;border-radius: 2px !important;}\u00a0\u00bb][vc_empty_space height=\u00a0\u00bb10px\u00a0\u00bb][vc_column_text]<\/p>\n<p style=\"text-align: center;\">Termine ton Festibi\u00e8re en beaut\u00e9 &amp; en musique avec les prestations de chansonniers sur la Sc\u00e8ne Microbrasserie Charlevoix &amp; au Gazebo pr\u00e8s des bassins \ud83c\udf1e C&rsquo;est un rendez-vous, un verre \u00e0 la main!<\/p>\n<p>[\/vc_column_text][\/vc_column][\/vc_row][vc_row][vc_column width=\u00a0\u00bb1\/2&Prime; css=\u00a0\u00bb.vc_custom_1752543896990{margin-top: 10px !important;padding-top: 10px !important;}\u00a0\u00bb][vc_custom_heading text=\u00a0\u00bb<b>SC\u00c8NE MICROBRASSERIE CHARLEVOIX<\/b>\u00a0\u00bb font_container=\u00a0\u00bbtag:h4|font_size:22|text_align:center|color:%23ffffff\u00a0\u00bb use_theme_fonts=\u00a0\u00bbyes\u00a0\u00bb css=\u00a0\u00bb.vc_custom_1752544032707{padding-top: 10px !important;padding-right: 10px !important;padding-bottom: 10px !important;padding-left: 10px !important;background-color: #fc5032 !important;border-radius: 2px !important;}\u00a0\u00bb][vc_custom_heading text=\u00a0\u00bb<b>F\u00c9LIX POULIN-ROY<\/b>\u00a0\u00bb font_container=\u00a0\u00bbtag:h3|font_size:25|text_align:center|color:%23fc5032&Prime; google_fonts=\u00a0\u00bbfont_family:Roboto%20Condensed%3A300%2C300italic%2Cregular%2Citalic%2C700%2C700italic|font_style:700%20bold%20regular%3A700%3Anormal\u00a0\u00bb css=\u00a0\u00bb.vc_custom_1752599663735{padding-top: 10px !important;}\u00a0\u00bb][vc_custom_heading text=\u00a0\u00bb<b>15h00 \u00e0 17h00 | Chansonnier en duo<\/b>\u00a0\u00bb font_container=\u00a0\u00bbtag:h3|font_size:18|text_align:center|color:%230a0000&Prime; use_theme_fonts=\u00a0\u00bbyes\u00a0\u00bb][vc_empty_space height=\u00a0\u00bb10px\u00a0\u00bb][vc_single_image image=\u00a0\u00bb5621&Prime; img_size=\u00a0\u00bb300&#215;200&Prime; alignment=\u00a0\u00bbcenter\u00a0\u00bb css=\u00a0\u00bb.vc_custom_1754942631273{border-radius: 10px !important;}\u00a0\u00bb][vc_tta_accordion style=\u00a0\u00bboutline\u00a0\u00bb shape=\u00a0\u00bbround\u00a0\u00bb color=\u00a0\u00bbjuicy-pink\u00a0\u00bb c_icon=\u00a0\u00bb\u00a0\u00bb active_section=\u00a0\u00bb11&Prime; collapsible_all=\u00a0\u00bbtrue\u00a0\u00bb][vc_tta_section title=\u00a0\u00bb<b>Biographie<\/b>\u00a0\u00bb tab_id=\u00a0\u00bb1752599448693-82e531f3-978a\u00a0\u00bb][vc_column_text]<strong>F\u00e9lix Roy-Poulin<\/strong> est un chansonnier qu\u00e9b\u00e9cois originaire de L\u00e9vis qui montera sur sc\u00e8ne avec son copilote <strong>Charles Antoine Quirion.<\/strong><\/p>\n<p><span data-teams=\"true\">Tous deux r<\/span>reconnu pour leur pr\u00e9sence authentique sur sc\u00e8ne, ils sauront s\u00e9duire le public par leur proximit\u00e9, leur humour discret et leur amour des mots[\/vc_column_text][\/vc_tta_section][\/vc_tta_accordion][vc_empty_space height=\u00a0\u00bb10px\u00a0\u00bb][\/vc_column][vc_column width=\u00a0\u00bb1\/2&Prime; css=\u00a0\u00bb.vc_custom_1752543903193{margin-top: 10px !important;padding-top: 10px !important;}\u00a0\u00bb][vc_custom_heading text=\u00a0\u00bb<b>LE GAZEBO<\/b>\u00a0\u00bb font_container=\u00a0\u00bbtag:h4|font_size:22|text_align:center|color:%23ffffff\u00a0\u00bb use_theme_fonts=\u00a0\u00bbyes\u00a0\u00bb css=\u00a0\u00bb.vc_custom_1752543914273{padding-top: 10px !important;padding-right: 10px !important;padding-bottom: 10px !important;padding-left: 10px !important;background-color: #fc5032 !important;border-radius: 2px !important;}\u00a0\u00bb][vc_custom_heading text=\u00a0\u00bb<b>MAUDE CARRIER<\/b>\u00a0\u00bb font_container=\u00a0\u00bbtag:h3|font_size:25|text_align:center|color:%23fc5032&Prime; google_fonts=\u00a0\u00bbfont_family:Roboto%20Condensed%3A300%2C300italic%2Cregular%2Citalic%2C700%2C700italic|font_style:700%20bold%20regular%3A700%3Anormal\u00a0\u00bb css=\u00a0\u00bb.vc_custom_1752599481220{padding-top: 10px !important;}\u00a0\u00bb][vc_custom_heading text=\u00a0\u00bb<b>13h30 \u00e0 15h30 | Chansonnier<\/b>\u00a0\u00bb font_container=\u00a0\u00bbtag:h3|font_size:18|text_align:center|color:%230a0000&Prime; use_theme_fonts=\u00a0\u00bbyes\u00a0\u00bb][vc_single_image image=\u00a0\u00bb5383&Prime; img_size=\u00a0\u00bb300&#215;200&Prime; alignment=\u00a0\u00bbcenter\u00a0\u00bb css=\u00a0\u00bb.vc_custom_1752599558133{border-radius: 10px !important;}\u00a0\u00bb][vc_empty_space height=\u00a0\u00bb10px\u00a0\u00bb][vc_tta_accordion style=\u00a0\u00bboutline\u00a0\u00bb shape=\u00a0\u00bbround\u00a0\u00bb color=\u00a0\u00bbjuicy-pink\u00a0\u00bb c_icon=\u00a0\u00bb\u00a0\u00bb active_section=\u00a0\u00bb11&Prime; collapsible_all=\u00a0\u00bbtrue\u00a0\u00bb][vc_tta_section title=\u00a0\u00bb<b>Biographie<\/b>\u00a0\u00bb tab_id=\u00a0\u00bb1752599449202-3adc3051-96fb\u00a0\u00bb][vc_column_text]<span class=\"TextRun SCXW222051583 BCX0\" lang=\"FR-CA\" xml:lang=\"FR-CA\" data-contrast=\"auto\"><span class=\"NormalTextRun SCXW222051583 BCX0\"><strong>Maude Carrier<\/strong>\u00a0est autrice-compositrice-interpr\u00e8te, chanteuse et guitariste. D\u00e9tentrice d\u2019un doctorat en musicologie (PhD) dans lequel elle s\u2019est pench\u00e9e sur le pouvoir d\u2019\u00e9vocation des chansons, elle affectionne particuli\u00e8rement les pi\u00e8ces mettant en valeur la musique des mots. Dans un univers teint\u00e9\u202fde la douceur du folk, mais nourri par l\u2019\u00e9nergie de ses influences punk rock, elle propose un r\u00e9pertoire vari\u00e9 des ann\u00e9es 1960 \u00e0 aujourd\u2019hui. De Daniel B\u00e9langer \u00e0 Blink-182, en passant par Les B.B.,\u00a0<\/span><span class=\"NormalTextRun SCXW222051583 BCX0\">Sheryl<\/span><span class=\"NormalTextRun SCXW222051583 BCX0\">\u00a0Crow, Madonna et Jean Leloup, elle revisite les plus grands classiques pop,\u202ffolk, country, punk et rock \u00e0 la guitare acoustique. Ses prestations se transforment chaque fois en un moment unique et inoubliable.<\/span><\/span><span class=\"EOP SCXW222051583 BCX0\" data-ccp-props=\"{}\">\u00a0<\/span>[\/vc_column_text][\/vc_tta_section][\/vc_tta_accordion][vc_empty_space height=\u00a0\u00bb15px\u00a0\u00bb][vc_custom_heading text=\u00a0\u00bb<b>DJ EN CAVALE<\/b>\u00a0\u00bb font_container=\u00a0\u00bbtag:h3|font_size:25|text_align:center|color:%23fc5032&Prime; google_fonts=\u00a0\u00bbfont_family:Roboto%20Condensed%3A300%2C300italic%2Cregular%2Citalic%2C700%2C700italic|font_style:700%20bold%20regular%3A700%3Anormal\u00a0\u00bb css=\u00a0\u00bb.vc_custom_1754504869569{padding-top: 10px !important;}\u00a0\u00bb][vc_custom_heading text=\u00a0\u00bb<b>16h00 \u00e0 18h00 | DJ set<\/b>\u00a0\u00bb font_container=\u00a0\u00bbtag:h3|font_size:18|text_align:center|color:%230a0000&Prime; use_theme_fonts=\u00a0\u00bbyes\u00a0\u00bb][vc_empty_space height=\u00a0\u00bb10px\u00a0\u00bb][vc_single_image image=\u00a0\u00bb5605&Prime; img_size=\u00a0\u00bb300&#215;200&Prime; alignment=\u00a0\u00bbcenter\u00a0\u00bb css=\u00a0\u00bb.vc_custom_1754504902325{border-radius: 10px !important;}\u00a0\u00bb][vc_tta_accordion style=\u00a0\u00bboutline\u00a0\u00bb shape=\u00a0\u00bbround\u00a0\u00bb color=\u00a0\u00bbjuicy-pink\u00a0\u00bb c_icon=\u00a0\u00bb\u00a0\u00bb active_section=\u00a0\u00bb11&Prime; collapsible_all=\u00a0\u00bbtrue\u00a0\u00bb][vc_tta_section title=\u00a0\u00bb<b>Biographie<\/b>\u00a0\u00bb tab_id=\u00a0\u00bb1752599449453-18a0b491-078d\u00a0\u00bb][vc_column_text]<b><span data-contrast=\"auto\">EN CAVALE\u00a0<\/span><\/b>\u2013 Musique \u00e9lectronique, territoire et \u00e9vasion<\/p>\n<p><i><span data-contrast=\"auto\">En Cavale<\/span><\/i><span data-contrast=\"auto\">\u00a0est un collectif artistique form\u00e9 de trois DJs et producteurs de la sc\u00e8ne qu\u00e9b\u00e9coise : Miss Croque, Winback et Kayliox. Ensemble, ils proposent une relecture originale de la musique \u00e9lectronique, en la sortant des clubs pour l\u2019amener l\u00e0 o\u00f9 on l\u2019attend le moins : en pleine nature, sur des lieux patrimoniaux, dans des paysages d\u2019exception ou au c\u0153ur d\u2019\u00e9v\u00e9nements qui c\u00e9l\u00e8brent le terroir qu\u00e9b\u00e9cois.<\/span><span data-ccp-props=\"{&quot;335559738&quot;:240,&quot;335559739&quot;:240}\">\u00a0<\/span><\/p>\n<p><span data-contrast=\"auto\">\u00c0 travers des DJ sets capt\u00e9s en format vid\u00e9o ou pr\u00e9sent\u00e9s en direct devant public,\u00a0<\/span><i><span data-contrast=\"auto\">En Cavale<\/span><\/i><span data-contrast=\"auto\">\u00a0cr\u00e9e des exp\u00e9riences musicales immersives qui marient beats percutants et d\u00e9couvertes locales. Pens\u00e9 comme une s\u00e9rie itin\u00e9rante et \u00e9volutive, le projet vise \u00e0 d\u00e9mocratiser la musique \u00e9lectronique, la rendre accessible, chaleureuse et profond\u00e9ment enracin\u00e9e dans son territoire.<\/span><span data-ccp-props=\"{&quot;335559738&quot;:240,&quot;335559739&quot;:240}\">\u00a0<\/span><\/p>\n<p><span data-contrast=\"auto\">Chaque performance devient ainsi un moment suspendu, o\u00f9 l\u2019on peut autant danser que go\u00fbter, admirer que s\u2019\u00e9vader. En collaborant avec des \u00e9v\u00e9nements r\u00e9gionaux, des producteurs locaux et des lieux touristiques,\u00a0<\/span><i><span data-contrast=\"auto\">En Cavale<\/span><\/i><span data-contrast=\"auto\">\u00a0agit comme un trait d\u2019union entre la sc\u00e8ne \u00e9lectro \u00e9mergente et la richesse culturelle du Qu\u00e9bec.<\/span><span data-ccp-props=\"{&quot;335559738&quot;:240,&quot;335559739&quot;:240}\">\u00a0<\/span><\/p>\n<p><span data-contrast=\"auto\">Port\u00e9 par une vision sensible, inclusive et festive, le collectif cherche avant tout \u00e0 cr\u00e9er des ponts entre les genres, les g\u00e9n\u00e9rations, les r\u00e9gions et les passions.<\/span><span data-ccp-props=\"{&quot;335559738&quot;:240,&quot;335559739&quot;:240}\">\u00a0<\/span><\/p>\n<p>En Cavale, c\u2019est une exp\u00e9rience qui se savoure autant avec les oreilles qu\u2019avec les papilles.[\/vc_column_text][\/vc_tta_section][\/vc_tta_accordion][vc_empty_space height=\u00a0\u00bb10px\u00a0\u00bb][\/vc_column][\/vc_row][vc_row][vc_column][vc_empty_space][vc_empty_space height=\u00a0\u00bb15px\u00a0\u00bb][\/vc_column][\/vc_row][vc_row][vc_column][vc_empty_space][vc_single_image image=\u00a0\u00bb5126&Prime; img_size=\u00a0\u00bblarge\u00a0\u00bb alignment=\u00a0\u00bbcenter\u00a0\u00bb][vc_row_inner][vc_column_inner width=\u00a0\u00bb1\/3&Prime; css=\u00a0\u00bb.vc_custom_1739226627277{padding-top: 10px !important;}\u00a0\u00bb][vc_custom_heading text=\u00a0\u00bb<b> + DE SAVEURS<\/b>\u00a0\u00bb font_container=\u00a0\u00bbtag:h3|font_size:22|text_align:center|color:%230a0a0a\u00a0\u00bb use_theme_fonts=\u00a0\u00bbyes\u00a0\u00bb][vc_column_text]<\/p>\n<p style=\"text-align: center;\"><span data-teams=\"true\">C\u2019est <strong>+<\/strong> de saveurs dans ton assiette : options <strong>sucr\u00e9es, sal\u00e9es, sant\u00e9<\/strong>,<strong> v\u00e9g\u00e9<\/strong>, mais surtout bonnes \u00e0 manger \ud83c\udf54\ud83c\udf66\u00a0<\/span><\/p>\n<p>[\/vc_column_text][vc_single_image image=\u00a0\u00bb5148&Prime; img_size=\u00a0\u00bbfull\u00a0\u00bb alignment=\u00a0\u00bbcenter\u00a0\u00bb style=\u00a0\u00bbvc_box_shadow_3d\u00a0\u00bb][vc_btn title=\u00a0\u00bbCuisine de rue\u00a0\u00bb color=\u00a0\u00bbjuicy-pink\u00a0\u00bb align=\u00a0\u00bbcenter\u00a0\u00bb link=\u00a0\u00bburl:https%3A%2F%2Finfofestibiere.com%2Fquebec%2Fcuisine-de-rue%2F|title:Cuisine%20de%20rue||\u00a0\u00bb][\/vc_column_inner][vc_column_inner width=\u00a0\u00bb1\/3&Prime; css=\u00a0\u00bb.vc_custom_1739226622638{padding-top: 10px !important;}\u00a0\u00bb][vc_custom_heading text=\u00a0\u00bb<b> + DE DIVERSIT\u00c9<\/b>\u00a0\u00bb font_container=\u00a0\u00bbtag:h3|font_size:22|text_align:center|color:%230a0a0a\u00a0\u00bb use_theme_fonts=\u00a0\u00bbyes\u00a0\u00bb][vc_column_text]<\/p>\n<p style=\"text-align: center;\"><span data-teams=\"true\">C\u2019est <strong>+ <\/strong>de <strong>diversit\u00e9 de produits<\/strong> : cocktails, spiritueux, cidres, vins, sans alcool, mais encore de la bi\u00e8re, bien s\u00fbr \ud83c\udf79\u00a0<\/span><\/p>\n<p>[\/vc_column_text][vc_single_image image=\u00a0\u00bb5387&Prime; img_size=\u00a0\u00bbfull\u00a0\u00bb alignment=\u00a0\u00bbcenter\u00a0\u00bb style=\u00a0\u00bbvc_box_shadow_3d\u00a0\u00bb][vc_btn title=\u00a0\u00bbExposants\u00a0\u00bb color=\u00a0\u00bbjuicy-pink\u00a0\u00bb align=\u00a0\u00bbcenter\u00a0\u00bb link=\u00a0\u00bburl:https%3A%2F%2Finfofestibiere.com%2Fquebec%2Fexposants%2F|title:EXPOSANTS||\u00a0\u00bb][\/vc_column_inner][vc_column_inner width=\u00a0\u00bb1\/3&Prime; css=\u00a0\u00bb.vc_custom_1739226632030{padding-top: 10px !important;}\u00a0\u00bb][vc_custom_heading text=\u00a0\u00bb<b> + DE <i>FUN<\/i><\/b>\u00a0\u00bb font_container=\u00a0\u00bbtag:h3|font_size:22|text_align:center|color:%230a0a0a\u00a0\u00bb use_theme_fonts=\u00a0\u00bbyes\u00a0\u00bb][vc_column_text]<\/p>\n<p style=\"text-align: center;\"><span data-teams=\"true\">C\u2019est encore <strong>+<\/strong> de \u00a0<strong>programmation<\/strong>: artistes coup de coeur, nouveaux bars th\u00e9matiques, ateliers, bar cach\u00e9 \ud83c\udfb2 \ud83c\udfb5<\/span><\/p>\n<p>[\/vc_column_text][vc_single_image image=\u00a0\u00bb5150&Prime; img_size=\u00a0\u00bbfull\u00a0\u00bb alignment=\u00a0\u00bbcenter\u00a0\u00bb style=\u00a0\u00bbvc_box_shadow_3d\u00a0\u00bb][vc_btn title=\u00a0\u00bbProgrammation\u00a0\u00bb color=\u00a0\u00bbjuicy-pink\u00a0\u00bb align=\u00a0\u00bbcenter\u00a0\u00bb link=\u00a0\u00bburl:https%3A%2F%2Finfofestibiere.com%2Fquebec%2Fprogrammation%2F|title:PROGRAMMATION||\u00a0\u00bb][\/vc_column_inner][\/vc_row_inner][vc_empty_space height=\u00a0\u00bb20px\u00a0\u00bb][\/vc_column][\/vc_row][vc_row][vc_column][vc_empty_space][vc_empty_space height=\u00a0\u00bb20px\u00a0\u00bb][\/vc_column][\/vc_row][vc_row][vc_column][vc_custom_heading text=\u00a0\u00bb<b>LE FESTIBI\u00c8RE +, C&rsquo;EST \u00c7A!<\/b>\u00a0\u00bb font_container=\u00a0\u00bbtag:h3|font_size:25|text_align:left|color:%23f7c531&Prime; google_fonts=\u00a0\u00bbfont_family:Raleway%3A100%2C200%2C300%2Cregular%2C500%2C600%2C700%2C800%2C900|font_style:300%20light%20regular%3A300%3Anormal\u00a0\u00bb][vc_empty_space height=\u00a0\u00bb10px\u00a0\u00bb][vc_video link=\u00a0\u00bbhttps:\/\/youtu.be\/I0RdUPrxtsY\u00a0\u00bb][vc_empty_space][\/vc_column][\/vc_row][vc_row][vc_column][vc_empty_space][vc_custom_heading text=\u00a0\u00bb<b>TES RENDEZ-VOUS 2025<\/b>\u00a0\u00bb font_container=\u00a0\u00bbtag:h2|font_size:25|text_align:center|color:%23000000&Prime; google_fonts=\u00a0\u00bbfont_family:Raleway%3A100%2C200%2C300%2Cregular%2C500%2C600%2C700%2C800%2C900|font_style:300%20light%20regular%3A300%3Anormal\u00a0\u00bb][vc_text_separator title=\u00a0\u00bbPour des d\u00e9couvertes locales en bi\u00e8res, vins, spiritueux &amp; sans alcool\u00a0\u00bb color=\u00a0\u00bborange\u00a0\u00bb][vc_empty_space height=\u00a0\u00bb15px\u00a0\u00bb][vc_row_inner][vc_column_inner width=\u00a0\u00bb1\/3&Prime; css=\u00a0\u00bb.vc_custom_1699382056857{padding-top: 20px !important;}\u00a0\u00bb][vc_custom_heading text=\u00a0\u00bb<b>QU\u00c9BEC<\/b> \ud83c\udf1e\u00a0\u00bb font_container=\u00a0\u00bbtag:h2|font_size:22|text_align:center|color:%23fc5032&Prime; google_fonts=\u00a0\u00bbfont_family:Raleway%3A100%2C200%2C300%2Cregular%2C500%2C600%2C700%2C800%2C900|font_style:300%20light%20regular%3A300%3Anormal\u00a0\u00bb][vc_custom_heading text=\u00a0\u00bb\u00c0 l&rsquo;an prochain!\u00a0\u00bb font_container=\u00a0\u00bbtag:h3|font_size:20|text_align:center|color:%23000000&Prime; google_fonts=\u00a0\u00bbfont_family:Raleway%3A100%2C200%2C300%2Cregular%2C500%2C600%2C700%2C800%2C900|font_style:300%20light%20regular%3A300%3Anormal\u00a0\u00bb][vc_empty_space height=\u00a0\u00bb10px\u00a0\u00bb][vc_single_image image=\u00a0\u00bb4910&Prime; img_size=\u00a0\u00bb400&#215;400&Prime; style=\u00a0\u00bbvc_box_shadow_3d\u00a0\u00bb onclick=\u00a0\u00bbcustom_link\u00a0\u00bb link=\u00a0\u00bbhttps:\/\/infofestibiere.com\/quebec\/\u00a0\u00bb][\/vc_column_inner][vc_column_inner width=\u00a0\u00bb1\/3&Prime; css=\u00a0\u00bb.vc_custom_1699382052010{padding-top: 20px !important;}\u00a0\u00bb][vc_custom_heading text=\u00a0\u00bb<b>L\u00c9VIS<\/b> \ud83c\udf0a\u00a0\u00bb font_container=\u00a0\u00bbtag:h2|font_size:22|text_align:center|color:%2334a7cf\u00a0\u00bb google_fonts=\u00a0\u00bbfont_family:Raleway%3A100%2C200%2C300%2Cregular%2C500%2C600%2C700%2C800%2C900|font_style:300%20light%20regular%3A300%3Anormal\u00a0\u00bb][vc_custom_heading text=\u00a0\u00bb\u00c0 l&rsquo;an prochain!\u00a0\u00bb font_container=\u00a0\u00bbtag:h3|font_size:20|text_align:center|color:%23000000&Prime; google_fonts=\u00a0\u00bbfont_family:Raleway%3A100%2C200%2C300%2Cregular%2C500%2C600%2C700%2C800%2C900|font_style:300%20light%20regular%3A300%3Anormal\u00a0\u00bb][vc_empty_space height=\u00a0\u00bb10px\u00a0\u00bb][vc_single_image image=\u00a0\u00bb5138&Prime; img_size=\u00a0\u00bb400&#215;400&Prime; style=\u00a0\u00bbvc_box_shadow_3d\u00a0\u00bb onclick=\u00a0\u00bbcustom_link\u00a0\u00bb link=\u00a0\u00bbhttps:\/\/infofestibiere.com\/levis\/\u00a0\u00bb][\/vc_column_inner][vc_column_inner width=\u00a0\u00bb1\/3&Prime; css=\u00a0\u00bb.vc_custom_1699382046462{padding-top: 20px !important;}\u00a0\u00bb][vc_custom_heading text=\u00a0\u00bb<b>SHERBROOKE<\/b> \ud83c\udf33\u00a0\u00bb font_container=\u00a0\u00bbtag:h2|font_size:22|text_align:center|color:%235e9900&Prime; google_fonts=\u00a0\u00bbfont_family:Raleway%3A100%2C200%2C300%2Cregular%2C500%2C600%2C700%2C800%2C900|font_style:300%20light%20regular%3A300%3Anormal\u00a0\u00bb][vc_custom_heading text=\u00a0\u00bb\u00c0 l&rsquo;an prochain!\u00a0\u00bb font_container=\u00a0\u00bbtag:h3|font_size:20|text_align:center|color:%23000000&Prime; google_fonts=\u00a0\u00bbfont_family:Raleway%3A100%2C200%2C300%2Cregular%2C500%2C600%2C700%2C800%2C900|font_style:300%20light%20regular%3A300%3Anormal\u00a0\u00bb][vc_empty_space height=\u00a0\u00bb10px\u00a0\u00bb][vc_single_image image=\u00a0\u00bb5136&Prime; img_size=\u00a0\u00bb400&#215;400&Prime; style=\u00a0\u00bbvc_box_shadow_3d\u00a0\u00bb onclick=\u00a0\u00bbcustom_link\u00a0\u00bb link=\u00a0\u00bbhttps:\/\/infofestibiere.com\/sherbrooke\/\u00a0\u00bb][\/vc_column_inner][\/vc_row_inner][vc_empty_space][vc_empty_space][\/vc_column][\/vc_row][vc_row][vc_column][vc_empty_space][vc_row_inner][vc_column_inner width=\u00a0\u00bb1\/3&Prime; css=\u00a0\u00bb.vc_custom_1678971631180{padding-top: 10px !important;}\u00a0\u00bb][vc_btn title=\u00a0\u00bbDevenir exposants\u00a0\u00bb color=\u00a0\u00bborange\u00a0\u00bb align=\u00a0\u00bbcenter\u00a0\u00bb link=\u00a0\u00bburl:https%3A%2F%2Finfofestibiere.com%2Fdevenir-exposants%2F|||\u00a0\u00bb][\/vc_column_inner][vc_column_inner width=\u00a0\u00bb1\/3&Prime; css=\u00a0\u00bb.vc_custom_1678971636815{padding-top: 10px !important;}\u00a0\u00bb][vc_btn title=\u00a0\u00bbDevenir b\u00e9n\u00e9voles\u00a0\u00bb color=\u00a0\u00bborange\u00a0\u00bb align=\u00a0\u00bbcenter\u00a0\u00bb link=\u00a0\u00bburl:https%3A%2F%2Finfofestibiere.com%2Fla-team%2F|title:La%20team||\u00a0\u00bb][\/vc_column_inner][vc_column_inner width=\u00a0\u00bb1\/3&Prime; css=\u00a0\u00bb.vc_custom_1678971643235{padding-top: 10px !important;}\u00a0\u00bb][vc_btn title=\u00a0\u00bbDevenir partenaires\u00a0\u00bb color=\u00a0\u00bborange\u00a0\u00bb align=\u00a0\u00bbcenter\u00a0\u00bb link=\u00a0\u00bburl:mailto%3Aslapointe%40gestev.com||target:%20_blank|\u00a0\u00bb][\/vc_column_inner][\/vc_row_inner][vc_empty_space][vc_empty_space][\/vc_column][\/vc_row][vc_row][vc_column][vc_empty_space][\/vc_column][\/vc_row][vc_column][\/vc_column][vc_column width=\u00a0\u00bb1\/2&Prime; css=\u00a0\u00bb.vc_custom_1682619386759{padding-top: 20px !important;}\u00a0\u00bb][\/vc_column][vc_column][\/vc_column]<\/p>\n<\/div>","protected":false},"excerpt":{"rendered":"<p>[vc_row][vc_column][vc_empty_space][vc_single_image image=\u00a0\u00bb5536&Prime; img_size=\u00a0\u00bbfull\u00a0\u00bb alignment=\u00a0\u00bbcenter\u00a0\u00bb][vc_message message_box_color=\u00a0\u00bbdanger\u00a0\u00bb icon_fontawesome=\u00a0\u00bbfa fa-heart\u00a0\u00bb]\u00c0 L\u2019AN PROCHAIN QU\u00c9BEC \ud83c\udf7a\ud83c\udf78\ud83c\udfb6 \ud83c\udf1e \u2013 Merci pour la fin de semaine de feu! Le Festibi\u00e8re de Qu\u00e9bec est maintenant termin\u00e9, mais s\u00e8che tes larmes\u2026 on se revoit en 2026 pour encore + de fun, + de saveurs &amp; + de festivit\u00e9s. Cheers!.[\/vc_message][\/vc_column][\/vc_row][vc_row][vc_column][vc_empty_space height=\u00a0\u00bb25px\u00a0\u00bb][vc_custom_heading text=\u00a0\u00bbENCORE + DE MUSIQUE [&hellip;]<\/p>\n","protected":false},"author":2,"featured_media":0,"parent":0,"menu_order":0,"comment_status":"closed","ping_status":"closed","template":"","meta":{"footnotes":""},"class_list":["post-5351","page","type-page","status-publish","hentry"],"yoast_head":"<!-- This site is optimized with the Yoast SEO plugin v27.2 - https:\/\/yoast.com\/product\/yoast-seo-wordpress\/ -->\n<title>Spectacles - de Qu\u00e9bec<\/title>\n<meta name=\"description\" content=\"Cette ann\u00e9e, le Festibi\u00e8re de Qu\u00e9bec c&#039;est + de musique avec des spectacles de Clay and Friends, Gab Paquet &amp; DJ Champion\" \/>\n<meta name=\"robots\" content=\"index, follow, max-snippet:-1, max-image-preview:large, max-video-preview:-1\" \/>\n<link rel=\"canonical\" href=\"https:\/\/infofestibiere.com\/quebec\/spectacles\/\" \/>\n<meta property=\"og:locale\" content=\"fr_FR\" \/>\n<meta property=\"og:type\" content=\"article\" \/>\n<meta property=\"og:title\" content=\"Spectacles - de Qu\u00e9bec\" \/>\n<meta property=\"og:description\" content=\"Cette ann\u00e9e, le Festibi\u00e8re de Qu\u00e9bec c&#039;est + de musique avec des spectacles de Clay and Friends, Gab Paquet &amp; DJ Champion\" \/>\n<meta property=\"og:url\" content=\"https:\/\/infofestibiere.com\/quebec\/spectacles\/\" \/>\n<meta property=\"og:site_name\" content=\"de Qu\u00e9bec\" \/>\n<meta property=\"article:modified_time\" content=\"2025-08-19T17:45:49+00:00\" \/>\n<meta name=\"twitter:card\" content=\"summary_large_image\" \/>\n<meta name=\"twitter:label1\" content=\"Dur\u00e9e de lecture estim\u00e9e\" \/>\n\t<meta name=\"twitter:data1\" content=\"18 minutes\" \/>\n<script type=\"application\/ld+json\" class=\"yoast-schema-graph\">{\"@context\":\"https:\/\/schema.org\",\"@graph\":[{\"@type\":\"WebPage\",\"@id\":\"https:\/\/infofestibiere.com\/quebec\/spectacles\/\",\"url\":\"https:\/\/infofestibiere.com\/quebec\/spectacles\/\",\"name\":\"Spectacles - de Qu\u00e9bec\",\"isPartOf\":{\"@id\":\"https:\/\/infofestibiere.com\/quebec\/#website\"},\"datePublished\":\"2025-07-15T17:24:03+00:00\",\"dateModified\":\"2025-08-19T17:45:49+00:00\",\"description\":\"Cette ann\u00e9e, le Festibi\u00e8re de Qu\u00e9bec c'est + de musique avec des spectacles de Clay and Friends, Gab Paquet & DJ Champion\",\"breadcrumb\":{\"@id\":\"https:\/\/infofestibiere.com\/quebec\/spectacles\/#breadcrumb\"},\"inLanguage\":\"fr-FR\",\"potentialAction\":[{\"@type\":\"ReadAction\",\"target\":[\"https:\/\/infofestibiere.com\/quebec\/spectacles\/\"]}]},{\"@type\":\"BreadcrumbList\",\"@id\":\"https:\/\/infofestibiere.com\/quebec\/spectacles\/#breadcrumb\",\"itemListElement\":[{\"@type\":\"ListItem\",\"position\":1,\"name\":\"Accueil\",\"item\":\"https:\/\/infofestibiere.com\/quebec\/\"},{\"@type\":\"ListItem\",\"position\":2,\"name\":\"Spectacles\"}]},{\"@type\":\"WebSite\",\"@id\":\"https:\/\/infofestibiere.com\/quebec\/#website\",\"url\":\"https:\/\/infofestibiere.com\/quebec\/\",\"name\":\"de Qu\u00e9bec\",\"description\":\"Go\u00fbter l&#039;\u00e9t\u00e9!\",\"potentialAction\":[{\"@type\":\"SearchAction\",\"target\":{\"@type\":\"EntryPoint\",\"urlTemplate\":\"https:\/\/infofestibiere.com\/quebec\/?s={search_term_string}\"},\"query-input\":{\"@type\":\"PropertyValueSpecification\",\"valueRequired\":true,\"valueName\":\"search_term_string\"}}],\"inLanguage\":\"fr-FR\"}]}<\/script>\n<!-- \/ Yoast SEO plugin. -->","yoast_head_json":{"title":"Spectacles - de Qu\u00e9bec","description":"Cette ann\u00e9e, le Festibi\u00e8re de Qu\u00e9bec c'est + de musique avec des spectacles de Clay and Friends, Gab Paquet & DJ Champion","robots":{"index":"index","follow":"follow","max-snippet":"max-snippet:-1","max-image-preview":"max-image-preview:large","max-video-preview":"max-video-preview:-1"},"canonical":"https:\/\/infofestibiere.com\/quebec\/spectacles\/","og_locale":"fr_FR","og_type":"article","og_title":"Spectacles - de Qu\u00e9bec","og_description":"Cette ann\u00e9e, le Festibi\u00e8re de Qu\u00e9bec c'est + de musique avec des spectacles de Clay and Friends, Gab Paquet & DJ Champion","og_url":"https:\/\/infofestibiere.com\/quebec\/spectacles\/","og_site_name":"de Qu\u00e9bec","article_modified_time":"2025-08-19T17:45:49+00:00","twitter_card":"summary_large_image","twitter_misc":{"Dur\u00e9e de lecture estim\u00e9e":"18 minutes"},"schema":{"@context":"https:\/\/schema.org","@graph":[{"@type":"WebPage","@id":"https:\/\/infofestibiere.com\/quebec\/spectacles\/","url":"https:\/\/infofestibiere.com\/quebec\/spectacles\/","name":"Spectacles - de Qu\u00e9bec","isPartOf":{"@id":"https:\/\/infofestibiere.com\/quebec\/#website"},"datePublished":"2025-07-15T17:24:03+00:00","dateModified":"2025-08-19T17:45:49+00:00","description":"Cette ann\u00e9e, le Festibi\u00e8re de Qu\u00e9bec c'est + de musique avec des spectacles de Clay and Friends, Gab Paquet & DJ Champion","breadcrumb":{"@id":"https:\/\/infofestibiere.com\/quebec\/spectacles\/#breadcrumb"},"inLanguage":"fr-FR","potentialAction":[{"@type":"ReadAction","target":["https:\/\/infofestibiere.com\/quebec\/spectacles\/"]}]},{"@type":"BreadcrumbList","@id":"https:\/\/infofestibiere.com\/quebec\/spectacles\/#breadcrumb","itemListElement":[{"@type":"ListItem","position":1,"name":"Accueil","item":"https:\/\/infofestibiere.com\/quebec\/"},{"@type":"ListItem","position":2,"name":"Spectacles"}]},{"@type":"WebSite","@id":"https:\/\/infofestibiere.com\/quebec\/#website","url":"https:\/\/infofestibiere.com\/quebec\/","name":"de Qu\u00e9bec","description":"Go\u00fbter l&#039;\u00e9t\u00e9!","potentialAction":[{"@type":"SearchAction","target":{"@type":"EntryPoint","urlTemplate":"https:\/\/infofestibiere.com\/quebec\/?s={search_term_string}"},"query-input":{"@type":"PropertyValueSpecification","valueRequired":true,"valueName":"search_term_string"}}],"inLanguage":"fr-FR"}]}},"_links":{"self":[{"href":"https:\/\/infofestibiere.com\/quebec\/wp-json\/wp\/v2\/pages\/5351","targetHints":{"allow":["GET"]}}],"collection":[{"href":"https:\/\/infofestibiere.com\/quebec\/wp-json\/wp\/v2\/pages"}],"about":[{"href":"https:\/\/infofestibiere.com\/quebec\/wp-json\/wp\/v2\/types\/page"}],"author":[{"embeddable":true,"href":"https:\/\/infofestibiere.com\/quebec\/wp-json\/wp\/v2\/users\/2"}],"replies":[{"embeddable":true,"href":"https:\/\/infofestibiere.com\/quebec\/wp-json\/wp\/v2\/comments?post=5351"}],"version-history":[{"count":37,"href":"https:\/\/infofestibiere.com\/quebec\/wp-json\/wp\/v2\/pages\/5351\/revisions"}],"predecessor-version":[{"id":5659,"href":"https:\/\/infofestibiere.com\/quebec\/wp-json\/wp\/v2\/pages\/5351\/revisions\/5659"}],"wp:attachment":[{"href":"https:\/\/infofestibiere.com\/quebec\/wp-json\/wp\/v2\/media?parent=5351"}],"curies":[{"name":"wp","href":"https:\/\/api.w.org\/{rel}","templated":true}]}}