{"id":2,"date":"2017-04-24T22:16:48","date_gmt":"2017-04-24T20:16:48","guid":{"rendered":"http:\/\/infofestibiere.com\/quebec\/?page_id=2"},"modified":"2025-09-04T20:33:39","modified_gmt":"2025-09-04T18:33:39","slug":"festival-de-bieres-quebec","status":"publish","type":"page","link":"https:\/\/infofestibiere.com\/quebec\/","title":{"rendered":"ACCUEIL"},"content":{"rendered":"<div class=\"wpb-content-wrapper\"><p>[vc_row][vc_column][vc_empty_space][vc_message message_box_color=\u00a0\u00bbdanger\u00a0\u00bb icon_fontawesome=\u00a0\u00bbfa fa-heart\u00a0\u00bb]<span style=\"font-weight: 400;\"><strong>\u00c0 L\u2019AN PROCHAIN QU\u00c9BEC <\/strong>\ud83c\udf7a\ud83c\udf78\ud83c\udfb6 \ud83c\udf1e \u2013 Merci pour la fin de semaine de feu! Le Festibi\u00e8re de Qu\u00e9bec est maintenant termin\u00e9, mais s\u00e8che tes larmes\u2026 on se revoit en 2026 pour encore + de fun, + de saveurs &amp; + de festivit\u00e9s. Cheers!<\/span>[\/vc_message][vc_empty_space height=\u00a0\u00bb20px\u00a0\u00bb][\/vc_column][\/vc_row][vc_row css=\u00a0\u00bb.vc_custom_1678291555761{padding-top: 20px !important;}\u00a0\u00bb][vc_column width=\u00a0\u00bb1\/3&Prime; css=\u00a0\u00bb.vc_custom_1651090515309{padding-top: 10px !important;}\u00a0\u00bb][vc_single_image image=\u00a0\u00bb5544&Prime; img_size=\u00a0\u00bb450&#215;483&Prime; alignment=\u00a0\u00bbcenter\u00a0\u00bb][\/vc_column][vc_column width=\u00a0\u00bb2\/3&Prime; css=\u00a0\u00bb.vc_custom_1678290963390{padding-top: 10px !important;}\u00a0\u00bb][vc_custom_heading text=\u00a0\u00bb<b>LE FESTIBI\u00c8RE DE QU\u00c9BEC<\/b>\u00a0\u00bb font_container=\u00a0\u00bbtag:h1|font_size:25|text_align:left|color:%23fc5032&Prime; google_fonts=\u00a0\u00bbfont_family:Raleway%3A100%2C200%2C300%2Cregular%2C500%2C600%2C700%2C800%2C900|font_style:300%20light%20regular%3A300%3Anormal\u00a0\u00bb][vc_custom_heading text=\u00a0\u00bb<b> 14 AU 17 AO\u00dbT 2025 | ESPACE 400E<\/b>\u00a0\u00bb font_container=\u00a0\u00bbtag:h2|font_size:22|text_align:left|color:%230a0202&Prime; google_fonts=\u00a0\u00bbfont_family:Raleway%3A100%2C200%2C300%2Cregular%2C500%2C600%2C700%2C800%2C900|font_style:300%20light%20regular%3A300%3Anormal\u00a0\u00bb][vc_column_text]<span style=\"font-weight: 400;\">Cet \u00e9t\u00e9, Le Festibi\u00e8re de Qu\u00e9bec revient en force avec son tout nouveau concept: Le Festibi\u00e8re +. \u00c7a veut dire<strong><span class=\"NormalTextRun SCXW62427465 BCX0\">\u00a0+<\/span><span class=\"NormalTextRun SCXW62427465 BCX0\">\u00a0de<\/span><span class=\"NormalTextRun SCXW62427465 BCX0\">\u00a0<em>fun<\/em>,<\/span><span class=\"NormalTextRun SCXW62427465 BCX0\">\u00a0+ de saveurs\u00a0<\/span><\/strong><span class=\"NormalTextRun SCXW62427465 BCX0\">et<\/span><strong><span class=\"NormalTextRun SCXW62427465 BCX0\">\u00a0+<\/span><span class=\"NormalTextRun SCXW62427465 BCX0\">\u00a0de\u00a0<\/span><\/strong><span class=\"NormalTextRun SCXW62427465 BCX0\"><strong>diversit\u00e9<\/strong><\/span>\u00a0 pour te faire encore + <strong>go\u00fbter l&rsquo;\u00e9t\u00e9<\/strong>! C\u2019est un rendez-vous du 14 au 17 ao\u00fbt aux Quais de l&rsquo;Espace 400e <\/span><span style=\"font-weight: 400;\"><b>dans une ambiance de vacances.<\/b><\/span><\/p>\n<p><span style=\"font-weight: 400;\">L&rsquo;occasion parfaite de finir l&rsquo;\u00e9t\u00e9 en beaut\u00e9 avec divertissement &amp; d\u00e9couvertes locales!<\/span>[\/vc_column_text][vc_row_inner][vc_column_inner width=\u00a0\u00bb1\/2&Prime; css=\u00a0\u00bb.vc_custom_1739293619344{padding-top: 10px !important;}\u00a0\u00bb][vc_icon type=\u00a0\u00bbentypo\u00a0\u00bb icon_entypo=\u00a0\u00bbentypo-icon entypo-icon-calendar\u00a0\u00bb color=\u00a0\u00bbcustom\u00a0\u00bb size=\u00a0\u00bblg\u00a0\u00bb align=\u00a0\u00bbcenter\u00a0\u00bb custom_color=\u00a0\u00bb#fc5032&Prime; el_class=\u00a0\u00bbfloat-left\u00a0\u00bb css=\u00a0\u00bb.vc_custom_1739293631310{padding-bottom: 40px !important;}\u00a0\u00bb][vc_custom_heading text=\u00a0\u00bb<b>14 AU 17 AO\u00dbT 2025<\/b>\u00a0\u00bb font_container=\u00a0\u00bbtag:h3|font_size:18|text_align:left|color:%23000000&Prime; google_fonts=\u00a0\u00bbfont_family:Raleway%3A100%2C200%2C300%2Cregular%2C500%2C600%2C700%2C800%2C900|font_style:300%20light%20regular%3A300%3Anormal\u00a0\u00bb tm_font_weight=\u00a0\u00bb400&Prime;][vc_column_text]<\/p>\n<p style=\"text-align: left;\">Jeudi | 16h \u00e0 23h<br \/>\nVendredi | 12h \u00e0 23h<br \/>\nSamedi | 12h \u00e0 23h<br \/>\nDimanche | 12h \u00e0 19h<\/p>\n<p>[\/vc_column_text][\/vc_column_inner][vc_column_inner width=\u00a0\u00bb1\/2&Prime; css=\u00a0\u00bb.vc_custom_1739293623712{padding-top: 10px !important;}\u00a0\u00bb][vc_icon type=\u00a0\u00bbentypo\u00a0\u00bb icon_entypo=\u00a0\u00bbentypo-icon entypo-icon-location\u00a0\u00bb color=\u00a0\u00bbcustom\u00a0\u00bb size=\u00a0\u00bblg\u00a0\u00bb align=\u00a0\u00bbcenter\u00a0\u00bb custom_color=\u00a0\u00bb#fc5032&Prime; el_class=\u00a0\u00bbfloat-left\u00a0\u00bb css=\u00a0\u00bb.vc_custom_1739293642485{padding-bottom: 40px !important;}\u00a0\u00bb][vc_custom_heading text=\u00a0\u00bb<b>QUAIS DE L&rsquo;ESPACE 400E<\/b>\u00a0\u00bb font_container=\u00a0\u00bbtag:h3|font_size:18|text_align:left|color:%23000000&Prime; google_fonts=\u00a0\u00bbfont_family:Raleway%3A100%2C200%2C300%2Cregular%2C500%2C600%2C700%2C800%2C900|font_style:300%20light%20regular%3A300%3Anormal\u00a0\u00bb tm_font_weight=\u00a0\u00bb400&Prime;][vc_column_text]<\/p>\n<p style=\"text-align: left;\"><span style=\"text-decoration: underline;\"><a href=\"https:\/\/goo.gl\/maps\/WKxVVX5kjHNJ62XQ8\" target=\"_blank\" rel=\"noopener\">100 Quai Saint-Andr\u00e9, Vieux-Port de Qu\u00e9bec, Qu\u00e9bec, QC G1K 3Y2<\/a><\/span><\/p>\n<p>[\/vc_column_text][vc_btn title=\u00a0\u00bbPlan de site\u00a0\u00bb align=\u00a0\u00bbcenter\u00a0\u00bb i_icon_fontawesome=\u00a0\u00bbfa fa-map\u00a0\u00bb add_icon=\u00a0\u00bbtrue\u00a0\u00bb link=\u00a0\u00bburl:https%3A%2F%2Finfofestibiere.com%2Fquebec%2Fwp-content%2Fuploads%2Fsites%2F2%2F2025%2F08%2FFBQ25_plan-site.pdf||target:%20_blank|\u00a0\u00bb][\/vc_column_inner][\/vc_row_inner][\/vc_column][\/vc_row][vc_row][vc_column][vc_empty_space][vc_single_image image=\u00a0\u00bb5126&Prime; img_size=\u00a0\u00bblarge\u00a0\u00bb alignment=\u00a0\u00bbcenter\u00a0\u00bb][vc_row_inner][vc_column_inner width=\u00a0\u00bb1\/3&Prime; css=\u00a0\u00bb.vc_custom_1739226632030{padding-top: 10px !important;}\u00a0\u00bb][vc_custom_heading text=\u00a0\u00bb<b> + DE <i>FUN<\/i><\/b>\u00a0\u00bb font_container=\u00a0\u00bbtag:h3|font_size:22|text_align:center|color:%230a0a0a\u00a0\u00bb use_theme_fonts=\u00a0\u00bbyes\u00a0\u00bb][vc_column_text]<\/p>\n<p style=\"text-align: center;\"><span data-teams=\"true\">C\u2019est encore <strong>+<\/strong> de <strong>musique<\/strong> et de <strong>programmation<\/strong>: artistes coup de coeur<em>,<\/em> bar cach\u00e9, tatouage ou <em>boardwalk<\/em> \ud83c\udfb5<\/span><\/p>\n<p>[\/vc_column_text][vc_btn title=\u00a0\u00bb\u00c0 FAIRE\u00a0\u00bb color=\u00a0\u00bbjuicy-pink\u00a0\u00bb align=\u00a0\u00bbcenter\u00a0\u00bb link=\u00a0\u00bburl:https%3A%2F%2Finfofestibiere.com%2Fquebec%2Fprogrammation%2F|title:PROGRAMMATION||\u00a0\u00bb][vc_single_image image=\u00a0\u00bb5150&Prime; img_size=\u00a0\u00bbfull\u00a0\u00bb alignment=\u00a0\u00bbcenter\u00a0\u00bb style=\u00a0\u00bbvc_box_shadow_3d\u00a0\u00bb][\/vc_column_inner][vc_column_inner width=\u00a0\u00bb1\/3&Prime; css=\u00a0\u00bb.vc_custom_1739226622638{padding-top: 10px !important;}\u00a0\u00bb][vc_custom_heading text=\u00a0\u00bb<b> + DE DIVERSIT\u00c9<\/b>\u00a0\u00bb font_container=\u00a0\u00bbtag:h3|font_size:22|text_align:center|color:%230a0a0a\u00a0\u00bb use_theme_fonts=\u00a0\u00bbyes\u00a0\u00bb][vc_column_text]<\/p>\n<p style=\"text-align: center;\"><span data-teams=\"true\">C\u2019est <strong>+ <\/strong>de <strong>diversit\u00e9 de produits<\/strong> : cocktails, spiritueux, cidres, vins, sans alcool, mais encore de la bi\u00e8re, bien s\u00fbr \ud83c\udf79\u00a0<\/span><\/p>\n<p>[\/vc_column_text][vc_btn title=\u00a0\u00bb\u00c0 BOIRE\u00a0\u00bb color=\u00a0\u00bbjuicy-pink\u00a0\u00bb align=\u00a0\u00bbcenter\u00a0\u00bb link=\u00a0\u00bburl:https%3A%2F%2Finfofestibiere.com%2Fquebec%2Fexposants%2F|title:EXPOSANTS||\u00a0\u00bb][vc_single_image image=\u00a0\u00bb5143&Prime; img_size=\u00a0\u00bbfull\u00a0\u00bb alignment=\u00a0\u00bbcenter\u00a0\u00bb style=\u00a0\u00bbvc_box_shadow_3d\u00a0\u00bb][\/vc_column_inner][vc_column_inner width=\u00a0\u00bb1\/3&Prime; css=\u00a0\u00bb.vc_custom_1739226627277{padding-top: 10px !important;}\u00a0\u00bb][vc_custom_heading text=\u00a0\u00bb<b> + DE SAVEURS<\/b>\u00a0\u00bb font_container=\u00a0\u00bbtag:h3|font_size:22|text_align:center|color:%230a0a0a\u00a0\u00bb use_theme_fonts=\u00a0\u00bbyes\u00a0\u00bb][vc_column_text]<\/p>\n<p style=\"text-align: center;\"><span data-teams=\"true\">C\u2019est <strong>+<\/strong> de saveurs dans ton assiette : options <strong>sucr\u00e9es, sal\u00e9es, sant\u00e9<\/strong>,<strong> v\u00e9g\u00e9<\/strong>, mais surtout bonnes \u00e0 manger \ud83c\udf54\ud83c\udf66\u00a0<\/span><\/p>\n<p>[\/vc_column_text][vc_btn title=\u00a0\u00bb\u00c0 MANGER\u00a0\u00bb color=\u00a0\u00bbjuicy-pink\u00a0\u00bb align=\u00a0\u00bbcenter\u00a0\u00bb link=\u00a0\u00bburl:https%3A%2F%2Finfofestibiere.com%2Fquebec%2Fcuisine-de-rue%2F|title:Cuisine%20de%20rue||\u00a0\u00bb][vc_single_image image=\u00a0\u00bb5148&Prime; img_size=\u00a0\u00bbfull\u00a0\u00bb alignment=\u00a0\u00bbcenter\u00a0\u00bb style=\u00a0\u00bbvc_box_shadow_3d\u00a0\u00bb][\/vc_column_inner][\/vc_row_inner][\/vc_column][\/vc_row][vc_row][vc_column][vc_empty_space][vc_custom_heading text=\u00a0\u00bb3 SOIRS DE SPECTACLES \ud83c\udf1e\u00a0\u00bb font_container=\u00a0\u00bbtag:h3|font_size:26|text_align:center|color:%230a0000&Prime; google_fonts=\u00a0\u00bbfont_family:Roboto%20Condensed%3A300%2C300italic%2Cregular%2Citalic%2C700%2C700italic|font_style:700%20bold%20regular%3A700%3Anormal\u00a0\u00bb][vc_empty_space height=\u00a0\u00bb10px\u00a0\u00bb][vc_row_inner][vc_column_inner css=\u00a0\u00bb.vc_custom_1742421757917{padding-top: 10px !important;}\u00a0\u00bb][vc_column_text]On te l&rsquo;avait dit! Cette ann\u00e9e, Le Festibi\u00e8re c&rsquo;est <strong>+ de <em>fun<\/em><\/strong> et\u00a0<strong>+ de musique <\/strong>avec <strong>Clay and Friends<\/strong><b>,<\/b>\u00a0<strong>Gab Paquet,<\/strong>\u00a0<strong>DJ Champion, Caravane<\/strong>\u00a0&amp; bien plus, propuls\u00e9s par WKND 91,9, sur la Sc\u00e8ne Microbrasserie Charlevoix.<\/p>\n<p>Entr\u00e9e gratuite! R\u00e9serve ton acc\u00e8s \u00e0 la d\u00e9gustation pour profiter de l&rsquo;\u00e9v\u00e8nement au maximum<strong> \ud83c\udfab\u00a0<\/strong>[\/vc_column_text][\/vc_column_inner][\/vc_row_inner][vc_empty_space height=\u00a0\u00bb20px\u00a0\u00bb][vc_single_image image=\u00a0\u00bb5546&Prime; img_size=\u00a0\u00bbfull\u00a0\u00bb alignment=\u00a0\u00bbcenter\u00a0\u00bb style=\u00a0\u00bbvc_box_shadow_3d\u00a0\u00bb onclick=\u00a0\u00bbcustom_link\u00a0\u00bb css=\u00a0\u00bb.vc_custom_1754920564494{border-radius: 10px !important;}\u00a0\u00bb link=\u00a0\u00bbhttps:\/\/infofestibiere.com\/quebec\/spectacles\/\u00a0\u00bb][vc_btn title=\u00a0\u00bbD\u00e9tails des spectacles!\u00a0\u00bb color=\u00a0\u00bbdanger\u00a0\u00bb size=\u00a0\u00bbsm\u00a0\u00bb align=\u00a0\u00bbcenter\u00a0\u00bb link=\u00a0\u00bburl:https%3A%2F%2Finfofestibiere.com%2Fquebec%2Fspectacles%2F|title:Programmation|target:%20_blank|\u00a0\u00bb][vc_empty_space height=\u00a0\u00bb20px\u00a0\u00bb][\/vc_column][\/vc_row][vc_row][vc_column css=\u00a0\u00bb.vc_custom_1556631714317{padding-top: 15px !important;padding-bottom: 15px !important;}\u00a0\u00bb][vc_column_text]<a id=\"informations\"><\/a><span style=\"color: #ffffff;\">.<\/span>[\/vc_column_text][vc_tta_tabs color=\u00a0\u00bbblack\u00a0\u00bb active_section=\u00a0\u00bb1&Prime;][vc_tta_section title=\u00a0\u00bb<b>Fonctionnement<\/b>\u00a0\u00bb tab_id=\u00a0\u00bb1733176405378-a7642799-a72b\u00a0\u00bb][vc_column_text]<strong><a style=\"color: #ffffff; background-color: #fc5032; padding: 2px 10px;\">Options de billets:<\/a><\/strong><\/p>\n<ul>\n<li><strong>L\u2019acc\u00e8s hebdomadaire:<\/strong>\u00a0l\u2019acc\u00e8s \u00e0 la d\u00e9gustation pour toute la dur\u00e9e de l\u2019\u00e9v\u00e8nement, 1 bracelet et 1\u00a0<em>ecocup<\/em><\/li>\n<li><strong>L\u2019acc\u00e8s journalier:\u00a0<\/strong>l\u2019acc\u00e8s \u00e0 la d\u00e9gustation pour une journ\u00e9e de ton choix durant l\u2019\u00e9v\u00e8nement, 1 bracelet et 1\u00a0<em>ecocup<\/em><\/li>\n<li><strong>L\u2019acc\u00e8s journalier au Salon Privil\u00e8ge:<\/strong>\u00a0Acc\u00e8s journalier \u00e0 un espace priv\u00e9 avec consommations incluses sur produits s\u00e9lectionn\u00e9s &amp; commodit\u00e9s V.I.P.\u00a0<strong>+<\/strong>\u00a0l\u2019acc\u00e8s journalier r\u00e9gulier (d\u00e9gustations payantes).\u00a0<span style=\"text-decoration: underline;\"><a href=\"https:\/\/infofestibiere.com\/salon-privilege\/\" target=\"_blank\" rel=\"noopener\">En savoir plus.<\/a><\/span><\/li>\n<li>(\u00c9PUIS\u00c9)\u00a0<strong>\u2013 L\u2019Exp\u00e9rience Festibi\u00e8re:<\/strong>\u00a0l\u2019acc\u00e8s \u00e0 la d\u00e9gustation pour toute la dur\u00e9e de l\u2019\u00e9v\u00e8nement, 1 bracelet, 1\u00a0<em>ecocup<\/em> et 1 d\u00e9gustation de 4 oz gratuite valide chez l&rsquo;exposant de ton choix.<\/li>\n<\/ul>\n<p><strong><a style=\"color: #ffffff; background-color: #fc5032; padding: 2px 10px;\">Fonctionnement:<\/a><\/strong><\/p>\n<ul>\n<li>L&rsquo;entr\u00e9e sur le site est gratuite. Bienvenue aux familles!<\/li>\n<li>Le <strong>bracelet<\/strong> et le <b data-stringify-type=\"bold\">verre <\/b>(<i data-stringify-type=\"italic\">ecocup<\/i>\u00a0ou verre souvenir*) sont obligatoires pour d\u00e9guster les produits des kiosques sur place <b data-stringify-type=\"bold\">(18 ans et +)\u00a0<\/b><\/li>\n<li data-stringify-indent=\"0\" data-stringify-border=\"0\"><strong>Mode de paiement<\/strong> en argent comptant ou par carte. (Prix et mode de paiement \u00e0 la discr\u00e9tion des exposants) \/\/\u00a0Moyenne de 3$ \u00e0 8$ pour une d\u00e9gustation de 4oz. Le pourboire n\u2019est pas inclus.<\/li>\n<li>Le verre souvenir en verre N&rsquo;INCLUT PAS l&rsquo;acc\u00e8s \u00e0 la d\u00e9gustation<\/li>\n<li>Un coupon de <strong>d\u00e9gustation gratuite <\/strong>(4oz) , exclusif aux d\u00e9tenteurs du billet Exp\u00e9rience Festibi\u00e8re, sera remis au m\u00eame moment que le bracelet et le verre \u00e0 la billetterie lors de l&rsquo;\u00e9v\u00e8nement.<\/li>\n<li><strong>Les produits du Festibi\u00e8re ne sont pas remboursables ni \u00e9changeables. <\/strong><a href=\"https:\/\/infofestibiere.com\/conditions-de-ventes-festibiere\/\"><span style=\"text-decoration: underline;\">Conditions de ventes<\/span><\/a><\/li>\n<\/ul>\n<p>[\/vc_column_text][vc_row_inner][vc_column_inner width=\u00a0\u00bb1\/4&Prime; css=\u00a0\u00bb.vc_custom_1742422686538{padding-top: 10px !important;}\u00a0\u00bb][vc_btn title=\u00a0\u00bbInfos pratiques\u00a0\u00bb style=\u00a0\u00bboutline\u00a0\u00bb color=\u00a0\u00bbjuicy-pink\u00a0\u00bb size=\u00a0\u00bbsm\u00a0\u00bb align=\u00a0\u00bbcenter\u00a0\u00bb link=\u00a0\u00bburl:https%3A%2F%2Finfofestibiere.com%2Fquebec%2Finformation%2F|title:INFORMATIONS|target:%20_blank|\u00a0\u00bb][\/vc_column_inner][vc_column_inner width=\u00a0\u00bb1\/4&Prime; css=\u00a0\u00bb.vc_custom_1742422690602{padding-top: 10px !important;}\u00a0\u00bb][vc_btn title=\u00a0\u00bbFoire aux questions\u00a0\u00bb style=\u00a0\u00bboutline\u00a0\u00bb color=\u00a0\u00bbjuicy-pink\u00a0\u00bb size=\u00a0\u00bbsm\u00a0\u00bb align=\u00a0\u00bbcenter\u00a0\u00bb link=\u00a0\u00bburl:https%3A%2F%2Finfofestibiere.com%2Ffaq%2F||target:%20_blank|\u00a0\u00bb][\/vc_column_inner][\/vc_row_inner][\/vc_tta_section][vc_tta_section title=\u00a0\u00bb<b>Infos utiles<\/b> \u00a0\u00bb tab_id=\u00a0\u00bb1733176405427-cbf35292-9dd6&Prime;][vc_column_text]<\/p>\n<ul>\n<li><strong>Quand?<\/strong> 14 au 17 ao\u00fbt 2025<\/li>\n<li><strong>O\u00f9?<\/strong> Au Quais de l&rsquo;Espace 400e, <a href=\"https:\/\/maps.app.goo.gl\/i6Kus23DCr8Js2yH9\" target=\"_blank\" rel=\"noopener\"><span style=\"text-decoration: underline;\">100 Quai Saint-Andr\u00e9, Qu\u00e9bec, QC G1K 9B7<\/span><\/a><\/li>\n<li><strong>Quoi?<\/strong> Beaucoup + qu\u2019un festival de bi\u00e8res \/\/ L&rsquo;\u00e9v\u00e8nement estival le + festif en ville<\/li>\n<li><strong>Qui?<\/strong> Plusieurs kiosques offrant bi\u00e8res, cocktails, spiritueux, vins, cidres, sans alcool, en plus de repas sucr\u00e9s, sal\u00e9, sant\u00e9s et bon \u00e0 manger!<\/li>\n<li><strong>Pourquoi?<\/strong> Parce que c&rsquo;est la meilleure mani\u00e8re de go\u00fbter l&rsquo;\u00e9t\u00e9 \ud83c\udf1e<\/li>\n<\/ul>\n<p>Pour plus d&rsquo;informations, consulte l&rsquo;<strong>onglet <a href=\"https:\/\/infofestibiere.com\/quebec\/information\/\"><span style=\"text-decoration: underline;\">Informations<\/span><\/a> <\/strong>du Festibi\u00e8re de Qu\u00e9bec.[\/vc_column_text][vc_btn title=\u00a0\u00bbPlan de site\u00a0\u00bb align=\u00a0\u00bbcenter\u00a0\u00bb i_icon_fontawesome=\u00a0\u00bbfa fa-map\u00a0\u00bb add_icon=\u00a0\u00bbtrue\u00a0\u00bb link=\u00a0\u00bburl:https%3A%2F%2Finfofestibiere.com%2Fquebec%2Fwp-content%2Fuploads%2Fsites%2F2%2F2025%2F08%2FFBQ25_plan-site.pdf||target:%20_blank|\u00a0\u00bb][\/vc_tta_section][vc_tta_section title=\u00a0\u00bb<b>Billets<\/b>\u00a0\u00bb tab_id=\u00a0\u00bb1733176866275-3386ae11-73ed\u00a0\u00bb][vc_column_text]<\/p>\n<div data-olk-copy-source=\"MessageBody\">\n<p>Les acc\u00e8s \u00e0 la d\u00e9gustation 2025 ne sont plus en vente. <strong>Reste \u00e0 l&rsquo;aff\u00fbt pour l&rsquo;\u00e9dition 2026!<\/strong><\/p>\n<p>\ud83d\udc49 L\u2019entr\u00e9e sur le site est gratuite. L\u2019acc\u00e8s \u00e0 la d\u00e9gustation est obligatoire pour d\u00e9guster les produits des kiosques sur place (18 ans et +).<\/p>\n<\/div>\n<p>[\/vc_column_text][vc_btn title=\u00a0\u00bbJe m&rsquo;abonne \u00e0 l&rsquo;infolettre!\u00a0\u00bb color=\u00a0\u00bbjuicy-pink\u00a0\u00bb align=\u00a0\u00bbleft\u00a0\u00bb link=\u00a0\u00bburl:http%3A%2F%2Feepurl.com%2FgrW2sD||target:%20_blank|\u00a0\u00bb][\/vc_tta_section][\/vc_tta_tabs][\/vc_column][\/vc_row][vc_row][vc_column css=\u00a0\u00bb.vc_custom_1651090515309{padding-top: 10px !important;}\u00a0\u00bb][vc_empty_space height=\u00a0\u00bb20px\u00a0\u00bb][vc_row_inner][vc_column_inner width=\u00a0\u00bb1\/3&Prime; css=\u00a0\u00bb.vc_custom_1651090420479{padding-top: 10px !important;}\u00a0\u00bb][vc_btn title=\u00a0\u00bbNOUS JOINDRE\u00a0\u00bb color=\u00a0\u00bbjuicy-pink\u00a0\u00bb align=\u00a0\u00bbcenter\u00a0\u00bb i_icon_fontawesome=\u00a0\u00bbfa fa-phone\u00a0\u00bb add_icon=\u00a0\u00bbtrue\u00a0\u00bb link=\u00a0\u00bburl:https%3A%2F%2Finfofestibiere.com%2Fnousjoindre%2F|title:NOUS%20JOINDRE|target:%20_blank|\u00a0\u00bb][\/vc_column_inner][vc_column_inner width=\u00a0\u00bb1\/3&Prime; css=\u00a0\u00bb.vc_custom_1651090411591{padding-top: 10px !important;}\u00a0\u00bb][vc_btn title=\u00a0\u00bbPROGRAMMATION 2025&Prime; color=\u00a0\u00bbjuicy-pink\u00a0\u00bb align=\u00a0\u00bbcenter\u00a0\u00bb i_icon_fontawesome=\u00a0\u00bbfa fa-ticket\u00a0\u00bb add_icon=\u00a0\u00bbtrue\u00a0\u00bb link=\u00a0\u00bburl:https%3A%2F%2Finfofestibiere.com%2Fquebec%2Fprogrammation%2F||target:%20_blank|\u00a0\u00bb][\/vc_column_inner][vc_column_inner width=\u00a0\u00bb1\/3&Prime; css=\u00a0\u00bb.vc_custom_1651090427836{padding-top: 10px !important;}\u00a0\u00bb][vc_btn title=\u00a0\u00bbINFOLETTRE\u00a0\u00bb color=\u00a0\u00bbjuicy-pink\u00a0\u00bb align=\u00a0\u00bbcenter\u00a0\u00bb i_icon_fontawesome=\u00a0\u00bbfa fa-envelope\u00a0\u00bb add_icon=\u00a0\u00bbtrue\u00a0\u00bb link=\u00a0\u00bburl:http%3A%2F%2Feepurl.com%2FgrW2sD||target:%20_blank|\u00a0\u00bb][\/vc_column_inner][\/vc_row_inner][vc_empty_space height=\u00a0\u00bb15px\u00a0\u00bb][vc_empty_space][\/vc_column][\/vc_row][vc_row][vc_column][vc_empty_space][\/vc_column][\/vc_row][vc_row][vc_column][vc_custom_heading text=\u00a0\u00bb<b>LE FESTIBI\u00c8RE +, C&rsquo;EST \u00c7A!<\/b>\u00a0\u00bb font_container=\u00a0\u00bbtag:h3|font_size:25|text_align:left|color:%23fc5032&Prime; google_fonts=\u00a0\u00bbfont_family:Raleway%3A100%2C200%2C300%2Cregular%2C500%2C600%2C700%2C800%2C900|font_style:300%20light%20regular%3A300%3Anormal\u00a0\u00bb][vc_empty_space height=\u00a0\u00bb10px\u00a0\u00bb][vc_video link=\u00a0\u00bbhttps:\/\/youtu.be\/_Dcj6QKJdR8&Prime;][vc_empty_space][\/vc_column][\/vc_row][vc_row][vc_column][vc_empty_space][vc_custom_heading text=\u00a0\u00bb<b>TES RENDEZ-VOUS 2025<\/b>\u00a0\u00bb font_container=\u00a0\u00bbtag:h2|font_size:25|text_align:center|color:%23000000&Prime; google_fonts=\u00a0\u00bbfont_family:Raleway%3A100%2C200%2C300%2Cregular%2C500%2C600%2C700%2C800%2C900|font_style:300%20light%20regular%3A300%3Anormal\u00a0\u00bb][vc_text_separator title=\u00a0\u00bbPour des d\u00e9couvertes locales en bi\u00e8res, vins, spiritueux &amp; sans alcool\u00a0\u00bb color=\u00a0\u00bborange\u00a0\u00bb][vc_empty_space height=\u00a0\u00bb15px\u00a0\u00bb][vc_row_inner][vc_column_inner width=\u00a0\u00bb1\/4&Prime; css=\u00a0\u00bb.vc_custom_1699382056857{padding-top: 20px !important;}\u00a0\u00bb][vc_custom_heading text=\u00a0\u00bb<b>QU\u00c9BEC<\/b> \ud83c\udf1e\u00a0\u00bb font_container=\u00a0\u00bbtag:h2|font_size:22|text_align:center|color:%23fc5032&Prime; google_fonts=\u00a0\u00bbfont_family:Raleway%3A100%2C200%2C300%2Cregular%2C500%2C600%2C700%2C800%2C900|font_style:300%20light%20regular%3A300%3Anormal\u00a0\u00bb][vc_custom_heading text=\u00a0\u00bb\u00c0 l&rsquo;an prochain!\u00a0\u00bb font_container=\u00a0\u00bbtag:h3|font_size:20|text_align:center|color:%23000000&Prime; google_fonts=\u00a0\u00bbfont_family:Raleway%3A100%2C200%2C300%2Cregular%2C500%2C600%2C700%2C800%2C900|font_style:300%20light%20regular%3A300%3Anormal\u00a0\u00bb][vc_empty_space height=\u00a0\u00bb10px\u00a0\u00bb][vc_single_image image=\u00a0\u00bb4910&Prime; img_size=\u00a0\u00bb400&#215;400&Prime; style=\u00a0\u00bbvc_box_shadow_3d\u00a0\u00bb onclick=\u00a0\u00bbcustom_link\u00a0\u00bb link=\u00a0\u00bbhttps:\/\/infofestibiere.com\/quebec\/\u00a0\u00bb][\/vc_column_inner][vc_column_inner width=\u00a0\u00bb1\/4&Prime; css=\u00a0\u00bb.vc_custom_1699382052010{padding-top: 20px !important;}\u00a0\u00bb][vc_custom_heading text=\u00a0\u00bb<b>L\u00c9VIS<\/b> \ud83c\udf0a\u00a0\u00bb font_container=\u00a0\u00bbtag:h2|font_size:22|text_align:center|color:%2334a7cf\u00a0\u00bb google_fonts=\u00a0\u00bbfont_family:Raleway%3A100%2C200%2C300%2Cregular%2C500%2C600%2C700%2C800%2C900|font_style:300%20light%20regular%3A300%3Anormal\u00a0\u00bb][vc_custom_heading text=\u00a0\u00bb\u00c0 l&rsquo;an prochain!\u00a0\u00bb font_container=\u00a0\u00bbtag:h3|font_size:20|text_align:center|color:%23000000&Prime; google_fonts=\u00a0\u00bbfont_family:Raleway%3A100%2C200%2C300%2Cregular%2C500%2C600%2C700%2C800%2C900|font_style:300%20light%20regular%3A300%3Anormal\u00a0\u00bb][vc_empty_space height=\u00a0\u00bb10px\u00a0\u00bb][vc_single_image image=\u00a0\u00bb5138&Prime; img_size=\u00a0\u00bb400&#215;400&Prime; style=\u00a0\u00bbvc_box_shadow_3d\u00a0\u00bb onclick=\u00a0\u00bbcustom_link\u00a0\u00bb link=\u00a0\u00bbhttps:\/\/infofestibiere.com\/levis\/\u00a0\u00bb][\/vc_column_inner][vc_column_inner width=\u00a0\u00bb1\/4&Prime; css=\u00a0\u00bb.vc_custom_1699382046462{padding-top: 20px !important;}\u00a0\u00bb][vc_custom_heading text=\u00a0\u00bb<b>SHERBROOKE<\/b> \ud83c\udf33\u00a0\u00bb font_container=\u00a0\u00bbtag:h2|font_size:22|text_align:center|color:%235e9900&Prime; google_fonts=\u00a0\u00bbfont_family:Raleway%3A100%2C200%2C300%2Cregular%2C500%2C600%2C700%2C800%2C900|font_style:300%20light%20regular%3A300%3Anormal\u00a0\u00bb][vc_custom_heading text=\u00a0\u00bb\u00c0 l&rsquo;an prochain!\u00a0\u00bb font_container=\u00a0\u00bbtag:h3|font_size:20|text_align:center|color:%23000000&Prime; google_fonts=\u00a0\u00bbfont_family:Raleway%3A100%2C200%2C300%2Cregular%2C500%2C600%2C700%2C800%2C900|font_style:300%20light%20regular%3A300%3Anormal\u00a0\u00bb][vc_empty_space height=\u00a0\u00bb10px\u00a0\u00bb][vc_single_image image=\u00a0\u00bb5136&Prime; img_size=\u00a0\u00bb400&#215;400&Prime; style=\u00a0\u00bbvc_box_shadow_3d\u00a0\u00bb onclick=\u00a0\u00bbcustom_link\u00a0\u00bb link=\u00a0\u00bbhttps:\/\/infofestibiere.com\/sherbrooke\/\u00a0\u00bb][\/vc_column_inner][vc_column_inner width=\u00a0\u00bb1\/4&Prime; css=\u00a0\u00bb.vc_custom_1733195523752{padding-top: 20px !important;}\u00a0\u00bb][vc_custom_heading text=\u00a0\u00bb<b>WINTER WARMER<\/b>\ud83d\udd25\u00a0\u00bb font_container=\u00a0\u00bbtag:h2|font_size:22|text_align:center|color:%23b10000&Prime; google_fonts=\u00a0\u00bbfont_family:Raleway%3A100%2C200%2C300%2Cregular%2C500%2C600%2C700%2C800%2C900|font_style:300%20light%20regular%3A300%3Anormal\u00a0\u00bb][vc_custom_heading text=\u00a0\u00bbDe retour en 2026!\u00a0\u00bb font_container=\u00a0\u00bbtag:h3|font_size:20|text_align:center|color:%23000000&Prime; google_fonts=\u00a0\u00bbfont_family:Raleway%3A100%2C200%2C300%2Cregular%2C500%2C600%2C700%2C800%2C900|font_style:300%20light%20regular%3A300%3Anormal\u00a0\u00bb][vc_empty_space height=\u00a0\u00bb10px\u00a0\u00bb][vc_single_image image=\u00a0\u00bb5134&Prime; img_size=\u00a0\u00bb400&#215;400&Prime; style=\u00a0\u00bbvc_box_shadow_3d\u00a0\u00bb onclick=\u00a0\u00bbcustom_link\u00a0\u00bb link=\u00a0\u00bbhttps:\/\/infofestibiere.com\/winter-warmer\/\u00a0\u00bb][\/vc_column_inner][\/vc_row_inner][vc_empty_space][vc_empty_space][\/vc_column][\/vc_row][vc_row][vc_column][vc_empty_space][vc_row_inner][vc_column_inner width=\u00a0\u00bb1\/3&Prime; css=\u00a0\u00bb.vc_custom_1678971631180{padding-top: 10px !important;}\u00a0\u00bb][vc_btn title=\u00a0\u00bbDevenir exposants\u00a0\u00bb color=\u00a0\u00bborange\u00a0\u00bb align=\u00a0\u00bbcenter\u00a0\u00bb link=\u00a0\u00bburl:https%3A%2F%2Finfofestibiere.com%2Fdevenir-exposants%2F|||\u00a0\u00bb][\/vc_column_inner][vc_column_inner width=\u00a0\u00bb1\/3&Prime; css=\u00a0\u00bb.vc_custom_1678971636815{padding-top: 10px !important;}\u00a0\u00bb][vc_btn title=\u00a0\u00bbDevenir b\u00e9n\u00e9voles\u00a0\u00bb color=\u00a0\u00bborange\u00a0\u00bb align=\u00a0\u00bbcenter\u00a0\u00bb link=\u00a0\u00bburl:https%3A%2F%2Finfofestibiere.com%2Fla-team%2F|title:La%20team||\u00a0\u00bb][\/vc_column_inner][vc_column_inner width=\u00a0\u00bb1\/3&Prime; css=\u00a0\u00bb.vc_custom_1678971643235{padding-top: 10px !important;}\u00a0\u00bb][vc_btn title=\u00a0\u00bbDevenir partenaires\u00a0\u00bb color=\u00a0\u00bborange\u00a0\u00bb align=\u00a0\u00bbcenter\u00a0\u00bb link=\u00a0\u00bburl:mailto%3Amcouture%40gestev.com||target:%20_blank|\u00a0\u00bb][\/vc_column_inner][\/vc_row_inner][vc_empty_space][vc_empty_space][\/vc_column][\/vc_row][vc_row][vc_column][vc_empty_space][\/vc_column][\/vc_row][vc_column width=\u00a0\u00bb1\/2&Prime; css=\u00a0\u00bb.vc_custom_1682619386759{padding-top: 20px !important;}\u00a0\u00bb][\/vc_column][vc_column][\/vc_column][vc_column][\/vc_column][vc_column width=\u00a0\u00bb1\/2&Prime; css=\u00a0\u00bb.vc_custom_1682619386759{padding-top: 20px !important;}\u00a0\u00bb][\/vc_column][vc_column][\/vc_column][vc_column width=\u00a0\u00bb1\/2&Prime; css=\u00a0\u00bb.vc_custom_1682619386759{padding-top: 20px !important;}\u00a0\u00bb][\/vc_column][vc_column][\/vc_column]<\/p>\n<\/div>","protected":false},"excerpt":{"rendered":"<p>[vc_row][vc_column][vc_empty_space][vc_message message_box_color=\u00a0\u00bbdanger\u00a0\u00bb icon_fontawesome=\u00a0\u00bbfa fa-heart\u00a0\u00bb]\u00c0 L\u2019AN PROCHAIN QU\u00c9BEC \ud83c\udf7a\ud83c\udf78\ud83c\udfb6 \ud83c\udf1e \u2013 Merci pour la fin de semaine de feu! Le Festibi\u00e8re de Qu\u00e9bec est maintenant termin\u00e9, mais s\u00e8che tes larmes\u2026 on se revoit en 2026 pour encore + de fun, + de saveurs &amp; + de festivit\u00e9s. Cheers![\/vc_message][vc_empty_space height=\u00a0\u00bb20px\u00a0\u00bb][\/vc_column][\/vc_row][vc_row css=\u00a0\u00bb.vc_custom_1678291555761{padding-top: 20px !important;}\u00a0\u00bb][vc_column width=\u00a0\u00bb1\/3&Prime; css=\u00a0\u00bb.vc_custom_1651090515309{padding-top: 10px !important;}\u00a0\u00bb][vc_single_image [&hellip;]<\/p>\n","protected":false},"author":3,"featured_media":5089,"parent":0,"menu_order":0,"comment_status":"closed","ping_status":"closed","template":"","meta":{"footnotes":""},"class_list":["post-2","page","type-page","status-publish","has-post-thumbnail","hentry"],"yoast_head":"<!-- This site is optimized with the Yoast SEO plugin v27.2 - https:\/\/yoast.com\/product\/yoast-seo-wordpress\/ -->\n<title>Le Festibi\u00e8re de Qu\u00e9bec - Quais de l&#039;espace 400e<\/title>\n<meta name=\"description\" content=\"Le Festibi\u00e8re de Qu\u00e9bec te fera go\u00fbter l&#039;\u00e9t\u00e9 du 14 au 17 ao\u00fbt 2025! Rendez-vous aux Quais de l&#039;Espace 400e pour ton \u00e9v\u00e8nement pr\u00e9f\u00e9r\u00e9.\" \/>\n<meta name=\"robots\" content=\"index, follow, max-snippet:-1, max-image-preview:large, max-video-preview:-1\" \/>\n<link rel=\"canonical\" href=\"https:\/\/infofestibiere.com\/quebec\/\" \/>\n<meta property=\"og:locale\" content=\"fr_FR\" \/>\n<meta property=\"og:type\" content=\"article\" \/>\n<meta property=\"og:title\" content=\"Le Festibi\u00e8re de Qu\u00e9bec - Quais de l&#039;espace 400e\" \/>\n<meta property=\"og:description\" content=\"Le Festibi\u00e8re de Qu\u00e9bec te fera go\u00fbter l&#039;\u00e9t\u00e9 du 14 au 17 ao\u00fbt 2025! Rendez-vous aux Quais de l&#039;Espace 400e pour ton \u00e9v\u00e8nement pr\u00e9f\u00e9r\u00e9.\" \/>\n<meta property=\"og:url\" content=\"https:\/\/infofestibiere.com\/quebec\/\" \/>\n<meta property=\"og:site_name\" content=\"de Qu\u00e9bec\" \/>\n<meta property=\"article:modified_time\" content=\"2025-09-04T18:33:39+00:00\" \/>\n<meta property=\"og:image\" content=\"https:\/\/infofestibiere.com\/quebec\/wp-content\/uploads\/sites\/2\/2024\/09\/FBQ-2025.png\" \/>\n\t<meta property=\"og:image:width\" content=\"1080\" \/>\n\t<meta property=\"og:image:height\" content=\"1080\" \/>\n\t<meta property=\"og:image:type\" content=\"image\/png\" \/>\n<meta name=\"twitter:card\" content=\"summary_large_image\" \/>\n<meta name=\"twitter:label1\" content=\"Dur\u00e9e de lecture estim\u00e9e\" \/>\n\t<meta name=\"twitter:data1\" content=\"6 minutes\" \/>\n<script type=\"application\/ld+json\" class=\"yoast-schema-graph\">{\"@context\":\"https:\/\/schema.org\",\"@graph\":[{\"@type\":\"WebPage\",\"@id\":\"https:\/\/infofestibiere.com\/quebec\/\",\"url\":\"https:\/\/infofestibiere.com\/quebec\/\",\"name\":\"Le Festibi\u00e8re de Qu\u00e9bec - Quais de l'espace 400e\",\"isPartOf\":{\"@id\":\"https:\/\/infofestibiere.com\/quebec\/#website\"},\"primaryImageOfPage\":{\"@id\":\"https:\/\/infofestibiere.com\/quebec\/#primaryimage\"},\"image\":{\"@id\":\"https:\/\/infofestibiere.com\/quebec\/#primaryimage\"},\"thumbnailUrl\":\"https:\/\/infofestibiere.com\/quebec\/wp-content\/uploads\/sites\/2\/2024\/09\/FBQ-2025.png\",\"datePublished\":\"2017-04-24T20:16:48+00:00\",\"dateModified\":\"2025-09-04T18:33:39+00:00\",\"description\":\"Le Festibi\u00e8re de Qu\u00e9bec te fera go\u00fbter l'\u00e9t\u00e9 du 14 au 17 ao\u00fbt 2025! Rendez-vous aux Quais de l'Espace 400e pour ton \u00e9v\u00e8nement pr\u00e9f\u00e9r\u00e9.\",\"breadcrumb\":{\"@id\":\"https:\/\/infofestibiere.com\/quebec\/#breadcrumb\"},\"inLanguage\":\"fr-FR\",\"potentialAction\":[{\"@type\":\"ReadAction\",\"target\":[\"https:\/\/infofestibiere.com\/quebec\/\"]}]},{\"@type\":\"ImageObject\",\"inLanguage\":\"fr-FR\",\"@id\":\"https:\/\/infofestibiere.com\/quebec\/#primaryimage\",\"url\":\"https:\/\/infofestibiere.com\/quebec\/wp-content\/uploads\/sites\/2\/2024\/09\/FBQ-2025.png\",\"contentUrl\":\"https:\/\/infofestibiere.com\/quebec\/wp-content\/uploads\/sites\/2\/2024\/09\/FBQ-2025.png\",\"width\":1080,\"height\":1080},{\"@type\":\"BreadcrumbList\",\"@id\":\"https:\/\/infofestibiere.com\/quebec\/#breadcrumb\",\"itemListElement\":[{\"@type\":\"ListItem\",\"position\":1,\"name\":\"Accueil\",\"item\":\"https:\/\/infofestibiere.com\/quebec\/\"},{\"@type\":\"ListItem\",\"position\":2,\"name\":\"ACCUEIL\"}]},{\"@type\":\"WebSite\",\"@id\":\"https:\/\/infofestibiere.com\/quebec\/#website\",\"url\":\"https:\/\/infofestibiere.com\/quebec\/\",\"name\":\"de Qu\u00e9bec\",\"description\":\"Go\u00fbter l&#039;\u00e9t\u00e9!\",\"potentialAction\":[{\"@type\":\"SearchAction\",\"target\":{\"@type\":\"EntryPoint\",\"urlTemplate\":\"https:\/\/infofestibiere.com\/quebec\/?s={search_term_string}\"},\"query-input\":{\"@type\":\"PropertyValueSpecification\",\"valueRequired\":true,\"valueName\":\"search_term_string\"}}],\"inLanguage\":\"fr-FR\"}]}<\/script>\n<!-- \/ Yoast SEO plugin. -->","yoast_head_json":{"title":"Le Festibi\u00e8re de Qu\u00e9bec - Quais de l'espace 400e","description":"Le Festibi\u00e8re de Qu\u00e9bec te fera go\u00fbter l'\u00e9t\u00e9 du 14 au 17 ao\u00fbt 2025! Rendez-vous aux Quais de l'Espace 400e pour ton \u00e9v\u00e8nement pr\u00e9f\u00e9r\u00e9.","robots":{"index":"index","follow":"follow","max-snippet":"max-snippet:-1","max-image-preview":"max-image-preview:large","max-video-preview":"max-video-preview:-1"},"canonical":"https:\/\/infofestibiere.com\/quebec\/","og_locale":"fr_FR","og_type":"article","og_title":"Le Festibi\u00e8re de Qu\u00e9bec - Quais de l'espace 400e","og_description":"Le Festibi\u00e8re de Qu\u00e9bec te fera go\u00fbter l'\u00e9t\u00e9 du 14 au 17 ao\u00fbt 2025! Rendez-vous aux Quais de l'Espace 400e pour ton \u00e9v\u00e8nement pr\u00e9f\u00e9r\u00e9.","og_url":"https:\/\/infofestibiere.com\/quebec\/","og_site_name":"de Qu\u00e9bec","article_modified_time":"2025-09-04T18:33:39+00:00","og_image":[{"width":1080,"height":1080,"url":"https:\/\/infofestibiere.com\/quebec\/wp-content\/uploads\/sites\/2\/2024\/09\/FBQ-2025.png","type":"image\/png"}],"twitter_card":"summary_large_image","twitter_misc":{"Dur\u00e9e de lecture estim\u00e9e":"6 minutes"},"schema":{"@context":"https:\/\/schema.org","@graph":[{"@type":"WebPage","@id":"https:\/\/infofestibiere.com\/quebec\/","url":"https:\/\/infofestibiere.com\/quebec\/","name":"Le Festibi\u00e8re de Qu\u00e9bec - Quais de l'espace 400e","isPartOf":{"@id":"https:\/\/infofestibiere.com\/quebec\/#website"},"primaryImageOfPage":{"@id":"https:\/\/infofestibiere.com\/quebec\/#primaryimage"},"image":{"@id":"https:\/\/infofestibiere.com\/quebec\/#primaryimage"},"thumbnailUrl":"https:\/\/infofestibiere.com\/quebec\/wp-content\/uploads\/sites\/2\/2024\/09\/FBQ-2025.png","datePublished":"2017-04-24T20:16:48+00:00","dateModified":"2025-09-04T18:33:39+00:00","description":"Le Festibi\u00e8re de Qu\u00e9bec te fera go\u00fbter l'\u00e9t\u00e9 du 14 au 17 ao\u00fbt 2025! Rendez-vous aux Quais de l'Espace 400e pour ton \u00e9v\u00e8nement pr\u00e9f\u00e9r\u00e9.","breadcrumb":{"@id":"https:\/\/infofestibiere.com\/quebec\/#breadcrumb"},"inLanguage":"fr-FR","potentialAction":[{"@type":"ReadAction","target":["https:\/\/infofestibiere.com\/quebec\/"]}]},{"@type":"ImageObject","inLanguage":"fr-FR","@id":"https:\/\/infofestibiere.com\/quebec\/#primaryimage","url":"https:\/\/infofestibiere.com\/quebec\/wp-content\/uploads\/sites\/2\/2024\/09\/FBQ-2025.png","contentUrl":"https:\/\/infofestibiere.com\/quebec\/wp-content\/uploads\/sites\/2\/2024\/09\/FBQ-2025.png","width":1080,"height":1080},{"@type":"BreadcrumbList","@id":"https:\/\/infofestibiere.com\/quebec\/#breadcrumb","itemListElement":[{"@type":"ListItem","position":1,"name":"Accueil","item":"https:\/\/infofestibiere.com\/quebec\/"},{"@type":"ListItem","position":2,"name":"ACCUEIL"}]},{"@type":"WebSite","@id":"https:\/\/infofestibiere.com\/quebec\/#website","url":"https:\/\/infofestibiere.com\/quebec\/","name":"de Qu\u00e9bec","description":"Go\u00fbter l&#039;\u00e9t\u00e9!","potentialAction":[{"@type":"SearchAction","target":{"@type":"EntryPoint","urlTemplate":"https:\/\/infofestibiere.com\/quebec\/?s={search_term_string}"},"query-input":{"@type":"PropertyValueSpecification","valueRequired":true,"valueName":"search_term_string"}}],"inLanguage":"fr-FR"}]}},"_links":{"self":[{"href":"https:\/\/infofestibiere.com\/quebec\/wp-json\/wp\/v2\/pages\/2","targetHints":{"allow":["GET"]}}],"collection":[{"href":"https:\/\/infofestibiere.com\/quebec\/wp-json\/wp\/v2\/pages"}],"about":[{"href":"https:\/\/infofestibiere.com\/quebec\/wp-json\/wp\/v2\/types\/page"}],"author":[{"embeddable":true,"href":"https:\/\/infofestibiere.com\/quebec\/wp-json\/wp\/v2\/users\/3"}],"replies":[{"embeddable":true,"href":"https:\/\/infofestibiere.com\/quebec\/wp-json\/wp\/v2\/comments?post=2"}],"version-history":[{"count":196,"href":"https:\/\/infofestibiere.com\/quebec\/wp-json\/wp\/v2\/pages\/2\/revisions"}],"predecessor-version":[{"id":5673,"href":"https:\/\/infofestibiere.com\/quebec\/wp-json\/wp\/v2\/pages\/2\/revisions\/5673"}],"wp:featuredmedia":[{"embeddable":true,"href":"https:\/\/infofestibiere.com\/quebec\/wp-json\/wp\/v2\/media\/5089"}],"wp:attachment":[{"href":"https:\/\/infofestibiere.com\/quebec\/wp-json\/wp\/v2\/media?parent=2"}],"curies":[{"name":"wp","href":"https:\/\/api.w.org\/{rel}","templated":true}]}}