{"id":1570,"date":"2019-06-19T16:58:58","date_gmt":"2019-06-19T14:58:58","guid":{"rendered":"https:\/\/infofestibiere.com\/quebec\/?page_id=1570"},"modified":"2025-08-06T18:21:21","modified_gmt":"2025-08-06T16:21:21","slug":"mot-de-la-ministre","status":"publish","type":"page","link":"https:\/\/infofestibiere.com\/quebec\/mot-de-la-ministre\/","title":{"rendered":"Gouvernement du Quebec"},"content":{"rendered":"<div class=\"wpb-content-wrapper\"><p>[vc_row css=\u00a0\u00bb.vc_custom_1560955135436{padding-top: 32px !important;padding-bottom: 15px !important;}\u00a0\u00bb][vc_column width=\u00a0\u00bb1\/6&Prime;][vc_single_image image=\u00a0\u00bb4587&Prime; img_size=\u00a0\u00bbmedium\u00a0\u00bb alignment=\u00a0\u00bbcenter\u00a0\u00bb onclick=\u00a0\u00bbcustom_link\u00a0\u00bb img_link_target=\u00a0\u00bb_blank\u00a0\u00bb link=\u00a0\u00bbhttp:\/\/www.tourisme.gouv.qc.ca\/\u00a0\u00bb][\/vc_column][vc_column width=\u00a0\u00bb1\/6&Prime;][vc_single_image image=\u00a0\u00bb4590&Prime; img_size=\u00a0\u00bbmedium\u00a0\u00bb alignment=\u00a0\u00bbcenter\u00a0\u00bb onclick=\u00a0\u00bbcustom_link\u00a0\u00bb img_link_target=\u00a0\u00bb_blank\u00a0\u00bb link=\u00a0\u00bbhttp:\/\/www.tourisme.gouv.qc.ca\/\u00a0\u00bb][\/vc_column][vc_column width=\u00a0\u00bb1\/6&Prime;][vc_single_image image=\u00a0\u00bb5580&Prime; img_size=\u00a0\u00bbmedium\u00a0\u00bb alignment=\u00a0\u00bbcenter\u00a0\u00bb onclick=\u00a0\u00bbcustom_link\u00a0\u00bb img_link_target=\u00a0\u00bb_blank\u00a0\u00bb link=\u00a0\u00bbhttp:\/\/www.tourisme.gouv.qc.ca\/\u00a0\u00bb][\/vc_column][vc_column width=\u00a0\u00bb1\/2&Prime;][vc_empty_space height=\u00a0\u00bb62px\u00a0\u00bb][vc_custom_heading text=\u00a0\u00bb<b>Festibi\u00e8re de Qu\u00e9bec<\/b>\u00a0\u00bb use_theme_fonts=\u00a0\u00bbyes\u00a0\u00bb][vc_custom_heading text=\u00a0\u00bbMot du gouvernement du Qu\u00e9bec\u00a0\u00bb use_theme_fonts=\u00a0\u00bbyes\u00a0\u00bb][vc_empty_space height=\u00a0\u00bb62px\u00a0\u00bb][\/vc_column][\/vc_row][vc_row][vc_column][vc_empty_space height=\u00a0\u00bb20px\u00a0\u00bb][vc_column_text]<strong>Saveurs et musique sont au rendez-vous!<\/strong><\/p>\n<p>Le gouvernement du Qu\u00e9bec est heureux de soutenir le Festibi\u00e8re de Qu\u00e9bec, un \u00e9v\u00e9nement qui permet aux personnes participantes de d\u00e9couvrir le Qu\u00e9bec \u00e0 travers toute une gamme de saveurs et au son d\u2019une musique estivale. Nos \u00e9v\u00e9nements gourmands sont l\u2019occasion pour le public d\u2019aller \u00e0 la rencontre des productrices et producteurs locaux, de constater leur savoir-faire et de se laisser surprendre par le go\u00fbt et la qualit\u00e9 des produits d\u2019ici.<\/p>\n<p>Chaque ann\u00e9e, des rendez-vous comme celui-ci attirent des visiteuses et visiteurs du Qu\u00e9bec et d\u2019ailleurs en qu\u00eate d\u2019authenticit\u00e9 et de d\u00e9couvertes gustatives vari\u00e9es. Ils contribuent \u00e0 faire rayonner la r\u00e9gion de la Capitale-Nationale et \u00e0 mettre en valeur le travail de ses artisanes et artisans, tout en stimulant le tourisme et l\u2019\u00e9conomie.<\/p>\n<p>Nous invitons chaleureusement la population et les touristes \u00e0 participer au Festibi\u00e8re de Qu\u00e9bec. Nous profitons \u00e9galement de l\u2019occasion pour saluer l\u2019excellent travail de l\u2019\u00e9quipe organisatrice et des b\u00e9n\u00e9voles.<\/p>\n<p>Bon \u00e9v\u00e9nement![\/vc_column_text][vc_row_inner css=\u00a0\u00bb.vc_custom_1560955226706{padding-bottom: 32px !important;}\u00a0\u00bb][vc_column_inner width=\u00a0\u00bb1\/3&Prime; css=\u00a0\u00bb.vc_custom_1754497089954{padding-top: 10px !important;}\u00a0\u00bb][vc_column_text]<strong>Le ministre responsable des Infrastructures et ministre responsable de la r\u00e9gion de la Capitale-Nationale,<\/strong>[\/vc_column_text][vc_custom_heading text=\u00a0\u00bb<b>Jonathan Julien<\/b>\u00a0\u00bb font_container=\u00a0\u00bbtag:h2|font_size:20px|text_align:left\u00a0\u00bb use_theme_fonts=\u00a0\u00bbyes\u00a0\u00bb][\/vc_column_inner][vc_column_inner width=\u00a0\u00bb1\/3&Prime; css=\u00a0\u00bb.vc_custom_1693921712953{padding-top: 10px !important;}\u00a0\u00bb][vc_column_text]<strong>La ministre du Tourisme et ministre responsable de la r\u00e9gion de Lanaudi\u00e8re,<\/strong>[\/vc_column_text][vc_custom_heading text=\u00a0\u00bb<b>Caroline Proulx<\/b>\u00a0\u00bb font_container=\u00a0\u00bbtag:h2|font_size:20px|text_align:left\u00a0\u00bb use_theme_fonts=\u00a0\u00bbyes\u00a0\u00bb][\/vc_column_inner][vc_column_inner width=\u00a0\u00bb1\/3&Prime; css=\u00a0\u00bb.vc_custom_1693921705246{padding-top: 10px !important;}\u00a0\u00bb][vc_column_text]<strong>Le ministre de l\u2019Agriculture, des P\u00eacheries et de l\u2019Alimentation et ministre responsable de la r\u00e9gion du Centre-du-Qu\u00e9bec,<\/strong>[\/vc_column_text][vc_custom_heading text=\u00a0\u00bb<b>Andr\u00e9 Lamontagne<\/b>\u00a0\u00bb font_container=\u00a0\u00bbtag:h2|font_size:20px|text_align:left\u00a0\u00bb use_theme_fonts=\u00a0\u00bbyes\u00a0\u00bb][\/vc_column_inner][\/vc_row_inner][vc_row_inner css=\u00a0\u00bb.vc_custom_1560955226706{padding-bottom: 32px !important;}\u00a0\u00bb][vc_column_inner width=\u00a0\u00bb1\/2&Prime; css=\u00a0\u00bb.vc_custom_1560956188672{padding-top: 20px !important;padding-bottom: 10px !important;}\u00a0\u00bb][vc_single_image image=\u00a0\u00bb1571&Prime; img_size=\u00a0\u00bbmedium\u00a0\u00bb onclick=\u00a0\u00bbcustom_link\u00a0\u00bb img_link_target=\u00a0\u00bb_blank\u00a0\u00bb link=\u00a0\u00bbhttp:\/\/www.tourisme.gouv.qc.ca\/\u00a0\u00bb][\/vc_column_inner][vc_column_inner width=\u00a0\u00bb1\/2&Prime; css=\u00a0\u00bb.vc_custom_1560956165383{padding-top: 32px !important;padding-bottom: 10px !important;}\u00a0\u00bb][vc_empty_space height=\u00a0\u00bb10px\u00a0\u00bb][vc_single_image image=\u00a0\u00bb1590&Prime; img_size=\u00a0\u00bbmedium\u00a0\u00bb onclick=\u00a0\u00bbcustom_link\u00a0\u00bb img_link_target=\u00a0\u00bb_blank\u00a0\u00bb link=\u00a0\u00bbhttps:\/\/www.quebec.ca\/tourisme-et-loisirs\/\u00a0\u00bb][\/vc_column_inner][\/vc_row_inner][\/vc_column][\/vc_row][vc_row][vc_column][vc_empty_space][\/vc_column][\/vc_row]<\/p>\n<\/div>","protected":false},"excerpt":{"rendered":"<p>[vc_row css=\u00a0\u00bb.vc_custom_1560955135436{padding-top: 32px !important;padding-bottom: 15px !important;}\u00a0\u00bb][vc_column width=\u00a0\u00bb1\/6&Prime;][vc_single_image image=\u00a0\u00bb4587&Prime; img_size=\u00a0\u00bbmedium\u00a0\u00bb alignment=\u00a0\u00bbcenter\u00a0\u00bb onclick=\u00a0\u00bbcustom_link\u00a0\u00bb img_link_target=\u00a0\u00bb_blank\u00a0\u00bb link=\u00a0\u00bbhttp:\/\/www.tourisme.gouv.qc.ca\/\u00a0\u00bb][\/vc_column][vc_column width=\u00a0\u00bb1\/6&Prime;][vc_single_image image=\u00a0\u00bb4590&Prime; img_size=\u00a0\u00bbmedium\u00a0\u00bb alignment=\u00a0\u00bbcenter\u00a0\u00bb onclick=\u00a0\u00bbcustom_link\u00a0\u00bb img_link_target=\u00a0\u00bb_blank\u00a0\u00bb link=\u00a0\u00bbhttp:\/\/www.tourisme.gouv.qc.ca\/\u00a0\u00bb][\/vc_column][vc_column width=\u00a0\u00bb1\/6&Prime;][vc_single_image image=\u00a0\u00bb5580&Prime; img_size=\u00a0\u00bbmedium\u00a0\u00bb alignment=\u00a0\u00bbcenter\u00a0\u00bb onclick=\u00a0\u00bbcustom_link\u00a0\u00bb img_link_target=\u00a0\u00bb_blank\u00a0\u00bb link=\u00a0\u00bbhttp:\/\/www.tourisme.gouv.qc.ca\/\u00a0\u00bb][\/vc_column][vc_column width=\u00a0\u00bb1\/2&Prime;][vc_empty_space height=\u00a0\u00bb62px\u00a0\u00bb][vc_custom_heading text=\u00a0\u00bbFestibi\u00e8re de Qu\u00e9bec\u00a0\u00bb use_theme_fonts=\u00a0\u00bbyes\u00a0\u00bb][vc_custom_heading text=\u00a0\u00bbMot du gouvernement du Qu\u00e9bec\u00a0\u00bb use_theme_fonts=\u00a0\u00bbyes\u00a0\u00bb][vc_empty_space height=\u00a0\u00bb62px\u00a0\u00bb][\/vc_column][\/vc_row][vc_row][vc_column][vc_empty_space height=\u00a0\u00bb20px\u00a0\u00bb][vc_column_text]Saveurs et musique sont au rendez-vous! Le gouvernement du Qu\u00e9bec est heureux de soutenir le [&hellip;]<\/p>\n","protected":false},"author":2,"featured_media":0,"parent":0,"menu_order":0,"comment_status":"closed","ping_status":"closed","template":"","meta":{"footnotes":""},"class_list":["post-1570","page","type-page","status-publish","hentry"],"yoast_head":"<!-- This site is optimized with the Yoast SEO plugin v27.2 - https:\/\/yoast.com\/product\/yoast-seo-wordpress\/ -->\n<title>Gouvernement du Quebec - Festibi\u00e8re de Qu\u00e9bec<\/title>\n<meta name=\"description\" content=\"Le gouvernement du Qu\u00e9bec est fier de s\u2019associer au Festibi\u00e8re de Qu\u00e9bec.\" \/>\n<meta name=\"robots\" content=\"index, follow, max-snippet:-1, max-image-preview:large, max-video-preview:-1\" \/>\n<link rel=\"canonical\" href=\"https:\/\/infofestibiere.com\/quebec\/mot-de-la-ministre\/\" \/>\n<meta property=\"og:locale\" content=\"fr_FR\" \/>\n<meta property=\"og:type\" content=\"article\" \/>\n<meta property=\"og:title\" content=\"Gouvernement du Quebec - Festibi\u00e8re de Qu\u00e9bec\" \/>\n<meta property=\"og:description\" content=\"Le gouvernement du Qu\u00e9bec est fier de s\u2019associer au Festibi\u00e8re de Qu\u00e9bec.\" \/>\n<meta property=\"og:url\" content=\"https:\/\/infofestibiere.com\/quebec\/mot-de-la-ministre\/\" \/>\n<meta property=\"og:site_name\" content=\"de Qu\u00e9bec\" \/>\n<meta property=\"article:modified_time\" content=\"2025-08-06T16:21:21+00:00\" \/>\n<meta name=\"twitter:card\" content=\"summary_large_image\" \/>\n<meta name=\"twitter:label1\" content=\"Dur\u00e9e de lecture estim\u00e9e\" \/>\n\t<meta name=\"twitter:data1\" content=\"2 minutes\" \/>\n<script type=\"application\/ld+json\" class=\"yoast-schema-graph\">{\"@context\":\"https:\/\/schema.org\",\"@graph\":[{\"@type\":\"WebPage\",\"@id\":\"https:\/\/infofestibiere.com\/quebec\/mot-de-la-ministre\/\",\"url\":\"https:\/\/infofestibiere.com\/quebec\/mot-de-la-ministre\/\",\"name\":\"Gouvernement du Quebec - Festibi\u00e8re de Qu\u00e9bec\",\"isPartOf\":{\"@id\":\"https:\/\/infofestibiere.com\/quebec\/#website\"},\"datePublished\":\"2019-06-19T14:58:58+00:00\",\"dateModified\":\"2025-08-06T16:21:21+00:00\",\"description\":\"Le gouvernement du Qu\u00e9bec est fier de s\u2019associer au Festibi\u00e8re de Qu\u00e9bec.\",\"breadcrumb\":{\"@id\":\"https:\/\/infofestibiere.com\/quebec\/mot-de-la-ministre\/#breadcrumb\"},\"inLanguage\":\"fr-FR\",\"potentialAction\":[{\"@type\":\"ReadAction\",\"target\":[\"https:\/\/infofestibiere.com\/quebec\/mot-de-la-ministre\/\"]}]},{\"@type\":\"BreadcrumbList\",\"@id\":\"https:\/\/infofestibiere.com\/quebec\/mot-de-la-ministre\/#breadcrumb\",\"itemListElement\":[{\"@type\":\"ListItem\",\"position\":1,\"name\":\"Accueil\",\"item\":\"https:\/\/infofestibiere.com\/quebec\/\"},{\"@type\":\"ListItem\",\"position\":2,\"name\":\"Gouvernement du Quebec\"}]},{\"@type\":\"WebSite\",\"@id\":\"https:\/\/infofestibiere.com\/quebec\/#website\",\"url\":\"https:\/\/infofestibiere.com\/quebec\/\",\"name\":\"de Qu\u00e9bec\",\"description\":\"Go\u00fbter l&#039;\u00e9t\u00e9!\",\"potentialAction\":[{\"@type\":\"SearchAction\",\"target\":{\"@type\":\"EntryPoint\",\"urlTemplate\":\"https:\/\/infofestibiere.com\/quebec\/?s={search_term_string}\"},\"query-input\":{\"@type\":\"PropertyValueSpecification\",\"valueRequired\":true,\"valueName\":\"search_term_string\"}}],\"inLanguage\":\"fr-FR\"}]}<\/script>\n<!-- \/ Yoast SEO plugin. -->","yoast_head_json":{"title":"Gouvernement du Quebec - Festibi\u00e8re de Qu\u00e9bec","description":"Le gouvernement du Qu\u00e9bec est fier de s\u2019associer au Festibi\u00e8re de Qu\u00e9bec.","robots":{"index":"index","follow":"follow","max-snippet":"max-snippet:-1","max-image-preview":"max-image-preview:large","max-video-preview":"max-video-preview:-1"},"canonical":"https:\/\/infofestibiere.com\/quebec\/mot-de-la-ministre\/","og_locale":"fr_FR","og_type":"article","og_title":"Gouvernement du Quebec - Festibi\u00e8re de Qu\u00e9bec","og_description":"Le gouvernement du Qu\u00e9bec est fier de s\u2019associer au Festibi\u00e8re de Qu\u00e9bec.","og_url":"https:\/\/infofestibiere.com\/quebec\/mot-de-la-ministre\/","og_site_name":"de Qu\u00e9bec","article_modified_time":"2025-08-06T16:21:21+00:00","twitter_card":"summary_large_image","twitter_misc":{"Dur\u00e9e de lecture estim\u00e9e":"2 minutes"},"schema":{"@context":"https:\/\/schema.org","@graph":[{"@type":"WebPage","@id":"https:\/\/infofestibiere.com\/quebec\/mot-de-la-ministre\/","url":"https:\/\/infofestibiere.com\/quebec\/mot-de-la-ministre\/","name":"Gouvernement du Quebec - Festibi\u00e8re de Qu\u00e9bec","isPartOf":{"@id":"https:\/\/infofestibiere.com\/quebec\/#website"},"datePublished":"2019-06-19T14:58:58+00:00","dateModified":"2025-08-06T16:21:21+00:00","description":"Le gouvernement du Qu\u00e9bec est fier de s\u2019associer au Festibi\u00e8re de Qu\u00e9bec.","breadcrumb":{"@id":"https:\/\/infofestibiere.com\/quebec\/mot-de-la-ministre\/#breadcrumb"},"inLanguage":"fr-FR","potentialAction":[{"@type":"ReadAction","target":["https:\/\/infofestibiere.com\/quebec\/mot-de-la-ministre\/"]}]},{"@type":"BreadcrumbList","@id":"https:\/\/infofestibiere.com\/quebec\/mot-de-la-ministre\/#breadcrumb","itemListElement":[{"@type":"ListItem","position":1,"name":"Accueil","item":"https:\/\/infofestibiere.com\/quebec\/"},{"@type":"ListItem","position":2,"name":"Gouvernement du Quebec"}]},{"@type":"WebSite","@id":"https:\/\/infofestibiere.com\/quebec\/#website","url":"https:\/\/infofestibiere.com\/quebec\/","name":"de Qu\u00e9bec","description":"Go\u00fbter l&#039;\u00e9t\u00e9!","potentialAction":[{"@type":"SearchAction","target":{"@type":"EntryPoint","urlTemplate":"https:\/\/infofestibiere.com\/quebec\/?s={search_term_string}"},"query-input":{"@type":"PropertyValueSpecification","valueRequired":true,"valueName":"search_term_string"}}],"inLanguage":"fr-FR"}]}},"_links":{"self":[{"href":"https:\/\/infofestibiere.com\/quebec\/wp-json\/wp\/v2\/pages\/1570","targetHints":{"allow":["GET"]}}],"collection":[{"href":"https:\/\/infofestibiere.com\/quebec\/wp-json\/wp\/v2\/pages"}],"about":[{"href":"https:\/\/infofestibiere.com\/quebec\/wp-json\/wp\/v2\/types\/page"}],"author":[{"embeddable":true,"href":"https:\/\/infofestibiere.com\/quebec\/wp-json\/wp\/v2\/users\/2"}],"replies":[{"embeddable":true,"href":"https:\/\/infofestibiere.com\/quebec\/wp-json\/wp\/v2\/comments?post=1570"}],"version-history":[{"count":21,"href":"https:\/\/infofestibiere.com\/quebec\/wp-json\/wp\/v2\/pages\/1570\/revisions"}],"predecessor-version":[{"id":5582,"href":"https:\/\/infofestibiere.com\/quebec\/wp-json\/wp\/v2\/pages\/1570\/revisions\/5582"}],"wp:attachment":[{"href":"https:\/\/infofestibiere.com\/quebec\/wp-json\/wp\/v2\/media?parent=1570"}],"curies":[{"name":"wp","href":"https:\/\/api.w.org\/{rel}","templated":true}]}}