{"id":3391,"date":"2023-05-31T21:51:47","date_gmt":"2023-06-01T01:51:47","guid":{"rendered":"https:\/\/infofestibiere.com\/levis\/?page_id=3391"},"modified":"2026-04-23T11:03:13","modified_gmt":"2026-04-23T15:03:13","slug":"information","status":"publish","type":"page","link":"https:\/\/infofestibiere.com\/levis\/information\/","title":{"rendered":"INFORMATION"},"content":{"rendered":"<div class=\"wpb-content-wrapper\"><p>[vc_row css=\u00a0\u00bb.vc_custom_1682693659748{padding-top: 20px !important;}\u00a0\u00bb][vc_column][vc_empty_space height=\u00a0\u00bb20px\u00a0\u00bb][vc_single_image image=\u00a0\u00bb4902&Prime; img_size=\u00a0\u00bbfull\u00a0\u00bb alignment=\u00a0\u00bbcenter\u00a0\u00bb css=\u00a0\u00bb\u00a0\u00bb][vc_empty_space height=\u00a0\u00bb10px\u00a0\u00bb][\/vc_column][\/vc_row][vc_row css=\u00a0\u00bb.vc_custom_1681423764024{padding-top: 20px !important;}\u00a0\u00bb][vc_column width=\u00a0\u00bb1\/2&Prime; css=\u00a0\u00bb.vc_custom_1651090515309{padding-top: 10px !important;}\u00a0\u00bb][vc_custom_heading text=\u00a0\u00bb<b>LE FESTIBI\u00c8RE DE L\u00c9VIS<\/b>\u00a0\u00bb font_container=\u00a0\u00bbtag:h1|font_size:25|text_align:left|color:%2334a7cf\u00a0\u00bb google_fonts=\u00a0\u00bbfont_family:Raleway%3A100%2C200%2C300%2Cregular%2C500%2C600%2C700%2C800%2C900|font_style:300%20light%20regular%3A300%3Anormal\u00a0\u00bb][vc_custom_heading text=\u00a0\u00bb25 AU 28 JUIN 2026 | QUAI PAQUET\u00a0\u00bb font_container=\u00a0\u00bbtag:h2|font_size:22|text_align:left|color:%230a0404&Prime; google_fonts=\u00a0\u00bbfont_family:Raleway%3A100%2C200%2C300%2Cregular%2C500%2C600%2C700%2C800%2C900|font_style:300%20light%20regular%3A300%3Anormal\u00a0\u00bb css=\u00a0\u00bb\u00a0\u00bb][vc_column_text css=\u00a0\u00bb.vc_custom_1717605431533{padding-top: 10px !important;}\u00a0\u00bb]<\/p>\n<div class=\"wpb_text_column wpb_content_element vc_custom_1653934277104\">\n<div class=\"wpb_wrapper\">\n<p><span style=\"font-weight: 400;\">Cet \u00e9t\u00e9, le Festibi\u00e8re de L\u00e9vis te fera voir du pays, mais aussi <strong>boire du pays<\/strong>! Consulte les <strong>informations \u00e0 savoir<\/strong>\u00a0pour \u00eatre bien pr\u00e9par\u00e9 \u00e0 en profiter\ud83d\udc47<\/span><\/p>\n<\/div>\n<\/div>\n<p>[\/vc_column_text][vc_empty_space height=\u00a0\u00bb15px\u00a0\u00bb][vc_row_inner css=\u00a0\u00bb.vc_custom_1682869858762{margin-bottom: 40px !important;}\u00a0\u00bb][vc_column_inner][thememove_icon icon_fontawesome=\u00a0\u00bbfa fa-calendar\u00a0\u00bb size=\u00a0\u00bb40px\u00a0\u00bb custom_color=\u00a0\u00bb#34a7cf\u00a0\u00bb el_class=\u00a0\u00bbfloat-left\u00a0\u00bb css=\u00a0\u00bb.vc_custom_1685375468557{margin-right: 10px !important;padding-bottom: 32px !important;}\u00a0\u00bb][vc_custom_heading text=\u00a0\u00bb<b>QUAND?<\/b>\u00a0\u00bb font_container=\u00a0\u00bbtag:h2|font_size:18|text_align:left\u00a0\u00bb google_fonts=\u00a0\u00bbfont_family:Raleway%3A100%2C200%2C300%2Cregular%2C500%2C600%2C700%2C800%2C900|font_style:300%20light%20regular%3A300%3Anormal\u00a0\u00bb css=\u00a0\u00bb.vc_custom_1682869266207{padding-bottom: 7px !important;}\u00a0\u00bb][vc_column_text css=\u00a0\u00bb.vc_custom_1774880028102{padding-left: 10px !important;}\u00a0\u00bb]<\/p>\n<div class=\"wpb_text_column wpb_content_element vc_custom_1653934277104\">\n<div class=\"wpb_wrapper\">\n<p><span style=\"font-weight: 400;\"><strong>Jeudi 25 juin <\/strong>&#8211; 16h \u00e0 23h<strong><br \/>\nVendredi 26 juin<\/strong> &#8211; 12h \u00e0 23h<br \/>\n<strong>Samedi\u00a0 27 juin<\/strong> &#8211; 12h \u00e0 23h<br \/>\n<strong>Dimanche 28 juin<\/strong> &#8211; 12h \u00e0 19h<\/span><\/p>\n<p><span style=\"font-weight: 400;\">*Fin du service 30 minutes avant la fin de l&rsquo;\u00e9v\u00e8nement<\/span><\/p>\n<\/div>\n<\/div>\n<p>[\/vc_column_text][\/vc_column_inner][\/vc_row_inner][\/vc_column][vc_column width=\u00a0\u00bb1\/2&Prime; css=\u00a0\u00bb.vc_custom_1678290963390{padding-top: 10px !important;}\u00a0\u00bb][vc_gmaps link=\u00a0\u00bb#E-8_JTNDaWZyYW1lJTIwc3JjJTNEJTIyaHR0cHMlM0ElMkYlMkZ3d3cuZ29vZ2xlLmNvbSUyRm1hcHMlMkZlbWJlZCUzRnBiJTNEJTIxMW0xNCUyMTFtOCUyMTFtMyUyMTFkMTA5MjIuNTUzNzY1NjcyMzUyJTIxMmQtNzEuMTg3OTI4NSUyMTNkNDYuODExNDI3NiUyMTNtMiUyMTFpMTAyNCUyMTJpNzY4JTIxNGYxMy4xJTIxM20zJTIxMW0yJTIxMXMweDRjYjg5NWY1NzE2NTU1YTclMjUzQTB4NWY2Yjk3MDViMzZkZjY4MSUyMTJzUXVhaSUyNTIwUGFxdWV0JTIxNWUwJTIxM20yJTIxMXNmciUyMTJzY2ElMjE0djE2ODUzNzUzMTQ1MzAlMjE1bTIlMjExc2ZyJTIxMnNjYSUyMiUyMHdpZHRoJTNEJTIyNjAwJTIyJTIwaGVpZ2h0JTNEJTIyNDUwJTIyJTIwc3R5bGUlM0QlMjJib3JkZXIlM0EwJTNCJTIyJTIwYWxsb3dmdWxsc2NyZWVuJTNEJTIyJTIyJTIwbG9hZGluZyUzRCUyMmxhenklMjIlMjByZWZlcnJlcnBvbGljeSUzRCUyMm5vLXJlZmVycmVyLXdoZW4tZG93bmdyYWRlJTIyJTNFJTNDJTJGaWZyYW1lJTNF\u00a0\u00bb][\/vc_column][\/vc_row][vc_row css=\u00a0\u00bb.vc_custom_1681423764024{padding-top: 20px !important;}\u00a0\u00bb][vc_column width=\u00a0\u00bb1\/2&Prime; css=\u00a0\u00bb.vc_custom_1651090515309{padding-top: 10px !important;}\u00a0\u00bb][thememove_icon icon_fontawesome=\u00a0\u00bbfa fa-map-marker\u00a0\u00bb size=\u00a0\u00bb40px\u00a0\u00bb custom_color=\u00a0\u00bb#34a7cf\u00a0\u00bb el_class=\u00a0\u00bbfloat-left\u00a0\u00bb css=\u00a0\u00bb.vc_custom_1685375474295{margin-right: 10px !important;}\u00a0\u00bb][vc_custom_heading text=\u00a0\u00bb<b>O\u00d9?<\/b>\u00a0\u00bb font_container=\u00a0\u00bbtag:h2|font_size:18|text_align:left\u00a0\u00bb google_fonts=\u00a0\u00bbfont_family:Raleway%3A100%2C200%2C300%2Cregular%2C500%2C600%2C700%2C800%2C900|font_style:300%20light%20regular%3A300%3Anormal\u00a0\u00bb css=\u00a0\u00bb.vc_custom_1682869405529{padding-bottom: 7px !important;}\u00a0\u00bb][vc_column_text css=\u00a0\u00bb.vc_custom_1717605935392{margin-bottom: 70px !important;padding-left: 10px !important;}\u00a0\u00bb]<span style=\"font-weight: 400;\">Rendez-vous au Quai Paquet \u00e0 L\u00e9vis:<br \/>\n<a href=\"https:\/\/goo.gl\/maps\/aMRfTafKbg4LqWocA\" target=\"_blank\" rel=\"noopener\"><span style=\"text-decoration: underline;\">6075 Rue Saint-Laurent, L\u00e9vis, QC G6V 3P5<\/span><\/a><br \/>\n<\/span>[\/vc_column_text][\/vc_column][vc_column width=\u00a0\u00bb1\/2&Prime; css=\u00a0\u00bb.vc_custom_1678290963390{padding-top: 10px !important;}\u00a0\u00bb][vc_empty_space][\/vc_column][\/vc_row][vc_row][vc_column css=\u00a0\u00bb.vc_custom_1651090515309{padding-top: 10px !important;}\u00a0\u00bb][vc_empty_space height=\u00a0\u00bb10px\u00a0\u00bb][vc_row_inner][vc_column_inner width=\u00a0\u00bb1\/4&Prime; css=\u00a0\u00bb.vc_custom_1651090411591{padding-top: 10px !important;}\u00a0\u00bb][vc_btn title=\u00a0\u00bbFONCTIONNEMENT\u00a0\u00bb color=\u00a0\u00bbinfo\u00a0\u00bb size=\u00a0\u00bbsm\u00a0\u00bb align=\u00a0\u00bbcenter\u00a0\u00bb link=\u00a0\u00bburl:%23ancre1|||\u00a0\u00bb][vc_empty_space height=\u00a0\u00bb15px\u00a0\u00bb][\/vc_column_inner][vc_column_inner width=\u00a0\u00bb1\/4&Prime; css=\u00a0\u00bb.vc_custom_1651090427836{padding-top: 10px !important;}\u00a0\u00bb][vc_btn title=\u00a0\u00bbINFOS PRATIQUES\u00a0\u00bb color=\u00a0\u00bbinfo\u00a0\u00bb size=\u00a0\u00bbsm\u00a0\u00bb align=\u00a0\u00bbcenter\u00a0\u00bb link=\u00a0\u00bburl:%23ancre2|||\u00a0\u00bb][vc_empty_space height=\u00a0\u00bb15px\u00a0\u00bb][\/vc_column_inner][vc_column_inner width=\u00a0\u00bb1\/4&Prime; css=\u00a0\u00bb.vc_custom_1651090420479{padding-top: 10px !important;}\u00a0\u00bb][vc_btn title=\u00a0\u00bbTRANSPORTS\u00a0\u00bb color=\u00a0\u00bbinfo\u00a0\u00bb size=\u00a0\u00bbsm\u00a0\u00bb align=\u00a0\u00bbcenter\u00a0\u00bb link=\u00a0\u00bburl:%23ancre4|||\u00a0\u00bb][vc_empty_space height=\u00a0\u00bb15px\u00a0\u00bb][\/vc_column_inner][vc_column_inner width=\u00a0\u00bb1\/4&Prime; css=\u00a0\u00bb.vc_custom_1682107315388{padding-top: 10px !important;}\u00a0\u00bb][vc_btn title=\u00a0\u00bbH\u00c9BERGEMENTS\u00a0\u00bb color=\u00a0\u00bbinfo\u00a0\u00bb size=\u00a0\u00bbsm\u00a0\u00bb align=\u00a0\u00bbcenter\u00a0\u00bb link=\u00a0\u00bburl:%23ancre3|||\u00a0\u00bb][\/vc_column_inner][\/vc_row_inner][\/vc_column][\/vc_row][vc_row][vc_column][vc_empty_space height=\u00a0\u00bb20px\u00a0\u00bb][vc_separator color=\u00a0\u00bbcustom\u00a0\u00bb accent_color=\u00a0\u00bb#34a7cf\u00a0\u00bb][vc_empty_space height=\u00a0\u00bb5px\u00a0\u00bb][vc_column_text]<a id=\"ancre1\"><\/a><span style=\"color: #ffffff;\">.<\/span>[\/vc_column_text][\/vc_column][\/vc_row][vc_row css=\u00a0\u00bb.vc_custom_1682172734863{padding-bottom: 20px !important;}\u00a0\u00bb][vc_column width=\u00a0\u00bb1\/2&Prime; css=\u00a0\u00bb.vc_custom_1682619386759{padding-top: 20px !important;}\u00a0\u00bb][vc_custom_heading text=\u00a0\u00bb<b>COMMENT \u00c7A MARCHE?<\/b>\u00a0\u00bb font_container=\u00a0\u00bbtag:h2|font_size:25|text_align:left\u00a0\u00bb google_fonts=\u00a0\u00bbfont_family:Raleway%3A100%2C200%2C300%2Cregular%2C500%2C600%2C700%2C800%2C900|font_style:300%20light%20regular%3A300%3Anormal\u00a0\u00bb][vc_empty_space height=\u00a0\u00bb10px\u00a0\u00bb][vc_column_text css=\u00a0\u00bb\u00a0\u00bb]<\/p>\n<div class=\"wpb_text_column wpb_content_element \">\n<div class=\"wpb_wrapper\">\n<ul>\n<li>Le <b data-stringify-type=\"bold\">verre officiel <\/b>est obligatoire pour d\u00e9guster les produits des kiosques sur place <b data-stringify-type=\"bold\">(18 ans et +)\u00a0<\/b><\/li>\n<li data-stringify-indent=\"0\" data-stringify-border=\"0\"><strong>Mode de paiement<\/strong> en argent comptant ou par carte. (Prix et mode de paiement \u00e0 la discr\u00e9tion des exposants) \/\/ Moyenne de 4$ \u00e0 9$ pour une d\u00e9gustation de 4oz. Le pourboire n\u2019est pas inclus.<\/li>\n<li><strong>Les produits du Festibi\u00e8re ne sont pas remboursables ni \u00e9changeables.\u00a0<\/strong><a href=\"https:\/\/infofestibiere.com\/conditions-de-ventes-festibiere\/\">Conditions de ventes<\/a><\/li>\n<\/ul>\n<\/div>\n<\/div>\n<p>[\/vc_column_text][vc_tta_accordion active_section=\u00a0\u00bb53&Prime; collapsible_all=\u00a0\u00bbtrue\u00a0\u00bb][vc_tta_section title=\u00a0\u00bb<b>BILLETS 2026<\/b> \ud83c\udfab\u00a0\u00bb tab_id=\u00a0\u00bb1682616511369-dbf452e9-4c4c\u00a0\u00bb][vc_column_text css=\u00a0\u00bb\u00a0\u00bb]Le <b data-stringify-type=\"bold\">verre officiel <\/b>est\u00a0obligatoires pour d\u00e9guster les produits des kiosques sur place\u00a0<b data-stringify-type=\"bold\">(18 ans et +)<\/b>.<\/p>\n<p><span style=\"color: #f7c531;\"><strong>Options de billets:<\/strong><\/span><\/p>\n<ul>\n<li><strong>Le verre officiel:<\/strong> <span data-olk-copy-source=\"MessageBody\">le verre de l&rsquo;\u00e9dition en cours (L\u00e9vis 2026) est obligatoire pour d\u00e9guster les produits des exposants sur place, pour 4 jours (du 25 au 28 juin 2026) \/\/ 21,74$+tx<\/span><\/li>\n<li><strong>L\u2019acc\u00e8s au spectacle du samedi soir (Matt Lang):\u00a0<\/strong>\u00e0 l\u2019achat de ton verre souvenir (21,74$+tx) , ajoute l\u2019option \u00e0 15$+tx pour avoir acc\u00e8s au spectacle de Matt Lang \/\/ 36,74$+tx pour ton verre &amp; le spectacle<\/li>\n<li><strong>Le Salon Privil\u00e8ge:<\/strong>\u00a0<span data-olk-copy-source=\"MessageBody\">billet journalier (vendredi ou samedi), incluant une vue sur les spectacles &amp; consommations incluses \/\/ 99,99$+tx (valeur de 230$!) <a href=\"https:\/\/infofestibiere.com\/salon-privilege\/\" target=\"_blank\" rel=\"noopener\"> <u>En savoir plus.<\/u> <\/a><\/span><\/li>\n<\/ul>\n<p><span style=\"color: #f7c531;\"><strong><a style=\"color: #f7c531;\">D\u00e9roulement:<\/a><\/strong><\/span><\/p>\n<ol>\n<li>Suite \u00e0 ton achat, un billet \u00e9lectronique (pdf) te sera envoy\u00e9 par courriel avec ta confirmation d\u2019achat.<\/li>\n<li>\u00c0 ton arriv\u00e9e \u00e0 l\u2019\u00e9v\u00e8nement, ton verre sera r\u00e9cup\u00e9rable \u00e0 la billetterie sur pr\u00e9sentation de ton billet \u00e9lectronique.<\/li>\n<\/ol>\n<p>[\/vc_column_text][\/vc_tta_section][vc_tta_section title=\u00a0\u00bb<b>VERRE FESTIBI\u00c8RE<\/b> \ud83c\udf7a\u00a0\u00bb tab_id=\u00a0\u00bb1711905363347-ba5a400e-1116&Prime;][vc_column_text css=\u00a0\u00bb\u00a0\u00bb]<img decoding=\"async\" class=\"emoji\" role=\"img\" draggable=\"false\" src=\"https:\/\/s.w.org\/images\/core\/emoji\/17.0.2\/svg\/2728.svg\" alt=\"\u2728\" \/>GRAND RETOUR: Le\u00a0<strong data-start=\"294\" data-end=\"326\">verre de collection<\/strong>\u00a0pour d\u00e9guster les produits sur place\u00a0est\u00a0<strong>inclus automatiquement avec tous les billets 2026<\/strong><\/p>\n<p><em>D\u00e9voilement du verre 2026 \u00e0 venir!<\/em>[\/vc_column_text][vc_row_inner][vc_column_inner width=\u00a0\u00bb1\/2&Prime; css=\u00a0\u00bb.vc_custom_1718118484023{padding-top: 10px !important;}\u00a0\u00bb][vc_column_text css=\u00a0\u00bb\u00a0\u00bb]<strong>** Pour des raisons de s\u00e9curit\u00e9, le verre souvenir est en plastique au Festibi\u00e8re de L\u00e9vis, contrairement \u00e0 ceux de Sherbrooke et de Qu\u00e9bec qui sont en verre<\/strong>\u00a0**[\/vc_column_text][\/vc_column_inner][vc_column_inner width=\u00a0\u00bb1\/2&Prime;][vc_column_text css=\u00a0\u00bb\u00a0\u00bb]Verre 2022 \u00e0 titre d&rsquo;exemple[\/vc_column_text][vc_single_image image=\u00a0\u00bb3198&Prime; css=\u00a0\u00bb\u00a0\u00bb][\/vc_column_inner][\/vc_row_inner][\/vc_tta_section][vc_tta_section title=\u00a0\u00bb<b>MODES DE PAIEMENT<\/b> \ud83d\udcb3\u00a0\u00bb tab_id=\u00a0\u00bb1682616511505-e7df9b3a-56bc\u00a0\u00bb][vc_column_text css=\u00a0\u00bb\u00a0\u00bb]Le\u00a0<strong>paiement des de\u0301gustations<\/strong>\u00a0se fait en\u00a0<strong>argent comptant ou par cartes<\/strong>\u00a0(a\u0300 la discre\u0301tion de l\u2019exposant)<\/p>\n<p><span style=\"color: #f7c531;\"><strong>Quoi faire avec mes jetons restants?<\/strong><\/span> Tes jetons physiques des \u00e9ditions pr\u00e9c\u00e9dentes sont accept\u00e9s \u00e0 la boutique Le Festibi\u00e8re +, dans les kiosques de d\u00e9gustations identifi\u00e9s &amp; \u00e0 la billetterie pour l&rsquo;achat \u00e0 prix r\u00e9gulier.[\/vc_column_text][\/vc_tta_section][\/vc_tta_accordion][vc_btn title=\u00a0\u00bbJ&rsquo;ach\u00e8te mon billet!\u00a0\u00bb color=\u00a0\u00bbinfo\u00a0\u00bb size=\u00a0\u00bbsm\u00a0\u00bb align=\u00a0\u00bbleft\u00a0\u00bb link=\u00a0\u00bburl:https%3A%2F%2Finfofestibiere.com%2Fbilletterie%2F||target:%20_blank|\u00a0\u00bb][\/vc_column][vc_column width=\u00a0\u00bb1\/2&Prime; css=\u00a0\u00bb.vc_custom_1682619399744{padding-top: 20px !important;}\u00a0\u00bb][vc_custom_heading text=\u00a0\u00bb<b>POINT DE VENTE<\/b>\ud83d\udccd\u00a0\u00bb font_container=\u00a0\u00bbtag:h2|font_size:25|text_align:left\u00a0\u00bb google_fonts=\u00a0\u00bbfont_family:Raleway%3A100%2C200%2C300%2Cregular%2C500%2C600%2C700%2C800%2C900|font_style:300%20light%20regular%3A300%3Anormal\u00a0\u00bb][vc_empty_space height=\u00a0\u00bb10px\u00a0\u00bb][vc_column_text css=\u00a0\u00bb\u00a0\u00bb]<span style=\"font-weight: 400;\">Les acc\u00e8s au Festibi\u00e8re sont en vente sur notre <a href=\"https:\/\/infofestibiere.com\/billetterie\/\" target=\"_blank\" rel=\"noopener\"><span style=\"text-decoration: underline;\">billetterie en ligne<\/span><\/a> ou \u00e0 la porte, du 25 au 28 juin 2026,<\/span><span style=\"font-weight: 400;\">\u00a0<\/span><span style=\"font-weight: 400;\">lors de l&rsquo;\u00e9v\u00e8nement.<\/span>[\/vc_column_text][vc_btn title=\u00a0\u00bbBILLETTERIE\u00a0\u00bb color=\u00a0\u00bborange\u00a0\u00bb size=\u00a0\u00bbsm\u00a0\u00bb align=\u00a0\u00bbleft\u00a0\u00bb link=\u00a0\u00bburl:https%3A%2F%2Finfofestibiere.com%2Fbilletterie%2F||target:%20_blank|\u00a0\u00bb][vc_column_text css=\u00a0\u00bb\u00a0\u00bb]<strong>Il est maintenant possible de te procurer tes billets au Service \u00e0 la client\u00e8le de la Place de la Cit\u00e9.\u00a0<\/strong><\/p>\n<p>\u00c0 venir : Il sera \u00e9galement possible d&rsquo;y r\u00e9cup\u00e9rer ton verre achet\u00e9 en pr\u00e9vente. Reste \u00e0 l&rsquo;aff\u00fbt ![\/vc_column_text][vc_btn title=\u00a0\u00bbINFORMATIONS\u00a0\u00bb color=\u00a0\u00bborange\u00a0\u00bb size=\u00a0\u00bbsm\u00a0\u00bb align=\u00a0\u00bbleft\u00a0\u00bb css=\u00a0\u00bb\u00a0\u00bb link=\u00a0\u00bburl:https%3A%2F%2Fplacedelacite.com%2Fservices|target:_blank\u00a0\u00bb][vc_single_image image=\u00a0\u00bb3397&Prime; img_size=\u00a0\u00bblarge\u00a0\u00bb alignment=\u00a0\u00bbcenter\u00a0\u00bb][\/vc_column][\/vc_row][vc_row][vc_column][vc_empty_space][vc_separator color=\u00a0\u00bbcustom\u00a0\u00bb accent_color=\u00a0\u00bb#34a7cf\u00a0\u00bb][vc_empty_space height=\u00a0\u00bb5px\u00a0\u00bb][vc_column_text]<a id=\"ancre2\"><\/a><span style=\"color: #ffffff;\">.<\/span>[\/vc_column_text][\/vc_column][\/vc_row][vc_row][vc_column][vc_custom_heading text=\u00a0\u00bb<b>\u00c0 SAVOIR<\/b>\u00a0\u00bb font_container=\u00a0\u00bbtag:h2|font_size:25|text_align:left\u00a0\u00bb google_fonts=\u00a0\u00bbfont_family:Raleway%3A100%2C200%2C300%2Cregular%2C500%2C600%2C700%2C800%2C900|font_style:300%20light%20regular%3A300%3Anormal\u00a0\u00bb][vc_custom_heading text=\u00a0\u00bbTout ce que tu as besoin de savoir pour \u00eatre 100% pr\u00e9par\u00e9 \u00e0 venir au Festibi\u00e8re!\u00a0\u00bb font_container=\u00a0\u00bbtag:h3|font_size:18|text_align:left\u00a0\u00bb use_theme_fonts=\u00a0\u00bbyes\u00a0\u00bb css=\u00a0\u00bb\u00a0\u00bb tm_font_weight=\u00a0\u00bb400&Prime;][vc_empty_space][vc_row_inner][vc_column_inner width=\u00a0\u00bb1\/2&Prime;][thememove_icon type=\u00a0\u00bbpe7stroke\u00a0\u00bb icon_pe7stroke=\u00a0\u00bbpe-7s-like\u00a0\u00bb size=\u00a0\u00bb40px\u00a0\u00bb custom_color=\u00a0\u00bb#34a7cf\u00a0\u00bb el_class=\u00a0\u00bbfloat-left\u00a0\u00bb css=\u00a0\u00bb.vc_custom_1686177426319{margin-right: 10px !important;padding-top: 32px !important;padding-bottom: 32px !important;}\u00a0\u00bb][vc_custom_heading text=\u00a0\u00bb<b>BIENVENUE \u00c0 TOUTE LA FAMILLE<\/b>\u00a0\u00bb font_container=\u00a0\u00bbtag:h2|font_size:18|text_align:left\u00a0\u00bb google_fonts=\u00a0\u00bbfont_family:Raleway%3A100%2C200%2C300%2Cregular%2C500%2C600%2C700%2C800%2C900|font_style:300%20light%20regular%3A300%3Anormal\u00a0\u00bb css=\u00a0\u00bb.vc_custom_1682105232429{padding-bottom: 7px !important;}\u00a0\u00bb][vc_column_text css=\u00a0\u00bb.vc_custom_1774880615812{margin-bottom: 70px !important;padding-left: 10px !important;}\u00a0\u00bb]<\/p>\n<div class=\"wpb_text_column wpb_content_element vc_custom_1653934277104\">\n<div class=\"wpb_wrapper\">\n<p>Viens faire un tour avec ta famille au Festibi\u00e8re. Consommation de produits alcoolis\u00e9s, 18 ans et +. Certains restaurateurs auront des options de breuvages pour enfant.<\/p>\n<\/div>\n<\/div>\n<p>[\/vc_column_text][\/vc_column_inner][vc_column_inner width=\u00a0\u00bb1\/2&Prime;][thememove_icon type=\u00a0\u00bbpe7stroke\u00a0\u00bb icon_pe7stroke=\u00a0\u00bbpe-7s-info\u00a0\u00bb size=\u00a0\u00bb40px\u00a0\u00bb custom_color=\u00a0\u00bb#34a7cf\u00a0\u00bb el_class=\u00a0\u00bbfloat-left\u00a0\u00bb css=\u00a0\u00bb.vc_custom_1685375648753{margin-right: 10px !important;padding-top: 32px !important;}\u00a0\u00bb][vc_custom_heading text=\u00a0\u00bb<b>CHIENS ACCEPT\u00c9S<\/b>\u00a0\u00bb font_container=\u00a0\u00bbtag:h2|font_size:18|text_align:left\u00a0\u00bb google_fonts=\u00a0\u00bbfont_family:Raleway%3A100%2C200%2C300%2Cregular%2C500%2C600%2C700%2C800%2C900|font_style:300%20light%20regular%3A300%3Anormal\u00a0\u00bb css=\u00a0\u00bb.vc_custom_1685553582575{padding-bottom: 7px !important;}\u00a0\u00bb][vc_column_text css=\u00a0\u00bb.vc_custom_1687368387691{margin-bottom: 70px !important;padding-left: 10px !important;}\u00a0\u00bb]<\/p>\n<p style=\"text-align: left;\">Les <strong>chiens<\/strong> sont <strong>accept\u00e9s<\/strong> au Festibi\u00e8re de L\u00e9vis, except\u00e9 dans les bassins &amp; les fontaines!<\/p>\n<p>[\/vc_column_text][\/vc_column_inner][\/vc_row_inner][vc_row_inner][vc_column_inner width=\u00a0\u00bb1\/2&Prime;][thememove_icon type=\u00a0\u00bbpe7stroke\u00a0\u00bb icon_pe7stroke=\u00a0\u00bbpe-7s-cash\u00a0\u00bb size=\u00a0\u00bb40px\u00a0\u00bb custom_color=\u00a0\u00bb#34a7cf\u00a0\u00bb el_class=\u00a0\u00bbfloat-left\u00a0\u00bb css=\u00a0\u00bb.vc_custom_1717615473204{margin-right: 10px !important;padding-top: 32px !important;}\u00a0\u00bb][vc_custom_heading text=\u00a0\u00bb<b>MODES DE PAIEMENT<\/b>\u00a0\u00bb font_container=\u00a0\u00bbtag:h2|font_size:18|text_align:left\u00a0\u00bb google_fonts=\u00a0\u00bbfont_family:Raleway%3A100%2C200%2C300%2Cregular%2C500%2C600%2C700%2C800%2C900|font_style:300%20light%20regular%3A300%3Anormal\u00a0\u00bb css=\u00a0\u00bb.vc_custom_1711906690801{padding-bottom: 7px !important;}\u00a0\u00bb][vc_column_text css=\u00a0\u00bb.vc_custom_1742414314590{margin-bottom: 70px !important;padding-left: 70px !important;}\u00a0\u00bb]<\/p>\n<p style=\"text-align: left;\">Paiement des<strong> d\u00e9gustations<\/strong>\u00a0en <strong>argent comptant ou par cartes. <\/strong>Les prix ainsi que les modes de paiement sont \u00e0 la discr\u00e9tion de chaque exposant.<\/p>\n<p><span data-sheets-root=\"1\" data-sheets-value=\"{&quot;1&quot;:2,&quot;2&quot;:&quot;Des guichets automatiques seront disponibles sur le site de l\u2019\u00e9v\u00e8nement. \u00c0 noter certains restaurateurs acceptent uniquement l\u2019argent comptant et le pourboire aux microbrasseries n\u2019est pas inclut dans le jeton.&quot;}\" data-sheets-userformat=\"{&quot;2&quot;:771,&quot;3&quot;:{&quot;1&quot;:0},&quot;4&quot;:{&quot;1&quot;:2,&quot;2&quot;:16773836},&quot;11&quot;:4,&quot;12&quot;:0}\">Des <strong>guichets automatiques <\/strong>seront disponibles sur le site de l\u2019\u00e9v\u00e8nement afin de faciliter le paiement en argent comptant et le pourboire!\u00a0<\/span>[\/vc_column_text][\/vc_column_inner][vc_column_inner width=\u00a0\u00bb1\/2&Prime;][thememove_icon type=\u00a0\u00bbpe7stroke\u00a0\u00bb icon_pe7stroke=\u00a0\u00bbpe-7s-music\u00a0\u00bb size=\u00a0\u00bb40px\u00a0\u00bb custom_color=\u00a0\u00bb#34a7cf\u00a0\u00bb el_class=\u00a0\u00bbfloat-left\u00a0\u00bb css=\u00a0\u00bb.vc_custom_1774884966619{margin-right: 10px !important;padding-top: 32px !important;padding-bottom: 32px !important;}\u00a0\u00bb][vc_custom_heading text=\u00a0\u00bb<b>SPECTACLES<\/b>\u00a0\u00bb font_container=\u00a0\u00bbtag:h2|font_size:18|text_align:left\u00a0\u00bb google_fonts=\u00a0\u00bbfont_family:Raleway%3A100%2C200%2C300%2Cregular%2C500%2C600%2C700%2C800%2C900|font_style:300%20light%20regular%3A300%3Anormal\u00a0\u00bb css=\u00a0\u00bb.vc_custom_1774884984065{padding-bottom: 7px !important;}\u00a0\u00bb][vc_column_text css=\u00a0\u00bb.vc_custom_1775671064816{margin-bottom: 70px !important;padding-left: 10px !important;}\u00a0\u00bb]<\/p>\n<p style=\"text-align: left;\">Les spectacles sont gratuits le jeudi et le vendredi. <strong>Le samedi, le spectacle est payant et doit \u00eatre ajout\u00e9 au verre officiel que tu poss\u00e8des d\u00e9j\u00e0.<\/strong> Les billets pour le samedi sont en quantit\u00e9 tr\u00e8s limit\u00e9e.<\/p>\n<p>[\/vc_column_text][\/vc_column_inner][\/vc_row_inner][vc_empty_space height=\u00a0\u00bb15px\u00a0\u00bb][vc_row_inner][vc_column_inner width=\u00a0\u00bb1\/2&Prime;][thememove_icon type=\u00a0\u00bbpe7stroke\u00a0\u00bb icon_pe7stroke=\u00a0\u00bbpe-7s-car\u00a0\u00bb size=\u00a0\u00bb40px\u00a0\u00bb custom_color=\u00a0\u00bb#34a7cf\u00a0\u00bb el_class=\u00a0\u00bbfloat-left\u00a0\u00bb css=\u00a0\u00bb.vc_custom_1687892136834{margin-right: 10px !important;padding-top: 32px !important;padding-bottom: 32px !important;}\u00a0\u00bb][vc_custom_heading text=\u00a0\u00bb<b>RACCOMPAGNEMENT S\u00c9CURITAIRE<\/b>\u00a0\u00bb font_container=\u00a0\u00bbtag:h2|font_size:18|text_align:left\u00a0\u00bb google_fonts=\u00a0\u00bbfont_family:Raleway%3A100%2C200%2C300%2Cregular%2C500%2C600%2C700%2C800%2C900|font_style:300%20light%20regular%3A300%3Anormal\u00a0\u00bb css=\u00a0\u00bb.vc_custom_1685553683566{padding-bottom: 7px !important;}\u00a0\u00bb][vc_column_text css=\u00a0\u00bb.vc_custom_1742427500243{margin-bottom: 70px !important;padding-left: 10px !important;}\u00a0\u00bb]<\/p>\n<p style=\"text-align: left;\">Le Festibi\u00e8re est <strong>membre TZ<\/strong> pour tous les jours de l&rsquo;\u00e9v\u00e8nement,<strong> de 18h \u00e0 4h du matin<\/strong>, pour t\u2019offrir un raccompagnement s\u00e9curitaire. Contact directement le <strong>418-861-9590<\/strong> ou rep\u00e8re les affiches situ\u00e9es sur le site afin de profiter du raccompagnement <strong>\u00e0 partir\u00a0du Quai Paquet<\/strong> &amp; du <strong>stationnement de la Navette Paquet<\/strong>.<\/p>\n<p>[\/vc_column_text][\/vc_column_inner][vc_column_inner width=\u00a0\u00bb1\/2&Prime;][thememove_icon type=\u00a0\u00bbpe7stroke\u00a0\u00bb icon_pe7stroke=\u00a0\u00bbpe-7s-users\u00a0\u00bb size=\u00a0\u00bb40px\u00a0\u00bb custom_color=\u00a0\u00bb#34a7cf\u00a0\u00bb el_class=\u00a0\u00bbfloat-left\u00a0\u00bb css=\u00a0\u00bb.vc_custom_1750705547437{margin-right: 10px !important;padding-top: 32px !important;padding-bottom: 32px !important;}\u00a0\u00bb][vc_custom_heading text=\u00a0\u00bb<b>ACCESSIBILIT\u00c9<\/b>\u00a0\u00bb font_container=\u00a0\u00bbtag:h2|font_size:18|text_align:left\u00a0\u00bb google_fonts=\u00a0\u00bbfont_family:Raleway%3A100%2C200%2C300%2Cregular%2C500%2C600%2C700%2C800%2C900|font_style:300%20light%20regular%3A300%3Anormal\u00a0\u00bb css=\u00a0\u00bb.vc_custom_1750705510737{padding-bottom: 7px !important;}\u00a0\u00bb][vc_column_text css=\u00a0\u00bb.vc_custom_1750705572489{margin-bottom: 70px !important;padding-left: 10px !important;}\u00a0\u00bb]<\/p>\n<p style=\"text-align: left;\">Le site est accessible aux\u00a0<strong>personnes \u00e0 mobilit\u00e9 r\u00e9duite<\/strong> gr\u00e2ce aux terrains plats ainsi qu\u2019aux toilettes adapt\u00e9es. \u00c0 noter que le terrain est constitu\u00e9 de carrelage\/tuile &amp; d&rsquo;asphalte. Plusieurs places assise sont aussi disponibles sur place.<\/p>\n<p>[\/vc_column_text][\/vc_column_inner][\/vc_row_inner][vc_empty_space][vc_row_inner][vc_column_inner width=\u00a0\u00bb1\/2&Prime;][thememove_icon type=\u00a0\u00bbpe7stroke\u00a0\u00bb icon_pe7stroke=\u00a0\u00bbpe-7s-close-circle\u00a0\u00bb size=\u00a0\u00bb40px\u00a0\u00bb custom_color=\u00a0\u00bb#34a7cf\u00a0\u00bb el_class=\u00a0\u00bbfloat-left\u00a0\u00bb css=\u00a0\u00bb.vc_custom_1750946164335{margin-right: 10px !important;padding-top: 32px !important;padding-bottom: 32px !important;}\u00a0\u00bb][vc_custom_heading text=\u00a0\u00bb<b>OBJETS INTERDITS<\/b>\u00a0\u00bb font_container=\u00a0\u00bbtag:h2|font_size:18|text_align:left\u00a0\u00bb google_fonts=\u00a0\u00bbfont_family:Raleway%3A100%2C200%2C300%2Cregular%2C500%2C600%2C700%2C800%2C900|font_style:300%20light%20regular%3A300%3Anormal\u00a0\u00bb css=\u00a0\u00bb.vc_custom_1750946204726{padding-bottom: 7px !important;}\u00a0\u00bb][vc_column_text css=\u00a0\u00bb.vc_custom_1750946222248{padding-left: 10px !important;}\u00a0\u00bb]<\/p>\n<p style=\"text-align: left;\">Il est important de bien identifier les objets interdits pour \u00e9viter toute surprise \u00e0 ton arriv\u00e9e \u00e0 l\u2019\u00e9v\u00e8nement. Les\u00a0<strong>animaux<\/strong>, les\u00a0<strong>drogues<\/strong>, les\u00a0<strong>boissons alcoolis\u00e9es<\/strong>\u00a0&amp; les\u00a0<strong>\u00e9quipements photos\/vid\u00e9os<\/strong>, ne sont que quelques exemples d\u2019objets \u00e0 \u00e9viter. Consulte la liste compl\u00e8te ci dessous!<\/p>\n<p>[\/vc_column_text][vc_toggle title=\u00a0\u00bbListe des objets interdits\u00a0\u00bb]<\/p>\n<ul>\n<li>Contenants de verre \u2013 interdits pour des raisons de s\u00e9curit\u00e9 avec les fontaines<\/li>\n<li>Les animaux\n<ul>\n<li>Festibi\u00e8re de L\u00e9vis: interdits dans les bassins &amp; fontaines seulement<\/li>\n<\/ul>\n<\/li>\n<li><span data-teams=\"true\">Appareils photo professionnels et pieds d\u2019appareil photo (ex: appareils avec lentilles d\u00e9tachables, m\u00eame de petite taille)<\/span><\/li>\n<li><span data-teams=\"true\">\u00c9quipement vid\u00e9o, \u00e9quipement d\u2019enregistrement audio et accessoires connexes<\/span><\/li>\n<li><span data-teams=\"true\">Pointeur laser\u00a0\u00a0<\/span><\/li>\n<li>Les boissons alcoolis\u00e9es<\/li>\n<li>Toutes drogues, autres substances illicites et<span data-teams=\"true\">\u00a0accessoires reli\u00e9s (incluant le cannabis)\u00a0<\/span><\/li>\n<li>Les armes blanches, objets contondants et t<span data-teams=\"true\">out autre \u00e9l\u00e9ment pouvant \u00eatre utilis\u00e9 ou per\u00e7u comme une arme<\/span><\/li>\n<li><span data-teams=\"true\">Tout autre objet jug\u00e9 dangereux ou nuisible, \u00e0 la discr\u00e9tion de l\u2019organisation.<\/span><\/li>\n<li>Les feux d\u2019artifice,\u00a0<span data-teams=\"true\">feux de Bengale,<\/span>\u00a0ou p\u00e9tards<\/li>\n<\/ul>\n<p>[\/vc_toggle][vc_empty_space height=\u00a0\u00bb15px\u00a0\u00bb][\/vc_column_inner][vc_column_inner width=\u00a0\u00bb1\/2&Prime;][thememove_icon type=\u00a0\u00bbpe7stroke\u00a0\u00bb icon_pe7stroke=\u00a0\u00bbpe-7s-drop\u00a0\u00bb size=\u00a0\u00bb40px\u00a0\u00bb custom_color=\u00a0\u00bb#34a7cf\u00a0\u00bb el_class=\u00a0\u00bbfloat-left\u00a0\u00bb css=\u00a0\u00bb.vc_custom_1685375673479{margin-right: 10px !important;padding-top: 32px !important;}\u00a0\u00bb][vc_custom_heading text=\u00a0\u00bb<b>STATION D&rsquo;EAU<\/b>\u00a0\u00bb font_container=\u00a0\u00bbtag:h2|font_size:18|text_align:left\u00a0\u00bb google_fonts=\u00a0\u00bbfont_family:Raleway%3A100%2C200%2C300%2Cregular%2C500%2C600%2C700%2C800%2C900|font_style:300%20light%20regular%3A300%3Anormal\u00a0\u00bb css=\u00a0\u00bb.vc_custom_1685553553864{padding-bottom: 7px !important;}\u00a0\u00bb][vc_column_text css=\u00a0\u00bb.vc_custom_1742427463634{margin-bottom: 70px !important;padding-left: 10px !important;}\u00a0\u00bb]<\/p>\n<p style=\"text-align: left;\">Retrouve des points de ravitaillement o\u00f9 tu pourras te rafraichir, remplir<strong>\u00a0ta bouteille<\/strong>\u00a0 et\/ou <strong>laver ton verre<\/strong> gratuitement. Aucune bouteille d\u2019eau en vente sur le site.<\/p>\n<p>[\/vc_column_text][\/vc_column_inner][\/vc_row_inner][\/vc_column][\/vc_row][vc_row css=\u00a0\u00bb.vc_custom_1717607277585{padding-top: 20px !important;padding-right: 20px !important;padding-left: 20px !important;background-color: #c7eafb !important;border-radius: 10px !important;}\u00a0\u00bb][vc_column][vc_empty_space height=\u00a0\u00bb15px\u00a0\u00bb][vc_custom_heading text=\u00a0\u00bb\ud83d\udca1<b> LES 3 GESTES DU BON FESTIVALIER<\/b>\u00a0\u00bb font_container=\u00a0\u00bbtag:h2|font_size:22|text_align:center\u00a0\u00bb google_fonts=\u00a0\u00bbfont_family:Raleway%3A100%2C200%2C300%2Cregular%2C500%2C600%2C700%2C800%2C900|font_style:300%20light%20regular%3A300%3Anormal\u00a0\u00bb css=\u00a0\u00bb.vc_custom_1716844836175{padding-bottom: 7px !important;}\u00a0\u00bb][vc_empty_space height=\u00a0\u00bb15px\u00a0\u00bb][vc_row_inner][vc_column_inner width=\u00a0\u00bb1\/3&Prime; css=\u00a0\u00bb.vc_custom_1716845227061{padding-top: 10px !important;}\u00a0\u00bb][vc_custom_heading text=\u00a0\u00bb<b>1 &#8211; Gestion des d\u00e9chets<\/b>\u00a0\u00bb font_container=\u00a0\u00bbtag:h2|font_size:18|text_align:center\u00a0\u00bb google_fonts=\u00a0\u00bbfont_family:Raleway%3A100%2C200%2C300%2Cregular%2C500%2C600%2C700%2C800%2C900|font_style:300%20light%20regular%3A300%3Anormal\u00a0\u00bb css=\u00a0\u00bb.vc_custom_1716844899530{padding-bottom: 7px !important;}\u00a0\u00bb][vc_column_text css=\u00a0\u00bb.vc_custom_1755625914193{margin-bottom: 70px !important;padding-left: 10px !important;}\u00a0\u00bb]<\/p>\n<p style=\"text-align: left;\">Rep\u00e8re les <strong>stations de tri<\/strong> des d\u00e9chets pour participer \u00e0 l&rsquo;effort commun de <a href=\"https:\/\/infofestibiere.com\/developpementdurable\/\"><span style=\"text-decoration: underline;\">d\u00e9veloppement durable<\/span><\/a>.<\/p>\n<p>[\/vc_column_text][\/vc_column_inner][vc_column_inner width=\u00a0\u00bb1\/3&Prime; css=\u00a0\u00bb.vc_custom_1716845232091{padding-top: 10px !important;}\u00a0\u00bb][vc_custom_heading text=\u00a0\u00bb<b>2 &#8211; Bon voisinage<\/b>\u00a0\u00bb font_container=\u00a0\u00bbtag:h2|font_size:18|text_align:center\u00a0\u00bb google_fonts=\u00a0\u00bbfont_family:Raleway%3A100%2C200%2C300%2Cregular%2C500%2C600%2C700%2C800%2C900|font_style:300%20light%20regular%3A300%3Anormal\u00a0\u00bb css=\u00a0\u00bb.vc_custom_1716845000872{padding-bottom: 7px !important;}\u00a0\u00bb][vc_column_text css=\u00a0\u00bb.vc_custom_1716923082129{margin-bottom: 70px !important;padding-left: 10px !important;}\u00a0\u00bb]<\/p>\n<p style=\"text-align: left;\">Pense aux r\u00e9sidents.es des alentours de l&rsquo;\u00e9v\u00e8nement et essaie de <strong>r\u00e9duire le bruit<\/strong>&#8230; m\u00eame si tu es festif!<\/p>\n<p>[\/vc_column_text][\/vc_column_inner][vc_column_inner width=\u00a0\u00bb1\/3&Prime; css=\u00a0\u00bb.vc_custom_1716845237128{padding-top: 10px !important;}\u00a0\u00bb][vc_custom_heading text=\u00a0\u00bb<b>3 &#8211; Mobilit\u00e9 verte<\/b>\u00a0\u00bb font_container=\u00a0\u00bbtag:h2|font_size:18|text_align:center\u00a0\u00bb google_fonts=\u00a0\u00bbfont_family:Raleway%3A100%2C200%2C300%2Cregular%2C500%2C600%2C700%2C800%2C900|font_style:300%20light%20regular%3A300%3Anormal\u00a0\u00bb css=\u00a0\u00bb.vc_custom_1716844932022{padding-bottom: 7px !important;}\u00a0\u00bb][vc_column_text css=\u00a0\u00bb.vc_custom_1716844958487{margin-bottom: 70px !important;padding-left: 10px !important;}\u00a0\u00bb]<\/p>\n<p style=\"text-align: left;\">Le Festibi\u00e8re t&rsquo;encourage \u00e0 utiliser des moyens de <strong>transport plus durables<\/strong> comme l&rsquo;autobus, le covoiturage, la marche ou la bicyclette.<\/p>\n<p>[\/vc_column_text][\/vc_column_inner][\/vc_row_inner][\/vc_column][\/vc_row][vc_row][vc_column][vc_empty_space height=\u00a0\u00bb15px\u00a0\u00bb][vc_row_inner][vc_column_inner width=\u00a0\u00bb1\/3&Prime; css=\u00a0\u00bb.vc_custom_1682176433303{padding-top: 10px !important;}\u00a0\u00bb][vc_single_image image=\u00a0\u00bb3484&Prime; img_size=\u00a0\u00bblarge\u00a0\u00bb alignment=\u00a0\u00bbcenter\u00a0\u00bb][\/vc_column_inner][vc_column_inner width=\u00a0\u00bb1\/3&Prime; css=\u00a0\u00bb.vc_custom_1682176445387{padding-top: 10px !important;}\u00a0\u00bb][vc_single_image image=\u00a0\u00bb3842&Prime; img_size=\u00a0\u00bblarge\u00a0\u00bb alignment=\u00a0\u00bbcenter\u00a0\u00bb][\/vc_column_inner][vc_column_inner width=\u00a0\u00bb1\/3&Prime; css=\u00a0\u00bb.vc_custom_1682176438331{padding-top: 10px !important;}\u00a0\u00bb][vc_single_image image=\u00a0\u00bb3478&Prime; img_size=\u00a0\u00bblarge\u00a0\u00bb alignment=\u00a0\u00bbcenter\u00a0\u00bb][\/vc_column_inner][\/vc_row_inner][vc_empty_space height=\u00a0\u00bb15px\u00a0\u00bb][\/vc_column][\/vc_row][vc_row css=\u00a0\u00bb.vc_custom_1682172734863{padding-bottom: 20px !important;}\u00a0\u00bb][vc_column width=\u00a0\u00bb1\/2&Prime; css=\u00a0\u00bb.vc_custom_1682176417889{padding-top: 10px !important;}\u00a0\u00bb][vc_column_text]<span style=\"color: #ffffff;\"><a id=\"ancre3\" style=\"color: #ffffff;\"><\/a>.<\/span>[\/vc_column_text][vc_custom_heading text=\u00a0\u00bb<b>H\u00c9BERGEMENTS<\/b>\u00a0\u00bb font_container=\u00a0\u00bbtag:h2|font_size:25|text_align:left\u00a0\u00bb google_fonts=\u00a0\u00bbfont_family:Raleway%3A100%2C200%2C300%2Cregular%2C500%2C600%2C700%2C800%2C900|font_style:300%20light%20regular%3A300%3Anormal\u00a0\u00bb][vc_column_text]Tu viens de l&rsquo;ext\u00e9rieure de L\u00e9vis? Pas de probl\u00e8me&#8230; on a des suggestions d&rsquo;h\u00e9bergements pour toi![\/vc_column_text][vc_tta_accordion active_section=\u00a0\u00bb1&Prime; collapsible_all=\u00a0\u00bbtrue\u00a0\u00bb][vc_tta_section title=\u00a0\u00bb<b>HOTELS<\/b> \ud83c\udfe2\u00a0\u00bb tab_id=\u00a0\u00bb1682385223751-19c81969-acbe\u00a0\u00bb][vc_column_text]Options d&rsquo;h\u00e9bergements \u00e0 proximit\u00e9:<\/p>\n<div class=\"wpb_text_column wpb_content_element \">\n<div class=\"wpb_wrapper\">\n<ul>\n<li><span style=\"text-decoration: underline;\"><a href=\"https:\/\/goo.gl\/maps\/bUFsJBTWcvSs22Mm7\" target=\"_blank\" rel=\"noopener\">Four Points by Sheraton L\u00e9vis<\/a><\/span><\/li>\n<li><a href=\"https:\/\/maps.app.goo.gl\/f7DZRzFSVrxkjKJt9\" target=\"_blank\" rel=\"noopener\"><span style=\"text-decoration: underline;\">Grand H\u00f4tel Times de L\u00e9vis<\/span><\/a><\/li>\n<li><span style=\"text-decoration: underline;\"><a href=\"https:\/\/goo.gl\/maps\/YQ7K9pjmnPbo8Riy8\" target=\"_blank\" rel=\"noopener\">H\u00f4tel L&rsquo;Oie des neiges<\/a><\/span><\/li>\n<li><a href=\"https:\/\/goo.gl\/maps\/3d1LPnWdb81Dy1yk7\" target=\"_blank\" rel=\"noopener\"><span style=\"text-decoration: underline;\">Quality Inn &amp; Suites L\u00e9vis<\/span><\/a><\/li>\n<li><a href=\"https:\/\/goo.gl\/maps\/Rf9V3vuqfFJh4cRh7\" target=\"_blank\" rel=\"noopener\"><span style=\"text-decoration: underline;\">Comfort Inn L\u00e9vis<\/span><\/a><\/li>\n<\/ul>\n<\/div>\n<\/div>\n<p>[\/vc_column_text][\/vc_tta_section][vc_tta_section title=\u00a0\u00bb<b>AUBERGES<\/b> \ud83c\udfe1\u00a0\u00bb tab_id=\u00a0\u00bb1750872473344-2b558a7e-870c\u00a0\u00bb][vc_column_text]Options \u00e0 proximit\u00e9:<\/p>\n<div class=\"wpb_text_column wpb_content_element \">\n<div class=\"wpb_wrapper\">\n<ul>\n<li><span style=\"text-decoration: underline;\"><a href=\"https:\/\/maps.app.goo.gl\/FRdEQkqYJXy5tr29A\" target=\"_blank\" rel=\"noopener\">Auberge de la Visitation<\/a><\/span><\/li>\n<li><span style=\"text-decoration: underline;\"><a href=\"https:\/\/maps.app.goo.gl\/U3yGoxp2KLv4APCx9\" target=\"_blank\" rel=\"noopener\">Le Plumard Couette &amp; caf\u00e9<\/a><\/span><\/li>\n<\/ul>\n<\/div>\n<\/div>\n<p>[\/vc_column_text][\/vc_tta_section][vc_tta_section title=\u00a0\u00bb<b>CAMPINGS<\/b> \u26fa\u00a0\u00bb tab_id=\u00a0\u00bb1750872818928-8148d1e1-76ef\u00a0\u00bb][vc_column_text]Consulte la <a href=\"https:\/\/chaudiereappalaches.com\/planifier-votre-sejour\/ou-dormir\/\" target=\"_blank\" rel=\"noopener\"><span style=\"text-decoration: underline;\">liste des campings &amp; pr\u00eat-\u00e0-camper<\/span><\/a> en Chaudi\u00e8re Appalaches![\/vc_column_text][\/vc_tta_section][\/vc_tta_accordion][\/vc_column][vc_column width=\u00a0\u00bb1\/2&Prime; css=\u00a0\u00bb.vc_custom_1682176409048{padding-top: 10px !important;}\u00a0\u00bb][vc_column_text]<span style=\"color: #ffffff;\"><a id=\"ancre4\" style=\"color: #ffffff;\"><\/a>.<\/span>[\/vc_column_text][vc_custom_heading text=\u00a0\u00bb<b>TRANSPORTS<\/b>\u00a0\u00bb font_container=\u00a0\u00bbtag:h2|font_size:25|text_align:left\u00a0\u00bb google_fonts=\u00a0\u00bbfont_family:Raleway%3A100%2C200%2C300%2Cregular%2C500%2C600%2C700%2C800%2C900|font_style:300%20light%20regular%3A300%3Anormal\u00a0\u00bb][vc_column_text]Le Festibi\u00e8re t&rsquo;encourage \u00e0 utiliser des moyens de <strong>transport plus durables<\/strong> comme le traversier, l&rsquo;autobus, le covoiturage, la marche ou la bicyclette.[\/vc_column_text][vc_tta_tabs][vc_tta_section title=\u00a0\u00bb<b>AUTOMOBILE<\/b>\u00a0\u00bb tab_id=\u00a0\u00bb1686177580089-d9a5d91a-cbac\u00a0\u00bb][vc_column_text]<strong>Des stationnements<\/strong> sont disponibles dans les rues avoisinantes! On t&rsquo;invite \u00e0 pr\u00e9voir un <strong>conducteur d\u00e9sign\u00e9,<\/strong> faire du <strong>covoiturage <\/strong>avec <a href=\"https:\/\/www.facebook.com\/groups\/covoiturock\" target=\"_blank\" rel=\"noopener\"><span style=\"text-decoration: underline;\">Covoiturock<\/span><\/a> ou <a href=\"https:\/\/www.amigoexpress.com\/events\/festibierelevis25\" target=\"_blank\" rel=\"noopener\"><span style=\"text-decoration: underline;\">Amigoexpress<\/span><\/a> ou encore \u00e0 faire appel \u00e0 <strong>TZ<\/strong> pour un raccompagnement s\u00e9curitaire\ud83d\udc47[\/vc_column_text][vc_message icon_fontawesome=\u00a0\u00bbfa fa-taxi\u00a0\u00bb]<span style=\"font-weight: 500;\">Transporteur officiel de l\u2019\u00e9v\u00e8nement: <strong>TZ<\/strong><\/span><\/p>\n<p>Entre 18h et 4h du matin contact directement le <strong>418-861-9590<\/strong> ou rep\u00e8re les affiches situ\u00e9es sur le site profiter du raccompagnement <strong>\u00e0 partir\u00a0du Quai Paquet<\/strong> &amp; du <strong>stationnement de la Navette Paquet<\/strong>.[\/vc_message][vc_row_inner][vc_column_inner width=\u00a0\u00bb1\/2&Prime;][vc_btn title=\u00a0\u00bbCovoiturock\u00a0\u00bb color=\u00a0\u00bbinfo\u00a0\u00bb size=\u00a0\u00bbsm\u00a0\u00bb align=\u00a0\u00bbleft\u00a0\u00bb link=\u00a0\u00bburl:https%3A%2F%2Fwww.facebook.com%2Fgroups%2Fcovoiturock||target:%20_blank|\u00a0\u00bb][\/vc_column_inner][vc_column_inner width=\u00a0\u00bb1\/2&Prime;][vc_btn title=\u00a0\u00bbAmigoexpress\u00a0\u00bb color=\u00a0\u00bbinfo\u00a0\u00bb size=\u00a0\u00bbsm\u00a0\u00bb align=\u00a0\u00bbleft\u00a0\u00bb link=\u00a0\u00bburl:https%3A%2F%2Fwww.amigoexpress.com%2Fevents%2Ffestibierelevis25||target:%20_blank|\u00a0\u00bb][\/vc_column_inner][\/vc_row_inner][\/vc_tta_section][vc_tta_section title=\u00a0\u00bb<b>NAVETTE<\/b>\u00a0\u00bb tab_id=\u00a0\u00bb1686177618670-3e9f7d8a-d086&Prime;][vc_column_text]Profite du service <strong>\u00c9t\u00e9Bus<\/strong> &amp; <strong>Navette Paquet<\/strong> pour te rendre directement \u00e0 l&rsquo;\u00e9v\u00e8nement \ud83d\ude8d<\/p>\n<p>Rendez-vous sur le site web de la <a href=\"https:\/\/www.stlevis.ca\/etebus\" target=\"_blank\" rel=\"noopener\"><span style=\"text-decoration: underline;\">STL\u00e9vis<\/span><\/a> pour plus de d\u00e9tails![\/vc_column_text][\/vc_tta_section][vc_tta_section title=\u00a0\u00bb<b>TRAVERSIER<\/b>\u00a0\u00bb tab_id=\u00a0\u00bb1686177599943-d6cc3f21-e3b4&Prime;][vc_column_text]Que ce soit en voiture ou \u00e0 pied, passe de Qu\u00e9bec \u00e0 L\u00e9vis facilement avec le traversier se rendant <strong>directement au Quai Paquet<\/strong>!<\/p>\n<p>Pour tous les d\u00e9tails: <a href=\"https:\/\/www.traversiers.com\/fr\/nos-traverses\/traverse-quebec-levis\/horaire\" target=\"_blank\" rel=\"noopener\"><span style=\"text-decoration: underline;\">Soci\u00e9t\u00e9 des traversiers du Qu\u00e9bec<\/span><\/a>[\/vc_column_text][\/vc_tta_section][vc_tta_section title=\u00a0\u00bb<b>V\u00c9LO<\/b>\u00a0\u00bb tab_id=\u00a0\u00bb1686177580167-869c16dc-ef8b\u00a0\u00bb][vc_column_text]L&rsquo;occasion parfaite de jumeler bi\u00e8re &amp; v\u00e9lo! P\u00e9dale jusqu&rsquo;au Festibi\u00e8re &amp; stationne ton bolide dans l&rsquo;un des <strong>emplacements \u00e0 v\u00e9lo<\/strong>\u00a0pr\u00e8s du\u00a0<strong>traversier\ud83d\udeb2<\/strong>[\/vc_column_text][\/vc_tta_section][\/vc_tta_tabs][\/vc_column][\/vc_row][vc_row][vc_column][vc_empty_space][vc_empty_space][vc_row_inner][vc_column_inner width=\u00a0\u00bb1\/3&Prime;][vc_btn title=\u00a0\u00bbRetour en haut \ud83d\udd1d\u00a0\u00bb color=\u00a0\u00bbinfo\u00a0\u00bb align=\u00a0\u00bbcenter\u00a0\u00bb link=\u00a0\u00bburl:https%3A%2F%2Finfofestibiere.com%2Flevis%2Finformation%2F|||\u00a0\u00bb][\/vc_column_inner][vc_column_inner width=\u00a0\u00bb1\/3&Prime; css=\u00a0\u00bb.vc_custom_1683214364717{padding-top: 10px !important;}\u00a0\u00bb][vc_btn title=\u00a0\u00bbBilletterie\u00a0\u00bb color=\u00a0\u00bbinfo\u00a0\u00bb align=\u00a0\u00bbcenter\u00a0\u00bb link=\u00a0\u00bburl:https%3A%2F%2Finfofestibiere.com%2Fbilletterie%2F||target:%20_blank|\u00a0\u00bb][\/vc_column_inner][vc_column_inner width=\u00a0\u00bb1\/3&Prime; css=\u00a0\u00bb.vc_custom_1683214358575{padding-top: 10px !important;}\u00a0\u00bb][vc_btn title=\u00a0\u00bbAccueil\u00a0\u00bb color=\u00a0\u00bbinfo\u00a0\u00bb align=\u00a0\u00bbcenter\u00a0\u00bb link=\u00a0\u00bburl:https%3A%2F%2Finfofestibiere.com%2Flevis%2F|title:ACCUEIL||\u00a0\u00bb][\/vc_column_inner][\/vc_row_inner][vc_empty_space][\/vc_column][\/vc_row]<\/p>\n<\/div>","protected":false},"excerpt":{"rendered":"<p>[vc_row css=\u00a0\u00bb.vc_custom_1682693659748{padding-top: 20px !important;}\u00a0\u00bb][vc_column][vc_empty_space height=\u00a0\u00bb20px\u00a0\u00bb][vc_single_image image=\u00a0\u00bb4902&Prime; img_size=\u00a0\u00bbfull\u00a0\u00bb alignment=\u00a0\u00bbcenter\u00a0\u00bb css=\u00a0\u00bb\u00a0\u00bb][vc_empty_space height=\u00a0\u00bb10px\u00a0\u00bb][\/vc_column][\/vc_row][vc_row css=\u00a0\u00bb.vc_custom_1681423764024{padding-top: 20px !important;}\u00a0\u00bb][vc_column width=\u00a0\u00bb1\/2&Prime; css=\u00a0\u00bb.vc_custom_1651090515309{padding-top: 10px !important;}\u00a0\u00bb][vc_custom_heading text=\u00a0\u00bbLE FESTIBI\u00c8RE DE L\u00c9VIS\u00a0\u00bb font_container=\u00a0\u00bbtag:h1|font_size:25|text_align:left|color:%2334a7cf\u00a0\u00bb google_fonts=\u00a0\u00bbfont_family:Raleway%3A100%2C200%2C300%2Cregular%2C500%2C600%2C700%2C800%2C900|font_style:300%20light%20regular%3A300%3Anormal\u00a0\u00bb][vc_custom_heading text=\u00a0\u00bb25 AU 28 JUIN 2026 | QUAI PAQUET\u00a0\u00bb font_container=\u00a0\u00bbtag:h2|font_size:22|text_align:left|color:%230a0404&Prime; google_fonts=\u00a0\u00bbfont_family:Raleway%3A100%2C200%2C300%2Cregular%2C500%2C600%2C700%2C800%2C900|font_style:300%20light%20regular%3A300%3Anormal\u00a0\u00bb css=\u00a0\u00bb\u00a0\u00bb][vc_column_text css=\u00a0\u00bb.vc_custom_1717605431533{padding-top: 10px !important;}\u00a0\u00bb] Cet \u00e9t\u00e9, le Festibi\u00e8re de L\u00e9vis te fera voir du pays, mais aussi boire du pays! Consulte les [&hellip;]<\/p>\n","protected":false},"author":2,"featured_media":3471,"parent":0,"menu_order":0,"comment_status":"closed","ping_status":"closed","template":"","meta":{"footnotes":""},"class_list":["post-3391","page","type-page","status-publish","has-post-thumbnail","hentry"],"yoast_head":"<!-- This site is optimized with the Yoast SEO plugin v27.2 - https:\/\/yoast.com\/product\/yoast-seo-wordpress\/ -->\n<title>INFORMATION - de L\u00e9vis<\/title>\n<meta name=\"description\" content=\"\u00c0 savoir pour profiter du Festibi\u00e8re de L\u00e9vis: fonctionnement, infos pratiques, transports, commodit\u00e9s, h\u00e9bergements.\" \/>\n<meta name=\"robots\" content=\"index, follow, max-snippet:-1, max-image-preview:large, max-video-preview:-1\" \/>\n<link rel=\"canonical\" href=\"https:\/\/infofestibiere.com\/levis\/information\/\" \/>\n<meta property=\"og:locale\" content=\"fr_FR\" \/>\n<meta property=\"og:type\" content=\"article\" \/>\n<meta property=\"og:title\" content=\"INFORMATION - de L\u00e9vis\" \/>\n<meta property=\"og:description\" content=\"\u00c0 savoir pour profiter du Festibi\u00e8re de L\u00e9vis: fonctionnement, infos pratiques, transports, commodit\u00e9s, h\u00e9bergements.\" \/>\n<meta property=\"og:url\" content=\"https:\/\/infofestibiere.com\/levis\/information\/\" \/>\n<meta property=\"og:site_name\" content=\"de L\u00e9vis\" \/>\n<meta property=\"article:modified_time\" content=\"2026-04-23T15:03:13+00:00\" \/>\n<meta property=\"og:image\" content=\"https:\/\/infofestibiere.com\/levis\/wp-content\/uploads\/sites\/3\/2023\/05\/1er-Juillet-Festibiere-ElisabethJoly-Photographe-1096.jpg\" \/>\n\t<meta property=\"og:image:width\" content=\"1728\" \/>\n\t<meta property=\"og:image:height\" content=\"1152\" \/>\n\t<meta property=\"og:image:type\" content=\"image\/jpeg\" \/>\n<meta name=\"twitter:card\" content=\"summary_large_image\" \/>\n<meta name=\"twitter:label1\" content=\"Dur\u00e9e de lecture estim\u00e9e\" \/>\n\t<meta name=\"twitter:data1\" content=\"11 minutes\" \/>\n<script type=\"application\/ld+json\" class=\"yoast-schema-graph\">{\"@context\":\"https:\/\/schema.org\",\"@graph\":[{\"@type\":\"WebPage\",\"@id\":\"https:\/\/infofestibiere.com\/levis\/information\/\",\"url\":\"https:\/\/infofestibiere.com\/levis\/information\/\",\"name\":\"INFORMATION - de L\u00e9vis\",\"isPartOf\":{\"@id\":\"https:\/\/infofestibiere.com\/levis\/#website\"},\"primaryImageOfPage\":{\"@id\":\"https:\/\/infofestibiere.com\/levis\/information\/#primaryimage\"},\"image\":{\"@id\":\"https:\/\/infofestibiere.com\/levis\/information\/#primaryimage\"},\"thumbnailUrl\":\"https:\/\/infofestibiere.com\/levis\/wp-content\/uploads\/sites\/3\/2023\/05\/1er-Juillet-Festibiere-ElisabethJoly-Photographe-1096.jpg\",\"datePublished\":\"2023-06-01T01:51:47+00:00\",\"dateModified\":\"2026-04-23T15:03:13+00:00\",\"description\":\"\u00c0 savoir pour profiter du Festibi\u00e8re de L\u00e9vis: fonctionnement, infos pratiques, transports, commodit\u00e9s, h\u00e9bergements.\",\"breadcrumb\":{\"@id\":\"https:\/\/infofestibiere.com\/levis\/information\/#breadcrumb\"},\"inLanguage\":\"fr-FR\",\"potentialAction\":[{\"@type\":\"ReadAction\",\"target\":[\"https:\/\/infofestibiere.com\/levis\/information\/\"]}]},{\"@type\":\"ImageObject\",\"inLanguage\":\"fr-FR\",\"@id\":\"https:\/\/infofestibiere.com\/levis\/information\/#primaryimage\",\"url\":\"https:\/\/infofestibiere.com\/levis\/wp-content\/uploads\/sites\/3\/2023\/05\/1er-Juillet-Festibiere-ElisabethJoly-Photographe-1096.jpg\",\"contentUrl\":\"https:\/\/infofestibiere.com\/levis\/wp-content\/uploads\/sites\/3\/2023\/05\/1er-Juillet-Festibiere-ElisabethJoly-Photographe-1096.jpg\",\"width\":1728,\"height\":1152},{\"@type\":\"BreadcrumbList\",\"@id\":\"https:\/\/infofestibiere.com\/levis\/information\/#breadcrumb\",\"itemListElement\":[{\"@type\":\"ListItem\",\"position\":1,\"name\":\"Accueil\",\"item\":\"https:\/\/infofestibiere.com\/levis\/\"},{\"@type\":\"ListItem\",\"position\":2,\"name\":\"INFORMATION\"}]},{\"@type\":\"WebSite\",\"@id\":\"https:\/\/infofestibiere.com\/levis\/#website\",\"url\":\"https:\/\/infofestibiere.com\/levis\/\",\"name\":\"de L\u00e9vis\",\"description\":\"Boire du pays!\",\"potentialAction\":[{\"@type\":\"SearchAction\",\"target\":{\"@type\":\"EntryPoint\",\"urlTemplate\":\"https:\/\/infofestibiere.com\/levis\/?s={search_term_string}\"},\"query-input\":{\"@type\":\"PropertyValueSpecification\",\"valueRequired\":true,\"valueName\":\"search_term_string\"}}],\"inLanguage\":\"fr-FR\"}]}<\/script>\n<!-- \/ Yoast SEO plugin. -->","yoast_head_json":{"title":"INFORMATION - de L\u00e9vis","description":"\u00c0 savoir pour profiter du Festibi\u00e8re de L\u00e9vis: fonctionnement, infos pratiques, transports, commodit\u00e9s, h\u00e9bergements.","robots":{"index":"index","follow":"follow","max-snippet":"max-snippet:-1","max-image-preview":"max-image-preview:large","max-video-preview":"max-video-preview:-1"},"canonical":"https:\/\/infofestibiere.com\/levis\/information\/","og_locale":"fr_FR","og_type":"article","og_title":"INFORMATION - de L\u00e9vis","og_description":"\u00c0 savoir pour profiter du Festibi\u00e8re de L\u00e9vis: fonctionnement, infos pratiques, transports, commodit\u00e9s, h\u00e9bergements.","og_url":"https:\/\/infofestibiere.com\/levis\/information\/","og_site_name":"de L\u00e9vis","article_modified_time":"2026-04-23T15:03:13+00:00","og_image":[{"width":1728,"height":1152,"url":"https:\/\/infofestibiere.com\/levis\/wp-content\/uploads\/sites\/3\/2023\/05\/1er-Juillet-Festibiere-ElisabethJoly-Photographe-1096.jpg","type":"image\/jpeg"}],"twitter_card":"summary_large_image","twitter_misc":{"Dur\u00e9e de lecture estim\u00e9e":"11 minutes"},"schema":{"@context":"https:\/\/schema.org","@graph":[{"@type":"WebPage","@id":"https:\/\/infofestibiere.com\/levis\/information\/","url":"https:\/\/infofestibiere.com\/levis\/information\/","name":"INFORMATION - de L\u00e9vis","isPartOf":{"@id":"https:\/\/infofestibiere.com\/levis\/#website"},"primaryImageOfPage":{"@id":"https:\/\/infofestibiere.com\/levis\/information\/#primaryimage"},"image":{"@id":"https:\/\/infofestibiere.com\/levis\/information\/#primaryimage"},"thumbnailUrl":"https:\/\/infofestibiere.com\/levis\/wp-content\/uploads\/sites\/3\/2023\/05\/1er-Juillet-Festibiere-ElisabethJoly-Photographe-1096.jpg","datePublished":"2023-06-01T01:51:47+00:00","dateModified":"2026-04-23T15:03:13+00:00","description":"\u00c0 savoir pour profiter du Festibi\u00e8re de L\u00e9vis: fonctionnement, infos pratiques, transports, commodit\u00e9s, h\u00e9bergements.","breadcrumb":{"@id":"https:\/\/infofestibiere.com\/levis\/information\/#breadcrumb"},"inLanguage":"fr-FR","potentialAction":[{"@type":"ReadAction","target":["https:\/\/infofestibiere.com\/levis\/information\/"]}]},{"@type":"ImageObject","inLanguage":"fr-FR","@id":"https:\/\/infofestibiere.com\/levis\/information\/#primaryimage","url":"https:\/\/infofestibiere.com\/levis\/wp-content\/uploads\/sites\/3\/2023\/05\/1er-Juillet-Festibiere-ElisabethJoly-Photographe-1096.jpg","contentUrl":"https:\/\/infofestibiere.com\/levis\/wp-content\/uploads\/sites\/3\/2023\/05\/1er-Juillet-Festibiere-ElisabethJoly-Photographe-1096.jpg","width":1728,"height":1152},{"@type":"BreadcrumbList","@id":"https:\/\/infofestibiere.com\/levis\/information\/#breadcrumb","itemListElement":[{"@type":"ListItem","position":1,"name":"Accueil","item":"https:\/\/infofestibiere.com\/levis\/"},{"@type":"ListItem","position":2,"name":"INFORMATION"}]},{"@type":"WebSite","@id":"https:\/\/infofestibiere.com\/levis\/#website","url":"https:\/\/infofestibiere.com\/levis\/","name":"de L\u00e9vis","description":"Boire du pays!","potentialAction":[{"@type":"SearchAction","target":{"@type":"EntryPoint","urlTemplate":"https:\/\/infofestibiere.com\/levis\/?s={search_term_string}"},"query-input":{"@type":"PropertyValueSpecification","valueRequired":true,"valueName":"search_term_string"}}],"inLanguage":"fr-FR"}]}},"_links":{"self":[{"href":"https:\/\/infofestibiere.com\/levis\/wp-json\/wp\/v2\/pages\/3391","targetHints":{"allow":["GET"]}}],"collection":[{"href":"https:\/\/infofestibiere.com\/levis\/wp-json\/wp\/v2\/pages"}],"about":[{"href":"https:\/\/infofestibiere.com\/levis\/wp-json\/wp\/v2\/types\/page"}],"author":[{"embeddable":true,"href":"https:\/\/infofestibiere.com\/levis\/wp-json\/wp\/v2\/users\/2"}],"replies":[{"embeddable":true,"href":"https:\/\/infofestibiere.com\/levis\/wp-json\/wp\/v2\/comments?post=3391"}],"version-history":[{"count":64,"href":"https:\/\/infofestibiere.com\/levis\/wp-json\/wp\/v2\/pages\/3391\/revisions"}],"predecessor-version":[{"id":4937,"href":"https:\/\/infofestibiere.com\/levis\/wp-json\/wp\/v2\/pages\/3391\/revisions\/4937"}],"wp:featuredmedia":[{"embeddable":true,"href":"https:\/\/infofestibiere.com\/levis\/wp-json\/wp\/v2\/media\/3471"}],"wp:attachment":[{"href":"https:\/\/infofestibiere.com\/levis\/wp-json\/wp\/v2\/media?parent=3391"}],"curies":[{"name":"wp","href":"https:\/\/api.w.org\/{rel}","templated":true}]}}