{"id":2399,"date":"2019-06-19T20:19:18","date_gmt":"2019-06-20T00:19:18","guid":{"rendered":"https:\/\/infofestibiere.com\/levis\/?page_id=2399"},"modified":"2025-06-02T11:22:08","modified_gmt":"2025-06-02T15:22:08","slug":"gouvernement-du-quebec","status":"publish","type":"page","link":"https:\/\/infofestibiere.com\/levis\/gouvernement-du-quebec\/","title":{"rendered":"Gouvernement du Quebec"},"content":{"rendered":"<div class=\"wpb-content-wrapper\"><p>[vc_row css=\u00a0\u00bb.vc_custom_1560955135436{padding-top: 32px !important;padding-bottom: 15px !important;}\u00a0\u00bb][vc_column width=\u00a0\u00bb1\/6&Prime; css=\u00a0\u00bb.vc_custom_1686701479438{padding-top: 10px !important;}\u00a0\u00bb][vc_single_image image=\u00a0\u00bb3645&Prime; img_size=\u00a0\u00bbmedium\u00a0\u00bb alignment=\u00a0\u00bbcenter\u00a0\u00bb onclick=\u00a0\u00bbcustom_link\u00a0\u00bb img_link_target=\u00a0\u00bb_blank\u00a0\u00bb link=\u00a0\u00bbhttp:\/\/www.tourisme.gouv.qc.ca\/\u00a0\u00bb][\/vc_column][vc_column width=\u00a0\u00bb1\/6&Prime; css=\u00a0\u00bb.vc_custom_1719507938152{padding-top: 15px !important;}\u00a0\u00bb][vc_single_image image=\u00a0\u00bb4620&Prime; img_size=\u00a0\u00bbmedium\u00a0\u00bb alignment=\u00a0\u00bbcenter\u00a0\u00bb onclick=\u00a0\u00bbcustom_link\u00a0\u00bb img_link_target=\u00a0\u00bb_blank\u00a0\u00bb link=\u00a0\u00bbhttp:\/\/www.tourisme.gouv.qc.ca\/\u00a0\u00bb][\/vc_column][vc_column width=\u00a0\u00bb1\/6&Prime; css=\u00a0\u00bb.vc_custom_1686701469032{padding-top: 10px !important;}\u00a0\u00bb][vc_single_image image=\u00a0\u00bb3643&Prime; img_size=\u00a0\u00bbmedium\u00a0\u00bb alignment=\u00a0\u00bbcenter\u00a0\u00bb onclick=\u00a0\u00bbcustom_link\u00a0\u00bb img_link_target=\u00a0\u00bb_blank\u00a0\u00bb link=\u00a0\u00bbhttp:\/\/www.tourisme.gouv.qc.ca\/\u00a0\u00bb][\/vc_column][vc_column width=\u00a0\u00bb1\/2&Prime; css=\u00a0\u00bb.vc_custom_1719507862901{padding-top: 10px !important;}\u00a0\u00bb][vc_empty_space height=\u00a0\u00bb62px\u00a0\u00bb][vc_custom_heading text=\u00a0\u00bb<b>Festibi\u00e8re de L\u00e9vis<\/b>\u00a0\u00bb font_container=\u00a0\u00bbtag:h2|text_align:center\u00a0\u00bb use_theme_fonts=\u00a0\u00bbyes\u00a0\u00bb][vc_custom_heading text=\u00a0\u00bbMot du gouvernement du Qu\u00e9bec\u00a0\u00bb use_theme_fonts=\u00a0\u00bbyes\u00a0\u00bb][\/vc_column][\/vc_row][vc_row][vc_column][vc_empty_space height=\u00a0\u00bb20px\u00a0\u00bb][vc_column_text]<strong>Savourez le Qu\u00e9bec!<\/strong><\/p>\n<p>Le gouvernement du Qu\u00e9bec est heureux de soutenir Le Festibi\u00e8re de L\u00e9vis, qui permet aux personnes participantes de d\u00e9couvrir le Qu\u00e9bec \u00e0 travers toute une gamme de saveurs. Nos \u00e9v\u00e9nements gourmands sont l\u2019occasion pour les consommateurs d\u2019aller \u00e0 la rencontre des producteurs locaux, de constater leur savoir-faire et de se laisser surprendre par le go\u00fbt et la qualit\u00e9 des produits d\u2019ici.<\/p>\n<p>Chaque ann\u00e9e, des rendez-vous comme celui-ci attirent des visiteurs du Qu\u00e9bec et d\u2019ailleurs qui ont en commun la recherche d\u2019authenticit\u00e9. Ils contribuent \u00e0 faire rayonner la r\u00e9gion de la Chaudi\u00e8re-Appalaches et \u00e0 mettre en valeur le travail de ses producteurs et artisans tout en stimulant le tourisme et l\u2019\u00e9conomie.<\/p>\n<p>Nous invitons chaleureusement la population et les touristes \u00e0 participer au Festibi\u00e8re de L\u00e9vis. Nous saluons \u00e9galement l\u2019excellent travail de l\u2019\u00e9quipe organisatrice et des b\u00e9n\u00e9voles.<\/p>\n<p>Bon festival![\/vc_column_text][vc_row_inner][vc_column_inner width=\u00a0\u00bb1\/3&Prime; css=\u00a0\u00bb.vc_custom_1686701430392{padding-top: 10px !important;}\u00a0\u00bb][vc_column_text]<strong>La ministre du Tourisme et ministre responsable de la r\u00e9gion de Lanaudi\u00e8re,<\/strong>[\/vc_column_text][vc_custom_heading text=\u00a0\u00bb<b>Caroline Proulx\u00a0\u00bb font_container=\u00a0\u00bbtag:h2|font_size:20px|text_align:left\u00a0\u00bb use_theme_fonts=\u00a0\u00bbyes\u00a0\u00bb][\/vc_column_inner][vc_column_inner width=\u00a0\u00bb1\/3&Prime; css=\u00a0\u00bb.vc_custom_1719507556009{padding-top: 10px !important;}\u00a0\u00bb][vc_column_text]Le ministre de l\u2019Agriculture, des P\u00eacheries et de l\u2019Alimentation et ministre responsable de la r\u00e9gion du Centre-du-Qu\u00e9bec,[\/vc_column_text][vc_custom_heading text=\u00a0\u00bb<b>Andr\u00e9 Lamontagne<\/b>\u00a0\u00bb font_container=\u00a0\u00bbtag:h2|font_size:20px|text_align:left\u00a0\u00bb use_theme_fonts=\u00a0\u00bbyes\u00a0\u00bb][\/vc_column_inner][vc_column_inner width=\u00a0\u00bb1\/3&Prime; css=\u00a0\u00bb.vc_custom_1686701456020{padding-top: 10px !important;}\u00a0\u00bb][vc_column_text]Le ministre responsable des Infrastructures et ministre responsable de la r\u00e9gion de la Capitale-Nationale,[\/vc_column_text][vc_custom_heading text=\u00a0\u00bb<b>Jonatan Julien<\/b>\u00a0\u00bb font_container=\u00a0\u00bbtag:h2|font_size:20px|text_align:left\u00a0\u00bb use_theme_fonts=\u00a0\u00bbyes\u00a0\u00bb][\/vc_column_inner][\/vc_row_inner][\/vc_column][\/vc_row][vc_row][vc_column][vc_empty_space][vc_row_inner css=\u00a0\u00bb.vc_custom_1560955226706{padding-bottom: 32px !important;}\u00a0\u00bb][vc_column_inner width=\u00a0\u00bb1\/2&Prime; css=\u00a0\u00bb.vc_custom_1686701294257{padding-top: 20px !important;padding-bottom: 10px !important;}\u00a0\u00bb][vc_single_image image=\u00a0\u00bb2400&Prime; img_size=\u00a0\u00bbmedium\u00a0\u00bb onclick=\u00a0\u00bbcustom_link\u00a0\u00bb img_link_target=\u00a0\u00bb_blank\u00a0\u00bb link=\u00a0\u00bbhttps:\/\/www.quebec.ca\/tourisme-et-loisirs\/\u00a0\u00bb][\/vc_column_inner][vc_column_inner width=\u00a0\u00bb1\/2&Prime; css=\u00a0\u00bb.vc_custom_1686701288712{padding-top: 32px !important;padding-bottom: 10px !important;}\u00a0\u00bb][vc_single_image image=\u00a0\u00bb2402&Prime; img_size=\u00a0\u00bbmedium\u00a0\u00bb onclick=\u00a0\u00bbcustom_link\u00a0\u00bb img_link_target=\u00a0\u00bb_blank\u00a0\u00bb link=\u00a0\u00bbhttp:\/\/www.tourisme.gouv.qc.ca\/\u00a0\u00bb][\/vc_column_inner][\/vc_row_inner][vc_column_text]<\/b>[\/vc_column_text][\/vc_column][\/vc_row]<\/p>\n<\/div>","protected":false},"excerpt":{"rendered":"<p>[vc_row css=\u00a0\u00bb.vc_custom_1560955135436{padding-top: 32px !important;padding-bottom: 15px !important;}\u00a0\u00bb][vc_column width=\u00a0\u00bb1\/6&Prime; css=\u00a0\u00bb.vc_custom_1686701479438{padding-top: 10px !important;}\u00a0\u00bb][vc_single_image image=\u00a0\u00bb3645&Prime; img_size=\u00a0\u00bbmedium\u00a0\u00bb alignment=\u00a0\u00bbcenter\u00a0\u00bb onclick=\u00a0\u00bbcustom_link\u00a0\u00bb img_link_target=\u00a0\u00bb_blank\u00a0\u00bb link=\u00a0\u00bbhttp:\/\/www.tourisme.gouv.qc.ca\/\u00a0\u00bb][\/vc_column][vc_column width=\u00a0\u00bb1\/6&Prime; css=\u00a0\u00bb.vc_custom_1719507938152{padding-top: 15px !important;}\u00a0\u00bb][vc_single_image image=\u00a0\u00bb4620&Prime; img_size=\u00a0\u00bbmedium\u00a0\u00bb alignment=\u00a0\u00bbcenter\u00a0\u00bb onclick=\u00a0\u00bbcustom_link\u00a0\u00bb img_link_target=\u00a0\u00bb_blank\u00a0\u00bb link=\u00a0\u00bbhttp:\/\/www.tourisme.gouv.qc.ca\/\u00a0\u00bb][\/vc_column][vc_column width=\u00a0\u00bb1\/6&Prime; css=\u00a0\u00bb.vc_custom_1686701469032{padding-top: 10px !important;}\u00a0\u00bb][vc_single_image image=\u00a0\u00bb3643&Prime; img_size=\u00a0\u00bbmedium\u00a0\u00bb alignment=\u00a0\u00bbcenter\u00a0\u00bb onclick=\u00a0\u00bbcustom_link\u00a0\u00bb img_link_target=\u00a0\u00bb_blank\u00a0\u00bb link=\u00a0\u00bbhttp:\/\/www.tourisme.gouv.qc.ca\/\u00a0\u00bb][\/vc_column][vc_column width=\u00a0\u00bb1\/2&Prime; css=\u00a0\u00bb.vc_custom_1719507862901{padding-top: 10px !important;}\u00a0\u00bb][vc_empty_space height=\u00a0\u00bb62px\u00a0\u00bb][vc_custom_heading text=\u00a0\u00bbFestibi\u00e8re de L\u00e9vis\u00a0\u00bb font_container=\u00a0\u00bbtag:h2|text_align:center\u00a0\u00bb use_theme_fonts=\u00a0\u00bbyes\u00a0\u00bb][vc_custom_heading text=\u00a0\u00bbMot du gouvernement du Qu\u00e9bec\u00a0\u00bb use_theme_fonts=\u00a0\u00bbyes\u00a0\u00bb][\/vc_column][\/vc_row][vc_row][vc_column][vc_empty_space height=\u00a0\u00bb20px\u00a0\u00bb][vc_column_text]Savourez le Qu\u00e9bec! [&hellip;]<\/p>\n","protected":false},"author":2,"featured_media":0,"parent":0,"menu_order":0,"comment_status":"closed","ping_status":"closed","template":"","meta":{"footnotes":""},"class_list":["post-2399","page","type-page","status-publish","hentry"],"yoast_head":"<!-- This site is optimized with the Yoast SEO plugin v27.2 - https:\/\/yoast.com\/product\/yoast-seo-wordpress\/ -->\n<title>Gouvernement du Quebec - de L\u00e9vis<\/title>\n<meta name=\"robots\" content=\"index, follow, max-snippet:-1, max-image-preview:large, max-video-preview:-1\" \/>\n<link rel=\"canonical\" href=\"https:\/\/infofestibiere.com\/levis\/gouvernement-du-quebec\/\" \/>\n<meta property=\"og:locale\" content=\"fr_FR\" \/>\n<meta property=\"og:type\" content=\"article\" \/>\n<meta property=\"og:title\" content=\"Gouvernement du Quebec - de L\u00e9vis\" \/>\n<meta property=\"og:description\" content=\"[vc_row css=\u00a0\u00bb.vc_custom_1560955135436{padding-top: 32px !important;padding-bottom: 15px !important;}\u00a0\u00bb][vc_column width=\u00a0\u00bb1\/6&Prime; css=\u00a0\u00bb.vc_custom_1686701479438{padding-top: 10px !important;}\u00a0\u00bb][vc_single_image image=\u00a0\u00bb3645&Prime; img_size=\u00a0\u00bbmedium\u00a0\u00bb alignment=\u00a0\u00bbcenter\u00a0\u00bb onclick=\u00a0\u00bbcustom_link\u00a0\u00bb img_link_target=\u00a0\u00bb_blank\u00a0\u00bb link=\u00a0\u00bbhttp:\/\/www.tourisme.gouv.qc.ca\/\u00a0\u00bb][\/vc_column][vc_column width=\u00a0\u00bb1\/6&Prime; css=\u00a0\u00bb.vc_custom_1719507938152{padding-top: 15px !important;}\u00a0\u00bb][vc_single_image image=\u00a0\u00bb4620&Prime; img_size=\u00a0\u00bbmedium\u00a0\u00bb alignment=\u00a0\u00bbcenter\u00a0\u00bb onclick=\u00a0\u00bbcustom_link\u00a0\u00bb img_link_target=\u00a0\u00bb_blank\u00a0\u00bb link=\u00a0\u00bbhttp:\/\/www.tourisme.gouv.qc.ca\/\u00a0\u00bb][\/vc_column][vc_column width=\u00a0\u00bb1\/6&Prime; css=\u00a0\u00bb.vc_custom_1686701469032{padding-top: 10px !important;}\u00a0\u00bb][vc_single_image image=\u00a0\u00bb3643&Prime; img_size=\u00a0\u00bbmedium\u00a0\u00bb alignment=\u00a0\u00bbcenter\u00a0\u00bb onclick=\u00a0\u00bbcustom_link\u00a0\u00bb img_link_target=\u00a0\u00bb_blank\u00a0\u00bb link=\u00a0\u00bbhttp:\/\/www.tourisme.gouv.qc.ca\/\u00a0\u00bb][\/vc_column][vc_column width=\u00a0\u00bb1\/2&Prime; css=\u00a0\u00bb.vc_custom_1719507862901{padding-top: 10px !important;}\u00a0\u00bb][vc_empty_space height=\u00a0\u00bb62px\u00a0\u00bb][vc_custom_heading text=\u00a0\u00bbFestibi\u00e8re de L\u00e9vis\u00a0\u00bb font_container=\u00a0\u00bbtag:h2|text_align:center\u00a0\u00bb use_theme_fonts=\u00a0\u00bbyes\u00a0\u00bb][vc_custom_heading text=\u00a0\u00bbMot du gouvernement du Qu\u00e9bec\u00a0\u00bb use_theme_fonts=\u00a0\u00bbyes\u00a0\u00bb][\/vc_column][\/vc_row][vc_row][vc_column][vc_empty_space height=\u00a0\u00bb20px\u00a0\u00bb][vc_column_text]Savourez le Qu\u00e9bec! [&hellip;]\" \/>\n<meta property=\"og:url\" content=\"https:\/\/infofestibiere.com\/levis\/gouvernement-du-quebec\/\" \/>\n<meta property=\"og:site_name\" content=\"de L\u00e9vis\" \/>\n<meta property=\"article:modified_time\" content=\"2025-06-02T15:22:08+00:00\" \/>\n<meta name=\"twitter:card\" content=\"summary_large_image\" \/>\n<meta name=\"twitter:label1\" content=\"Dur\u00e9e de lecture estim\u00e9e\" \/>\n\t<meta name=\"twitter:data1\" content=\"2 minutes\" \/>\n<script type=\"application\/ld+json\" class=\"yoast-schema-graph\">{\"@context\":\"https:\/\/schema.org\",\"@graph\":[{\"@type\":\"WebPage\",\"@id\":\"https:\/\/infofestibiere.com\/levis\/gouvernement-du-quebec\/\",\"url\":\"https:\/\/infofestibiere.com\/levis\/gouvernement-du-quebec\/\",\"name\":\"Gouvernement du Quebec - de L\u00e9vis\",\"isPartOf\":{\"@id\":\"https:\/\/infofestibiere.com\/levis\/#website\"},\"datePublished\":\"2019-06-20T00:19:18+00:00\",\"dateModified\":\"2025-06-02T15:22:08+00:00\",\"breadcrumb\":{\"@id\":\"https:\/\/infofestibiere.com\/levis\/gouvernement-du-quebec\/#breadcrumb\"},\"inLanguage\":\"fr-FR\",\"potentialAction\":[{\"@type\":\"ReadAction\",\"target\":[\"https:\/\/infofestibiere.com\/levis\/gouvernement-du-quebec\/\"]}]},{\"@type\":\"BreadcrumbList\",\"@id\":\"https:\/\/infofestibiere.com\/levis\/gouvernement-du-quebec\/#breadcrumb\",\"itemListElement\":[{\"@type\":\"ListItem\",\"position\":1,\"name\":\"Accueil\",\"item\":\"https:\/\/infofestibiere.com\/levis\/\"},{\"@type\":\"ListItem\",\"position\":2,\"name\":\"Gouvernement du Quebec\"}]},{\"@type\":\"WebSite\",\"@id\":\"https:\/\/infofestibiere.com\/levis\/#website\",\"url\":\"https:\/\/infofestibiere.com\/levis\/\",\"name\":\"de L\u00e9vis\",\"description\":\"Boire du pays!\",\"potentialAction\":[{\"@type\":\"SearchAction\",\"target\":{\"@type\":\"EntryPoint\",\"urlTemplate\":\"https:\/\/infofestibiere.com\/levis\/?s={search_term_string}\"},\"query-input\":{\"@type\":\"PropertyValueSpecification\",\"valueRequired\":true,\"valueName\":\"search_term_string\"}}],\"inLanguage\":\"fr-FR\"}]}<\/script>\n<!-- \/ Yoast SEO plugin. -->","yoast_head_json":{"title":"Gouvernement du Quebec - de L\u00e9vis","robots":{"index":"index","follow":"follow","max-snippet":"max-snippet:-1","max-image-preview":"max-image-preview:large","max-video-preview":"max-video-preview:-1"},"canonical":"https:\/\/infofestibiere.com\/levis\/gouvernement-du-quebec\/","og_locale":"fr_FR","og_type":"article","og_title":"Gouvernement du Quebec - de L\u00e9vis","og_description":"[vc_row css=\u00a0\u00bb.vc_custom_1560955135436{padding-top: 32px !important;padding-bottom: 15px !important;}\u00a0\u00bb][vc_column width=\u00a0\u00bb1\/6&Prime; css=\u00a0\u00bb.vc_custom_1686701479438{padding-top: 10px !important;}\u00a0\u00bb][vc_single_image image=\u00a0\u00bb3645&Prime; img_size=\u00a0\u00bbmedium\u00a0\u00bb alignment=\u00a0\u00bbcenter\u00a0\u00bb onclick=\u00a0\u00bbcustom_link\u00a0\u00bb img_link_target=\u00a0\u00bb_blank\u00a0\u00bb link=\u00a0\u00bbhttp:\/\/www.tourisme.gouv.qc.ca\/\u00a0\u00bb][\/vc_column][vc_column width=\u00a0\u00bb1\/6&Prime; css=\u00a0\u00bb.vc_custom_1719507938152{padding-top: 15px !important;}\u00a0\u00bb][vc_single_image image=\u00a0\u00bb4620&Prime; img_size=\u00a0\u00bbmedium\u00a0\u00bb alignment=\u00a0\u00bbcenter\u00a0\u00bb onclick=\u00a0\u00bbcustom_link\u00a0\u00bb img_link_target=\u00a0\u00bb_blank\u00a0\u00bb link=\u00a0\u00bbhttp:\/\/www.tourisme.gouv.qc.ca\/\u00a0\u00bb][\/vc_column][vc_column width=\u00a0\u00bb1\/6&Prime; css=\u00a0\u00bb.vc_custom_1686701469032{padding-top: 10px !important;}\u00a0\u00bb][vc_single_image image=\u00a0\u00bb3643&Prime; img_size=\u00a0\u00bbmedium\u00a0\u00bb alignment=\u00a0\u00bbcenter\u00a0\u00bb onclick=\u00a0\u00bbcustom_link\u00a0\u00bb img_link_target=\u00a0\u00bb_blank\u00a0\u00bb link=\u00a0\u00bbhttp:\/\/www.tourisme.gouv.qc.ca\/\u00a0\u00bb][\/vc_column][vc_column width=\u00a0\u00bb1\/2&Prime; css=\u00a0\u00bb.vc_custom_1719507862901{padding-top: 10px !important;}\u00a0\u00bb][vc_empty_space height=\u00a0\u00bb62px\u00a0\u00bb][vc_custom_heading text=\u00a0\u00bbFestibi\u00e8re de L\u00e9vis\u00a0\u00bb font_container=\u00a0\u00bbtag:h2|text_align:center\u00a0\u00bb use_theme_fonts=\u00a0\u00bbyes\u00a0\u00bb][vc_custom_heading text=\u00a0\u00bbMot du gouvernement du Qu\u00e9bec\u00a0\u00bb use_theme_fonts=\u00a0\u00bbyes\u00a0\u00bb][\/vc_column][\/vc_row][vc_row][vc_column][vc_empty_space height=\u00a0\u00bb20px\u00a0\u00bb][vc_column_text]Savourez le Qu\u00e9bec! [&hellip;]","og_url":"https:\/\/infofestibiere.com\/levis\/gouvernement-du-quebec\/","og_site_name":"de L\u00e9vis","article_modified_time":"2025-06-02T15:22:08+00:00","twitter_card":"summary_large_image","twitter_misc":{"Dur\u00e9e de lecture estim\u00e9e":"2 minutes"},"schema":{"@context":"https:\/\/schema.org","@graph":[{"@type":"WebPage","@id":"https:\/\/infofestibiere.com\/levis\/gouvernement-du-quebec\/","url":"https:\/\/infofestibiere.com\/levis\/gouvernement-du-quebec\/","name":"Gouvernement du Quebec - de L\u00e9vis","isPartOf":{"@id":"https:\/\/infofestibiere.com\/levis\/#website"},"datePublished":"2019-06-20T00:19:18+00:00","dateModified":"2025-06-02T15:22:08+00:00","breadcrumb":{"@id":"https:\/\/infofestibiere.com\/levis\/gouvernement-du-quebec\/#breadcrumb"},"inLanguage":"fr-FR","potentialAction":[{"@type":"ReadAction","target":["https:\/\/infofestibiere.com\/levis\/gouvernement-du-quebec\/"]}]},{"@type":"BreadcrumbList","@id":"https:\/\/infofestibiere.com\/levis\/gouvernement-du-quebec\/#breadcrumb","itemListElement":[{"@type":"ListItem","position":1,"name":"Accueil","item":"https:\/\/infofestibiere.com\/levis\/"},{"@type":"ListItem","position":2,"name":"Gouvernement du Quebec"}]},{"@type":"WebSite","@id":"https:\/\/infofestibiere.com\/levis\/#website","url":"https:\/\/infofestibiere.com\/levis\/","name":"de L\u00e9vis","description":"Boire du pays!","potentialAction":[{"@type":"SearchAction","target":{"@type":"EntryPoint","urlTemplate":"https:\/\/infofestibiere.com\/levis\/?s={search_term_string}"},"query-input":{"@type":"PropertyValueSpecification","valueRequired":true,"valueName":"search_term_string"}}],"inLanguage":"fr-FR"}]}},"_links":{"self":[{"href":"https:\/\/infofestibiere.com\/levis\/wp-json\/wp\/v2\/pages\/2399","targetHints":{"allow":["GET"]}}],"collection":[{"href":"https:\/\/infofestibiere.com\/levis\/wp-json\/wp\/v2\/pages"}],"about":[{"href":"https:\/\/infofestibiere.com\/levis\/wp-json\/wp\/v2\/types\/page"}],"author":[{"embeddable":true,"href":"https:\/\/infofestibiere.com\/levis\/wp-json\/wp\/v2\/users\/2"}],"replies":[{"embeddable":true,"href":"https:\/\/infofestibiere.com\/levis\/wp-json\/wp\/v2\/comments?post=2399"}],"version-history":[{"count":6,"href":"https:\/\/infofestibiere.com\/levis\/wp-json\/wp\/v2\/pages\/2399\/revisions"}],"predecessor-version":[{"id":4622,"href":"https:\/\/infofestibiere.com\/levis\/wp-json\/wp\/v2\/pages\/2399\/revisions\/4622"}],"wp:attachment":[{"href":"https:\/\/infofestibiere.com\/levis\/wp-json\/wp\/v2\/media?parent=2399"}],"curies":[{"name":"wp","href":"https:\/\/api.w.org\/{rel}","templated":true}]}}